{"id":91942,"date":"2024-10-28T22:20:55","date_gmt":"2024-10-28T20:20:55","guid":{"rendered":"https:\/\/afam.md\/?post_type=tribe_events&#038;p=91942"},"modified":"2024-10-28T22:45:15","modified_gmt":"2024-10-28T20:45:15","slug":"noi-prioritati-strategice-setate-pentru-activitatea-afam-2021-2022","status":"publish","type":"tribe_events","link":"https:\/\/afam.md\/en\/event\/noi-prioritati-strategice-setate-pentru-activitatea-afam-2021-2022\/","title":{"rendered":"Noi priorit\u0103\u021bi strategice setate pentru activitatea #AFAM 2021-2022"},"content":{"rendered":"<div class=\"kvgmc6g5 cxmmr5t8 oygrvhab hcukyx3x c1et5uql ii04i59q\">\n<div dir=\"auto\">Consiliul de Administrare al AFAM s-a \u00eentrunit \u00een cadrul unei \u0219edin\u021be \u0219i au fost setate principalii piloni de activitate<\/div>\n<\/div>\n<div class=\"cxmmr5t8 oygrvhab hcukyx3x c1et5uql o9v6fnle ii04i59q\">\n<div dir=\"auto\"><span class=\"pq6dq46d tbxw36s4 knj5qynh kvgmc6g5 ditlmg2l oygrvhab nvdbi5me sf5mxxl7 gl3lb2sf hhz5lgdu\"><img loading=\"lazy\" decoding=\"async\" src=\"https:\/\/afam.md\/wp-content\/uploads\/2024\/09\/2705.png\" alt=\"\u2705\" width=\"16\" height=\"16\" \/><\/span> Leadership \u2013 mentorat al noii genera\u021bii, networking, dezvoltare regional\u0103, promovarea afacerilor \u0219i consultan\u021b\u0103 a afacerilor<\/div>\n<div dir=\"auto\"><span class=\"pq6dq46d tbxw36s4 knj5qynh kvgmc6g5 ditlmg2l oygrvhab nvdbi5me sf5mxxl7 gl3lb2sf hhz5lgdu\"><img loading=\"lazy\" decoding=\"async\" src=\"https:\/\/afam.md\/wp-content\/uploads\/2024\/09\/2705.png\" alt=\"\u2705\" width=\"16\" height=\"16\" \/><\/span>Managementul Proiectelor \u2013 surse de finan\u021bare disponibile \u0219i modalitate de accesare<\/div>\n<div dir=\"auto\"><span class=\"pq6dq46d tbxw36s4 knj5qynh kvgmc6g5 ditlmg2l oygrvhab nvdbi5me sf5mxxl7 gl3lb2sf hhz5lgdu\"><img loading=\"lazy\" decoding=\"async\" src=\"https:\/\/afam.md\/wp-content\/uploads\/2024\/09\/2705.png\" alt=\"\u2705\" width=\"16\" height=\"16\" \/><\/span> Digitalizare &#8211; utilizarea tehnologiilor digitale \u00een schimbarea modelului de afaceri \u00eentr-o afacere digital\u0103<\/div>\n<div dir=\"auto\"><span class=\"pq6dq46d tbxw36s4 knj5qynh kvgmc6g5 ditlmg2l oygrvhab nvdbi5me sf5mxxl7 gl3lb2sf hhz5lgdu\"><img loading=\"lazy\" decoding=\"async\" src=\"https:\/\/afam.md\/wp-content\/uploads\/2024\/09\/2705.png\" alt=\"\u2705\" width=\"16\" height=\"16\" \/><\/span> Diaspora \u2013 schimb de expertiz\u0103 na\u021bional\u0103 vs interna\u021bional\u0103 \u00een domeniul antreprenorial, suport acordat doamnelor din diaspor\u0103 pentru a-\u0219i fonda propria afacere acas\u0103.<\/div>\n<\/div>\n<div class=\"cxmmr5t8 oygrvhab hcukyx3x c1et5uql o9v6fnle ii04i59q\">\n<div dir=\"auto\">Dar voi ce p\u0103rere ave\u021bi, ar fi binevenit s\u0103 realiz\u0103m proiecte comune cu implicarea diasporei \u0219i care dintre ace\u0219ti piloni sunt absolut necesari pentru dezvoltarea afacerii voastre?<\/div>\n<div dir=\"auto\"><img loading=\"lazy\" decoding=\"async\" width=\"960\" height=\"960\" class=\"alignnone size-medium wp-image-5558\" src=\"https:\/\/afam.md\/wp-content\/uploads\/2024\/09\/6-3.jpg\" \/> <img loading=\"lazy\" decoding=\"async\" width=\"960\" height=\"960\" class=\"alignnone size-medium wp-image-5559\" src=\"https:\/\/afam.md\/wp-content\/uploads\/2024\/09\/7-3.jpg\" \/><\/div>\n<\/div>\n","protected":false},"excerpt":{"rendered":"<p>Consiliul de Administrare al AFAM s-a \u00eentrunit \u00een cadrul unei \u0219edin\u021be \u0219i au fost setate principalii piloni de activitate Leadership \u2013 mentorat al noii genera\u021bii, networking, dezvoltare regional\u0103, promovarea afacerilor [&hellip;]<\/p>\n","protected":false},"author":1,"featured_media":91943,"template":"","meta":{"_EventAllDay":false,"_EventTimezone":"Europe\/Chisinau","_EventStartDate":"2021-04-14 13:27:00","_EventEndDate":"2021-04-14 14:27:00","_EventStartDateUTC":"2021-04-14 10:27:00","_EventEndDateUTC":"2021-04-14 11:27:00","_EventShowMap":false,"_EventShowMapLink":false,"_EventURL":"","_EventCost":"","_EventCostDescription":"","_EventCurrencySymbol":"","_EventCurrencyCode":"","_EventCurrencyPosition":"prefix","_EventDateTimeSeparator":"","_EventTimeRangeSeparator":"","_EventOrganizerID":[],"_EventVenueID":[],"_OrganizerEmail":"","_OrganizerPhone":"","_OrganizerWebsite":"","_VenueAddress":"","_VenueCity":"","_VenueCountry":"","_VenueProvince":"","_VenueState":"","_VenueZip":"","_VenuePhone":"","_VenueURL":"","_VenueStateProvince":"","_VenueLat":"","_VenueLng":"","_VenueShowMap":false,"_VenueShowMapLink":false,"_tribe_events_status":"","_tribe_events_status_reason":"","footnotes":""},"tags":[],"tribe_events_cat":[431],"class_list":["post-91942","tribe_events","type-tribe_events","status-publish","has-post-thumbnail","hentry","tribe_events_cat-evenimente","cat_evenimente"],"yoast_head":"<!-- This site is optimized with the Yoast SEO Premium plugin v23.8 (Yoast SEO v25.1) - https:\/\/yoast.com\/wordpress\/plugins\/seo\/ -->\n<title>Noi priorit\u0103\u021bi strategice setate pentru activitatea #AFAM 2021-2022 - AFAM MD<\/title>\n<meta name=\"robots\" content=\"index, follow, max-snippet:-1, max-image-preview:large, max-video-preview:-1\" \/>\n<link rel=\"canonical\" href=\"https:\/\/afam.md\/en\/event\/noi-prioritati-strategice-setate-pentru-activitatea-afam-2021-2022\/\" \/>\n<meta property=\"og:locale\" content=\"en_US\" \/>\n<meta property=\"og:type\" content=\"article\" \/>\n<meta property=\"og:title\" content=\"Noi priorit\u0103\u021bi strategice setate pentru activitatea #AFAM 2021-2022\" \/>\n<meta property=\"og:description\" content=\"Consiliul de Administrare al AFAM s-a \u00eentrunit \u00een cadrul unei \u0219edin\u021be \u0219i au fost setate principalii piloni de activitate Leadership \u2013 mentorat al noii genera\u021bii, networking, dezvoltare regional\u0103, promovarea afacerilor [&hellip;]\" \/>\n<meta property=\"og:url\" content=\"https:\/\/afam.md\/en\/event\/noi-prioritati-strategice-setate-pentru-activitatea-afam-2021-2022\/\" \/>\n<meta property=\"og:site_name\" content=\"AFAM MD\" \/>\n<meta property=\"article:publisher\" content=\"https:\/\/www.facebook.com\/AFAMMoldova\/\" \/>\n<meta property=\"article:modified_time\" content=\"2024-10-28T20:45:15+00:00\" \/>\n<meta property=\"og:image\" content=\"https:\/\/afam.md\/wp-content\/uploads\/2024\/10\/5-3-9b9f2h.tmp_.jpg\" \/>\n\t<meta property=\"og:image:width\" content=\"960\" \/>\n\t<meta property=\"og:image:height\" content=\"960\" \/>\n\t<meta property=\"og:image:type\" content=\"image\/jpeg\" \/>\n<meta name=\"twitter:card\" content=\"summary_large_image\" \/>\n<meta name=\"twitter:label1\" content=\"Est. reading time\" \/>\n\t<meta name=\"twitter:data1\" content=\"1 minute\" \/>\n<script type=\"application\/ld+json\" class=\"yoast-schema-graph\">{\"@context\":\"https:\/\/schema.org\",\"@graph\":[{\"@type\":\"WebPage\",\"@id\":\"https:\/\/afam.md\/event\/noi-prioritati-strategice-setate-pentru-activitatea-afam-2021-2022\/\",\"url\":\"https:\/\/afam.md\/event\/noi-prioritati-strategice-setate-pentru-activitatea-afam-2021-2022\/\",\"name\":\"Noi priorit\u0103\u021bi strategice setate pentru activitatea #AFAM 2021-2022 - AFAM MD\",\"isPartOf\":{\"@id\":\"https:\/\/afam.md\/en\/#website\"},\"primaryImageOfPage\":{\"@id\":\"https:\/\/afam.md\/event\/noi-prioritati-strategice-setate-pentru-activitatea-afam-2021-2022\/#primaryimage\"},\"image\":{\"@id\":\"https:\/\/afam.md\/event\/noi-prioritati-strategice-setate-pentru-activitatea-afam-2021-2022\/#primaryimage\"},\"thumbnailUrl\":\"https:\/\/afam.md\/wp-content\/uploads\/2024\/10\/5-3-9b9f2h.tmp_.jpg\",\"datePublished\":\"2024-10-28T20:20:55+00:00\",\"dateModified\":\"2024-10-28T20:45:15+00:00\",\"breadcrumb\":{\"@id\":\"https:\/\/afam.md\/event\/noi-prioritati-strategice-setate-pentru-activitatea-afam-2021-2022\/#breadcrumb\"},\"inLanguage\":\"en-US\",\"potentialAction\":[{\"@type\":\"ReadAction\",\"target\":[\"https:\/\/afam.md\/event\/noi-prioritati-strategice-setate-pentru-activitatea-afam-2021-2022\/\"]}]},{\"@type\":\"ImageObject\",\"inLanguage\":\"en-US\",\"@id\":\"https:\/\/afam.md\/event\/noi-prioritati-strategice-setate-pentru-activitatea-afam-2021-2022\/#primaryimage\",\"url\":\"https:\/\/afam.md\/wp-content\/uploads\/2024\/10\/5-3-9b9f2h.tmp_.jpg\",\"contentUrl\":\"https:\/\/afam.md\/wp-content\/uploads\/2024\/10\/5-3-9b9f2h.tmp_.jpg\",\"width\":960,\"height\":960},{\"@type\":\"BreadcrumbList\",\"@id\":\"https:\/\/afam.md\/event\/noi-prioritati-strategice-setate-pentru-activitatea-afam-2021-2022\/#breadcrumb\",\"itemListElement\":[{\"@type\":\"ListItem\",\"position\":1,\"name\":\"\u0413\u043b\u0430\u0432\u043d\u0430\u044f\",\"item\":\"https:\/\/afam.md\/\"},{\"@type\":\"ListItem\",\"position\":2,\"name\":\"Events\",\"item\":\"https:\/\/afam.md\/en\/eventslist\/\"},{\"@type\":\"ListItem\",\"position\":3,\"name\":\"Noi priorit\u0103\u021bi strategice setate pentru activitatea #AFAM 2021-2022\"}]},{\"@type\":\"WebSite\",\"@id\":\"https:\/\/afam.md\/en\/#website\",\"url\":\"https:\/\/afam.md\/en\/\",\"name\":\"AFAM MD\",\"description\":\"Asocia\u021bia Femeilor Antreprenoare Din Moldova\",\"publisher\":{\"@id\":\"https:\/\/afam.md\/en\/#organization\"},\"potentialAction\":[{\"@type\":\"SearchAction\",\"target\":{\"@type\":\"EntryPoint\",\"urlTemplate\":\"https:\/\/afam.md\/en\/?s={search_term_string}\"},\"query-input\":{\"@type\":\"PropertyValueSpecification\",\"valueRequired\":true,\"valueName\":\"search_term_string\"}}],\"inLanguage\":\"en-US\"},{\"@type\":\"Organization\",\"@id\":\"https:\/\/afam.md\/en\/#organization\",\"name\":\"Asocia\u021bia Femeilor Antreprenoare Din Moldova\",\"alternateName\":\"AFAM\",\"url\":\"https:\/\/afam.md\/en\/\",\"logo\":{\"@type\":\"ImageObject\",\"inLanguage\":\"en-US\",\"@id\":\"https:\/\/afam.md\/en\/#\/schema\/logo\/image\/\",\"url\":\"https:\/\/afam.md\/wp-content\/uploads\/2024\/11\/logo-blue.svg\",\"contentUrl\":\"https:\/\/afam.md\/wp-content\/uploads\/2024\/11\/logo-blue.svg\",\"width\":1874,\"height\":650,\"caption\":\"Asocia\u021bia Femeilor Antreprenoare Din Moldova\"},\"image\":{\"@id\":\"https:\/\/afam.md\/en\/#\/schema\/logo\/image\/\"},\"sameAs\":[\"https:\/\/www.facebook.com\/AFAMMoldova\/\",\"https:\/\/www.instagram.com\/afammoldova\/?hl=en\",\"https:\/\/md.linkedin.com\/in\/afam-moldova-285159174\"],\"email\":\"afammoldova@gmail.com\",\"telephone\":\"(+373) 76 767 670\",\"legalName\":\"Asocia\u021bia Femeilor Antreprenoare Din Moldova\",\"numberOfEmployees\":{\"@type\":\"QuantitativeValue\",\"minValue\":\"51\",\"maxValue\":\"200\"}}]}<\/script>\n<!-- \/ Yoast SEO Premium plugin. -->","yoast_head_json":{"title":"Noi priorit\u0103\u021bi strategice setate pentru activitatea #AFAM 2021-2022 - AFAM MD","robots":{"index":"index","follow":"follow","max-snippet":"max-snippet:-1","max-image-preview":"max-image-preview:large","max-video-preview":"max-video-preview:-1"},"canonical":"https:\/\/afam.md\/en\/event\/noi-prioritati-strategice-setate-pentru-activitatea-afam-2021-2022\/","og_locale":"en_US","og_type":"article","og_title":"Noi priorit\u0103\u021bi strategice setate pentru activitatea #AFAM 2021-2022","og_description":"Consiliul de Administrare al AFAM s-a \u00eentrunit \u00een cadrul unei \u0219edin\u021be \u0219i au fost setate principalii piloni de activitate Leadership \u2013 mentorat al noii genera\u021bii, networking, dezvoltare regional\u0103, promovarea afacerilor [&hellip;]","og_url":"https:\/\/afam.md\/en\/event\/noi-prioritati-strategice-setate-pentru-activitatea-afam-2021-2022\/","og_site_name":"AFAM MD","article_publisher":"https:\/\/www.facebook.com\/AFAMMoldova\/","article_modified_time":"2024-10-28T20:45:15+00:00","og_image":[{"width":960,"height":960,"url":"https:\/\/afam.md\/wp-content\/uploads\/2024\/10\/5-3-9b9f2h.tmp_.jpg","type":"image\/jpeg"}],"twitter_card":"summary_large_image","twitter_misc":{"Est. reading time":"1 minute"},"schema":{"@context":"https:\/\/schema.org","@graph":[{"@type":"WebPage","@id":"https:\/\/afam.md\/event\/noi-prioritati-strategice-setate-pentru-activitatea-afam-2021-2022\/","url":"https:\/\/afam.md\/event\/noi-prioritati-strategice-setate-pentru-activitatea-afam-2021-2022\/","name":"Noi priorit\u0103\u021bi strategice setate pentru activitatea #AFAM 2021-2022 - AFAM MD","isPartOf":{"@id":"https:\/\/afam.md\/en\/#website"},"primaryImageOfPage":{"@id":"https:\/\/afam.md\/event\/noi-prioritati-strategice-setate-pentru-activitatea-afam-2021-2022\/#primaryimage"},"image":{"@id":"https:\/\/afam.md\/event\/noi-prioritati-strategice-setate-pentru-activitatea-afam-2021-2022\/#primaryimage"},"thumbnailUrl":"https:\/\/afam.md\/wp-content\/uploads\/2024\/10\/5-3-9b9f2h.tmp_.jpg","datePublished":"2024-10-28T20:20:55+00:00","dateModified":"2024-10-28T20:45:15+00:00","breadcrumb":{"@id":"https:\/\/afam.md\/event\/noi-prioritati-strategice-setate-pentru-activitatea-afam-2021-2022\/#breadcrumb"},"inLanguage":"en-US","potentialAction":[{"@type":"ReadAction","target":["https:\/\/afam.md\/event\/noi-prioritati-strategice-setate-pentru-activitatea-afam-2021-2022\/"]}]},{"@type":"ImageObject","inLanguage":"en-US","@id":"https:\/\/afam.md\/event\/noi-prioritati-strategice-setate-pentru-activitatea-afam-2021-2022\/#primaryimage","url":"https:\/\/afam.md\/wp-content\/uploads\/2024\/10\/5-3-9b9f2h.tmp_.jpg","contentUrl":"https:\/\/afam.md\/wp-content\/uploads\/2024\/10\/5-3-9b9f2h.tmp_.jpg","width":960,"height":960},{"@type":"BreadcrumbList","@id":"https:\/\/afam.md\/event\/noi-prioritati-strategice-setate-pentru-activitatea-afam-2021-2022\/#breadcrumb","itemListElement":[{"@type":"ListItem","position":1,"name":"\u0413\u043b\u0430\u0432\u043d\u0430\u044f","item":"https:\/\/afam.md\/"},{"@type":"ListItem","position":2,"name":"Events","item":"https:\/\/afam.md\/en\/eventslist\/"},{"@type":"ListItem","position":3,"name":"Noi priorit\u0103\u021bi strategice setate pentru activitatea #AFAM 2021-2022"}]},{"@type":"WebSite","@id":"https:\/\/afam.md\/en\/#website","url":"https:\/\/afam.md\/en\/","name":"AFAM MD","description":"Asocia\u021bia Femeilor Antreprenoare Din Moldova","publisher":{"@id":"https:\/\/afam.md\/en\/#organization"},"potentialAction":[{"@type":"SearchAction","target":{"@type":"EntryPoint","urlTemplate":"https:\/\/afam.md\/en\/?s={search_term_string}"},"query-input":{"@type":"PropertyValueSpecification","valueRequired":true,"valueName":"search_term_string"}}],"inLanguage":"en-US"},{"@type":"Organization","@id":"https:\/\/afam.md\/en\/#organization","name":"Asocia\u021bia Femeilor Antreprenoare Din Moldova","alternateName":"AFAM","url":"https:\/\/afam.md\/en\/","logo":{"@type":"ImageObject","inLanguage":"en-US","@id":"https:\/\/afam.md\/en\/#\/schema\/logo\/image\/","url":"https:\/\/afam.md\/wp-content\/uploads\/2024\/11\/logo-blue.svg","contentUrl":"https:\/\/afam.md\/wp-content\/uploads\/2024\/11\/logo-blue.svg","width":1874,"height":650,"caption":"Asocia\u021bia Femeilor Antreprenoare Din Moldova"},"image":{"@id":"https:\/\/afam.md\/en\/#\/schema\/logo\/image\/"},"sameAs":["https:\/\/www.facebook.com\/AFAMMoldova\/","https:\/\/www.instagram.com\/afammoldova\/?hl=en","https:\/\/md.linkedin.com\/in\/afam-moldova-285159174"],"email":"afammoldova@gmail.com","telephone":"(+373) 76 767 670","legalName":"Asocia\u021bia Femeilor Antreprenoare Din Moldova","numberOfEmployees":{"@type":"QuantitativeValue","minValue":"51","maxValue":"200"}}]}},"_links":{"self":[{"href":"https:\/\/afam.md\/en\/wp-json\/wp\/v2\/tribe_events\/91942","targetHints":{"allow":["GET"]}}],"collection":[{"href":"https:\/\/afam.md\/en\/wp-json\/wp\/v2\/tribe_events"}],"about":[{"href":"https:\/\/afam.md\/en\/wp-json\/wp\/v2\/types\/tribe_events"}],"author":[{"embeddable":true,"href":"https:\/\/afam.md\/en\/wp-json\/wp\/v2\/users\/1"}],"version-history":[{"count":0,"href":"https:\/\/afam.md\/en\/wp-json\/wp\/v2\/tribe_events\/91942\/revisions"}],"wp:featuredmedia":[{"embeddable":true,"href":"https:\/\/afam.md\/en\/wp-json\/wp\/v2\/media\/91943"}],"wp:attachment":[{"href":"https:\/\/afam.md\/en\/wp-json\/wp\/v2\/media?parent=91942"}],"wp:term":[{"taxonomy":"post_tag","embeddable":true,"href":"https:\/\/afam.md\/en\/wp-json\/wp\/v2\/tags?post=91942"},{"taxonomy":"tribe_events_cat","embeddable":true,"href":"https:\/\/afam.md\/en\/wp-json\/wp\/v2\/tribe_events_cat?post=91942"}],"curies":[{"name":"wp","href":"https:\/\/api.w.org\/{rel}","templated":true}]}}