{"id":92075,"date":"2024-10-28T23:03:29","date_gmt":"2024-10-28T21:03:29","guid":{"rendered":"https:\/\/afam.md\/event\/cum-construiesti-pas-cu-pas-un-departament-de-vanzari-care-accelereaza-afacerea-ta\/"},"modified":"2024-10-28T23:03:29","modified_gmt":"2024-10-28T21:03:29","slug":"cum-construiesti-pas-cu-pas-un-departament-de-vanzari-care-accelereaza-afacerea-ta","status":"publish","type":"tribe_events","link":"https:\/\/afam.md\/en\/event\/cum-construiesti-pas-cu-pas-un-departament-de-vanzari-care-accelereaza-afacerea-ta\/","title":{"rendered":"Cum construie\u0219ti, pas cu pas, un Departament de v\u00e2nz\u0103ri care accelereaz\u0103 afacerea ta"},"content":{"rendered":"<div class=\"kvgmc6g5 cxmmr5t8 oygrvhab hcukyx3x c1et5uql\">Lans\u0103m un proiect inedit &#8211; Proiect exclusiv de consultan\u021b\u0103 \u0219i mentorat cu exper\u021bi notorii din Moldova!<\/div>\n<div class=\"cxmmr5t8 oygrvhab hcukyx3x c1et5uql o9v6fnle\">Succesul unei afaceri se realizeaz\u0103 urmare unui num\u0103r foarte vast de factori: un management performant, coordonarea eficient\u0103 a resurselor umane, dar \u0219i a unui sistem complex de aspecte financiare, marketing \u0219i desigur foarte mult\u0103 munc\u0103.<\/div>\n<div class=\"cxmmr5t8 oygrvhab hcukyx3x c1et5uql o9v6fnle\">Cu scopul de a oferi consultan\u021b\u0103 de calitate antreprenorilor no\u0219tri, organiz\u0103m primul eveniment din cadrul proiectului, cu genericul &#8211; Cum construie\u0219ti, pas cu pas, un Departament de v\u00e2nz\u0103ri care accelereaz\u0103 afacerea ta cu Alina Andriu\u021b\u0103, co-fondator Angry Business.<\/div>\n<div class=\"cxmmr5t8 oygrvhab hcukyx3x c1et5uql o9v6fnle\">V\u0103 invit\u0103m s\u0103 participa\u021bi \u00een cadrul evenimentului online, Mar\u021bi, 22 iunie, 17:00. Evenimentul este deschis \u0219i participarea va avea loc prin confirmarea prezen\u021bei p\u00e2n\u0103 la 22 iunie, la adresa afammoldova@gmail.com cu textul &#8222;Particip \u00een 22 iunie\u201d \u0219i noi vom remite linkul de acces.<\/div>\n","protected":false},"excerpt":{"rendered":"<p>Lans\u0103m un proiect inedit &#8211; Proiect exclusiv de consultan\u021b\u0103 \u0219i mentorat cu exper\u021bi notorii din Moldova! Succesul unei afaceri se realizeaz\u0103 urmare unui num\u0103r foarte vast de factori: un management [&hellip;]<\/p>\n","protected":false},"author":1,"featured_media":92076,"template":"","meta":{"_EventAllDay":false,"_EventTimezone":"Europe\/Chisinau","_EventStartDate":"2021-06-18 14:17:00","_EventEndDate":"2021-06-18 14:17:00","_EventStartDateUTC":"2021-06-18 11:17:00","_EventEndDateUTC":"2021-06-18 11:17:00","_EventShowMap":false,"_EventShowMapLink":false,"_EventURL":"","_EventCost":"","_EventCostDescription":"","_EventCurrencySymbol":"","_EventCurrencyCode":"","_EventCurrencyPosition":"prefix","_EventDateTimeSeparator":"","_EventTimeRangeSeparator":"","_EventOrganizerID":[],"_EventVenueID":[],"_OrganizerEmail":"","_OrganizerPhone":"","_OrganizerWebsite":"","_VenueAddress":"","_VenueCity":"","_VenueCountry":"","_VenueProvince":"","_VenueState":"","_VenueZip":"","_VenuePhone":"","_VenueURL":"","_VenueStateProvince":"","_VenueLat":"","_VenueLng":"","_VenueShowMap":false,"_VenueShowMapLink":false,"_tribe_events_status":"","_tribe_events_status_reason":"","footnotes":""},"tags":[],"tribe_events_cat":[431],"class_list":["post-92075","tribe_events","type-tribe_events","status-publish","has-post-thumbnail","hentry","tribe_events_cat-evenimente","cat_evenimente"],"yoast_head":"<!-- This site is optimized with the Yoast SEO Premium plugin v23.8 (Yoast SEO v25.1) - https:\/\/yoast.com\/wordpress\/plugins\/seo\/ -->\n<title>Cum construie\u0219ti, pas cu pas, un Departament de v\u00e2nz\u0103ri care accelereaz\u0103 afacerea ta - AFAM MD<\/title>\n<meta name=\"robots\" content=\"index, follow, max-snippet:-1, max-image-preview:large, max-video-preview:-1\" \/>\n<link rel=\"canonical\" href=\"https:\/\/afam.md\/en\/event\/cum-construiesti-pas-cu-pas-un-departament-de-vanzari-care-accelereaza-afacerea-ta\/\" \/>\n<meta property=\"og:locale\" content=\"en_US\" \/>\n<meta property=\"og:type\" content=\"article\" \/>\n<meta property=\"og:title\" content=\"Cum construie\u0219ti, pas cu pas, un Departament de v\u00e2nz\u0103ri care accelereaz\u0103 afacerea ta\" \/>\n<meta property=\"og:description\" content=\"Lans\u0103m un proiect inedit &#8211; Proiect exclusiv de consultan\u021b\u0103 \u0219i mentorat cu exper\u021bi notorii din Moldova! Succesul unei afaceri se realizeaz\u0103 urmare unui num\u0103r foarte vast de factori: un management [&hellip;]\" \/>\n<meta property=\"og:url\" content=\"https:\/\/afam.md\/en\/event\/cum-construiesti-pas-cu-pas-un-departament-de-vanzari-care-accelereaza-afacerea-ta\/\" \/>\n<meta property=\"og:site_name\" content=\"AFAM MD\" \/>\n<meta property=\"article:publisher\" content=\"https:\/\/www.facebook.com\/AFAMMoldova\/\" \/>\n<meta property=\"og:image\" content=\"https:\/\/afam.md\/wp-content\/uploads\/2024\/10\/35-3-muP82C.tmp_.jpg\" \/>\n\t<meta property=\"og:image:width\" content=\"1640\" \/>\n\t<meta property=\"og:image:height\" content=\"924\" \/>\n\t<meta property=\"og:image:type\" content=\"image\/jpeg\" \/>\n<meta name=\"twitter:card\" content=\"summary_large_image\" \/>\n<meta name=\"twitter:label1\" content=\"Est. reading time\" \/>\n\t<meta name=\"twitter:data1\" content=\"1 minute\" \/>\n<script type=\"application\/ld+json\" class=\"yoast-schema-graph\">{\"@context\":\"https:\/\/schema.org\",\"@graph\":[{\"@type\":\"WebPage\",\"@id\":\"https:\/\/afam.md\/event\/cum-construiesti-pas-cu-pas-un-departament-de-vanzari-care-accelereaza-afacerea-ta\/\",\"url\":\"https:\/\/afam.md\/event\/cum-construiesti-pas-cu-pas-un-departament-de-vanzari-care-accelereaza-afacerea-ta\/\",\"name\":\"Cum construie\u0219ti, pas cu pas, un Departament de v\u00e2nz\u0103ri care accelereaz\u0103 afacerea ta - AFAM MD\",\"isPartOf\":{\"@id\":\"https:\/\/afam.md\/en\/#website\"},\"primaryImageOfPage\":{\"@id\":\"https:\/\/afam.md\/event\/cum-construiesti-pas-cu-pas-un-departament-de-vanzari-care-accelereaza-afacerea-ta\/#primaryimage\"},\"image\":{\"@id\":\"https:\/\/afam.md\/event\/cum-construiesti-pas-cu-pas-un-departament-de-vanzari-care-accelereaza-afacerea-ta\/#primaryimage\"},\"thumbnailUrl\":\"https:\/\/afam.md\/wp-content\/uploads\/2024\/10\/35-3-muP82C.tmp_.jpg\",\"datePublished\":\"2024-10-28T21:03:29+00:00\",\"breadcrumb\":{\"@id\":\"https:\/\/afam.md\/event\/cum-construiesti-pas-cu-pas-un-departament-de-vanzari-care-accelereaza-afacerea-ta\/#breadcrumb\"},\"inLanguage\":\"en-US\",\"potentialAction\":[{\"@type\":\"ReadAction\",\"target\":[\"https:\/\/afam.md\/event\/cum-construiesti-pas-cu-pas-un-departament-de-vanzari-care-accelereaza-afacerea-ta\/\"]}]},{\"@type\":\"ImageObject\",\"inLanguage\":\"en-US\",\"@id\":\"https:\/\/afam.md\/event\/cum-construiesti-pas-cu-pas-un-departament-de-vanzari-care-accelereaza-afacerea-ta\/#primaryimage\",\"url\":\"https:\/\/afam.md\/wp-content\/uploads\/2024\/10\/35-3-muP82C.tmp_.jpg\",\"contentUrl\":\"https:\/\/afam.md\/wp-content\/uploads\/2024\/10\/35-3-muP82C.tmp_.jpg\",\"width\":1640,\"height\":924},{\"@type\":\"BreadcrumbList\",\"@id\":\"https:\/\/afam.md\/event\/cum-construiesti-pas-cu-pas-un-departament-de-vanzari-care-accelereaza-afacerea-ta\/#breadcrumb\",\"itemListElement\":[{\"@type\":\"ListItem\",\"position\":1,\"name\":\"\u0413\u043b\u0430\u0432\u043d\u0430\u044f\",\"item\":\"https:\/\/afam.md\/\"},{\"@type\":\"ListItem\",\"position\":2,\"name\":\"Events\",\"item\":\"https:\/\/afam.md\/en\/eventslist\/\"},{\"@type\":\"ListItem\",\"position\":3,\"name\":\"Cum construie\u0219ti, pas cu pas, un Departament de v\u00e2nz\u0103ri care accelereaz\u0103 afacerea ta\"}]},{\"@type\":\"WebSite\",\"@id\":\"https:\/\/afam.md\/en\/#website\",\"url\":\"https:\/\/afam.md\/en\/\",\"name\":\"AFAM MD\",\"description\":\"Asocia\u021bia Femeilor Antreprenoare Din Moldova\",\"publisher\":{\"@id\":\"https:\/\/afam.md\/en\/#organization\"},\"potentialAction\":[{\"@type\":\"SearchAction\",\"target\":{\"@type\":\"EntryPoint\",\"urlTemplate\":\"https:\/\/afam.md\/en\/?s={search_term_string}\"},\"query-input\":{\"@type\":\"PropertyValueSpecification\",\"valueRequired\":true,\"valueName\":\"search_term_string\"}}],\"inLanguage\":\"en-US\"},{\"@type\":\"Organization\",\"@id\":\"https:\/\/afam.md\/en\/#organization\",\"name\":\"Asocia\u021bia Femeilor Antreprenoare Din Moldova\",\"alternateName\":\"AFAM\",\"url\":\"https:\/\/afam.md\/en\/\",\"logo\":{\"@type\":\"ImageObject\",\"inLanguage\":\"en-US\",\"@id\":\"https:\/\/afam.md\/en\/#\/schema\/logo\/image\/\",\"url\":\"https:\/\/afam.md\/wp-content\/uploads\/2024\/11\/logo-blue.svg\",\"contentUrl\":\"https:\/\/afam.md\/wp-content\/uploads\/2024\/11\/logo-blue.svg\",\"width\":1874,\"height\":650,\"caption\":\"Asocia\u021bia Femeilor Antreprenoare Din Moldova\"},\"image\":{\"@id\":\"https:\/\/afam.md\/en\/#\/schema\/logo\/image\/\"},\"sameAs\":[\"https:\/\/www.facebook.com\/AFAMMoldova\/\",\"https:\/\/www.instagram.com\/afammoldova\/?hl=en\",\"https:\/\/md.linkedin.com\/in\/afam-moldova-285159174\"],\"email\":\"afammoldova@gmail.com\",\"telephone\":\"(+373) 76 767 670\",\"legalName\":\"Asocia\u021bia Femeilor Antreprenoare Din Moldova\",\"numberOfEmployees\":{\"@type\":\"QuantitativeValue\",\"minValue\":\"51\",\"maxValue\":\"200\"}}]}<\/script>\n<!-- \/ Yoast SEO Premium plugin. -->","yoast_head_json":{"title":"Cum construie\u0219ti, pas cu pas, un Departament de v\u00e2nz\u0103ri care accelereaz\u0103 afacerea ta - AFAM MD","robots":{"index":"index","follow":"follow","max-snippet":"max-snippet:-1","max-image-preview":"max-image-preview:large","max-video-preview":"max-video-preview:-1"},"canonical":"https:\/\/afam.md\/en\/event\/cum-construiesti-pas-cu-pas-un-departament-de-vanzari-care-accelereaza-afacerea-ta\/","og_locale":"en_US","og_type":"article","og_title":"Cum construie\u0219ti, pas cu pas, un Departament de v\u00e2nz\u0103ri care accelereaz\u0103 afacerea ta","og_description":"Lans\u0103m un proiect inedit &#8211; Proiect exclusiv de consultan\u021b\u0103 \u0219i mentorat cu exper\u021bi notorii din Moldova! Succesul unei afaceri se realizeaz\u0103 urmare unui num\u0103r foarte vast de factori: un management [&hellip;]","og_url":"https:\/\/afam.md\/en\/event\/cum-construiesti-pas-cu-pas-un-departament-de-vanzari-care-accelereaza-afacerea-ta\/","og_site_name":"AFAM MD","article_publisher":"https:\/\/www.facebook.com\/AFAMMoldova\/","og_image":[{"width":1640,"height":924,"url":"https:\/\/afam.md\/wp-content\/uploads\/2024\/10\/35-3-muP82C.tmp_.jpg","type":"image\/jpeg"}],"twitter_card":"summary_large_image","twitter_misc":{"Est. reading time":"1 minute"},"schema":{"@context":"https:\/\/schema.org","@graph":[{"@type":"WebPage","@id":"https:\/\/afam.md\/event\/cum-construiesti-pas-cu-pas-un-departament-de-vanzari-care-accelereaza-afacerea-ta\/","url":"https:\/\/afam.md\/event\/cum-construiesti-pas-cu-pas-un-departament-de-vanzari-care-accelereaza-afacerea-ta\/","name":"Cum construie\u0219ti, pas cu pas, un Departament de v\u00e2nz\u0103ri care accelereaz\u0103 afacerea ta - AFAM MD","isPartOf":{"@id":"https:\/\/afam.md\/en\/#website"},"primaryImageOfPage":{"@id":"https:\/\/afam.md\/event\/cum-construiesti-pas-cu-pas-un-departament-de-vanzari-care-accelereaza-afacerea-ta\/#primaryimage"},"image":{"@id":"https:\/\/afam.md\/event\/cum-construiesti-pas-cu-pas-un-departament-de-vanzari-care-accelereaza-afacerea-ta\/#primaryimage"},"thumbnailUrl":"https:\/\/afam.md\/wp-content\/uploads\/2024\/10\/35-3-muP82C.tmp_.jpg","datePublished":"2024-10-28T21:03:29+00:00","breadcrumb":{"@id":"https:\/\/afam.md\/event\/cum-construiesti-pas-cu-pas-un-departament-de-vanzari-care-accelereaza-afacerea-ta\/#breadcrumb"},"inLanguage":"en-US","potentialAction":[{"@type":"ReadAction","target":["https:\/\/afam.md\/event\/cum-construiesti-pas-cu-pas-un-departament-de-vanzari-care-accelereaza-afacerea-ta\/"]}]},{"@type":"ImageObject","inLanguage":"en-US","@id":"https:\/\/afam.md\/event\/cum-construiesti-pas-cu-pas-un-departament-de-vanzari-care-accelereaza-afacerea-ta\/#primaryimage","url":"https:\/\/afam.md\/wp-content\/uploads\/2024\/10\/35-3-muP82C.tmp_.jpg","contentUrl":"https:\/\/afam.md\/wp-content\/uploads\/2024\/10\/35-3-muP82C.tmp_.jpg","width":1640,"height":924},{"@type":"BreadcrumbList","@id":"https:\/\/afam.md\/event\/cum-construiesti-pas-cu-pas-un-departament-de-vanzari-care-accelereaza-afacerea-ta\/#breadcrumb","itemListElement":[{"@type":"ListItem","position":1,"name":"\u0413\u043b\u0430\u0432\u043d\u0430\u044f","item":"https:\/\/afam.md\/"},{"@type":"ListItem","position":2,"name":"Events","item":"https:\/\/afam.md\/en\/eventslist\/"},{"@type":"ListItem","position":3,"name":"Cum construie\u0219ti, pas cu pas, un Departament de v\u00e2nz\u0103ri care accelereaz\u0103 afacerea ta"}]},{"@type":"WebSite","@id":"https:\/\/afam.md\/en\/#website","url":"https:\/\/afam.md\/en\/","name":"AFAM MD","description":"Asocia\u021bia Femeilor Antreprenoare Din Moldova","publisher":{"@id":"https:\/\/afam.md\/en\/#organization"},"potentialAction":[{"@type":"SearchAction","target":{"@type":"EntryPoint","urlTemplate":"https:\/\/afam.md\/en\/?s={search_term_string}"},"query-input":{"@type":"PropertyValueSpecification","valueRequired":true,"valueName":"search_term_string"}}],"inLanguage":"en-US"},{"@type":"Organization","@id":"https:\/\/afam.md\/en\/#organization","name":"Asocia\u021bia Femeilor Antreprenoare Din Moldova","alternateName":"AFAM","url":"https:\/\/afam.md\/en\/","logo":{"@type":"ImageObject","inLanguage":"en-US","@id":"https:\/\/afam.md\/en\/#\/schema\/logo\/image\/","url":"https:\/\/afam.md\/wp-content\/uploads\/2024\/11\/logo-blue.svg","contentUrl":"https:\/\/afam.md\/wp-content\/uploads\/2024\/11\/logo-blue.svg","width":1874,"height":650,"caption":"Asocia\u021bia Femeilor Antreprenoare Din Moldova"},"image":{"@id":"https:\/\/afam.md\/en\/#\/schema\/logo\/image\/"},"sameAs":["https:\/\/www.facebook.com\/AFAMMoldova\/","https:\/\/www.instagram.com\/afammoldova\/?hl=en","https:\/\/md.linkedin.com\/in\/afam-moldova-285159174"],"email":"afammoldova@gmail.com","telephone":"(+373) 76 767 670","legalName":"Asocia\u021bia Femeilor Antreprenoare Din Moldova","numberOfEmployees":{"@type":"QuantitativeValue","minValue":"51","maxValue":"200"}}]}},"_links":{"self":[{"href":"https:\/\/afam.md\/en\/wp-json\/wp\/v2\/tribe_events\/92075","targetHints":{"allow":["GET"]}}],"collection":[{"href":"https:\/\/afam.md\/en\/wp-json\/wp\/v2\/tribe_events"}],"about":[{"href":"https:\/\/afam.md\/en\/wp-json\/wp\/v2\/types\/tribe_events"}],"author":[{"embeddable":true,"href":"https:\/\/afam.md\/en\/wp-json\/wp\/v2\/users\/1"}],"version-history":[{"count":0,"href":"https:\/\/afam.md\/en\/wp-json\/wp\/v2\/tribe_events\/92075\/revisions"}],"wp:featuredmedia":[{"embeddable":true,"href":"https:\/\/afam.md\/en\/wp-json\/wp\/v2\/media\/92076"}],"wp:attachment":[{"href":"https:\/\/afam.md\/en\/wp-json\/wp\/v2\/media?parent=92075"}],"wp:term":[{"taxonomy":"post_tag","embeddable":true,"href":"https:\/\/afam.md\/en\/wp-json\/wp\/v2\/tags?post=92075"},{"taxonomy":"tribe_events_cat","embeddable":true,"href":"https:\/\/afam.md\/en\/wp-json\/wp\/v2\/tribe_events_cat?post=92075"}],"curies":[{"name":"wp","href":"https:\/\/api.w.org\/{rel}","templated":true}]}}