{"id":92077,"date":"2024-10-28T23:03:30","date_gmt":"2024-10-28T21:03:30","guid":{"rendered":"https:\/\/afam.md\/event\/meet-afam-members\/"},"modified":"2024-10-28T23:03:30","modified_gmt":"2024-10-28T21:03:30","slug":"meet-afam-members","status":"publish","type":"tribe_events","link":"https:\/\/afam.md\/en\/event\/meet-afam-members\/","title":{"rendered":"Meet AFAM Members"},"content":{"rendered":"<div class=\"kvgmc6g5 cxmmr5t8 oygrvhab hcukyx3x c1et5uql\">Meet AFAM Members \u00eentr-un nou format!<\/div>\n<div class=\"cxmmr5t8 oygrvhab hcukyx3x c1et5uql o9v6fnle\">\u0218i \u00een aceast\u0103 edi\u0163ie vom prezenta istorii de succes \u0219i experien\u0163a antreprenoarelor din \u021bara noastr\u0103.<\/div>\n<div class=\"cxmmr5t8 oygrvhab hcukyx3x c1et5uql o9v6fnle\">Este pl\u0103cut s\u0103 constat\u0103m c\u0103 \u00een pofida numeroaselor impedimente ce au ap\u0103rut \u00een calea acestor femei, ele au izbutit s\u0103 le dep\u0103\u0219easc\u0103 \u0219i s\u0103 le transforme<br \/>\n\u00een lec\u0163ii \u00eenv\u0103\u0163ate, reu\u0219ind s\u0103 creeze afaceri de succes.<\/div>\n<div class=\"cxmmr5t8 oygrvhab hcukyx3x c1et5uql o9v6fnle\">Ne dorim ca istoriile prezentate s\u0103 reu\u0219easc\u0103 s\u0103 inspire \u0219i s\u0103 transmit\u0103 \u00eencredere \u0219i altor femei, care prin implicare, perseveren\u0163\u0103 \u0219i devotament s\u0103 dea via\u0163\u0103 ideilor pe care le au \u0219i s\u0103-\u0219i asigure un viitor prosper \u00een localitatea de ba\u0219tin\u0103.<\/div>\n<div class=\"cxmmr5t8 oygrvhab hcukyx3x c1et5uql o9v6fnle\">V\u0103 a\u0219tept\u0103m online Joi, 24 iunie, ora 19:00 \u0219i ve\u021bi cunoa\u0219te istoria inedit\u0103 a Danielei Dohotaru, fondatoarea gr\u0103dini\u021bei Tech4Kids, so\u021bie, mam\u0103 a doi copii.<\/div>\n","protected":false},"excerpt":{"rendered":"<p>Meet AFAM Members \u00eentr-un nou format! \u0218i \u00een aceast\u0103 edi\u0163ie vom prezenta istorii de succes \u0219i experien\u0163a antreprenoarelor din \u021bara noastr\u0103. Este pl\u0103cut s\u0103 constat\u0103m c\u0103 \u00een pofida numeroaselor impedimente [&hellip;]<\/p>\n","protected":false},"author":1,"featured_media":92078,"template":"","meta":{"_EventAllDay":false,"_EventTimezone":"Europe\/Chisinau","_EventStartDate":"2021-06-19 14:18:00","_EventEndDate":"2021-06-19 14:18:00","_EventStartDateUTC":"2021-06-19 11:18:00","_EventEndDateUTC":"2021-06-19 11:18:00","_EventShowMap":false,"_EventShowMapLink":false,"_EventURL":"","_EventCost":"","_EventCostDescription":"","_EventCurrencySymbol":"","_EventCurrencyCode":"","_EventCurrencyPosition":"prefix","_EventDateTimeSeparator":"","_EventTimeRangeSeparator":"","_EventOrganizerID":[],"_EventVenueID":[],"_OrganizerEmail":"","_OrganizerPhone":"","_OrganizerWebsite":"","_VenueAddress":"","_VenueCity":"","_VenueCountry":"","_VenueProvince":"","_VenueState":"","_VenueZip":"","_VenuePhone":"","_VenueURL":"","_VenueStateProvince":"","_VenueLat":"","_VenueLng":"","_VenueShowMap":false,"_VenueShowMapLink":false,"_tribe_events_status":"","_tribe_events_status_reason":"","footnotes":""},"tags":[],"tribe_events_cat":[431],"class_list":["post-92077","tribe_events","type-tribe_events","status-publish","has-post-thumbnail","hentry","tribe_events_cat-evenimente","cat_evenimente"],"yoast_head":"<!-- This site is optimized with the Yoast SEO Premium plugin v23.8 (Yoast SEO v25.1) - https:\/\/yoast.com\/wordpress\/plugins\/seo\/ -->\n<title>Meet AFAM Members - AFAM MD<\/title>\n<meta name=\"robots\" content=\"index, follow, max-snippet:-1, max-image-preview:large, max-video-preview:-1\" \/>\n<link rel=\"canonical\" href=\"https:\/\/afam.md\/en\/event\/meet-afam-members\/\" \/>\n<meta property=\"og:locale\" content=\"en_US\" \/>\n<meta property=\"og:type\" content=\"article\" \/>\n<meta property=\"og:title\" content=\"Meet AFAM Members\" \/>\n<meta property=\"og:description\" content=\"Meet AFAM Members \u00eentr-un nou format! \u0218i \u00een aceast\u0103 edi\u0163ie vom prezenta istorii de succes \u0219i experien\u0163a antreprenoarelor din \u021bara noastr\u0103. Este pl\u0103cut s\u0103 constat\u0103m c\u0103 \u00een pofida numeroaselor impedimente [&hellip;]\" \/>\n<meta property=\"og:url\" content=\"https:\/\/afam.md\/en\/event\/meet-afam-members\/\" \/>\n<meta property=\"og:site_name\" content=\"AFAM MD\" \/>\n<meta property=\"article:publisher\" content=\"https:\/\/www.facebook.com\/AFAMMoldova\/\" \/>\n<meta property=\"og:image\" content=\"https:\/\/afam.md\/wp-content\/uploads\/2024\/10\/34-3-gHOXEM.tmp_.jpg\" \/>\n\t<meta property=\"og:image:width\" content=\"1640\" \/>\n\t<meta property=\"og:image:height\" content=\"924\" \/>\n\t<meta property=\"og:image:type\" content=\"image\/jpeg\" \/>\n<meta name=\"twitter:card\" content=\"summary_large_image\" \/>\n<meta name=\"twitter:label1\" content=\"Est. reading time\" \/>\n\t<meta name=\"twitter:data1\" content=\"1 minute\" \/>\n<script type=\"application\/ld+json\" class=\"yoast-schema-graph\">{\"@context\":\"https:\/\/schema.org\",\"@graph\":[{\"@type\":\"WebPage\",\"@id\":\"https:\/\/afam.md\/event\/meet-afam-members\/\",\"url\":\"https:\/\/afam.md\/event\/meet-afam-members\/\",\"name\":\"Meet AFAM Members - AFAM MD\",\"isPartOf\":{\"@id\":\"https:\/\/afam.md\/en\/#website\"},\"primaryImageOfPage\":{\"@id\":\"https:\/\/afam.md\/event\/meet-afam-members\/#primaryimage\"},\"image\":{\"@id\":\"https:\/\/afam.md\/event\/meet-afam-members\/#primaryimage\"},\"thumbnailUrl\":\"https:\/\/afam.md\/wp-content\/uploads\/2024\/10\/34-3-gHOXEM.tmp_.jpg\",\"datePublished\":\"2024-10-28T21:03:30+00:00\",\"breadcrumb\":{\"@id\":\"https:\/\/afam.md\/event\/meet-afam-members\/#breadcrumb\"},\"inLanguage\":\"en-US\",\"potentialAction\":[{\"@type\":\"ReadAction\",\"target\":[\"https:\/\/afam.md\/event\/meet-afam-members\/\"]}]},{\"@type\":\"ImageObject\",\"inLanguage\":\"en-US\",\"@id\":\"https:\/\/afam.md\/event\/meet-afam-members\/#primaryimage\",\"url\":\"https:\/\/afam.md\/wp-content\/uploads\/2024\/10\/34-3-gHOXEM.tmp_.jpg\",\"contentUrl\":\"https:\/\/afam.md\/wp-content\/uploads\/2024\/10\/34-3-gHOXEM.tmp_.jpg\",\"width\":1640,\"height\":924},{\"@type\":\"BreadcrumbList\",\"@id\":\"https:\/\/afam.md\/event\/meet-afam-members\/#breadcrumb\",\"itemListElement\":[{\"@type\":\"ListItem\",\"position\":1,\"name\":\"\u0413\u043b\u0430\u0432\u043d\u0430\u044f\",\"item\":\"https:\/\/afam.md\/\"},{\"@type\":\"ListItem\",\"position\":2,\"name\":\"Events\",\"item\":\"https:\/\/afam.md\/en\/eventslist\/\"},{\"@type\":\"ListItem\",\"position\":3,\"name\":\"Meet AFAM Members\"}]},{\"@type\":\"WebSite\",\"@id\":\"https:\/\/afam.md\/en\/#website\",\"url\":\"https:\/\/afam.md\/en\/\",\"name\":\"AFAM MD\",\"description\":\"Asocia\u021bia Femeilor Antreprenoare Din Moldova\",\"publisher\":{\"@id\":\"https:\/\/afam.md\/en\/#organization\"},\"potentialAction\":[{\"@type\":\"SearchAction\",\"target\":{\"@type\":\"EntryPoint\",\"urlTemplate\":\"https:\/\/afam.md\/en\/?s={search_term_string}\"},\"query-input\":{\"@type\":\"PropertyValueSpecification\",\"valueRequired\":true,\"valueName\":\"search_term_string\"}}],\"inLanguage\":\"en-US\"},{\"@type\":\"Organization\",\"@id\":\"https:\/\/afam.md\/en\/#organization\",\"name\":\"Asocia\u021bia Femeilor Antreprenoare Din Moldova\",\"alternateName\":\"AFAM\",\"url\":\"https:\/\/afam.md\/en\/\",\"logo\":{\"@type\":\"ImageObject\",\"inLanguage\":\"en-US\",\"@id\":\"https:\/\/afam.md\/en\/#\/schema\/logo\/image\/\",\"url\":\"https:\/\/afam.md\/wp-content\/uploads\/2024\/11\/logo-blue.svg\",\"contentUrl\":\"https:\/\/afam.md\/wp-content\/uploads\/2024\/11\/logo-blue.svg\",\"width\":1874,\"height\":650,\"caption\":\"Asocia\u021bia Femeilor Antreprenoare Din Moldova\"},\"image\":{\"@id\":\"https:\/\/afam.md\/en\/#\/schema\/logo\/image\/\"},\"sameAs\":[\"https:\/\/www.facebook.com\/AFAMMoldova\/\",\"https:\/\/www.instagram.com\/afammoldova\/?hl=en\",\"https:\/\/md.linkedin.com\/in\/afam-moldova-285159174\"],\"email\":\"afammoldova@gmail.com\",\"telephone\":\"(+373) 76 767 670\",\"legalName\":\"Asocia\u021bia Femeilor Antreprenoare Din Moldova\",\"numberOfEmployees\":{\"@type\":\"QuantitativeValue\",\"minValue\":\"51\",\"maxValue\":\"200\"}}]}<\/script>\n<!-- \/ Yoast SEO Premium plugin. -->","yoast_head_json":{"title":"Meet AFAM Members - AFAM MD","robots":{"index":"index","follow":"follow","max-snippet":"max-snippet:-1","max-image-preview":"max-image-preview:large","max-video-preview":"max-video-preview:-1"},"canonical":"https:\/\/afam.md\/en\/event\/meet-afam-members\/","og_locale":"en_US","og_type":"article","og_title":"Meet AFAM Members","og_description":"Meet AFAM Members \u00eentr-un nou format! \u0218i \u00een aceast\u0103 edi\u0163ie vom prezenta istorii de succes \u0219i experien\u0163a antreprenoarelor din \u021bara noastr\u0103. Este pl\u0103cut s\u0103 constat\u0103m c\u0103 \u00een pofida numeroaselor impedimente [&hellip;]","og_url":"https:\/\/afam.md\/en\/event\/meet-afam-members\/","og_site_name":"AFAM MD","article_publisher":"https:\/\/www.facebook.com\/AFAMMoldova\/","og_image":[{"width":1640,"height":924,"url":"https:\/\/afam.md\/wp-content\/uploads\/2024\/10\/34-3-gHOXEM.tmp_.jpg","type":"image\/jpeg"}],"twitter_card":"summary_large_image","twitter_misc":{"Est. reading time":"1 minute"},"schema":{"@context":"https:\/\/schema.org","@graph":[{"@type":"WebPage","@id":"https:\/\/afam.md\/event\/meet-afam-members\/","url":"https:\/\/afam.md\/event\/meet-afam-members\/","name":"Meet AFAM Members - AFAM MD","isPartOf":{"@id":"https:\/\/afam.md\/en\/#website"},"primaryImageOfPage":{"@id":"https:\/\/afam.md\/event\/meet-afam-members\/#primaryimage"},"image":{"@id":"https:\/\/afam.md\/event\/meet-afam-members\/#primaryimage"},"thumbnailUrl":"https:\/\/afam.md\/wp-content\/uploads\/2024\/10\/34-3-gHOXEM.tmp_.jpg","datePublished":"2024-10-28T21:03:30+00:00","breadcrumb":{"@id":"https:\/\/afam.md\/event\/meet-afam-members\/#breadcrumb"},"inLanguage":"en-US","potentialAction":[{"@type":"ReadAction","target":["https:\/\/afam.md\/event\/meet-afam-members\/"]}]},{"@type":"ImageObject","inLanguage":"en-US","@id":"https:\/\/afam.md\/event\/meet-afam-members\/#primaryimage","url":"https:\/\/afam.md\/wp-content\/uploads\/2024\/10\/34-3-gHOXEM.tmp_.jpg","contentUrl":"https:\/\/afam.md\/wp-content\/uploads\/2024\/10\/34-3-gHOXEM.tmp_.jpg","width":1640,"height":924},{"@type":"BreadcrumbList","@id":"https:\/\/afam.md\/event\/meet-afam-members\/#breadcrumb","itemListElement":[{"@type":"ListItem","position":1,"name":"\u0413\u043b\u0430\u0432\u043d\u0430\u044f","item":"https:\/\/afam.md\/"},{"@type":"ListItem","position":2,"name":"Events","item":"https:\/\/afam.md\/en\/eventslist\/"},{"@type":"ListItem","position":3,"name":"Meet AFAM Members"}]},{"@type":"WebSite","@id":"https:\/\/afam.md\/en\/#website","url":"https:\/\/afam.md\/en\/","name":"AFAM MD","description":"Asocia\u021bia Femeilor Antreprenoare Din Moldova","publisher":{"@id":"https:\/\/afam.md\/en\/#organization"},"potentialAction":[{"@type":"SearchAction","target":{"@type":"EntryPoint","urlTemplate":"https:\/\/afam.md\/en\/?s={search_term_string}"},"query-input":{"@type":"PropertyValueSpecification","valueRequired":true,"valueName":"search_term_string"}}],"inLanguage":"en-US"},{"@type":"Organization","@id":"https:\/\/afam.md\/en\/#organization","name":"Asocia\u021bia Femeilor Antreprenoare Din Moldova","alternateName":"AFAM","url":"https:\/\/afam.md\/en\/","logo":{"@type":"ImageObject","inLanguage":"en-US","@id":"https:\/\/afam.md\/en\/#\/schema\/logo\/image\/","url":"https:\/\/afam.md\/wp-content\/uploads\/2024\/11\/logo-blue.svg","contentUrl":"https:\/\/afam.md\/wp-content\/uploads\/2024\/11\/logo-blue.svg","width":1874,"height":650,"caption":"Asocia\u021bia Femeilor Antreprenoare Din Moldova"},"image":{"@id":"https:\/\/afam.md\/en\/#\/schema\/logo\/image\/"},"sameAs":["https:\/\/www.facebook.com\/AFAMMoldova\/","https:\/\/www.instagram.com\/afammoldova\/?hl=en","https:\/\/md.linkedin.com\/in\/afam-moldova-285159174"],"email":"afammoldova@gmail.com","telephone":"(+373) 76 767 670","legalName":"Asocia\u021bia Femeilor Antreprenoare Din Moldova","numberOfEmployees":{"@type":"QuantitativeValue","minValue":"51","maxValue":"200"}}]}},"_links":{"self":[{"href":"https:\/\/afam.md\/en\/wp-json\/wp\/v2\/tribe_events\/92077","targetHints":{"allow":["GET"]}}],"collection":[{"href":"https:\/\/afam.md\/en\/wp-json\/wp\/v2\/tribe_events"}],"about":[{"href":"https:\/\/afam.md\/en\/wp-json\/wp\/v2\/types\/tribe_events"}],"author":[{"embeddable":true,"href":"https:\/\/afam.md\/en\/wp-json\/wp\/v2\/users\/1"}],"version-history":[{"count":0,"href":"https:\/\/afam.md\/en\/wp-json\/wp\/v2\/tribe_events\/92077\/revisions"}],"wp:featuredmedia":[{"embeddable":true,"href":"https:\/\/afam.md\/en\/wp-json\/wp\/v2\/media\/92078"}],"wp:attachment":[{"href":"https:\/\/afam.md\/en\/wp-json\/wp\/v2\/media?parent=92077"}],"wp:term":[{"taxonomy":"post_tag","embeddable":true,"href":"https:\/\/afam.md\/en\/wp-json\/wp\/v2\/tags?post=92077"},{"taxonomy":"tribe_events_cat","embeddable":true,"href":"https:\/\/afam.md\/en\/wp-json\/wp\/v2\/tribe_events_cat?post=92077"}],"curies":[{"name":"wp","href":"https:\/\/api.w.org\/{rel}","templated":true}]}}