{"id":92122,"date":"2024-10-28T23:05:35","date_gmt":"2024-10-28T21:05:35","guid":{"rendered":"https:\/\/afam.md\/event\/membrele-afam-inspira-prin-propriul-exemplu\/"},"modified":"2024-10-28T23:05:35","modified_gmt":"2024-10-28T21:05:35","slug":"membrele-afam-inspira-prin-propriul-exemplu","status":"publish","type":"tribe_events","link":"https:\/\/afam.md\/en\/event\/membrele-afam-inspira-prin-propriul-exemplu\/","title":{"rendered":"Membrele AFAM inspir\u0103 prin propriul exemplu"},"content":{"rendered":"<div class=\"kvgmc6g5 cxmmr5t8 oygrvhab hcukyx3x c1et5uql ii04i59q\">\n<div dir=\"auto\">V\u0103 dorim o s\u0103pt\u0103m\u00e2n\u0103 inspira\u021bional\u0103<\/div>\n<\/div>\n<div class=\"cxmmr5t8 oygrvhab hcukyx3x c1et5uql o9v6fnle ii04i59q\">\n<div dir=\"auto\">\u201cDe fiecare dat\u0103 c\u00e2nd sus\u021bii ceea ce dore\u0219ti \u0219i crezi, e\u0219ti primul care aude acel \u201dceva\u201d. Este un mesaj pentru tine \u0219i ceilal\u021bi despre ceea ce consideri c\u0103 po\u021bi realiza \u00een via\u021b\u0103. Nu \u00ee\u021bi impune nici o limit\u0103. \u201d &#8211; Oprah Winfrey<\/div>\n<\/div>\n<div dir=\"auto\"><img loading=\"lazy\" decoding=\"async\" width=\"1080\" height=\"1080\" class=\"alignnone size-medium wp-image-5832\" src=\"https:\/\/afam.md\/wp-content\/uploads\/2024\/09\/14-4.jpg\" \/> <img loading=\"lazy\" decoding=\"async\" width=\"1080\" height=\"1080\" class=\"alignnone size-medium wp-image-5833\" src=\"https:\/\/afam.md\/wp-content\/uploads\/2024\/09\/15-4.jpg\" \/> <img loading=\"lazy\" decoding=\"async\" width=\"1080\" height=\"1080\" class=\"alignnone size-medium wp-image-5834\" src=\"https:\/\/afam.md\/wp-content\/uploads\/2024\/09\/16-4.jpg\" \/> <img loading=\"lazy\" decoding=\"async\" width=\"1080\" height=\"1080\" class=\"alignnone size-medium wp-image-5835\" src=\"https:\/\/afam.md\/wp-content\/uploads\/2024\/09\/17-4.jpg\" \/><\/div>\n","protected":false},"excerpt":{"rendered":"<p>V\u0103 dorim o s\u0103pt\u0103m\u00e2n\u0103 inspira\u021bional\u0103 \u201cDe fiecare dat\u0103 c\u00e2nd sus\u021bii ceea ce dore\u0219ti \u0219i crezi, e\u0219ti primul care aude acel \u201dceva\u201d. Este un mesaj pentru tine \u0219i ceilal\u021bi despre ceea [&hellip;]<\/p>\n","protected":false},"author":1,"featured_media":92123,"template":"","meta":{"_EventAllDay":false,"_EventTimezone":"Europe\/Chisinau","_EventStartDate":"2022-01-17 19:43:00","_EventEndDate":"2022-01-17 19:43:00","_EventStartDateUTC":"2022-01-17 17:43:00","_EventEndDateUTC":"2022-01-17 17:43:00","_EventShowMap":false,"_EventShowMapLink":false,"_EventURL":"","_EventCost":"","_EventCostDescription":"","_EventCurrencySymbol":"","_EventCurrencyCode":"","_EventCurrencyPosition":"prefix","_EventDateTimeSeparator":"","_EventTimeRangeSeparator":"","_EventOrganizerID":[],"_EventVenueID":[],"_OrganizerEmail":"","_OrganizerPhone":"","_OrganizerWebsite":"","_VenueAddress":"","_VenueCity":"","_VenueCountry":"","_VenueProvince":"","_VenueState":"","_VenueZip":"","_VenuePhone":"","_VenueURL":"","_VenueStateProvince":"","_VenueLat":"","_VenueLng":"","_VenueShowMap":false,"_VenueShowMapLink":false,"_tribe_events_status":"","_tribe_events_status_reason":"","footnotes":""},"tags":[],"tribe_events_cat":[431],"class_list":["post-92122","tribe_events","type-tribe_events","status-publish","has-post-thumbnail","hentry","tribe_events_cat-evenimente","cat_evenimente"],"yoast_head":"<!-- This site is optimized with the Yoast SEO Premium plugin v23.8 (Yoast SEO v25.1) - https:\/\/yoast.com\/wordpress\/plugins\/seo\/ -->\n<title>Membrele AFAM inspir\u0103 prin propriul exemplu - AFAM MD<\/title>\n<meta name=\"robots\" content=\"index, follow, max-snippet:-1, max-image-preview:large, max-video-preview:-1\" \/>\n<link rel=\"canonical\" href=\"https:\/\/afam.md\/en\/event\/membrele-afam-inspira-prin-propriul-exemplu\/\" \/>\n<meta property=\"og:locale\" content=\"en_US\" \/>\n<meta property=\"og:type\" content=\"article\" \/>\n<meta property=\"og:title\" content=\"Membrele AFAM inspir\u0103 prin propriul exemplu\" \/>\n<meta property=\"og:description\" content=\"V\u0103 dorim o s\u0103pt\u0103m\u00e2n\u0103 inspira\u021bional\u0103 \u201cDe fiecare dat\u0103 c\u00e2nd sus\u021bii ceea ce dore\u0219ti \u0219i crezi, e\u0219ti primul care aude acel \u201dceva\u201d. Este un mesaj pentru tine \u0219i ceilal\u021bi despre ceea [&hellip;]\" \/>\n<meta property=\"og:url\" content=\"https:\/\/afam.md\/en\/event\/membrele-afam-inspira-prin-propriul-exemplu\/\" \/>\n<meta property=\"og:site_name\" content=\"AFAM MD\" \/>\n<meta property=\"article:publisher\" content=\"https:\/\/www.facebook.com\/AFAMMoldova\/\" \/>\n<meta property=\"og:image\" content=\"https:\/\/afam.md\/wp-content\/uploads\/2024\/10\/14-4-vhk1jd.tmp_.jpg\" \/>\n\t<meta property=\"og:image:width\" content=\"1080\" \/>\n\t<meta property=\"og:image:height\" content=\"1080\" \/>\n\t<meta property=\"og:image:type\" content=\"image\/jpeg\" \/>\n<meta name=\"twitter:card\" content=\"summary_large_image\" \/>\n<script type=\"application\/ld+json\" class=\"yoast-schema-graph\">{\"@context\":\"https:\/\/schema.org\",\"@graph\":[{\"@type\":\"WebPage\",\"@id\":\"https:\/\/afam.md\/event\/membrele-afam-inspira-prin-propriul-exemplu\/\",\"url\":\"https:\/\/afam.md\/event\/membrele-afam-inspira-prin-propriul-exemplu\/\",\"name\":\"Membrele AFAM inspir\u0103 prin propriul exemplu - AFAM MD\",\"isPartOf\":{\"@id\":\"https:\/\/afam.md\/en\/#website\"},\"primaryImageOfPage\":{\"@id\":\"https:\/\/afam.md\/event\/membrele-afam-inspira-prin-propriul-exemplu\/#primaryimage\"},\"image\":{\"@id\":\"https:\/\/afam.md\/event\/membrele-afam-inspira-prin-propriul-exemplu\/#primaryimage\"},\"thumbnailUrl\":\"https:\/\/afam.md\/wp-content\/uploads\/2024\/10\/14-4-vhk1jd.tmp_.jpg\",\"datePublished\":\"2024-10-28T21:05:35+00:00\",\"breadcrumb\":{\"@id\":\"https:\/\/afam.md\/event\/membrele-afam-inspira-prin-propriul-exemplu\/#breadcrumb\"},\"inLanguage\":\"en-US\",\"potentialAction\":[{\"@type\":\"ReadAction\",\"target\":[\"https:\/\/afam.md\/event\/membrele-afam-inspira-prin-propriul-exemplu\/\"]}]},{\"@type\":\"ImageObject\",\"inLanguage\":\"en-US\",\"@id\":\"https:\/\/afam.md\/event\/membrele-afam-inspira-prin-propriul-exemplu\/#primaryimage\",\"url\":\"https:\/\/afam.md\/wp-content\/uploads\/2024\/10\/14-4-vhk1jd.tmp_.jpg\",\"contentUrl\":\"https:\/\/afam.md\/wp-content\/uploads\/2024\/10\/14-4-vhk1jd.tmp_.jpg\",\"width\":1080,\"height\":1080},{\"@type\":\"BreadcrumbList\",\"@id\":\"https:\/\/afam.md\/event\/membrele-afam-inspira-prin-propriul-exemplu\/#breadcrumb\",\"itemListElement\":[{\"@type\":\"ListItem\",\"position\":1,\"name\":\"\u0413\u043b\u0430\u0432\u043d\u0430\u044f\",\"item\":\"https:\/\/afam.md\/\"},{\"@type\":\"ListItem\",\"position\":2,\"name\":\"Events\",\"item\":\"https:\/\/afam.md\/en\/eventslist\/\"},{\"@type\":\"ListItem\",\"position\":3,\"name\":\"Membrele AFAM inspir\u0103 prin propriul exemplu\"}]},{\"@type\":\"WebSite\",\"@id\":\"https:\/\/afam.md\/en\/#website\",\"url\":\"https:\/\/afam.md\/en\/\",\"name\":\"AFAM MD\",\"description\":\"Asocia\u021bia Femeilor Antreprenoare Din Moldova\",\"publisher\":{\"@id\":\"https:\/\/afam.md\/en\/#organization\"},\"potentialAction\":[{\"@type\":\"SearchAction\",\"target\":{\"@type\":\"EntryPoint\",\"urlTemplate\":\"https:\/\/afam.md\/en\/?s={search_term_string}\"},\"query-input\":{\"@type\":\"PropertyValueSpecification\",\"valueRequired\":true,\"valueName\":\"search_term_string\"}}],\"inLanguage\":\"en-US\"},{\"@type\":\"Organization\",\"@id\":\"https:\/\/afam.md\/en\/#organization\",\"name\":\"Asocia\u021bia Femeilor Antreprenoare Din Moldova\",\"alternateName\":\"AFAM\",\"url\":\"https:\/\/afam.md\/en\/\",\"logo\":{\"@type\":\"ImageObject\",\"inLanguage\":\"en-US\",\"@id\":\"https:\/\/afam.md\/en\/#\/schema\/logo\/image\/\",\"url\":\"https:\/\/afam.md\/wp-content\/uploads\/2024\/11\/logo-blue.svg\",\"contentUrl\":\"https:\/\/afam.md\/wp-content\/uploads\/2024\/11\/logo-blue.svg\",\"width\":1874,\"height\":650,\"caption\":\"Asocia\u021bia Femeilor Antreprenoare Din Moldova\"},\"image\":{\"@id\":\"https:\/\/afam.md\/en\/#\/schema\/logo\/image\/\"},\"sameAs\":[\"https:\/\/www.facebook.com\/AFAMMoldova\/\",\"https:\/\/www.instagram.com\/afammoldova\/?hl=en\",\"https:\/\/md.linkedin.com\/in\/afam-moldova-285159174\"],\"email\":\"afammoldova@gmail.com\",\"telephone\":\"(+373) 76 767 670\",\"legalName\":\"Asocia\u021bia Femeilor Antreprenoare Din Moldova\",\"numberOfEmployees\":{\"@type\":\"QuantitativeValue\",\"minValue\":\"51\",\"maxValue\":\"200\"}}]}<\/script>\n<!-- \/ Yoast SEO Premium plugin. -->","yoast_head_json":{"title":"Membrele AFAM inspir\u0103 prin propriul exemplu - AFAM MD","robots":{"index":"index","follow":"follow","max-snippet":"max-snippet:-1","max-image-preview":"max-image-preview:large","max-video-preview":"max-video-preview:-1"},"canonical":"https:\/\/afam.md\/en\/event\/membrele-afam-inspira-prin-propriul-exemplu\/","og_locale":"en_US","og_type":"article","og_title":"Membrele AFAM inspir\u0103 prin propriul exemplu","og_description":"V\u0103 dorim o s\u0103pt\u0103m\u00e2n\u0103 inspira\u021bional\u0103 \u201cDe fiecare dat\u0103 c\u00e2nd sus\u021bii ceea ce dore\u0219ti \u0219i crezi, e\u0219ti primul care aude acel \u201dceva\u201d. Este un mesaj pentru tine \u0219i ceilal\u021bi despre ceea [&hellip;]","og_url":"https:\/\/afam.md\/en\/event\/membrele-afam-inspira-prin-propriul-exemplu\/","og_site_name":"AFAM MD","article_publisher":"https:\/\/www.facebook.com\/AFAMMoldova\/","og_image":[{"width":1080,"height":1080,"url":"https:\/\/afam.md\/wp-content\/uploads\/2024\/10\/14-4-vhk1jd.tmp_.jpg","type":"image\/jpeg"}],"twitter_card":"summary_large_image","schema":{"@context":"https:\/\/schema.org","@graph":[{"@type":"WebPage","@id":"https:\/\/afam.md\/event\/membrele-afam-inspira-prin-propriul-exemplu\/","url":"https:\/\/afam.md\/event\/membrele-afam-inspira-prin-propriul-exemplu\/","name":"Membrele AFAM inspir\u0103 prin propriul exemplu - AFAM MD","isPartOf":{"@id":"https:\/\/afam.md\/en\/#website"},"primaryImageOfPage":{"@id":"https:\/\/afam.md\/event\/membrele-afam-inspira-prin-propriul-exemplu\/#primaryimage"},"image":{"@id":"https:\/\/afam.md\/event\/membrele-afam-inspira-prin-propriul-exemplu\/#primaryimage"},"thumbnailUrl":"https:\/\/afam.md\/wp-content\/uploads\/2024\/10\/14-4-vhk1jd.tmp_.jpg","datePublished":"2024-10-28T21:05:35+00:00","breadcrumb":{"@id":"https:\/\/afam.md\/event\/membrele-afam-inspira-prin-propriul-exemplu\/#breadcrumb"},"inLanguage":"en-US","potentialAction":[{"@type":"ReadAction","target":["https:\/\/afam.md\/event\/membrele-afam-inspira-prin-propriul-exemplu\/"]}]},{"@type":"ImageObject","inLanguage":"en-US","@id":"https:\/\/afam.md\/event\/membrele-afam-inspira-prin-propriul-exemplu\/#primaryimage","url":"https:\/\/afam.md\/wp-content\/uploads\/2024\/10\/14-4-vhk1jd.tmp_.jpg","contentUrl":"https:\/\/afam.md\/wp-content\/uploads\/2024\/10\/14-4-vhk1jd.tmp_.jpg","width":1080,"height":1080},{"@type":"BreadcrumbList","@id":"https:\/\/afam.md\/event\/membrele-afam-inspira-prin-propriul-exemplu\/#breadcrumb","itemListElement":[{"@type":"ListItem","position":1,"name":"\u0413\u043b\u0430\u0432\u043d\u0430\u044f","item":"https:\/\/afam.md\/"},{"@type":"ListItem","position":2,"name":"Events","item":"https:\/\/afam.md\/en\/eventslist\/"},{"@type":"ListItem","position":3,"name":"Membrele AFAM inspir\u0103 prin propriul exemplu"}]},{"@type":"WebSite","@id":"https:\/\/afam.md\/en\/#website","url":"https:\/\/afam.md\/en\/","name":"AFAM MD","description":"Asocia\u021bia Femeilor Antreprenoare Din Moldova","publisher":{"@id":"https:\/\/afam.md\/en\/#organization"},"potentialAction":[{"@type":"SearchAction","target":{"@type":"EntryPoint","urlTemplate":"https:\/\/afam.md\/en\/?s={search_term_string}"},"query-input":{"@type":"PropertyValueSpecification","valueRequired":true,"valueName":"search_term_string"}}],"inLanguage":"en-US"},{"@type":"Organization","@id":"https:\/\/afam.md\/en\/#organization","name":"Asocia\u021bia Femeilor Antreprenoare Din Moldova","alternateName":"AFAM","url":"https:\/\/afam.md\/en\/","logo":{"@type":"ImageObject","inLanguage":"en-US","@id":"https:\/\/afam.md\/en\/#\/schema\/logo\/image\/","url":"https:\/\/afam.md\/wp-content\/uploads\/2024\/11\/logo-blue.svg","contentUrl":"https:\/\/afam.md\/wp-content\/uploads\/2024\/11\/logo-blue.svg","width":1874,"height":650,"caption":"Asocia\u021bia Femeilor Antreprenoare Din Moldova"},"image":{"@id":"https:\/\/afam.md\/en\/#\/schema\/logo\/image\/"},"sameAs":["https:\/\/www.facebook.com\/AFAMMoldova\/","https:\/\/www.instagram.com\/afammoldova\/?hl=en","https:\/\/md.linkedin.com\/in\/afam-moldova-285159174"],"email":"afammoldova@gmail.com","telephone":"(+373) 76 767 670","legalName":"Asocia\u021bia Femeilor Antreprenoare Din Moldova","numberOfEmployees":{"@type":"QuantitativeValue","minValue":"51","maxValue":"200"}}]}},"_links":{"self":[{"href":"https:\/\/afam.md\/en\/wp-json\/wp\/v2\/tribe_events\/92122","targetHints":{"allow":["GET"]}}],"collection":[{"href":"https:\/\/afam.md\/en\/wp-json\/wp\/v2\/tribe_events"}],"about":[{"href":"https:\/\/afam.md\/en\/wp-json\/wp\/v2\/types\/tribe_events"}],"author":[{"embeddable":true,"href":"https:\/\/afam.md\/en\/wp-json\/wp\/v2\/users\/1"}],"version-history":[{"count":0,"href":"https:\/\/afam.md\/en\/wp-json\/wp\/v2\/tribe_events\/92122\/revisions"}],"wp:featuredmedia":[{"embeddable":true,"href":"https:\/\/afam.md\/en\/wp-json\/wp\/v2\/media\/92123"}],"wp:attachment":[{"href":"https:\/\/afam.md\/en\/wp-json\/wp\/v2\/media?parent=92122"}],"wp:term":[{"taxonomy":"post_tag","embeddable":true,"href":"https:\/\/afam.md\/en\/wp-json\/wp\/v2\/tags?post=92122"},{"taxonomy":"tribe_events_cat","embeddable":true,"href":"https:\/\/afam.md\/en\/wp-json\/wp\/v2\/tribe_events_cat?post=92122"}],"curies":[{"name":"wp","href":"https:\/\/api.w.org\/{rel}","templated":true}]}}