{"id":91865,"date":"2024-10-28T21:10:26","date_gmt":"2024-10-28T19:10:26","guid":{"rendered":"https:\/\/afam.md\/event\/lansarea-platformei-femeilor-de-afaceri-transnistria-si-we-grow\/"},"modified":"2024-10-28T22:51:26","modified_gmt":"2024-10-28T20:51:26","slug":"lansarea-platformei-femeilor-de-afaceri-transnistria-si-we-grow","status":"publish","type":"tribe_events","link":"https:\/\/afam.md\/ru\/event\/lansarea-platformei-femeilor-de-afaceri-transnistria-si-we-grow\/","title":{"rendered":"Lansarea Platformei Femeilor de Afaceri Transnistria \u0219i We Grow"},"content":{"rendered":"<p>Pe data de 5 octombrie 2019, Asocia\u021bia Femeilor Antreprenoare din Moldova &#8211; AFAM \u00een colaborare cu Agen\u021bia pentru Dezvoltare \u0219i Inova\u021bii din Tiraspol au dat start activit\u0103\u021bii Platformei Femeilor de Afaceri din Transnistria \u0219i a avut loc lansarea proiectului WE Grow Program.<br \/>\n<img loading=\"lazy\" decoding=\"async\" width=\"960\" height=\"720\" class=\"alignnone size-medium wp-image-2058\" src=\"https:\/\/afam.md\/wp-content\/uploads\/2024\/09\/71919829_1292363967590689_7499961459523190784_n.jpg\" \/><\/p>\n<p>\u00cen cadrul evenimentului a fost prezentat conceptul Platformei, direc\u021bia de dezvoltare a acesteia \u0219i activit\u0103\u021bile planificate. Aceast\u0103 \u00eent\u00e2lnire a reprezentat o bun\u0103 oportunitate de a crea un spa\u021biu pentru comunicare \u0219i socializare cu doamnelor antreprenoare din Transnistria, dar \u0219i a cunoa\u0219te care sunt confrunt\u0103rile \u0219i barierele ce le \u00eent\u00e2lne\u0219te businessului mic \u0219i mijlociu \u00een zona respectiv\u0103.<\/p>\n<p><img decoding=\"async\" class=\"alignnone size-medium wp-image-2059\" src=\"https:\/\/afam.md\/wp-content\/uploads\/2024\/09\/72259951_1292364534257299_2024553377521729536_n.jpg\" \/><\/p>\n<p>Platforma \u00ee\u0219i va \u00eencepe activitatea cu programul de training WE Grow, ce presupune un curs de instruiri gratuit, destinat s\u0103 abiliteze \u0219i s\u0103 \u00eembun\u0103t\u0103\u021beasc\u0103 capacit\u0103\u021bile de gestiune a afacerii \u00een r\u00e2ndurile antreprenoarelor.<\/p>\n<p><img decoding=\"async\" class=\"alignnone size-medium wp-image-2057\" src=\"https:\/\/afam.md\/wp-content\/uploads\/2024\/09\/71891821_1292364447590641_6093218223925231616_n.jpg\" \/><\/p>\n<p>Aceast\u0103 ini\u021biativ\u0103 a fost realizat\u0103 cu sus\u021binere USAID. Lansarea Platforma Femeilor de Afaceri din Transnistria \u0219i We Grow Program Mul\u021bumim partenererilor no\u0219tri \u0219i sus\u021binerii comunit\u0103\u021bii AFAM!<\/p>\n<p>&nbsp;<\/p>\n","protected":false},"excerpt":{"rendered":"<p>Pe data de 5 octombrie 2019, Asocia\u021bia Femeilor Antreprenoare din Moldova &#8211; AFAM \u00een colaborare cu Agen\u021bia pentru Dezvoltare \u0219i Inova\u021bii din Tiraspol au dat start activit\u0103\u021bii Platformei Femeilor de [&hellip;]<\/p>\n","protected":false},"author":1,"featured_media":91866,"template":"","meta":{"_EventAllDay":false,"_EventTimezone":"Europe\/Chisinau","_EventStartDate":"2019-10-07 13:54:00","_EventEndDate":"2019-10-07 14:54:00","_EventStartDateUTC":"2019-10-07 10:54:00","_EventEndDateUTC":"2019-10-07 11:54:00","_EventShowMap":false,"_EventShowMapLink":false,"_EventURL":"","_EventCost":"","_EventCostDescription":"","_EventCurrencySymbol":"","_EventCurrencyCode":"","_EventCurrencyPosition":"prefix","_EventDateTimeSeparator":"","_EventTimeRangeSeparator":"","_EventOrganizerID":[],"_EventVenueID":[],"_OrganizerEmail":"","_OrganizerPhone":"","_OrganizerWebsite":"","_VenueAddress":"","_VenueCity":"","_VenueCountry":"","_VenueProvince":"","_VenueState":"","_VenueZip":"","_VenuePhone":"","_VenueURL":"","_VenueStateProvince":"","_VenueLat":"","_VenueLng":"","_VenueShowMap":false,"_VenueShowMapLink":false,"_tribe_events_status":"","_tribe_events_status_reason":"","footnotes":""},"tags":[],"tribe_events_cat":[431],"class_list":["post-91865","tribe_events","type-tribe_events","status-publish","has-post-thumbnail","hentry","tribe_events_cat-evenimente","cat_evenimente"],"yoast_head":"<!-- This site is optimized with the Yoast SEO Premium plugin v23.8 (Yoast SEO v25.1) - https:\/\/yoast.com\/wordpress\/plugins\/seo\/ -->\n<title>Lansarea Platformei Femeilor de Afaceri Transnistria \u0219i We Grow - AFAM MD<\/title>\n<meta name=\"robots\" content=\"index, follow, max-snippet:-1, max-image-preview:large, max-video-preview:-1\" \/>\n<link rel=\"canonical\" href=\"https:\/\/afam.md\/ru\/event\/lansarea-platformei-femeilor-de-afaceri-transnistria-si-we-grow\/\" \/>\n<meta property=\"og:locale\" content=\"ru_RU\" \/>\n<meta property=\"og:type\" content=\"article\" \/>\n<meta property=\"og:title\" content=\"Lansarea Platformei Femeilor de Afaceri Transnistria \u0219i We Grow\" \/>\n<meta property=\"og:description\" content=\"Pe data de 5 octombrie 2019, Asocia\u021bia Femeilor Antreprenoare din Moldova &#8211; AFAM \u00een colaborare cu Agen\u021bia pentru Dezvoltare \u0219i Inova\u021bii din Tiraspol au dat start activit\u0103\u021bii Platformei Femeilor de [&hellip;]\" \/>\n<meta property=\"og:url\" content=\"https:\/\/afam.md\/ru\/event\/lansarea-platformei-femeilor-de-afaceri-transnistria-si-we-grow\/\" \/>\n<meta property=\"og:site_name\" content=\"AFAM MD\" \/>\n<meta property=\"article:publisher\" content=\"https:\/\/www.facebook.com\/AFAMMoldova\/\" \/>\n<meta property=\"article:modified_time\" content=\"2024-10-28T20:51:26+00:00\" \/>\n<meta property=\"og:image\" content=\"https:\/\/afam.md\/wp-content\/uploads\/2024\/10\/71919829_1292363967590689_7499961459523190784_n-xurKwd.tmp_.jpg\" \/>\n\t<meta property=\"og:image:width\" content=\"960\" \/>\n\t<meta property=\"og:image:height\" content=\"720\" \/>\n\t<meta property=\"og:image:type\" content=\"image\/jpeg\" \/>\n<meta name=\"twitter:card\" content=\"summary_large_image\" \/>\n<meta name=\"twitter:label1\" content=\"\u041f\u0440\u0438\u043c\u0435\u0440\u043d\u043e\u0435 \u0432\u0440\u0435\u043c\u044f \u0434\u043b\u044f \u0447\u0442\u0435\u043d\u0438\u044f\" \/>\n\t<meta name=\"twitter:data1\" content=\"1 \u043c\u0438\u043d\u0443\u0442\u0430\" \/>\n<script type=\"application\/ld+json\" class=\"yoast-schema-graph\">{\"@context\":\"https:\/\/schema.org\",\"@graph\":[{\"@type\":\"WebPage\",\"@id\":\"https:\/\/afam.md\/event\/lansarea-platformei-femeilor-de-afaceri-transnistria-si-we-grow\/\",\"url\":\"https:\/\/afam.md\/event\/lansarea-platformei-femeilor-de-afaceri-transnistria-si-we-grow\/\",\"name\":\"Lansarea Platformei Femeilor de Afaceri Transnistria \u0219i We Grow - AFAM MD\",\"isPartOf\":{\"@id\":\"https:\/\/afam.md\/en\/#website\"},\"primaryImageOfPage\":{\"@id\":\"https:\/\/afam.md\/event\/lansarea-platformei-femeilor-de-afaceri-transnistria-si-we-grow\/#primaryimage\"},\"image\":{\"@id\":\"https:\/\/afam.md\/event\/lansarea-platformei-femeilor-de-afaceri-transnistria-si-we-grow\/#primaryimage\"},\"thumbnailUrl\":\"https:\/\/afam.md\/wp-content\/uploads\/2024\/10\/71919829_1292363967590689_7499961459523190784_n-xurKwd.tmp_.jpg\",\"datePublished\":\"2024-10-28T19:10:26+00:00\",\"dateModified\":\"2024-10-28T20:51:26+00:00\",\"breadcrumb\":{\"@id\":\"https:\/\/afam.md\/event\/lansarea-platformei-femeilor-de-afaceri-transnistria-si-we-grow\/#breadcrumb\"},\"inLanguage\":\"ru-RU\",\"potentialAction\":[{\"@type\":\"ReadAction\",\"target\":[\"https:\/\/afam.md\/event\/lansarea-platformei-femeilor-de-afaceri-transnistria-si-we-grow\/\"]}]},{\"@type\":\"ImageObject\",\"inLanguage\":\"ru-RU\",\"@id\":\"https:\/\/afam.md\/event\/lansarea-platformei-femeilor-de-afaceri-transnistria-si-we-grow\/#primaryimage\",\"url\":\"https:\/\/afam.md\/wp-content\/uploads\/2024\/10\/71919829_1292363967590689_7499961459523190784_n-xurKwd.tmp_.jpg\",\"contentUrl\":\"https:\/\/afam.md\/wp-content\/uploads\/2024\/10\/71919829_1292363967590689_7499961459523190784_n-xurKwd.tmp_.jpg\",\"width\":960,\"height\":720},{\"@type\":\"BreadcrumbList\",\"@id\":\"https:\/\/afam.md\/event\/lansarea-platformei-femeilor-de-afaceri-transnistria-si-we-grow\/#breadcrumb\",\"itemListElement\":[{\"@type\":\"ListItem\",\"position\":1,\"name\":\"\u0413\u043b\u0430\u0432\u043d\u0430\u044f\",\"item\":\"https:\/\/afam.md\/\"},{\"@type\":\"ListItem\",\"position\":2,\"name\":\"Events\",\"item\":\"https:\/\/afam.md\/en\/eventslist\/\"},{\"@type\":\"ListItem\",\"position\":3,\"name\":\"Lansarea Platformei Femeilor de Afaceri Transnistria \u0219i We Grow\"}]},{\"@type\":\"WebSite\",\"@id\":\"https:\/\/afam.md\/en\/#website\",\"url\":\"https:\/\/afam.md\/en\/\",\"name\":\"AFAM MD\",\"description\":\"Asocia\u021bia Femeilor Antreprenoare Din Moldova\",\"publisher\":{\"@id\":\"https:\/\/afam.md\/en\/#organization\"},\"potentialAction\":[{\"@type\":\"SearchAction\",\"target\":{\"@type\":\"EntryPoint\",\"urlTemplate\":\"https:\/\/afam.md\/en\/?s={search_term_string}\"},\"query-input\":{\"@type\":\"PropertyValueSpecification\",\"valueRequired\":true,\"valueName\":\"search_term_string\"}}],\"inLanguage\":\"ru-RU\"},{\"@type\":\"Organization\",\"@id\":\"https:\/\/afam.md\/en\/#organization\",\"name\":\"Asocia\u021bia Femeilor Antreprenoare Din Moldova\",\"alternateName\":\"AFAM\",\"url\":\"https:\/\/afam.md\/en\/\",\"logo\":{\"@type\":\"ImageObject\",\"inLanguage\":\"ru-RU\",\"@id\":\"https:\/\/afam.md\/en\/#\/schema\/logo\/image\/\",\"url\":\"https:\/\/afam.md\/wp-content\/uploads\/2024\/11\/logo-blue.svg\",\"contentUrl\":\"https:\/\/afam.md\/wp-content\/uploads\/2024\/11\/logo-blue.svg\",\"width\":1874,\"height\":650,\"caption\":\"Asocia\u021bia Femeilor Antreprenoare Din Moldova\"},\"image\":{\"@id\":\"https:\/\/afam.md\/en\/#\/schema\/logo\/image\/\"},\"sameAs\":[\"https:\/\/www.facebook.com\/AFAMMoldova\/\",\"https:\/\/www.instagram.com\/afammoldova\/?hl=en\",\"https:\/\/md.linkedin.com\/in\/afam-moldova-285159174\"],\"email\":\"afammoldova@gmail.com\",\"telephone\":\"(+373) 76 767 670\",\"legalName\":\"Asocia\u021bia Femeilor Antreprenoare Din Moldova\",\"numberOfEmployees\":{\"@type\":\"QuantitativeValue\",\"minValue\":\"51\",\"maxValue\":\"200\"}}]}<\/script>\n<!-- \/ Yoast SEO Premium plugin. -->","yoast_head_json":{"title":"Lansarea Platformei Femeilor de Afaceri Transnistria \u0219i We Grow - AFAM MD","robots":{"index":"index","follow":"follow","max-snippet":"max-snippet:-1","max-image-preview":"max-image-preview:large","max-video-preview":"max-video-preview:-1"},"canonical":"https:\/\/afam.md\/ru\/event\/lansarea-platformei-femeilor-de-afaceri-transnistria-si-we-grow\/","og_locale":"ru_RU","og_type":"article","og_title":"Lansarea Platformei Femeilor de Afaceri Transnistria \u0219i We Grow","og_description":"Pe data de 5 octombrie 2019, Asocia\u021bia Femeilor Antreprenoare din Moldova &#8211; AFAM \u00een colaborare cu Agen\u021bia pentru Dezvoltare \u0219i Inova\u021bii din Tiraspol au dat start activit\u0103\u021bii Platformei Femeilor de [&hellip;]","og_url":"https:\/\/afam.md\/ru\/event\/lansarea-platformei-femeilor-de-afaceri-transnistria-si-we-grow\/","og_site_name":"AFAM MD","article_publisher":"https:\/\/www.facebook.com\/AFAMMoldova\/","article_modified_time":"2024-10-28T20:51:26+00:00","og_image":[{"width":960,"height":720,"url":"https:\/\/afam.md\/wp-content\/uploads\/2024\/10\/71919829_1292363967590689_7499961459523190784_n-xurKwd.tmp_.jpg","type":"image\/jpeg"}],"twitter_card":"summary_large_image","twitter_misc":{"\u041f\u0440\u0438\u043c\u0435\u0440\u043d\u043e\u0435 \u0432\u0440\u0435\u043c\u044f \u0434\u043b\u044f \u0447\u0442\u0435\u043d\u0438\u044f":"1 \u043c\u0438\u043d\u0443\u0442\u0430"},"schema":{"@context":"https:\/\/schema.org","@graph":[{"@type":"WebPage","@id":"https:\/\/afam.md\/event\/lansarea-platformei-femeilor-de-afaceri-transnistria-si-we-grow\/","url":"https:\/\/afam.md\/event\/lansarea-platformei-femeilor-de-afaceri-transnistria-si-we-grow\/","name":"Lansarea Platformei Femeilor de Afaceri Transnistria \u0219i We Grow - AFAM MD","isPartOf":{"@id":"https:\/\/afam.md\/en\/#website"},"primaryImageOfPage":{"@id":"https:\/\/afam.md\/event\/lansarea-platformei-femeilor-de-afaceri-transnistria-si-we-grow\/#primaryimage"},"image":{"@id":"https:\/\/afam.md\/event\/lansarea-platformei-femeilor-de-afaceri-transnistria-si-we-grow\/#primaryimage"},"thumbnailUrl":"https:\/\/afam.md\/wp-content\/uploads\/2024\/10\/71919829_1292363967590689_7499961459523190784_n-xurKwd.tmp_.jpg","datePublished":"2024-10-28T19:10:26+00:00","dateModified":"2024-10-28T20:51:26+00:00","breadcrumb":{"@id":"https:\/\/afam.md\/event\/lansarea-platformei-femeilor-de-afaceri-transnistria-si-we-grow\/#breadcrumb"},"inLanguage":"ru-RU","potentialAction":[{"@type":"ReadAction","target":["https:\/\/afam.md\/event\/lansarea-platformei-femeilor-de-afaceri-transnistria-si-we-grow\/"]}]},{"@type":"ImageObject","inLanguage":"ru-RU","@id":"https:\/\/afam.md\/event\/lansarea-platformei-femeilor-de-afaceri-transnistria-si-we-grow\/#primaryimage","url":"https:\/\/afam.md\/wp-content\/uploads\/2024\/10\/71919829_1292363967590689_7499961459523190784_n-xurKwd.tmp_.jpg","contentUrl":"https:\/\/afam.md\/wp-content\/uploads\/2024\/10\/71919829_1292363967590689_7499961459523190784_n-xurKwd.tmp_.jpg","width":960,"height":720},{"@type":"BreadcrumbList","@id":"https:\/\/afam.md\/event\/lansarea-platformei-femeilor-de-afaceri-transnistria-si-we-grow\/#breadcrumb","itemListElement":[{"@type":"ListItem","position":1,"name":"\u0413\u043b\u0430\u0432\u043d\u0430\u044f","item":"https:\/\/afam.md\/"},{"@type":"ListItem","position":2,"name":"Events","item":"https:\/\/afam.md\/en\/eventslist\/"},{"@type":"ListItem","position":3,"name":"Lansarea Platformei Femeilor de Afaceri Transnistria \u0219i We Grow"}]},{"@type":"WebSite","@id":"https:\/\/afam.md\/en\/#website","url":"https:\/\/afam.md\/en\/","name":"AFAM MD","description":"Asocia\u021bia Femeilor Antreprenoare Din Moldova","publisher":{"@id":"https:\/\/afam.md\/en\/#organization"},"potentialAction":[{"@type":"SearchAction","target":{"@type":"EntryPoint","urlTemplate":"https:\/\/afam.md\/en\/?s={search_term_string}"},"query-input":{"@type":"PropertyValueSpecification","valueRequired":true,"valueName":"search_term_string"}}],"inLanguage":"ru-RU"},{"@type":"Organization","@id":"https:\/\/afam.md\/en\/#organization","name":"Asocia\u021bia Femeilor Antreprenoare Din Moldova","alternateName":"AFAM","url":"https:\/\/afam.md\/en\/","logo":{"@type":"ImageObject","inLanguage":"ru-RU","@id":"https:\/\/afam.md\/en\/#\/schema\/logo\/image\/","url":"https:\/\/afam.md\/wp-content\/uploads\/2024\/11\/logo-blue.svg","contentUrl":"https:\/\/afam.md\/wp-content\/uploads\/2024\/11\/logo-blue.svg","width":1874,"height":650,"caption":"Asocia\u021bia Femeilor Antreprenoare Din Moldova"},"image":{"@id":"https:\/\/afam.md\/en\/#\/schema\/logo\/image\/"},"sameAs":["https:\/\/www.facebook.com\/AFAMMoldova\/","https:\/\/www.instagram.com\/afammoldova\/?hl=en","https:\/\/md.linkedin.com\/in\/afam-moldova-285159174"],"email":"afammoldova@gmail.com","telephone":"(+373) 76 767 670","legalName":"Asocia\u021bia Femeilor Antreprenoare Din Moldova","numberOfEmployees":{"@type":"QuantitativeValue","minValue":"51","maxValue":"200"}}]}},"_links":{"self":[{"href":"https:\/\/afam.md\/ru\/wp-json\/wp\/v2\/tribe_events\/91865","targetHints":{"allow":["GET"]}}],"collection":[{"href":"https:\/\/afam.md\/ru\/wp-json\/wp\/v2\/tribe_events"}],"about":[{"href":"https:\/\/afam.md\/ru\/wp-json\/wp\/v2\/types\/tribe_events"}],"author":[{"embeddable":true,"href":"https:\/\/afam.md\/ru\/wp-json\/wp\/v2\/users\/1"}],"version-history":[{"count":0,"href":"https:\/\/afam.md\/ru\/wp-json\/wp\/v2\/tribe_events\/91865\/revisions"}],"wp:featuredmedia":[{"embeddable":true,"href":"https:\/\/afam.md\/ru\/wp-json\/wp\/v2\/media\/91866"}],"wp:attachment":[{"href":"https:\/\/afam.md\/ru\/wp-json\/wp\/v2\/media?parent=91865"}],"wp:term":[{"taxonomy":"post_tag","embeddable":true,"href":"https:\/\/afam.md\/ru\/wp-json\/wp\/v2\/tags?post=91865"},{"taxonomy":"tribe_events_cat","embeddable":true,"href":"https:\/\/afam.md\/ru\/wp-json\/wp\/v2\/tribe_events_cat?post=91865"}],"curies":[{"name":"wp","href":"https:\/\/api.w.org\/{rel}","templated":true}]}}