{"id":91914,"date":"2024-10-28T22:16:32","date_gmt":"2024-10-28T20:16:32","guid":{"rendered":"https:\/\/afam.md\/event\/workshopul-pastila-digitala-emotii-noi-pentru-clienti\/"},"modified":"2024-10-28T22:49:51","modified_gmt":"2024-10-28T20:49:51","slug":"workshopul-pastila-digitala-emotii-noi-pentru-clienti","status":"publish","type":"tribe_events","link":"https:\/\/afam.md\/ru\/event\/workshopul-pastila-digitala-emotii-noi-pentru-clienti\/","title":{"rendered":"Workshopul &#8222;Pastila digital\u0103 &#8211; emo\u021bii noi pentru clien\u021bi&#8221;"},"content":{"rendered":"<div class=\"kvgmc6g5 cxmmr5t8 oygrvhab hcukyx3x c1et5uql ii04i59q\">\n<div dir=\"auto\">Cu siguran\u021b\u0103 auzi\u021bi tot mai des despre inova\u021bii, noi tehnologii, digitalizare \u015fi produse inova\u021bionale, iar impactul acestora \u00een sfera afacerilor este major.<\/div>\n<\/div>\n<div class=\"cxmmr5t8 oygrvhab hcukyx3x c1et5uql o9v6fnle ii04i59q\">\n<div dir=\"auto\">Workshopul &#8222;Pastila digital\u0103 &#8211; emo\u021bii noi pentru clien\u021bi&#8221; cu Diana Nanu, Director Tekwill Academy Kids a fost organizat pentru a r\u0103spunde la o serie de \u00eentreb\u0103ri a membrelor AFAM privind inova\u021biile \u00een business.<\/div>\n<\/div>\n<div class=\"cxmmr5t8 oygrvhab hcukyx3x c1et5uql o9v6fnle ii04i59q\">\n<div dir=\"auto\">Agenda evenimentului a cuprins<\/div>\n<div dir=\"auto\">&#8211; tendin\u021bele la nivel na\u021bional \u015fi local<\/div>\n<div dir=\"auto\">&#8211; management tools<\/div>\n<div dir=\"auto\">&#8211; inova\u021bii specifice fiec\u0103rei afaceri<\/div>\n<\/div>\n<div class=\"cxmmr5t8 oygrvhab hcukyx3x c1et5uql o9v6fnle ii04i59q\">\n<div dir=\"auto\">Mul\u021bumim mult Dianei Nanu pentru g\u0103zduirea evenimentului \u00een incinta Tekwill Academy Kids \u015fi prezentarea solu\u021biilor inovative aferent fiec\u0103rui domeniu de activitate a membrelor AFAM!<\/div>\n<div dir=\"auto\"><img loading=\"lazy\" decoding=\"async\" width=\"960\" height=\"720\" class=\"alignnone size-medium wp-image-5350\" src=\"https:\/\/afam.md\/wp-content\/uploads\/2022\/02\/13-1.jpg\" srcset=\"https:\/\/afam.md\/wp-content\/uploads\/2022\/02\/13-1.jpg 960w, https:\/\/afam.md\/wp-content\/uploads\/2022\/02\/13-1-300x225.jpg 300w, https:\/\/afam.md\/wp-content\/uploads\/2022\/02\/13-1-600x450.jpg 600w, https:\/\/afam.md\/wp-content\/uploads\/2022\/02\/13-1-768x576.jpg 768w, https:\/\/afam.md\/wp-content\/uploads\/2022\/02\/13-1-200x150.jpg 200w\" sizes=\"auto, (max-width: 960px) 100vw, 960px\" \/> <img loading=\"lazy\" decoding=\"async\" width=\"720\" height=\"960\" class=\"alignnone size-medium wp-image-5351\" src=\"https:\/\/afam.md\/wp-content\/uploads\/2022\/02\/14-1.jpg\" srcset=\"https:\/\/afam.md\/wp-content\/uploads\/2022\/02\/14-1.jpg 720w, https:\/\/afam.md\/wp-content\/uploads\/2022\/02\/14-1-300x400.jpg 300w, https:\/\/afam.md\/wp-content\/uploads\/2022\/02\/14-1-600x800.jpg 600w, https:\/\/afam.md\/wp-content\/uploads\/2022\/02\/14-1-225x300.jpg 225w, https:\/\/afam.md\/wp-content\/uploads\/2022\/02\/14-1-200x267.jpg 200w\" sizes=\"auto, (max-width: 720px) 100vw, 720px\" \/> <img loading=\"lazy\" decoding=\"async\" width=\"720\" height=\"960\" class=\"alignnone size-medium wp-image-5352\" src=\"https:\/\/afam.md\/wp-content\/uploads\/2022\/02\/15-1.jpg\" srcset=\"https:\/\/afam.md\/wp-content\/uploads\/2022\/02\/15-1.jpg 720w, https:\/\/afam.md\/wp-content\/uploads\/2022\/02\/15-1-300x400.jpg 300w, https:\/\/afam.md\/wp-content\/uploads\/2022\/02\/15-1-600x800.jpg 600w, https:\/\/afam.md\/wp-content\/uploads\/2022\/02\/15-1-225x300.jpg 225w, https:\/\/afam.md\/wp-content\/uploads\/2022\/02\/15-1-200x267.jpg 200w\" sizes=\"auto, (max-width: 720px) 100vw, 720px\" \/> <img loading=\"lazy\" decoding=\"async\" width=\"720\" height=\"960\" class=\"alignnone size-medium wp-image-5353\" src=\"https:\/\/afam.md\/wp-content\/uploads\/2022\/02\/16-1.jpg\" srcset=\"https:\/\/afam.md\/wp-content\/uploads\/2022\/02\/16-1.jpg 720w, https:\/\/afam.md\/wp-content\/uploads\/2022\/02\/16-1-300x400.jpg 300w, https:\/\/afam.md\/wp-content\/uploads\/2022\/02\/16-1-600x800.jpg 600w, https:\/\/afam.md\/wp-content\/uploads\/2022\/02\/16-1-225x300.jpg 225w, https:\/\/afam.md\/wp-content\/uploads\/2022\/02\/16-1-200x267.jpg 200w\" sizes=\"auto, (max-width: 720px) 100vw, 720px\" \/><\/div>\n<\/div>\n","protected":false},"excerpt":{"rendered":"<p>Cu siguran\u021b\u0103 auzi\u021bi tot mai des despre inova\u021bii, noi tehnologii, digitalizare \u015fi produse inova\u021bionale, iar impactul acestora \u00een sfera afacerilor este major. Workshopul &#8222;Pastila digital\u0103 &#8211; emo\u021bii noi pentru clien\u021bi&#8221; [&hellip;]<\/p>\n","protected":false},"author":1,"featured_media":91915,"template":"","meta":{"_EventAllDay":false,"_EventTimezone":"Europe\/Chisinau","_EventStartDate":"2020-03-11 08:58:00","_EventEndDate":"2020-03-11 09:58:00","_EventStartDateUTC":"2020-03-11 06:58:00","_EventEndDateUTC":"2020-03-11 07:58:00","_EventShowMap":false,"_EventShowMapLink":false,"_EventURL":"","_EventCost":"","_EventCostDescription":"","_EventCurrencySymbol":"","_EventCurrencyCode":"","_EventCurrencyPosition":"prefix","_EventDateTimeSeparator":"","_EventTimeRangeSeparator":"","_EventOrganizerID":[],"_EventVenueID":[],"_OrganizerEmail":"","_OrganizerPhone":"","_OrganizerWebsite":"","_VenueAddress":"","_VenueCity":"","_VenueCountry":"","_VenueProvince":"","_VenueState":"","_VenueZip":"","_VenuePhone":"","_VenueURL":"","_VenueStateProvince":"","_VenueLat":"","_VenueLng":"","_VenueShowMap":false,"_VenueShowMapLink":false,"_tribe_events_status":"","_tribe_events_status_reason":"","footnotes":""},"tags":[],"tribe_events_cat":[431],"class_list":["post-91914","tribe_events","type-tribe_events","status-publish","has-post-thumbnail","hentry","tribe_events_cat-evenimente","cat_evenimente"],"yoast_head":"<!-- This site is optimized with the Yoast SEO Premium plugin v23.8 (Yoast SEO v25.1) - https:\/\/yoast.com\/wordpress\/plugins\/seo\/ -->\n<title>Workshopul &quot;Pastila digital\u0103 - emo\u021bii noi pentru clien\u021bi&quot; - AFAM MD<\/title>\n<meta name=\"robots\" content=\"index, follow, max-snippet:-1, max-image-preview:large, max-video-preview:-1\" \/>\n<link rel=\"canonical\" href=\"https:\/\/afam.md\/ru\/event\/workshopul-pastila-digitala-emotii-noi-pentru-clienti\/\" \/>\n<meta property=\"og:locale\" content=\"ru_RU\" \/>\n<meta property=\"og:type\" content=\"article\" \/>\n<meta property=\"og:title\" content=\"Workshopul &quot;Pastila digital\u0103 - emo\u021bii noi pentru clien\u021bi&quot;\" \/>\n<meta property=\"og:description\" content=\"Cu siguran\u021b\u0103 auzi\u021bi tot mai des despre inova\u021bii, noi tehnologii, digitalizare \u015fi produse inova\u021bionale, iar impactul acestora \u00een sfera afacerilor este major. Workshopul &#8222;Pastila digital\u0103 &#8211; emo\u021bii noi pentru clien\u021bi&#8221; [&hellip;]\" \/>\n<meta property=\"og:url\" content=\"https:\/\/afam.md\/ru\/event\/workshopul-pastila-digitala-emotii-noi-pentru-clienti\/\" \/>\n<meta property=\"og:site_name\" content=\"AFAM MD\" \/>\n<meta property=\"article:publisher\" content=\"https:\/\/www.facebook.com\/AFAMMoldova\/\" \/>\n<meta property=\"article:modified_time\" content=\"2024-10-28T20:49:51+00:00\" \/>\n<meta property=\"og:image\" content=\"https:\/\/afam.md\/wp-content\/uploads\/2024\/10\/17-1-5yMSoc.tmp_.jpg\" \/>\n\t<meta property=\"og:image:width\" content=\"720\" \/>\n\t<meta property=\"og:image:height\" content=\"960\" \/>\n\t<meta property=\"og:image:type\" content=\"image\/jpeg\" \/>\n<meta name=\"twitter:card\" content=\"summary_large_image\" \/>\n<meta name=\"twitter:label1\" content=\"\u041f\u0440\u0438\u043c\u0435\u0440\u043d\u043e\u0435 \u0432\u0440\u0435\u043c\u044f \u0434\u043b\u044f \u0447\u0442\u0435\u043d\u0438\u044f\" \/>\n\t<meta name=\"twitter:data1\" content=\"1 \u043c\u0438\u043d\u0443\u0442\u0430\" \/>\n<script type=\"application\/ld+json\" class=\"yoast-schema-graph\">{\"@context\":\"https:\/\/schema.org\",\"@graph\":[{\"@type\":\"WebPage\",\"@id\":\"https:\/\/afam.md\/ru\/event\/workshopul-pastila-digitala-emotii-noi-pentru-clienti\/\",\"url\":\"https:\/\/afam.md\/ru\/event\/workshopul-pastila-digitala-emotii-noi-pentru-clienti\/\",\"name\":\"Workshopul \\\"Pastila digital\u0103 - emo\u021bii noi pentru clien\u021bi\\\" - AFAM MD\",\"isPartOf\":{\"@id\":\"https:\/\/afam.md\/en\/#website\"},\"primaryImageOfPage\":{\"@id\":\"https:\/\/afam.md\/ru\/event\/workshopul-pastila-digitala-emotii-noi-pentru-clienti\/#primaryimage\"},\"image\":{\"@id\":\"https:\/\/afam.md\/ru\/event\/workshopul-pastila-digitala-emotii-noi-pentru-clienti\/#primaryimage\"},\"thumbnailUrl\":\"https:\/\/afam.md\/wp-content\/uploads\/2024\/10\/17-1-5yMSoc.tmp_.jpg\",\"datePublished\":\"2024-10-28T20:16:32+00:00\",\"dateModified\":\"2024-10-28T20:49:51+00:00\",\"breadcrumb\":{\"@id\":\"https:\/\/afam.md\/ru\/event\/workshopul-pastila-digitala-emotii-noi-pentru-clienti\/#breadcrumb\"},\"inLanguage\":\"ru-RU\",\"potentialAction\":[{\"@type\":\"ReadAction\",\"target\":[\"https:\/\/afam.md\/ru\/event\/workshopul-pastila-digitala-emotii-noi-pentru-clienti\/\"]}]},{\"@type\":\"ImageObject\",\"inLanguage\":\"ru-RU\",\"@id\":\"https:\/\/afam.md\/ru\/event\/workshopul-pastila-digitala-emotii-noi-pentru-clienti\/#primaryimage\",\"url\":\"https:\/\/afam.md\/wp-content\/uploads\/2024\/10\/17-1-5yMSoc.tmp_.jpg\",\"contentUrl\":\"https:\/\/afam.md\/wp-content\/uploads\/2024\/10\/17-1-5yMSoc.tmp_.jpg\",\"width\":720,\"height\":960},{\"@type\":\"BreadcrumbList\",\"@id\":\"https:\/\/afam.md\/ru\/event\/workshopul-pastila-digitala-emotii-noi-pentru-clienti\/#breadcrumb\",\"itemListElement\":[{\"@type\":\"ListItem\",\"position\":1,\"name\":\"\u0413\u043b\u0430\u0432\u043d\u0430\u044f\",\"item\":\"https:\/\/afam.md\/\"},{\"@type\":\"ListItem\",\"position\":2,\"name\":\"Events\",\"item\":\"https:\/\/afam.md\/en\/eventslist\/\"},{\"@type\":\"ListItem\",\"position\":3,\"name\":\"Workshopul &#8222;Pastila digital\u0103 &#8211; emo\u021bii noi pentru clien\u021bi&#8221;\"}]},{\"@type\":\"WebSite\",\"@id\":\"https:\/\/afam.md\/en\/#website\",\"url\":\"https:\/\/afam.md\/en\/\",\"name\":\"AFAM MD\",\"description\":\"Asocia\u021bia Femeilor Antreprenoare Din Moldova\",\"publisher\":{\"@id\":\"https:\/\/afam.md\/en\/#organization\"},\"potentialAction\":[{\"@type\":\"SearchAction\",\"target\":{\"@type\":\"EntryPoint\",\"urlTemplate\":\"https:\/\/afam.md\/en\/?s={search_term_string}\"},\"query-input\":{\"@type\":\"PropertyValueSpecification\",\"valueRequired\":true,\"valueName\":\"search_term_string\"}}],\"inLanguage\":\"ru-RU\"},{\"@type\":\"Organization\",\"@id\":\"https:\/\/afam.md\/en\/#organization\",\"name\":\"Asocia\u021bia Femeilor Antreprenoare Din Moldova\",\"alternateName\":\"AFAM\",\"url\":\"https:\/\/afam.md\/en\/\",\"logo\":{\"@type\":\"ImageObject\",\"inLanguage\":\"ru-RU\",\"@id\":\"https:\/\/afam.md\/en\/#\/schema\/logo\/image\/\",\"url\":\"https:\/\/afam.md\/wp-content\/uploads\/2024\/11\/logo-blue.svg\",\"contentUrl\":\"https:\/\/afam.md\/wp-content\/uploads\/2024\/11\/logo-blue.svg\",\"width\":1874,\"height\":650,\"caption\":\"Asocia\u021bia Femeilor Antreprenoare Din Moldova\"},\"image\":{\"@id\":\"https:\/\/afam.md\/en\/#\/schema\/logo\/image\/\"},\"sameAs\":[\"https:\/\/www.facebook.com\/AFAMMoldova\/\",\"https:\/\/www.instagram.com\/afammoldova\/?hl=en\",\"https:\/\/md.linkedin.com\/in\/afam-moldova-285159174\"],\"email\":\"afammoldova@gmail.com\",\"telephone\":\"(+373) 76 767 670\",\"legalName\":\"Asocia\u021bia Femeilor Antreprenoare Din Moldova\",\"numberOfEmployees\":{\"@type\":\"QuantitativeValue\",\"minValue\":\"51\",\"maxValue\":\"200\"}}]}<\/script>\n<!-- \/ Yoast SEO Premium plugin. -->","yoast_head_json":{"title":"Workshopul \"Pastila digital\u0103 - emo\u021bii noi pentru clien\u021bi\" - AFAM MD","robots":{"index":"index","follow":"follow","max-snippet":"max-snippet:-1","max-image-preview":"max-image-preview:large","max-video-preview":"max-video-preview:-1"},"canonical":"https:\/\/afam.md\/ru\/event\/workshopul-pastila-digitala-emotii-noi-pentru-clienti\/","og_locale":"ru_RU","og_type":"article","og_title":"Workshopul \"Pastila digital\u0103 - emo\u021bii noi pentru clien\u021bi\"","og_description":"Cu siguran\u021b\u0103 auzi\u021bi tot mai des despre inova\u021bii, noi tehnologii, digitalizare \u015fi produse inova\u021bionale, iar impactul acestora \u00een sfera afacerilor este major. Workshopul &#8222;Pastila digital\u0103 &#8211; emo\u021bii noi pentru clien\u021bi&#8221; [&hellip;]","og_url":"https:\/\/afam.md\/ru\/event\/workshopul-pastila-digitala-emotii-noi-pentru-clienti\/","og_site_name":"AFAM MD","article_publisher":"https:\/\/www.facebook.com\/AFAMMoldova\/","article_modified_time":"2024-10-28T20:49:51+00:00","og_image":[{"width":720,"height":960,"url":"https:\/\/afam.md\/wp-content\/uploads\/2024\/10\/17-1-5yMSoc.tmp_.jpg","type":"image\/jpeg"}],"twitter_card":"summary_large_image","twitter_misc":{"\u041f\u0440\u0438\u043c\u0435\u0440\u043d\u043e\u0435 \u0432\u0440\u0435\u043c\u044f \u0434\u043b\u044f \u0447\u0442\u0435\u043d\u0438\u044f":"1 \u043c\u0438\u043d\u0443\u0442\u0430"},"schema":{"@context":"https:\/\/schema.org","@graph":[{"@type":"WebPage","@id":"https:\/\/afam.md\/ru\/event\/workshopul-pastila-digitala-emotii-noi-pentru-clienti\/","url":"https:\/\/afam.md\/ru\/event\/workshopul-pastila-digitala-emotii-noi-pentru-clienti\/","name":"Workshopul \"Pastila digital\u0103 - emo\u021bii noi pentru clien\u021bi\" - AFAM MD","isPartOf":{"@id":"https:\/\/afam.md\/en\/#website"},"primaryImageOfPage":{"@id":"https:\/\/afam.md\/ru\/event\/workshopul-pastila-digitala-emotii-noi-pentru-clienti\/#primaryimage"},"image":{"@id":"https:\/\/afam.md\/ru\/event\/workshopul-pastila-digitala-emotii-noi-pentru-clienti\/#primaryimage"},"thumbnailUrl":"https:\/\/afam.md\/wp-content\/uploads\/2024\/10\/17-1-5yMSoc.tmp_.jpg","datePublished":"2024-10-28T20:16:32+00:00","dateModified":"2024-10-28T20:49:51+00:00","breadcrumb":{"@id":"https:\/\/afam.md\/ru\/event\/workshopul-pastila-digitala-emotii-noi-pentru-clienti\/#breadcrumb"},"inLanguage":"ru-RU","potentialAction":[{"@type":"ReadAction","target":["https:\/\/afam.md\/ru\/event\/workshopul-pastila-digitala-emotii-noi-pentru-clienti\/"]}]},{"@type":"ImageObject","inLanguage":"ru-RU","@id":"https:\/\/afam.md\/ru\/event\/workshopul-pastila-digitala-emotii-noi-pentru-clienti\/#primaryimage","url":"https:\/\/afam.md\/wp-content\/uploads\/2024\/10\/17-1-5yMSoc.tmp_.jpg","contentUrl":"https:\/\/afam.md\/wp-content\/uploads\/2024\/10\/17-1-5yMSoc.tmp_.jpg","width":720,"height":960},{"@type":"BreadcrumbList","@id":"https:\/\/afam.md\/ru\/event\/workshopul-pastila-digitala-emotii-noi-pentru-clienti\/#breadcrumb","itemListElement":[{"@type":"ListItem","position":1,"name":"\u0413\u043b\u0430\u0432\u043d\u0430\u044f","item":"https:\/\/afam.md\/"},{"@type":"ListItem","position":2,"name":"Events","item":"https:\/\/afam.md\/en\/eventslist\/"},{"@type":"ListItem","position":3,"name":"Workshopul &#8222;Pastila digital\u0103 &#8211; emo\u021bii noi pentru clien\u021bi&#8221;"}]},{"@type":"WebSite","@id":"https:\/\/afam.md\/en\/#website","url":"https:\/\/afam.md\/en\/","name":"AFAM MD","description":"Asocia\u021bia Femeilor Antreprenoare Din Moldova","publisher":{"@id":"https:\/\/afam.md\/en\/#organization"},"potentialAction":[{"@type":"SearchAction","target":{"@type":"EntryPoint","urlTemplate":"https:\/\/afam.md\/en\/?s={search_term_string}"},"query-input":{"@type":"PropertyValueSpecification","valueRequired":true,"valueName":"search_term_string"}}],"inLanguage":"ru-RU"},{"@type":"Organization","@id":"https:\/\/afam.md\/en\/#organization","name":"Asocia\u021bia Femeilor Antreprenoare Din Moldova","alternateName":"AFAM","url":"https:\/\/afam.md\/en\/","logo":{"@type":"ImageObject","inLanguage":"ru-RU","@id":"https:\/\/afam.md\/en\/#\/schema\/logo\/image\/","url":"https:\/\/afam.md\/wp-content\/uploads\/2024\/11\/logo-blue.svg","contentUrl":"https:\/\/afam.md\/wp-content\/uploads\/2024\/11\/logo-blue.svg","width":1874,"height":650,"caption":"Asocia\u021bia Femeilor Antreprenoare Din Moldova"},"image":{"@id":"https:\/\/afam.md\/en\/#\/schema\/logo\/image\/"},"sameAs":["https:\/\/www.facebook.com\/AFAMMoldova\/","https:\/\/www.instagram.com\/afammoldova\/?hl=en","https:\/\/md.linkedin.com\/in\/afam-moldova-285159174"],"email":"afammoldova@gmail.com","telephone":"(+373) 76 767 670","legalName":"Asocia\u021bia Femeilor Antreprenoare Din Moldova","numberOfEmployees":{"@type":"QuantitativeValue","minValue":"51","maxValue":"200"}}]}},"_links":{"self":[{"href":"https:\/\/afam.md\/ru\/wp-json\/wp\/v2\/tribe_events\/91914","targetHints":{"allow":["GET"]}}],"collection":[{"href":"https:\/\/afam.md\/ru\/wp-json\/wp\/v2\/tribe_events"}],"about":[{"href":"https:\/\/afam.md\/ru\/wp-json\/wp\/v2\/types\/tribe_events"}],"author":[{"embeddable":true,"href":"https:\/\/afam.md\/ru\/wp-json\/wp\/v2\/users\/1"}],"version-history":[{"count":0,"href":"https:\/\/afam.md\/ru\/wp-json\/wp\/v2\/tribe_events\/91914\/revisions"}],"wp:featuredmedia":[{"embeddable":true,"href":"https:\/\/afam.md\/ru\/wp-json\/wp\/v2\/media\/91915"}],"wp:attachment":[{"href":"https:\/\/afam.md\/ru\/wp-json\/wp\/v2\/media?parent=91914"}],"wp:term":[{"taxonomy":"post_tag","embeddable":true,"href":"https:\/\/afam.md\/ru\/wp-json\/wp\/v2\/tags?post=91914"},{"taxonomy":"tribe_events_cat","embeddable":true,"href":"https:\/\/afam.md\/ru\/wp-json\/wp\/v2\/tribe_events_cat?post=91914"}],"curies":[{"name":"wp","href":"https:\/\/api.w.org\/{rel}","templated":true}]}}