{"id":91916,"date":"2024-10-28T22:16:33","date_gmt":"2024-10-28T20:16:33","guid":{"rendered":"https:\/\/afam.md\/event\/afam-business-suport-avocatul-in-sprijinul-afacerilor-in-perioada-starii-de-urgenta\/"},"modified":"2024-10-28T22:43:27","modified_gmt":"2024-10-28T20:43:27","slug":"afam-business-suport-avocatul-in-sprijinul-afacerilor-in-perioada-starii-de-urgenta","status":"publish","type":"tribe_events","link":"https:\/\/afam.md\/ru\/event\/afam-business-suport-avocatul-in-sprijinul-afacerilor-in-perioada-starii-de-urgenta\/","title":{"rendered":"AFAM Business Suport: Avocatul \u00een sprijinul afacerilor \u00een perioada st\u0103rii de urgen\u021b\u0103"},"content":{"rendered":"<div class=\"kvgmc6g5 cxmmr5t8 oygrvhab hcukyx3x c1et5uql ii04i59q\">\n<div dir=\"auto\">Echipa AFAM con\u015ftientizeaz\u0103 necesitatea sprijinului \u00een situa\u021bia declan\u0219at\u0103 din cauza regimului de carantin\u0103 \u0219i este al\u0103turi de membrele sale pentru a oferi suportul necesar.<\/div>\n<\/div>\n<div class=\"cxmmr5t8 oygrvhab hcukyx3x c1et5uql o9v6fnle ii04i59q\">\n<div dir=\"auto\">Consiliul de Administrare al AFAM a aprobat calendarul evenimentelor pentru perioada urm\u0103toare, urm\u00e2nd a fi desf\u0103\u0219urate 5 evenimente online privind cele mai stringente aspecte care vizeaz\u0103 acum antreprenoriatul:<\/div>\n<div dir=\"auto\">&#8211; legal<\/div>\n<div dir=\"auto\">&#8211; resursele umane<\/div>\n<div dir=\"auto\">&#8211; financiar<\/div>\n<div dir=\"auto\">&#8211; it \u0219i digital<\/div>\n<\/div>\n<div class=\"cxmmr5t8 oygrvhab hcukyx3x c1et5uql o9v6fnle ii04i59q\">\n<div dir=\"auto\">Primul eveniment AFAM Business Suport: Avocatul \u00een sprijinul afacerilor \u00een perioada st\u0103rii de urgen\u021b\u0103 va avea loc Luni, 30 martie, ora 16.00 cu participarea avoca\u021bilor din cadrul Biroului Asociat de Avoca\u021bi \u201dGladei \u0219i Partenerii\u201d, \u00een regim online pe platforma zoom.us.<\/div>\n<\/div>\n","protected":false},"excerpt":{"rendered":"<p>Echipa AFAM con\u015ftientizeaz\u0103 necesitatea sprijinului \u00een situa\u021bia declan\u0219at\u0103 din cauza regimului de carantin\u0103 \u0219i este al\u0103turi de membrele sale pentru a oferi suportul necesar. Consiliul de Administrare al AFAM a [&hellip;]<\/p>\n","protected":false},"author":1,"featured_media":91917,"template":"","meta":{"_EventAllDay":false,"_EventTimezone":"Europe\/Chisinau","_EventStartDate":"2020-03-29 08:09:00","_EventEndDate":"2020-03-29 09:09:00","_EventStartDateUTC":"2020-03-29 05:09:00","_EventEndDateUTC":"2020-03-29 06:09:00","_EventShowMap":false,"_EventShowMapLink":false,"_EventURL":"","_EventCost":"","_EventCostDescription":"","_EventCurrencySymbol":"","_EventCurrencyCode":"","_EventCurrencyPosition":"prefix","_EventDateTimeSeparator":"","_EventTimeRangeSeparator":"","_EventOrganizerID":[],"_EventVenueID":[],"_OrganizerEmail":"","_OrganizerPhone":"","_OrganizerWebsite":"","_VenueAddress":"","_VenueCity":"","_VenueCountry":"","_VenueProvince":"","_VenueState":"","_VenueZip":"","_VenuePhone":"","_VenueURL":"","_VenueStateProvince":"","_VenueLat":"","_VenueLng":"","_VenueShowMap":false,"_VenueShowMapLink":false,"_tribe_events_status":"","_tribe_events_status_reason":"","footnotes":""},"tags":[],"tribe_events_cat":[431],"class_list":["post-91916","tribe_events","type-tribe_events","status-publish","has-post-thumbnail","hentry","tribe_events_cat-evenimente","cat_evenimente"],"yoast_head":"<!-- This site is optimized with the Yoast SEO Premium plugin v23.8 (Yoast SEO v25.1) - https:\/\/yoast.com\/wordpress\/plugins\/seo\/ -->\n<title>AFAM Business Suport: Avocatul \u00een sprijinul afacerilor \u00een perioada st\u0103rii de urgen\u021b\u0103 - AFAM MD<\/title>\n<meta name=\"robots\" content=\"index, follow, max-snippet:-1, max-image-preview:large, max-video-preview:-1\" \/>\n<link rel=\"canonical\" href=\"https:\/\/afam.md\/ru\/event\/afam-business-suport-avocatul-in-sprijinul-afacerilor-in-perioada-starii-de-urgenta\/\" \/>\n<meta property=\"og:locale\" content=\"ru_RU\" \/>\n<meta property=\"og:type\" content=\"article\" \/>\n<meta property=\"og:title\" content=\"AFAM Business Suport: Avocatul \u00een sprijinul afacerilor \u00een perioada st\u0103rii de urgen\u021b\u0103\" \/>\n<meta property=\"og:description\" content=\"Echipa AFAM con\u015ftientizeaz\u0103 necesitatea sprijinului \u00een situa\u021bia declan\u0219at\u0103 din cauza regimului de carantin\u0103 \u0219i este al\u0103turi de membrele sale pentru a oferi suportul necesar. Consiliul de Administrare al AFAM a [&hellip;]\" \/>\n<meta property=\"og:url\" content=\"https:\/\/afam.md\/ru\/event\/afam-business-suport-avocatul-in-sprijinul-afacerilor-in-perioada-starii-de-urgenta\/\" \/>\n<meta property=\"og:site_name\" content=\"AFAM MD\" \/>\n<meta property=\"article:publisher\" content=\"https:\/\/www.facebook.com\/AFAMMoldova\/\" \/>\n<meta property=\"article:modified_time\" content=\"2024-10-28T20:43:27+00:00\" \/>\n<meta property=\"og:image\" content=\"https:\/\/afam.md\/wp-content\/uploads\/2024\/10\/19-1-Iw36dp.tmp_.jpg\" \/>\n\t<meta property=\"og:image:width\" content=\"1640\" \/>\n\t<meta property=\"og:image:height\" content=\"856\" \/>\n\t<meta property=\"og:image:type\" content=\"image\/jpeg\" \/>\n<meta name=\"twitter:card\" content=\"summary_large_image\" \/>\n<meta name=\"twitter:label1\" content=\"\u041f\u0440\u0438\u043c\u0435\u0440\u043d\u043e\u0435 \u0432\u0440\u0435\u043c\u044f \u0434\u043b\u044f \u0447\u0442\u0435\u043d\u0438\u044f\" \/>\n\t<meta name=\"twitter:data1\" content=\"1 \u043c\u0438\u043d\u0443\u0442\u0430\" \/>\n<script type=\"application\/ld+json\" class=\"yoast-schema-graph\">{\"@context\":\"https:\/\/schema.org\",\"@graph\":[{\"@type\":\"WebPage\",\"@id\":\"https:\/\/afam.md\/event\/afam-business-suport-avocatul-in-sprijinul-afacerilor-in-perioada-starii-de-urgenta\/\",\"url\":\"https:\/\/afam.md\/event\/afam-business-suport-avocatul-in-sprijinul-afacerilor-in-perioada-starii-de-urgenta\/\",\"name\":\"AFAM Business Suport: Avocatul \u00een sprijinul afacerilor \u00een perioada st\u0103rii de urgen\u021b\u0103 - AFAM MD\",\"isPartOf\":{\"@id\":\"https:\/\/afam.md\/en\/#website\"},\"primaryImageOfPage\":{\"@id\":\"https:\/\/afam.md\/event\/afam-business-suport-avocatul-in-sprijinul-afacerilor-in-perioada-starii-de-urgenta\/#primaryimage\"},\"image\":{\"@id\":\"https:\/\/afam.md\/event\/afam-business-suport-avocatul-in-sprijinul-afacerilor-in-perioada-starii-de-urgenta\/#primaryimage\"},\"thumbnailUrl\":\"https:\/\/afam.md\/wp-content\/uploads\/2024\/10\/19-1-Iw36dp.tmp_.jpg\",\"datePublished\":\"2024-10-28T20:16:33+00:00\",\"dateModified\":\"2024-10-28T20:43:27+00:00\",\"breadcrumb\":{\"@id\":\"https:\/\/afam.md\/event\/afam-business-suport-avocatul-in-sprijinul-afacerilor-in-perioada-starii-de-urgenta\/#breadcrumb\"},\"inLanguage\":\"ru-RU\",\"potentialAction\":[{\"@type\":\"ReadAction\",\"target\":[\"https:\/\/afam.md\/event\/afam-business-suport-avocatul-in-sprijinul-afacerilor-in-perioada-starii-de-urgenta\/\"]}]},{\"@type\":\"ImageObject\",\"inLanguage\":\"ru-RU\",\"@id\":\"https:\/\/afam.md\/event\/afam-business-suport-avocatul-in-sprijinul-afacerilor-in-perioada-starii-de-urgenta\/#primaryimage\",\"url\":\"https:\/\/afam.md\/wp-content\/uploads\/2024\/10\/19-1-Iw36dp.tmp_.jpg\",\"contentUrl\":\"https:\/\/afam.md\/wp-content\/uploads\/2024\/10\/19-1-Iw36dp.tmp_.jpg\",\"width\":1640,\"height\":856},{\"@type\":\"BreadcrumbList\",\"@id\":\"https:\/\/afam.md\/event\/afam-business-suport-avocatul-in-sprijinul-afacerilor-in-perioada-starii-de-urgenta\/#breadcrumb\",\"itemListElement\":[{\"@type\":\"ListItem\",\"position\":1,\"name\":\"\u0413\u043b\u0430\u0432\u043d\u0430\u044f\",\"item\":\"https:\/\/afam.md\/\"},{\"@type\":\"ListItem\",\"position\":2,\"name\":\"Events\",\"item\":\"https:\/\/afam.md\/en\/eventslist\/\"},{\"@type\":\"ListItem\",\"position\":3,\"name\":\"AFAM Business Suport: Avocatul \u00een sprijinul afacerilor \u00een perioada st\u0103rii de urgen\u021b\u0103\"}]},{\"@type\":\"WebSite\",\"@id\":\"https:\/\/afam.md\/en\/#website\",\"url\":\"https:\/\/afam.md\/en\/\",\"name\":\"AFAM MD\",\"description\":\"Asocia\u021bia Femeilor Antreprenoare Din Moldova\",\"publisher\":{\"@id\":\"https:\/\/afam.md\/en\/#organization\"},\"potentialAction\":[{\"@type\":\"SearchAction\",\"target\":{\"@type\":\"EntryPoint\",\"urlTemplate\":\"https:\/\/afam.md\/en\/?s={search_term_string}\"},\"query-input\":{\"@type\":\"PropertyValueSpecification\",\"valueRequired\":true,\"valueName\":\"search_term_string\"}}],\"inLanguage\":\"ru-RU\"},{\"@type\":\"Organization\",\"@id\":\"https:\/\/afam.md\/en\/#organization\",\"name\":\"Asocia\u021bia Femeilor Antreprenoare Din Moldova\",\"alternateName\":\"AFAM\",\"url\":\"https:\/\/afam.md\/en\/\",\"logo\":{\"@type\":\"ImageObject\",\"inLanguage\":\"ru-RU\",\"@id\":\"https:\/\/afam.md\/en\/#\/schema\/logo\/image\/\",\"url\":\"https:\/\/afam.md\/wp-content\/uploads\/2024\/11\/logo-blue.svg\",\"contentUrl\":\"https:\/\/afam.md\/wp-content\/uploads\/2024\/11\/logo-blue.svg\",\"width\":1874,\"height\":650,\"caption\":\"Asocia\u021bia Femeilor Antreprenoare Din Moldova\"},\"image\":{\"@id\":\"https:\/\/afam.md\/en\/#\/schema\/logo\/image\/\"},\"sameAs\":[\"https:\/\/www.facebook.com\/AFAMMoldova\/\",\"https:\/\/www.instagram.com\/afammoldova\/?hl=en\",\"https:\/\/md.linkedin.com\/in\/afam-moldova-285159174\"],\"email\":\"afammoldova@gmail.com\",\"telephone\":\"(+373) 76 767 670\",\"legalName\":\"Asocia\u021bia Femeilor Antreprenoare Din Moldova\",\"numberOfEmployees\":{\"@type\":\"QuantitativeValue\",\"minValue\":\"51\",\"maxValue\":\"200\"}}]}<\/script>\n<!-- \/ Yoast SEO Premium plugin. -->","yoast_head_json":{"title":"AFAM Business Suport: Avocatul \u00een sprijinul afacerilor \u00een perioada st\u0103rii de urgen\u021b\u0103 - AFAM MD","robots":{"index":"index","follow":"follow","max-snippet":"max-snippet:-1","max-image-preview":"max-image-preview:large","max-video-preview":"max-video-preview:-1"},"canonical":"https:\/\/afam.md\/ru\/event\/afam-business-suport-avocatul-in-sprijinul-afacerilor-in-perioada-starii-de-urgenta\/","og_locale":"ru_RU","og_type":"article","og_title":"AFAM Business Suport: Avocatul \u00een sprijinul afacerilor \u00een perioada st\u0103rii de urgen\u021b\u0103","og_description":"Echipa AFAM con\u015ftientizeaz\u0103 necesitatea sprijinului \u00een situa\u021bia declan\u0219at\u0103 din cauza regimului de carantin\u0103 \u0219i este al\u0103turi de membrele sale pentru a oferi suportul necesar. Consiliul de Administrare al AFAM a [&hellip;]","og_url":"https:\/\/afam.md\/ru\/event\/afam-business-suport-avocatul-in-sprijinul-afacerilor-in-perioada-starii-de-urgenta\/","og_site_name":"AFAM MD","article_publisher":"https:\/\/www.facebook.com\/AFAMMoldova\/","article_modified_time":"2024-10-28T20:43:27+00:00","og_image":[{"width":1640,"height":856,"url":"https:\/\/afam.md\/wp-content\/uploads\/2024\/10\/19-1-Iw36dp.tmp_.jpg","type":"image\/jpeg"}],"twitter_card":"summary_large_image","twitter_misc":{"\u041f\u0440\u0438\u043c\u0435\u0440\u043d\u043e\u0435 \u0432\u0440\u0435\u043c\u044f \u0434\u043b\u044f \u0447\u0442\u0435\u043d\u0438\u044f":"1 \u043c\u0438\u043d\u0443\u0442\u0430"},"schema":{"@context":"https:\/\/schema.org","@graph":[{"@type":"WebPage","@id":"https:\/\/afam.md\/event\/afam-business-suport-avocatul-in-sprijinul-afacerilor-in-perioada-starii-de-urgenta\/","url":"https:\/\/afam.md\/event\/afam-business-suport-avocatul-in-sprijinul-afacerilor-in-perioada-starii-de-urgenta\/","name":"AFAM Business Suport: Avocatul \u00een sprijinul afacerilor \u00een perioada st\u0103rii de urgen\u021b\u0103 - AFAM MD","isPartOf":{"@id":"https:\/\/afam.md\/en\/#website"},"primaryImageOfPage":{"@id":"https:\/\/afam.md\/event\/afam-business-suport-avocatul-in-sprijinul-afacerilor-in-perioada-starii-de-urgenta\/#primaryimage"},"image":{"@id":"https:\/\/afam.md\/event\/afam-business-suport-avocatul-in-sprijinul-afacerilor-in-perioada-starii-de-urgenta\/#primaryimage"},"thumbnailUrl":"https:\/\/afam.md\/wp-content\/uploads\/2024\/10\/19-1-Iw36dp.tmp_.jpg","datePublished":"2024-10-28T20:16:33+00:00","dateModified":"2024-10-28T20:43:27+00:00","breadcrumb":{"@id":"https:\/\/afam.md\/event\/afam-business-suport-avocatul-in-sprijinul-afacerilor-in-perioada-starii-de-urgenta\/#breadcrumb"},"inLanguage":"ru-RU","potentialAction":[{"@type":"ReadAction","target":["https:\/\/afam.md\/event\/afam-business-suport-avocatul-in-sprijinul-afacerilor-in-perioada-starii-de-urgenta\/"]}]},{"@type":"ImageObject","inLanguage":"ru-RU","@id":"https:\/\/afam.md\/event\/afam-business-suport-avocatul-in-sprijinul-afacerilor-in-perioada-starii-de-urgenta\/#primaryimage","url":"https:\/\/afam.md\/wp-content\/uploads\/2024\/10\/19-1-Iw36dp.tmp_.jpg","contentUrl":"https:\/\/afam.md\/wp-content\/uploads\/2024\/10\/19-1-Iw36dp.tmp_.jpg","width":1640,"height":856},{"@type":"BreadcrumbList","@id":"https:\/\/afam.md\/event\/afam-business-suport-avocatul-in-sprijinul-afacerilor-in-perioada-starii-de-urgenta\/#breadcrumb","itemListElement":[{"@type":"ListItem","position":1,"name":"\u0413\u043b\u0430\u0432\u043d\u0430\u044f","item":"https:\/\/afam.md\/"},{"@type":"ListItem","position":2,"name":"Events","item":"https:\/\/afam.md\/en\/eventslist\/"},{"@type":"ListItem","position":3,"name":"AFAM Business Suport: Avocatul \u00een sprijinul afacerilor \u00een perioada st\u0103rii de urgen\u021b\u0103"}]},{"@type":"WebSite","@id":"https:\/\/afam.md\/en\/#website","url":"https:\/\/afam.md\/en\/","name":"AFAM MD","description":"Asocia\u021bia Femeilor Antreprenoare Din Moldova","publisher":{"@id":"https:\/\/afam.md\/en\/#organization"},"potentialAction":[{"@type":"SearchAction","target":{"@type":"EntryPoint","urlTemplate":"https:\/\/afam.md\/en\/?s={search_term_string}"},"query-input":{"@type":"PropertyValueSpecification","valueRequired":true,"valueName":"search_term_string"}}],"inLanguage":"ru-RU"},{"@type":"Organization","@id":"https:\/\/afam.md\/en\/#organization","name":"Asocia\u021bia Femeilor Antreprenoare Din Moldova","alternateName":"AFAM","url":"https:\/\/afam.md\/en\/","logo":{"@type":"ImageObject","inLanguage":"ru-RU","@id":"https:\/\/afam.md\/en\/#\/schema\/logo\/image\/","url":"https:\/\/afam.md\/wp-content\/uploads\/2024\/11\/logo-blue.svg","contentUrl":"https:\/\/afam.md\/wp-content\/uploads\/2024\/11\/logo-blue.svg","width":1874,"height":650,"caption":"Asocia\u021bia Femeilor Antreprenoare Din Moldova"},"image":{"@id":"https:\/\/afam.md\/en\/#\/schema\/logo\/image\/"},"sameAs":["https:\/\/www.facebook.com\/AFAMMoldova\/","https:\/\/www.instagram.com\/afammoldova\/?hl=en","https:\/\/md.linkedin.com\/in\/afam-moldova-285159174"],"email":"afammoldova@gmail.com","telephone":"(+373) 76 767 670","legalName":"Asocia\u021bia Femeilor Antreprenoare Din Moldova","numberOfEmployees":{"@type":"QuantitativeValue","minValue":"51","maxValue":"200"}}]}},"_links":{"self":[{"href":"https:\/\/afam.md\/ru\/wp-json\/wp\/v2\/tribe_events\/91916","targetHints":{"allow":["GET"]}}],"collection":[{"href":"https:\/\/afam.md\/ru\/wp-json\/wp\/v2\/tribe_events"}],"about":[{"href":"https:\/\/afam.md\/ru\/wp-json\/wp\/v2\/types\/tribe_events"}],"author":[{"embeddable":true,"href":"https:\/\/afam.md\/ru\/wp-json\/wp\/v2\/users\/1"}],"version-history":[{"count":0,"href":"https:\/\/afam.md\/ru\/wp-json\/wp\/v2\/tribe_events\/91916\/revisions"}],"wp:featuredmedia":[{"embeddable":true,"href":"https:\/\/afam.md\/ru\/wp-json\/wp\/v2\/media\/91917"}],"wp:attachment":[{"href":"https:\/\/afam.md\/ru\/wp-json\/wp\/v2\/media?parent=91916"}],"wp:term":[{"taxonomy":"post_tag","embeddable":true,"href":"https:\/\/afam.md\/ru\/wp-json\/wp\/v2\/tags?post=91916"},{"taxonomy":"tribe_events_cat","embeddable":true,"href":"https:\/\/afam.md\/ru\/wp-json\/wp\/v2\/tribe_events_cat?post=91916"}],"curies":[{"name":"wp","href":"https:\/\/api.w.org\/{rel}","templated":true}]}}