{"id":91923,"date":"2024-10-28T22:17:25","date_gmt":"2024-10-28T20:17:25","guid":{"rendered":"https:\/\/afam.md\/event\/afam-business-suport-sfatul-psihologului-cum-pastram-echilibrul-in-conditii-de-autoizolare\/"},"modified":"2024-10-28T22:42:18","modified_gmt":"2024-10-28T20:42:18","slug":"afam-business-suport-sfatul-psihologului-cum-pastram-echilibrul-in-conditii-de-autoizolare","status":"publish","type":"tribe_events","link":"https:\/\/afam.md\/ru\/event\/afam-business-suport-sfatul-psihologului-cum-pastram-echilibrul-in-conditii-de-autoizolare\/","title":{"rendered":"AFAM Business Suport: Sfatul psihologului: cum p\u0103str\u0103m echilibrul \u00een condi\u021bii de autoizolare"},"content":{"rendered":"<div class=\"cxmmr5t8 oygrvhab hcukyx3x c1et5uql o9v6fnle ii04i59q\">\n<div dir=\"auto\">V\u0103 anun\u021b\u0103m c\u0103, cel de-al 5-lea eveniment AFAM Business Suport: Sfatul psihologului: cum p\u0103str\u0103m echilibrul \u00een condi\u021bii de autoizolare, va avea loc Luni, 13 aprilie, ora 16.00 cu participarea doamnei Elena B\u00eeceva, doctor \u00een psihologie, psiholog practic, director al Centrului psohologic PsychologyProf \u0219i doamnei Ana Niculae\u0219, psiholog, fondatoarea cabinetului de psihologie Consulea, membr\u0103 AFAM, \u00een regim online pe platforma zoom.us.<\/div>\n<\/div>\n<div class=\"cxmmr5t8 oygrvhab hcukyx3x c1et5uql o9v6fnle ii04i59q\">\n<div dir=\"auto\">Subiectele abordate vor fi:<\/div>\n<div dir=\"auto\">&#8211; automotivarea \u0219i eficien\u021ba profesional\u0103 \u00een timpul carantinei<\/div>\n<div dir=\"auto\">&#8211; gestionarea rela\u021biilor \u0219i emo\u021biilor pe timp de criz\u0103<\/div>\n<div dir=\"auto\">&#8211; autosus\u021binerea<\/div>\n<\/div>\n<div class=\"cxmmr5t8 oygrvhab hcukyx3x c1et5uql o9v6fnle ii04i59q\">\n<div dir=\"auto\">\u00cen acest sens, v\u0103 \u00eendemn\u0103m s\u0103 ne transmite\u021bi toate \u00eentreb\u0103rile \u0219i provoc\u0103rile \u00eent\u00e2mpinate \u00een aceast\u0103 perioad\u0103 la adresa afammoldova@gmail.com.<\/div>\n<\/div>\n","protected":false},"excerpt":{"rendered":"<p>V\u0103 anun\u021b\u0103m c\u0103, cel de-al 5-lea eveniment AFAM Business Suport: Sfatul psihologului: cum p\u0103str\u0103m echilibrul \u00een condi\u021bii de autoizolare, va avea loc Luni, 13 aprilie, ora 16.00 cu participarea doamnei [&hellip;]<\/p>\n","protected":false},"author":1,"featured_media":91924,"template":"","meta":{"_EventAllDay":false,"_EventTimezone":"Europe\/Chisinau","_EventStartDate":"2020-04-09 08:26:00","_EventEndDate":"2020-04-09 09:26:00","_EventStartDateUTC":"2020-04-09 05:26:00","_EventEndDateUTC":"2020-04-09 06:26:00","_EventShowMap":false,"_EventShowMapLink":false,"_EventURL":"","_EventCost":"","_EventCostDescription":"","_EventCurrencySymbol":"","_EventCurrencyCode":"","_EventCurrencyPosition":"prefix","_EventDateTimeSeparator":"","_EventTimeRangeSeparator":"","_EventOrganizerID":[],"_EventVenueID":[],"_OrganizerEmail":"","_OrganizerPhone":"","_OrganizerWebsite":"","_VenueAddress":"","_VenueCity":"","_VenueCountry":"","_VenueProvince":"","_VenueState":"","_VenueZip":"","_VenuePhone":"","_VenueURL":"","_VenueStateProvince":"","_VenueLat":"","_VenueLng":"","_VenueShowMap":false,"_VenueShowMapLink":false,"_tribe_events_status":"","_tribe_events_status_reason":"","footnotes":""},"tags":[],"tribe_events_cat":[431],"class_list":["post-91923","tribe_events","type-tribe_events","status-publish","has-post-thumbnail","hentry","tribe_events_cat-evenimente","cat_evenimente"],"yoast_head":"<!-- This site is optimized with the Yoast SEO Premium plugin v23.8 (Yoast SEO v25.1) - https:\/\/yoast.com\/wordpress\/plugins\/seo\/ -->\n<title>AFAM Business Suport: Sfatul psihologului: cum p\u0103str\u0103m echilibrul \u00een condi\u021bii de autoizolare - AFAM MD<\/title>\n<meta name=\"robots\" content=\"index, follow, max-snippet:-1, max-image-preview:large, max-video-preview:-1\" \/>\n<link rel=\"canonical\" href=\"https:\/\/afam.md\/ru\/event\/afam-business-suport-sfatul-psihologului-cum-pastram-echilibrul-in-conditii-de-autoizolare\/\" \/>\n<meta property=\"og:locale\" content=\"ru_RU\" \/>\n<meta property=\"og:type\" content=\"article\" \/>\n<meta property=\"og:title\" content=\"AFAM Business Suport: Sfatul psihologului: cum p\u0103str\u0103m echilibrul \u00een condi\u021bii de autoizolare\" \/>\n<meta property=\"og:description\" content=\"V\u0103 anun\u021b\u0103m c\u0103, cel de-al 5-lea eveniment AFAM Business Suport: Sfatul psihologului: cum p\u0103str\u0103m echilibrul \u00een condi\u021bii de autoizolare, va avea loc Luni, 13 aprilie, ora 16.00 cu participarea doamnei [&hellip;]\" \/>\n<meta property=\"og:url\" content=\"https:\/\/afam.md\/ru\/event\/afam-business-suport-sfatul-psihologului-cum-pastram-echilibrul-in-conditii-de-autoizolare\/\" \/>\n<meta property=\"og:site_name\" content=\"AFAM MD\" \/>\n<meta property=\"article:publisher\" content=\"https:\/\/www.facebook.com\/AFAMMoldova\/\" \/>\n<meta property=\"article:modified_time\" content=\"2024-10-28T20:42:18+00:00\" \/>\n<meta property=\"og:image\" content=\"https:\/\/afam.md\/wp-content\/uploads\/2024\/10\/26-1-DySpCj.tmp_.jpg\" \/>\n\t<meta property=\"og:image:width\" content=\"1640\" \/>\n\t<meta property=\"og:image:height\" content=\"856\" \/>\n\t<meta property=\"og:image:type\" content=\"image\/jpeg\" \/>\n<meta name=\"twitter:card\" content=\"summary_large_image\" \/>\n<meta name=\"twitter:label1\" content=\"\u041f\u0440\u0438\u043c\u0435\u0440\u043d\u043e\u0435 \u0432\u0440\u0435\u043c\u044f \u0434\u043b\u044f \u0447\u0442\u0435\u043d\u0438\u044f\" \/>\n\t<meta name=\"twitter:data1\" content=\"1 \u043c\u0438\u043d\u0443\u0442\u0430\" \/>\n<script type=\"application\/ld+json\" class=\"yoast-schema-graph\">{\"@context\":\"https:\/\/schema.org\",\"@graph\":[{\"@type\":\"WebPage\",\"@id\":\"https:\/\/afam.md\/event\/afam-business-suport-sfatul-psihologului-cum-pastram-echilibrul-in-conditii-de-autoizolare\/\",\"url\":\"https:\/\/afam.md\/event\/afam-business-suport-sfatul-psihologului-cum-pastram-echilibrul-in-conditii-de-autoizolare\/\",\"name\":\"AFAM Business Suport: Sfatul psihologului: cum p\u0103str\u0103m echilibrul \u00een condi\u021bii de autoizolare - AFAM MD\",\"isPartOf\":{\"@id\":\"https:\/\/afam.md\/en\/#website\"},\"primaryImageOfPage\":{\"@id\":\"https:\/\/afam.md\/event\/afam-business-suport-sfatul-psihologului-cum-pastram-echilibrul-in-conditii-de-autoizolare\/#primaryimage\"},\"image\":{\"@id\":\"https:\/\/afam.md\/event\/afam-business-suport-sfatul-psihologului-cum-pastram-echilibrul-in-conditii-de-autoizolare\/#primaryimage\"},\"thumbnailUrl\":\"https:\/\/afam.md\/wp-content\/uploads\/2024\/10\/26-1-DySpCj.tmp_.jpg\",\"datePublished\":\"2024-10-28T20:17:25+00:00\",\"dateModified\":\"2024-10-28T20:42:18+00:00\",\"breadcrumb\":{\"@id\":\"https:\/\/afam.md\/event\/afam-business-suport-sfatul-psihologului-cum-pastram-echilibrul-in-conditii-de-autoizolare\/#breadcrumb\"},\"inLanguage\":\"ru-RU\",\"potentialAction\":[{\"@type\":\"ReadAction\",\"target\":[\"https:\/\/afam.md\/event\/afam-business-suport-sfatul-psihologului-cum-pastram-echilibrul-in-conditii-de-autoizolare\/\"]}]},{\"@type\":\"ImageObject\",\"inLanguage\":\"ru-RU\",\"@id\":\"https:\/\/afam.md\/event\/afam-business-suport-sfatul-psihologului-cum-pastram-echilibrul-in-conditii-de-autoizolare\/#primaryimage\",\"url\":\"https:\/\/afam.md\/wp-content\/uploads\/2024\/10\/26-1-DySpCj.tmp_.jpg\",\"contentUrl\":\"https:\/\/afam.md\/wp-content\/uploads\/2024\/10\/26-1-DySpCj.tmp_.jpg\",\"width\":1640,\"height\":856},{\"@type\":\"BreadcrumbList\",\"@id\":\"https:\/\/afam.md\/event\/afam-business-suport-sfatul-psihologului-cum-pastram-echilibrul-in-conditii-de-autoizolare\/#breadcrumb\",\"itemListElement\":[{\"@type\":\"ListItem\",\"position\":1,\"name\":\"\u0413\u043b\u0430\u0432\u043d\u0430\u044f\",\"item\":\"https:\/\/afam.md\/\"},{\"@type\":\"ListItem\",\"position\":2,\"name\":\"Events\",\"item\":\"https:\/\/afam.md\/en\/eventslist\/\"},{\"@type\":\"ListItem\",\"position\":3,\"name\":\"AFAM Business Suport: Sfatul psihologului: cum p\u0103str\u0103m echilibrul \u00een condi\u021bii de autoizolare\"}]},{\"@type\":\"WebSite\",\"@id\":\"https:\/\/afam.md\/en\/#website\",\"url\":\"https:\/\/afam.md\/en\/\",\"name\":\"AFAM MD\",\"description\":\"Asocia\u021bia Femeilor Antreprenoare Din Moldova\",\"publisher\":{\"@id\":\"https:\/\/afam.md\/en\/#organization\"},\"potentialAction\":[{\"@type\":\"SearchAction\",\"target\":{\"@type\":\"EntryPoint\",\"urlTemplate\":\"https:\/\/afam.md\/en\/?s={search_term_string}\"},\"query-input\":{\"@type\":\"PropertyValueSpecification\",\"valueRequired\":true,\"valueName\":\"search_term_string\"}}],\"inLanguage\":\"ru-RU\"},{\"@type\":\"Organization\",\"@id\":\"https:\/\/afam.md\/en\/#organization\",\"name\":\"Asocia\u021bia Femeilor Antreprenoare Din Moldova\",\"alternateName\":\"AFAM\",\"url\":\"https:\/\/afam.md\/en\/\",\"logo\":{\"@type\":\"ImageObject\",\"inLanguage\":\"ru-RU\",\"@id\":\"https:\/\/afam.md\/en\/#\/schema\/logo\/image\/\",\"url\":\"https:\/\/afam.md\/wp-content\/uploads\/2024\/11\/logo-blue.svg\",\"contentUrl\":\"https:\/\/afam.md\/wp-content\/uploads\/2024\/11\/logo-blue.svg\",\"width\":1874,\"height\":650,\"caption\":\"Asocia\u021bia Femeilor Antreprenoare Din Moldova\"},\"image\":{\"@id\":\"https:\/\/afam.md\/en\/#\/schema\/logo\/image\/\"},\"sameAs\":[\"https:\/\/www.facebook.com\/AFAMMoldova\/\",\"https:\/\/www.instagram.com\/afammoldova\/?hl=en\",\"https:\/\/md.linkedin.com\/in\/afam-moldova-285159174\"],\"email\":\"afammoldova@gmail.com\",\"telephone\":\"(+373) 76 767 670\",\"legalName\":\"Asocia\u021bia Femeilor Antreprenoare Din Moldova\",\"numberOfEmployees\":{\"@type\":\"QuantitativeValue\",\"minValue\":\"51\",\"maxValue\":\"200\"}}]}<\/script>\n<!-- \/ Yoast SEO Premium plugin. -->","yoast_head_json":{"title":"AFAM Business Suport: Sfatul psihologului: cum p\u0103str\u0103m echilibrul \u00een condi\u021bii de autoizolare - AFAM MD","robots":{"index":"index","follow":"follow","max-snippet":"max-snippet:-1","max-image-preview":"max-image-preview:large","max-video-preview":"max-video-preview:-1"},"canonical":"https:\/\/afam.md\/ru\/event\/afam-business-suport-sfatul-psihologului-cum-pastram-echilibrul-in-conditii-de-autoizolare\/","og_locale":"ru_RU","og_type":"article","og_title":"AFAM Business Suport: Sfatul psihologului: cum p\u0103str\u0103m echilibrul \u00een condi\u021bii de autoizolare","og_description":"V\u0103 anun\u021b\u0103m c\u0103, cel de-al 5-lea eveniment AFAM Business Suport: Sfatul psihologului: cum p\u0103str\u0103m echilibrul \u00een condi\u021bii de autoizolare, va avea loc Luni, 13 aprilie, ora 16.00 cu participarea doamnei [&hellip;]","og_url":"https:\/\/afam.md\/ru\/event\/afam-business-suport-sfatul-psihologului-cum-pastram-echilibrul-in-conditii-de-autoizolare\/","og_site_name":"AFAM MD","article_publisher":"https:\/\/www.facebook.com\/AFAMMoldova\/","article_modified_time":"2024-10-28T20:42:18+00:00","og_image":[{"width":1640,"height":856,"url":"https:\/\/afam.md\/wp-content\/uploads\/2024\/10\/26-1-DySpCj.tmp_.jpg","type":"image\/jpeg"}],"twitter_card":"summary_large_image","twitter_misc":{"\u041f\u0440\u0438\u043c\u0435\u0440\u043d\u043e\u0435 \u0432\u0440\u0435\u043c\u044f \u0434\u043b\u044f \u0447\u0442\u0435\u043d\u0438\u044f":"1 \u043c\u0438\u043d\u0443\u0442\u0430"},"schema":{"@context":"https:\/\/schema.org","@graph":[{"@type":"WebPage","@id":"https:\/\/afam.md\/event\/afam-business-suport-sfatul-psihologului-cum-pastram-echilibrul-in-conditii-de-autoizolare\/","url":"https:\/\/afam.md\/event\/afam-business-suport-sfatul-psihologului-cum-pastram-echilibrul-in-conditii-de-autoizolare\/","name":"AFAM Business Suport: Sfatul psihologului: cum p\u0103str\u0103m echilibrul \u00een condi\u021bii de autoizolare - AFAM MD","isPartOf":{"@id":"https:\/\/afam.md\/en\/#website"},"primaryImageOfPage":{"@id":"https:\/\/afam.md\/event\/afam-business-suport-sfatul-psihologului-cum-pastram-echilibrul-in-conditii-de-autoizolare\/#primaryimage"},"image":{"@id":"https:\/\/afam.md\/event\/afam-business-suport-sfatul-psihologului-cum-pastram-echilibrul-in-conditii-de-autoizolare\/#primaryimage"},"thumbnailUrl":"https:\/\/afam.md\/wp-content\/uploads\/2024\/10\/26-1-DySpCj.tmp_.jpg","datePublished":"2024-10-28T20:17:25+00:00","dateModified":"2024-10-28T20:42:18+00:00","breadcrumb":{"@id":"https:\/\/afam.md\/event\/afam-business-suport-sfatul-psihologului-cum-pastram-echilibrul-in-conditii-de-autoizolare\/#breadcrumb"},"inLanguage":"ru-RU","potentialAction":[{"@type":"ReadAction","target":["https:\/\/afam.md\/event\/afam-business-suport-sfatul-psihologului-cum-pastram-echilibrul-in-conditii-de-autoizolare\/"]}]},{"@type":"ImageObject","inLanguage":"ru-RU","@id":"https:\/\/afam.md\/event\/afam-business-suport-sfatul-psihologului-cum-pastram-echilibrul-in-conditii-de-autoizolare\/#primaryimage","url":"https:\/\/afam.md\/wp-content\/uploads\/2024\/10\/26-1-DySpCj.tmp_.jpg","contentUrl":"https:\/\/afam.md\/wp-content\/uploads\/2024\/10\/26-1-DySpCj.tmp_.jpg","width":1640,"height":856},{"@type":"BreadcrumbList","@id":"https:\/\/afam.md\/event\/afam-business-suport-sfatul-psihologului-cum-pastram-echilibrul-in-conditii-de-autoizolare\/#breadcrumb","itemListElement":[{"@type":"ListItem","position":1,"name":"\u0413\u043b\u0430\u0432\u043d\u0430\u044f","item":"https:\/\/afam.md\/"},{"@type":"ListItem","position":2,"name":"Events","item":"https:\/\/afam.md\/en\/eventslist\/"},{"@type":"ListItem","position":3,"name":"AFAM Business Suport: Sfatul psihologului: cum p\u0103str\u0103m echilibrul \u00een condi\u021bii de autoizolare"}]},{"@type":"WebSite","@id":"https:\/\/afam.md\/en\/#website","url":"https:\/\/afam.md\/en\/","name":"AFAM MD","description":"Asocia\u021bia Femeilor Antreprenoare Din Moldova","publisher":{"@id":"https:\/\/afam.md\/en\/#organization"},"potentialAction":[{"@type":"SearchAction","target":{"@type":"EntryPoint","urlTemplate":"https:\/\/afam.md\/en\/?s={search_term_string}"},"query-input":{"@type":"PropertyValueSpecification","valueRequired":true,"valueName":"search_term_string"}}],"inLanguage":"ru-RU"},{"@type":"Organization","@id":"https:\/\/afam.md\/en\/#organization","name":"Asocia\u021bia Femeilor Antreprenoare Din Moldova","alternateName":"AFAM","url":"https:\/\/afam.md\/en\/","logo":{"@type":"ImageObject","inLanguage":"ru-RU","@id":"https:\/\/afam.md\/en\/#\/schema\/logo\/image\/","url":"https:\/\/afam.md\/wp-content\/uploads\/2024\/11\/logo-blue.svg","contentUrl":"https:\/\/afam.md\/wp-content\/uploads\/2024\/11\/logo-blue.svg","width":1874,"height":650,"caption":"Asocia\u021bia Femeilor Antreprenoare Din Moldova"},"image":{"@id":"https:\/\/afam.md\/en\/#\/schema\/logo\/image\/"},"sameAs":["https:\/\/www.facebook.com\/AFAMMoldova\/","https:\/\/www.instagram.com\/afammoldova\/?hl=en","https:\/\/md.linkedin.com\/in\/afam-moldova-285159174"],"email":"afammoldova@gmail.com","telephone":"(+373) 76 767 670","legalName":"Asocia\u021bia Femeilor Antreprenoare Din Moldova","numberOfEmployees":{"@type":"QuantitativeValue","minValue":"51","maxValue":"200"}}]}},"_links":{"self":[{"href":"https:\/\/afam.md\/ru\/wp-json\/wp\/v2\/tribe_events\/91923","targetHints":{"allow":["GET"]}}],"collection":[{"href":"https:\/\/afam.md\/ru\/wp-json\/wp\/v2\/tribe_events"}],"about":[{"href":"https:\/\/afam.md\/ru\/wp-json\/wp\/v2\/types\/tribe_events"}],"author":[{"embeddable":true,"href":"https:\/\/afam.md\/ru\/wp-json\/wp\/v2\/users\/1"}],"version-history":[{"count":0,"href":"https:\/\/afam.md\/ru\/wp-json\/wp\/v2\/tribe_events\/91923\/revisions"}],"wp:featuredmedia":[{"embeddable":true,"href":"https:\/\/afam.md\/ru\/wp-json\/wp\/v2\/media\/91924"}],"wp:attachment":[{"href":"https:\/\/afam.md\/ru\/wp-json\/wp\/v2\/media?parent=91923"}],"wp:term":[{"taxonomy":"post_tag","embeddable":true,"href":"https:\/\/afam.md\/ru\/wp-json\/wp\/v2\/tags?post=91923"},{"taxonomy":"tribe_events_cat","embeddable":true,"href":"https:\/\/afam.md\/ru\/wp-json\/wp\/v2\/tribe_events_cat?post=91923"}],"curies":[{"name":"wp","href":"https:\/\/api.w.org\/{rel}","templated":true}]}}