{"id":91944,"date":"2024-10-28T22:20:47","date_gmt":"2024-10-28T20:20:47","guid":{"rendered":"https:\/\/afam.md\/?post_type=tribe_events&#038;p=91944"},"modified":"2024-10-28T22:45:36","modified_gmt":"2024-10-28T20:45:36","slug":"afam-live-concediul-de-maternitate-sfarsit-sau-inceput-de-cariera","status":"publish","type":"tribe_events","link":"https:\/\/afam.md\/ru\/event\/afam-live-concediul-de-maternitate-sfarsit-sau-inceput-de-cariera\/","title":{"rendered":"AFAM LIVE &#8211; Concediul de maternitate &#8211; sf\u00e2r\u0219it sau \u00eenceput de carier\u0103"},"content":{"rendered":"<div class=\"kvgmc6g5 cxmmr5t8 oygrvhab hcukyx3x c1et5uql\">Bucuria venirii pe lume a unui copil este inegalabil\u0103 \u0219i decizi s\u0103 \u00eembr\u0103\u021bi\u0219ezi profesia de mam\u0103 prin dedicarea unui sau doi ani pentru cre\u0219terea acestei minuni.<\/div>\n<div class=\"cxmmr5t8 oygrvhab hcukyx3x c1et5uql o9v6fnle\">\u00cenainte s\u0103 na\u0219ti erai implicat\u0103 \u00eentr-un domeniu, aveai o carier\u0103 solid\u0103, te aflai \u00een plin\u0103 ascensiune profesional\u0103 \u0219i acum e timpul s\u0103 revii, dar nu \u0219tii cum s\u0103 o faci.<\/div>\n<div class=\"cxmmr5t8 oygrvhab hcukyx3x c1et5uql o9v6fnle\">Te a\u0219tept\u0103m joi, 22 aprilie, ora 19:00, pagina de facebook AFAM \u0219i vei afla cum po\u021bi s\u0103 te dezvol\u021bi \u00een concediul de maternitate, s\u0103 faci studii, s\u0103 te implici \u00eentr-un proiect nou, s\u0103 \u00ee\u021bi schimbi profesia \u0219i cum s\u0103 treci o afacere din offline \u00een online.<\/div>\n<div class=\"cxmmr5t8 oygrvhab hcukyx3x c1et5uql o9v6fnle\">Ne m\u00e2ndrim cu femeile care devin mame \u0219i au curajul s\u0103-\u0219i urmeze pasiunea dup\u0103 concediul de maternitate \u0219i am ales ca experien\u021ba acestora s\u0103 v\u0103 inspire.<\/div>\n","protected":false},"excerpt":{"rendered":"<p>Bucuria venirii pe lume a unui copil este inegalabil\u0103 \u0219i decizi s\u0103 \u00eembr\u0103\u021bi\u0219ezi profesia de mam\u0103 prin dedicarea unui sau doi ani pentru cre\u0219terea acestei minuni. \u00cenainte s\u0103 na\u0219ti erai [&hellip;]<\/p>\n","protected":false},"author":1,"featured_media":91945,"template":"","meta":{"_EventAllDay":false,"_EventTimezone":"Europe\/Chisinau","_EventStartDate":"2021-04-18 13:30:00","_EventEndDate":"2021-04-18 14:30:00","_EventStartDateUTC":"2021-04-18 10:30:00","_EventEndDateUTC":"2021-04-18 11:30:00","_EventShowMap":false,"_EventShowMapLink":false,"_EventURL":"","_EventCost":"","_EventCostDescription":"","_EventCurrencySymbol":"","_EventCurrencyCode":"","_EventCurrencyPosition":"prefix","_EventDateTimeSeparator":"","_EventTimeRangeSeparator":"","_EventOrganizerID":[],"_EventVenueID":[],"_OrganizerEmail":"","_OrganizerPhone":"","_OrganizerWebsite":"","_VenueAddress":"","_VenueCity":"","_VenueCountry":"","_VenueProvince":"","_VenueState":"","_VenueZip":"","_VenuePhone":"","_VenueURL":"","_VenueStateProvince":"","_VenueLat":"","_VenueLng":"","_VenueShowMap":false,"_VenueShowMapLink":false,"_tribe_events_status":"","_tribe_events_status_reason":"","footnotes":""},"tags":[],"tribe_events_cat":[431],"class_list":["post-91944","tribe_events","type-tribe_events","status-publish","has-post-thumbnail","hentry","tribe_events_cat-evenimente","cat_evenimente"],"yoast_head":"<!-- This site is optimized with the Yoast SEO Premium plugin v23.8 (Yoast SEO v25.1) - https:\/\/yoast.com\/wordpress\/plugins\/seo\/ -->\n<title>AFAM LIVE - Concediul de maternitate - sf\u00e2r\u0219it sau \u00eenceput de carier\u0103 - AFAM MD<\/title>\n<meta name=\"robots\" content=\"index, follow, max-snippet:-1, max-image-preview:large, max-video-preview:-1\" \/>\n<link rel=\"canonical\" href=\"https:\/\/afam.md\/ru\/event\/afam-live-concediul-de-maternitate-sfarsit-sau-inceput-de-cariera\/\" \/>\n<meta property=\"og:locale\" content=\"ru_RU\" \/>\n<meta property=\"og:type\" content=\"article\" \/>\n<meta property=\"og:title\" content=\"AFAM LIVE - Concediul de maternitate - sf\u00e2r\u0219it sau \u00eenceput de carier\u0103\" \/>\n<meta property=\"og:description\" content=\"Bucuria venirii pe lume a unui copil este inegalabil\u0103 \u0219i decizi s\u0103 \u00eembr\u0103\u021bi\u0219ezi profesia de mam\u0103 prin dedicarea unui sau doi ani pentru cre\u0219terea acestei minuni. \u00cenainte s\u0103 na\u0219ti erai [&hellip;]\" \/>\n<meta property=\"og:url\" content=\"https:\/\/afam.md\/ru\/event\/afam-live-concediul-de-maternitate-sfarsit-sau-inceput-de-cariera\/\" \/>\n<meta property=\"og:site_name\" content=\"AFAM MD\" \/>\n<meta property=\"article:publisher\" content=\"https:\/\/www.facebook.com\/AFAMMoldova\/\" \/>\n<meta property=\"article:modified_time\" content=\"2024-10-28T20:45:36+00:00\" \/>\n<meta property=\"og:image\" content=\"https:\/\/afam.md\/wp-content\/uploads\/2024\/10\/9-3-yoJOce.tmp_.jpg\" \/>\n\t<meta property=\"og:image:width\" content=\"1280\" \/>\n\t<meta property=\"og:image:height\" content=\"720\" \/>\n\t<meta property=\"og:image:type\" content=\"image\/jpeg\" \/>\n<meta name=\"twitter:card\" content=\"summary_large_image\" \/>\n<meta name=\"twitter:label1\" content=\"\u041f\u0440\u0438\u043c\u0435\u0440\u043d\u043e\u0435 \u0432\u0440\u0435\u043c\u044f \u0434\u043b\u044f \u0447\u0442\u0435\u043d\u0438\u044f\" \/>\n\t<meta name=\"twitter:data1\" content=\"1 \u043c\u0438\u043d\u0443\u0442\u0430\" \/>\n<script type=\"application\/ld+json\" class=\"yoast-schema-graph\">{\"@context\":\"https:\/\/schema.org\",\"@graph\":[{\"@type\":\"WebPage\",\"@id\":\"https:\/\/afam.md\/event\/afam-live-concediul-de-maternitate-sfarsit-sau-inceput-de-cariera\/\",\"url\":\"https:\/\/afam.md\/event\/afam-live-concediul-de-maternitate-sfarsit-sau-inceput-de-cariera\/\",\"name\":\"AFAM LIVE - Concediul de maternitate - sf\u00e2r\u0219it sau \u00eenceput de carier\u0103 - AFAM MD\",\"isPartOf\":{\"@id\":\"https:\/\/afam.md\/en\/#website\"},\"primaryImageOfPage\":{\"@id\":\"https:\/\/afam.md\/event\/afam-live-concediul-de-maternitate-sfarsit-sau-inceput-de-cariera\/#primaryimage\"},\"image\":{\"@id\":\"https:\/\/afam.md\/event\/afam-live-concediul-de-maternitate-sfarsit-sau-inceput-de-cariera\/#primaryimage\"},\"thumbnailUrl\":\"https:\/\/afam.md\/wp-content\/uploads\/2024\/10\/9-3-yoJOce.tmp_.jpg\",\"datePublished\":\"2024-10-28T20:20:47+00:00\",\"dateModified\":\"2024-10-28T20:45:36+00:00\",\"breadcrumb\":{\"@id\":\"https:\/\/afam.md\/event\/afam-live-concediul-de-maternitate-sfarsit-sau-inceput-de-cariera\/#breadcrumb\"},\"inLanguage\":\"ru-RU\",\"potentialAction\":[{\"@type\":\"ReadAction\",\"target\":[\"https:\/\/afam.md\/event\/afam-live-concediul-de-maternitate-sfarsit-sau-inceput-de-cariera\/\"]}]},{\"@type\":\"ImageObject\",\"inLanguage\":\"ru-RU\",\"@id\":\"https:\/\/afam.md\/event\/afam-live-concediul-de-maternitate-sfarsit-sau-inceput-de-cariera\/#primaryimage\",\"url\":\"https:\/\/afam.md\/wp-content\/uploads\/2024\/10\/9-3-yoJOce.tmp_.jpg\",\"contentUrl\":\"https:\/\/afam.md\/wp-content\/uploads\/2024\/10\/9-3-yoJOce.tmp_.jpg\",\"width\":1280,\"height\":720},{\"@type\":\"BreadcrumbList\",\"@id\":\"https:\/\/afam.md\/event\/afam-live-concediul-de-maternitate-sfarsit-sau-inceput-de-cariera\/#breadcrumb\",\"itemListElement\":[{\"@type\":\"ListItem\",\"position\":1,\"name\":\"\u0413\u043b\u0430\u0432\u043d\u0430\u044f\",\"item\":\"https:\/\/afam.md\/\"},{\"@type\":\"ListItem\",\"position\":2,\"name\":\"Events\",\"item\":\"https:\/\/afam.md\/en\/eventslist\/\"},{\"@type\":\"ListItem\",\"position\":3,\"name\":\"AFAM LIVE &#8211; Concediul de maternitate &#8211; sf\u00e2r\u0219it sau \u00eenceput de carier\u0103\"}]},{\"@type\":\"WebSite\",\"@id\":\"https:\/\/afam.md\/en\/#website\",\"url\":\"https:\/\/afam.md\/en\/\",\"name\":\"AFAM MD\",\"description\":\"Asocia\u021bia Femeilor Antreprenoare Din Moldova\",\"publisher\":{\"@id\":\"https:\/\/afam.md\/en\/#organization\"},\"potentialAction\":[{\"@type\":\"SearchAction\",\"target\":{\"@type\":\"EntryPoint\",\"urlTemplate\":\"https:\/\/afam.md\/en\/?s={search_term_string}\"},\"query-input\":{\"@type\":\"PropertyValueSpecification\",\"valueRequired\":true,\"valueName\":\"search_term_string\"}}],\"inLanguage\":\"ru-RU\"},{\"@type\":\"Organization\",\"@id\":\"https:\/\/afam.md\/en\/#organization\",\"name\":\"Asocia\u021bia Femeilor Antreprenoare Din Moldova\",\"alternateName\":\"AFAM\",\"url\":\"https:\/\/afam.md\/en\/\",\"logo\":{\"@type\":\"ImageObject\",\"inLanguage\":\"ru-RU\",\"@id\":\"https:\/\/afam.md\/en\/#\/schema\/logo\/image\/\",\"url\":\"https:\/\/afam.md\/wp-content\/uploads\/2024\/11\/logo-blue.svg\",\"contentUrl\":\"https:\/\/afam.md\/wp-content\/uploads\/2024\/11\/logo-blue.svg\",\"width\":1874,\"height\":650,\"caption\":\"Asocia\u021bia Femeilor Antreprenoare Din Moldova\"},\"image\":{\"@id\":\"https:\/\/afam.md\/en\/#\/schema\/logo\/image\/\"},\"sameAs\":[\"https:\/\/www.facebook.com\/AFAMMoldova\/\",\"https:\/\/www.instagram.com\/afammoldova\/?hl=en\",\"https:\/\/md.linkedin.com\/in\/afam-moldova-285159174\"],\"email\":\"afammoldova@gmail.com\",\"telephone\":\"(+373) 76 767 670\",\"legalName\":\"Asocia\u021bia Femeilor Antreprenoare Din Moldova\",\"numberOfEmployees\":{\"@type\":\"QuantitativeValue\",\"minValue\":\"51\",\"maxValue\":\"200\"}}]}<\/script>\n<!-- \/ Yoast SEO Premium plugin. -->","yoast_head_json":{"title":"AFAM LIVE - Concediul de maternitate - sf\u00e2r\u0219it sau \u00eenceput de carier\u0103 - AFAM MD","robots":{"index":"index","follow":"follow","max-snippet":"max-snippet:-1","max-image-preview":"max-image-preview:large","max-video-preview":"max-video-preview:-1"},"canonical":"https:\/\/afam.md\/ru\/event\/afam-live-concediul-de-maternitate-sfarsit-sau-inceput-de-cariera\/","og_locale":"ru_RU","og_type":"article","og_title":"AFAM LIVE - Concediul de maternitate - sf\u00e2r\u0219it sau \u00eenceput de carier\u0103","og_description":"Bucuria venirii pe lume a unui copil este inegalabil\u0103 \u0219i decizi s\u0103 \u00eembr\u0103\u021bi\u0219ezi profesia de mam\u0103 prin dedicarea unui sau doi ani pentru cre\u0219terea acestei minuni. \u00cenainte s\u0103 na\u0219ti erai [&hellip;]","og_url":"https:\/\/afam.md\/ru\/event\/afam-live-concediul-de-maternitate-sfarsit-sau-inceput-de-cariera\/","og_site_name":"AFAM MD","article_publisher":"https:\/\/www.facebook.com\/AFAMMoldova\/","article_modified_time":"2024-10-28T20:45:36+00:00","og_image":[{"width":1280,"height":720,"url":"https:\/\/afam.md\/wp-content\/uploads\/2024\/10\/9-3-yoJOce.tmp_.jpg","type":"image\/jpeg"}],"twitter_card":"summary_large_image","twitter_misc":{"\u041f\u0440\u0438\u043c\u0435\u0440\u043d\u043e\u0435 \u0432\u0440\u0435\u043c\u044f \u0434\u043b\u044f \u0447\u0442\u0435\u043d\u0438\u044f":"1 \u043c\u0438\u043d\u0443\u0442\u0430"},"schema":{"@context":"https:\/\/schema.org","@graph":[{"@type":"WebPage","@id":"https:\/\/afam.md\/event\/afam-live-concediul-de-maternitate-sfarsit-sau-inceput-de-cariera\/","url":"https:\/\/afam.md\/event\/afam-live-concediul-de-maternitate-sfarsit-sau-inceput-de-cariera\/","name":"AFAM LIVE - Concediul de maternitate - sf\u00e2r\u0219it sau \u00eenceput de carier\u0103 - AFAM MD","isPartOf":{"@id":"https:\/\/afam.md\/en\/#website"},"primaryImageOfPage":{"@id":"https:\/\/afam.md\/event\/afam-live-concediul-de-maternitate-sfarsit-sau-inceput-de-cariera\/#primaryimage"},"image":{"@id":"https:\/\/afam.md\/event\/afam-live-concediul-de-maternitate-sfarsit-sau-inceput-de-cariera\/#primaryimage"},"thumbnailUrl":"https:\/\/afam.md\/wp-content\/uploads\/2024\/10\/9-3-yoJOce.tmp_.jpg","datePublished":"2024-10-28T20:20:47+00:00","dateModified":"2024-10-28T20:45:36+00:00","breadcrumb":{"@id":"https:\/\/afam.md\/event\/afam-live-concediul-de-maternitate-sfarsit-sau-inceput-de-cariera\/#breadcrumb"},"inLanguage":"ru-RU","potentialAction":[{"@type":"ReadAction","target":["https:\/\/afam.md\/event\/afam-live-concediul-de-maternitate-sfarsit-sau-inceput-de-cariera\/"]}]},{"@type":"ImageObject","inLanguage":"ru-RU","@id":"https:\/\/afam.md\/event\/afam-live-concediul-de-maternitate-sfarsit-sau-inceput-de-cariera\/#primaryimage","url":"https:\/\/afam.md\/wp-content\/uploads\/2024\/10\/9-3-yoJOce.tmp_.jpg","contentUrl":"https:\/\/afam.md\/wp-content\/uploads\/2024\/10\/9-3-yoJOce.tmp_.jpg","width":1280,"height":720},{"@type":"BreadcrumbList","@id":"https:\/\/afam.md\/event\/afam-live-concediul-de-maternitate-sfarsit-sau-inceput-de-cariera\/#breadcrumb","itemListElement":[{"@type":"ListItem","position":1,"name":"\u0413\u043b\u0430\u0432\u043d\u0430\u044f","item":"https:\/\/afam.md\/"},{"@type":"ListItem","position":2,"name":"Events","item":"https:\/\/afam.md\/en\/eventslist\/"},{"@type":"ListItem","position":3,"name":"AFAM LIVE &#8211; Concediul de maternitate &#8211; sf\u00e2r\u0219it sau \u00eenceput de carier\u0103"}]},{"@type":"WebSite","@id":"https:\/\/afam.md\/en\/#website","url":"https:\/\/afam.md\/en\/","name":"AFAM MD","description":"Asocia\u021bia Femeilor Antreprenoare Din Moldova","publisher":{"@id":"https:\/\/afam.md\/en\/#organization"},"potentialAction":[{"@type":"SearchAction","target":{"@type":"EntryPoint","urlTemplate":"https:\/\/afam.md\/en\/?s={search_term_string}"},"query-input":{"@type":"PropertyValueSpecification","valueRequired":true,"valueName":"search_term_string"}}],"inLanguage":"ru-RU"},{"@type":"Organization","@id":"https:\/\/afam.md\/en\/#organization","name":"Asocia\u021bia Femeilor Antreprenoare Din Moldova","alternateName":"AFAM","url":"https:\/\/afam.md\/en\/","logo":{"@type":"ImageObject","inLanguage":"ru-RU","@id":"https:\/\/afam.md\/en\/#\/schema\/logo\/image\/","url":"https:\/\/afam.md\/wp-content\/uploads\/2024\/11\/logo-blue.svg","contentUrl":"https:\/\/afam.md\/wp-content\/uploads\/2024\/11\/logo-blue.svg","width":1874,"height":650,"caption":"Asocia\u021bia Femeilor Antreprenoare Din Moldova"},"image":{"@id":"https:\/\/afam.md\/en\/#\/schema\/logo\/image\/"},"sameAs":["https:\/\/www.facebook.com\/AFAMMoldova\/","https:\/\/www.instagram.com\/afammoldova\/?hl=en","https:\/\/md.linkedin.com\/in\/afam-moldova-285159174"],"email":"afammoldova@gmail.com","telephone":"(+373) 76 767 670","legalName":"Asocia\u021bia Femeilor Antreprenoare Din Moldova","numberOfEmployees":{"@type":"QuantitativeValue","minValue":"51","maxValue":"200"}}]}},"_links":{"self":[{"href":"https:\/\/afam.md\/ru\/wp-json\/wp\/v2\/tribe_events\/91944","targetHints":{"allow":["GET"]}}],"collection":[{"href":"https:\/\/afam.md\/ru\/wp-json\/wp\/v2\/tribe_events"}],"about":[{"href":"https:\/\/afam.md\/ru\/wp-json\/wp\/v2\/types\/tribe_events"}],"author":[{"embeddable":true,"href":"https:\/\/afam.md\/ru\/wp-json\/wp\/v2\/users\/1"}],"version-history":[{"count":0,"href":"https:\/\/afam.md\/ru\/wp-json\/wp\/v2\/tribe_events\/91944\/revisions"}],"wp:featuredmedia":[{"embeddable":true,"href":"https:\/\/afam.md\/ru\/wp-json\/wp\/v2\/media\/91945"}],"wp:attachment":[{"href":"https:\/\/afam.md\/ru\/wp-json\/wp\/v2\/media?parent=91944"}],"wp:term":[{"taxonomy":"post_tag","embeddable":true,"href":"https:\/\/afam.md\/ru\/wp-json\/wp\/v2\/tags?post=91944"},{"taxonomy":"tribe_events_cat","embeddable":true,"href":"https:\/\/afam.md\/ru\/wp-json\/wp\/v2\/tribe_events_cat?post=91944"}],"curies":[{"name":"wp","href":"https:\/\/api.w.org\/{rel}","templated":true}]}}