{"id":91946,"date":"2024-10-28T22:20:36","date_gmt":"2024-10-28T20:20:36","guid":{"rendered":"https:\/\/afam.md\/?post_type=tribe_events&#038;p=91946"},"modified":"2024-10-28T22:40:20","modified_gmt":"2024-10-28T20:40:20","slug":"un-arbore-pentru-eternitate","status":"publish","type":"tribe_events","link":"https:\/\/afam.md\/ru\/event\/un-arbore-pentru-eternitate\/","title":{"rendered":"Un arbore pentru eternitate"},"content":{"rendered":"<div class=\"kvgmc6g5 cxmmr5t8 oygrvhab hcukyx3x c1et5uql\">Se apropie cu pa\u0219i gr\u0103bi\u021bi ziua c\u00e2nd a fost constituit\u0103 Asocia\u021bia Femeilor Antreprenoare din Moldova, iar noi planific\u0103m \u00een acest an s\u0103 anivers\u0103m \u00eentr-un mod total deosebit.<\/div>\n<div class=\"cxmmr5t8 oygrvhab hcukyx3x c1et5uql o9v6fnle\">Deoarece anul acesta comunitatea AFAM \u00eempline\u0219te 8 ani \u2013 8 simboliz\u00e2nd infinitul \u0219i abilitatea de a merge mai departe, cu un impact asupra lumii \u00eenconjur\u0103toare \u0219i l\u0103sarea unei mo\u0219teniri pentru genera\u021biile urm\u0103toare, am decis s\u0103 celebr\u0103m acest eveniment prin plantarea arborilor.<\/div>\n<div class=\"cxmmr5t8 oygrvhab hcukyx3x c1et5uql o9v6fnle\">Aceast\u0103 ini\u021biativ\u0103 va fi prima de acest fel \u0219i o vom realiza samb\u0103t\u0103, 29 mai, ora 13.00 \u00een incinta Gr\u0103dinii Botanica \u0219i v\u0103 invit\u0103m s\u0103 participa\u021bi al\u0103turi de noi, ca \u00eempreun\u0103 s\u0103 contribuim la biodiversificarea florei din cadrul Gr\u0103dinii Botanice.<\/div>\n<div class=\"cxmmr5t8 oygrvhab hcukyx3x c1et5uql o9v6fnle\">V\u0103 a\u0219tept\u0103m s\u00e2mb\u0103t\u0103 \u0219i s\u0103 \u0219ti\u021bi c\u0103 acest proiect va continua la nivel na\u021bional.<\/div>\n","protected":false},"excerpt":{"rendered":"<p>Se apropie cu pa\u0219i gr\u0103bi\u021bi ziua c\u00e2nd a fost constituit\u0103 Asocia\u021bia Femeilor Antreprenoare din Moldova, iar noi planific\u0103m \u00een acest an s\u0103 anivers\u0103m \u00eentr-un mod total deosebit. Deoarece anul acesta [&hellip;]<\/p>\n","protected":false},"author":1,"featured_media":91947,"template":"","meta":{"_EventAllDay":false,"_EventTimezone":"Europe\/Chisinau","_EventStartDate":"2021-05-27 13:33:00","_EventEndDate":"2021-05-27 14:33:00","_EventStartDateUTC":"2021-05-27 10:33:00","_EventEndDateUTC":"2021-05-27 11:33:00","_EventShowMap":false,"_EventShowMapLink":false,"_EventURL":"","_EventCost":"","_EventCostDescription":"","_EventCurrencySymbol":"","_EventCurrencyCode":"","_EventCurrencyPosition":"prefix","_EventDateTimeSeparator":"","_EventTimeRangeSeparator":"","_EventOrganizerID":[],"_EventVenueID":[],"_OrganizerEmail":"","_OrganizerPhone":"","_OrganizerWebsite":"","_VenueAddress":"","_VenueCity":"","_VenueCountry":"","_VenueProvince":"","_VenueState":"","_VenueZip":"","_VenuePhone":"","_VenueURL":"","_VenueStateProvince":"","_VenueLat":"","_VenueLng":"","_VenueShowMap":false,"_VenueShowMapLink":false,"_tribe_events_status":"","_tribe_events_status_reason":"","footnotes":""},"tags":[],"tribe_events_cat":[431],"class_list":["post-91946","tribe_events","type-tribe_events","status-publish","has-post-thumbnail","hentry","tribe_events_cat-evenimente","cat_evenimente"],"yoast_head":"<!-- This site is optimized with the Yoast SEO Premium plugin v23.8 (Yoast SEO v25.1) - https:\/\/yoast.com\/wordpress\/plugins\/seo\/ -->\n<title>Un arbore pentru eternitate - AFAM MD<\/title>\n<meta name=\"robots\" content=\"index, follow, max-snippet:-1, max-image-preview:large, max-video-preview:-1\" \/>\n<link rel=\"canonical\" href=\"https:\/\/afam.md\/ru\/event\/un-arbore-pentru-eternitate\/\" \/>\n<meta property=\"og:locale\" content=\"ru_RU\" \/>\n<meta property=\"og:type\" content=\"article\" \/>\n<meta property=\"og:title\" content=\"Un arbore pentru eternitate\" \/>\n<meta property=\"og:description\" content=\"Se apropie cu pa\u0219i gr\u0103bi\u021bi ziua c\u00e2nd a fost constituit\u0103 Asocia\u021bia Femeilor Antreprenoare din Moldova, iar noi planific\u0103m \u00een acest an s\u0103 anivers\u0103m \u00eentr-un mod total deosebit. Deoarece anul acesta [&hellip;]\" \/>\n<meta property=\"og:url\" content=\"https:\/\/afam.md\/ru\/event\/un-arbore-pentru-eternitate\/\" \/>\n<meta property=\"og:site_name\" content=\"AFAM MD\" \/>\n<meta property=\"article:publisher\" content=\"https:\/\/www.facebook.com\/AFAMMoldova\/\" \/>\n<meta property=\"article:modified_time\" content=\"2024-10-28T20:40:20+00:00\" \/>\n<meta property=\"og:image\" content=\"https:\/\/afam.md\/wp-content\/uploads\/2024\/10\/10-3-jvPhlE.tmp_.jpg\" \/>\n\t<meta property=\"og:image:width\" content=\"1747\" \/>\n\t<meta property=\"og:image:height\" content=\"1240\" \/>\n\t<meta property=\"og:image:type\" content=\"image\/jpeg\" \/>\n<meta name=\"twitter:card\" content=\"summary_large_image\" \/>\n<meta name=\"twitter:label1\" content=\"\u041f\u0440\u0438\u043c\u0435\u0440\u043d\u043e\u0435 \u0432\u0440\u0435\u043c\u044f \u0434\u043b\u044f \u0447\u0442\u0435\u043d\u0438\u044f\" \/>\n\t<meta name=\"twitter:data1\" content=\"1 \u043c\u0438\u043d\u0443\u0442\u0430\" \/>\n<script type=\"application\/ld+json\" class=\"yoast-schema-graph\">{\"@context\":\"https:\/\/schema.org\",\"@graph\":[{\"@type\":\"WebPage\",\"@id\":\"https:\/\/afam.md\/event\/un-arbore-pentru-eternitate\/\",\"url\":\"https:\/\/afam.md\/event\/un-arbore-pentru-eternitate\/\",\"name\":\"Un arbore pentru eternitate - AFAM MD\",\"isPartOf\":{\"@id\":\"https:\/\/afam.md\/en\/#website\"},\"primaryImageOfPage\":{\"@id\":\"https:\/\/afam.md\/event\/un-arbore-pentru-eternitate\/#primaryimage\"},\"image\":{\"@id\":\"https:\/\/afam.md\/event\/un-arbore-pentru-eternitate\/#primaryimage\"},\"thumbnailUrl\":\"https:\/\/afam.md\/wp-content\/uploads\/2024\/10\/10-3-jvPhlE.tmp_.jpg\",\"datePublished\":\"2024-10-28T20:20:36+00:00\",\"dateModified\":\"2024-10-28T20:40:20+00:00\",\"breadcrumb\":{\"@id\":\"https:\/\/afam.md\/event\/un-arbore-pentru-eternitate\/#breadcrumb\"},\"inLanguage\":\"ru-RU\",\"potentialAction\":[{\"@type\":\"ReadAction\",\"target\":[\"https:\/\/afam.md\/event\/un-arbore-pentru-eternitate\/\"]}]},{\"@type\":\"ImageObject\",\"inLanguage\":\"ru-RU\",\"@id\":\"https:\/\/afam.md\/event\/un-arbore-pentru-eternitate\/#primaryimage\",\"url\":\"https:\/\/afam.md\/wp-content\/uploads\/2024\/10\/10-3-jvPhlE.tmp_.jpg\",\"contentUrl\":\"https:\/\/afam.md\/wp-content\/uploads\/2024\/10\/10-3-jvPhlE.tmp_.jpg\",\"width\":1747,\"height\":1240},{\"@type\":\"BreadcrumbList\",\"@id\":\"https:\/\/afam.md\/event\/un-arbore-pentru-eternitate\/#breadcrumb\",\"itemListElement\":[{\"@type\":\"ListItem\",\"position\":1,\"name\":\"\u0413\u043b\u0430\u0432\u043d\u0430\u044f\",\"item\":\"https:\/\/afam.md\/\"},{\"@type\":\"ListItem\",\"position\":2,\"name\":\"Events\",\"item\":\"https:\/\/afam.md\/en\/eventslist\/\"},{\"@type\":\"ListItem\",\"position\":3,\"name\":\"Un arbore pentru eternitate\"}]},{\"@type\":\"WebSite\",\"@id\":\"https:\/\/afam.md\/en\/#website\",\"url\":\"https:\/\/afam.md\/en\/\",\"name\":\"AFAM MD\",\"description\":\"Asocia\u021bia Femeilor Antreprenoare Din Moldova\",\"publisher\":{\"@id\":\"https:\/\/afam.md\/en\/#organization\"},\"potentialAction\":[{\"@type\":\"SearchAction\",\"target\":{\"@type\":\"EntryPoint\",\"urlTemplate\":\"https:\/\/afam.md\/en\/?s={search_term_string}\"},\"query-input\":{\"@type\":\"PropertyValueSpecification\",\"valueRequired\":true,\"valueName\":\"search_term_string\"}}],\"inLanguage\":\"ru-RU\"},{\"@type\":\"Organization\",\"@id\":\"https:\/\/afam.md\/en\/#organization\",\"name\":\"Asocia\u021bia Femeilor Antreprenoare Din Moldova\",\"alternateName\":\"AFAM\",\"url\":\"https:\/\/afam.md\/en\/\",\"logo\":{\"@type\":\"ImageObject\",\"inLanguage\":\"ru-RU\",\"@id\":\"https:\/\/afam.md\/en\/#\/schema\/logo\/image\/\",\"url\":\"https:\/\/afam.md\/wp-content\/uploads\/2024\/11\/logo-blue.svg\",\"contentUrl\":\"https:\/\/afam.md\/wp-content\/uploads\/2024\/11\/logo-blue.svg\",\"width\":1874,\"height\":650,\"caption\":\"Asocia\u021bia Femeilor Antreprenoare Din Moldova\"},\"image\":{\"@id\":\"https:\/\/afam.md\/en\/#\/schema\/logo\/image\/\"},\"sameAs\":[\"https:\/\/www.facebook.com\/AFAMMoldova\/\",\"https:\/\/www.instagram.com\/afammoldova\/?hl=en\",\"https:\/\/md.linkedin.com\/in\/afam-moldova-285159174\"],\"email\":\"afammoldova@gmail.com\",\"telephone\":\"(+373) 76 767 670\",\"legalName\":\"Asocia\u021bia Femeilor Antreprenoare Din Moldova\",\"numberOfEmployees\":{\"@type\":\"QuantitativeValue\",\"minValue\":\"51\",\"maxValue\":\"200\"}}]}<\/script>\n<!-- \/ Yoast SEO Premium plugin. -->","yoast_head_json":{"title":"Un arbore pentru eternitate - AFAM MD","robots":{"index":"index","follow":"follow","max-snippet":"max-snippet:-1","max-image-preview":"max-image-preview:large","max-video-preview":"max-video-preview:-1"},"canonical":"https:\/\/afam.md\/ru\/event\/un-arbore-pentru-eternitate\/","og_locale":"ru_RU","og_type":"article","og_title":"Un arbore pentru eternitate","og_description":"Se apropie cu pa\u0219i gr\u0103bi\u021bi ziua c\u00e2nd a fost constituit\u0103 Asocia\u021bia Femeilor Antreprenoare din Moldova, iar noi planific\u0103m \u00een acest an s\u0103 anivers\u0103m \u00eentr-un mod total deosebit. Deoarece anul acesta [&hellip;]","og_url":"https:\/\/afam.md\/ru\/event\/un-arbore-pentru-eternitate\/","og_site_name":"AFAM MD","article_publisher":"https:\/\/www.facebook.com\/AFAMMoldova\/","article_modified_time":"2024-10-28T20:40:20+00:00","og_image":[{"width":1747,"height":1240,"url":"https:\/\/afam.md\/wp-content\/uploads\/2024\/10\/10-3-jvPhlE.tmp_.jpg","type":"image\/jpeg"}],"twitter_card":"summary_large_image","twitter_misc":{"\u041f\u0440\u0438\u043c\u0435\u0440\u043d\u043e\u0435 \u0432\u0440\u0435\u043c\u044f \u0434\u043b\u044f \u0447\u0442\u0435\u043d\u0438\u044f":"1 \u043c\u0438\u043d\u0443\u0442\u0430"},"schema":{"@context":"https:\/\/schema.org","@graph":[{"@type":"WebPage","@id":"https:\/\/afam.md\/event\/un-arbore-pentru-eternitate\/","url":"https:\/\/afam.md\/event\/un-arbore-pentru-eternitate\/","name":"Un arbore pentru eternitate - AFAM MD","isPartOf":{"@id":"https:\/\/afam.md\/en\/#website"},"primaryImageOfPage":{"@id":"https:\/\/afam.md\/event\/un-arbore-pentru-eternitate\/#primaryimage"},"image":{"@id":"https:\/\/afam.md\/event\/un-arbore-pentru-eternitate\/#primaryimage"},"thumbnailUrl":"https:\/\/afam.md\/wp-content\/uploads\/2024\/10\/10-3-jvPhlE.tmp_.jpg","datePublished":"2024-10-28T20:20:36+00:00","dateModified":"2024-10-28T20:40:20+00:00","breadcrumb":{"@id":"https:\/\/afam.md\/event\/un-arbore-pentru-eternitate\/#breadcrumb"},"inLanguage":"ru-RU","potentialAction":[{"@type":"ReadAction","target":["https:\/\/afam.md\/event\/un-arbore-pentru-eternitate\/"]}]},{"@type":"ImageObject","inLanguage":"ru-RU","@id":"https:\/\/afam.md\/event\/un-arbore-pentru-eternitate\/#primaryimage","url":"https:\/\/afam.md\/wp-content\/uploads\/2024\/10\/10-3-jvPhlE.tmp_.jpg","contentUrl":"https:\/\/afam.md\/wp-content\/uploads\/2024\/10\/10-3-jvPhlE.tmp_.jpg","width":1747,"height":1240},{"@type":"BreadcrumbList","@id":"https:\/\/afam.md\/event\/un-arbore-pentru-eternitate\/#breadcrumb","itemListElement":[{"@type":"ListItem","position":1,"name":"\u0413\u043b\u0430\u0432\u043d\u0430\u044f","item":"https:\/\/afam.md\/"},{"@type":"ListItem","position":2,"name":"Events","item":"https:\/\/afam.md\/en\/eventslist\/"},{"@type":"ListItem","position":3,"name":"Un arbore pentru eternitate"}]},{"@type":"WebSite","@id":"https:\/\/afam.md\/en\/#website","url":"https:\/\/afam.md\/en\/","name":"AFAM MD","description":"Asocia\u021bia Femeilor Antreprenoare Din Moldova","publisher":{"@id":"https:\/\/afam.md\/en\/#organization"},"potentialAction":[{"@type":"SearchAction","target":{"@type":"EntryPoint","urlTemplate":"https:\/\/afam.md\/en\/?s={search_term_string}"},"query-input":{"@type":"PropertyValueSpecification","valueRequired":true,"valueName":"search_term_string"}}],"inLanguage":"ru-RU"},{"@type":"Organization","@id":"https:\/\/afam.md\/en\/#organization","name":"Asocia\u021bia Femeilor Antreprenoare Din Moldova","alternateName":"AFAM","url":"https:\/\/afam.md\/en\/","logo":{"@type":"ImageObject","inLanguage":"ru-RU","@id":"https:\/\/afam.md\/en\/#\/schema\/logo\/image\/","url":"https:\/\/afam.md\/wp-content\/uploads\/2024\/11\/logo-blue.svg","contentUrl":"https:\/\/afam.md\/wp-content\/uploads\/2024\/11\/logo-blue.svg","width":1874,"height":650,"caption":"Asocia\u021bia Femeilor Antreprenoare Din Moldova"},"image":{"@id":"https:\/\/afam.md\/en\/#\/schema\/logo\/image\/"},"sameAs":["https:\/\/www.facebook.com\/AFAMMoldova\/","https:\/\/www.instagram.com\/afammoldova\/?hl=en","https:\/\/md.linkedin.com\/in\/afam-moldova-285159174"],"email":"afammoldova@gmail.com","telephone":"(+373) 76 767 670","legalName":"Asocia\u021bia Femeilor Antreprenoare Din Moldova","numberOfEmployees":{"@type":"QuantitativeValue","minValue":"51","maxValue":"200"}}]}},"_links":{"self":[{"href":"https:\/\/afam.md\/ru\/wp-json\/wp\/v2\/tribe_events\/91946","targetHints":{"allow":["GET"]}}],"collection":[{"href":"https:\/\/afam.md\/ru\/wp-json\/wp\/v2\/tribe_events"}],"about":[{"href":"https:\/\/afam.md\/ru\/wp-json\/wp\/v2\/types\/tribe_events"}],"author":[{"embeddable":true,"href":"https:\/\/afam.md\/ru\/wp-json\/wp\/v2\/users\/1"}],"version-history":[{"count":0,"href":"https:\/\/afam.md\/ru\/wp-json\/wp\/v2\/tribe_events\/91946\/revisions"}],"wp:featuredmedia":[{"embeddable":true,"href":"https:\/\/afam.md\/ru\/wp-json\/wp\/v2\/media\/91947"}],"wp:attachment":[{"href":"https:\/\/afam.md\/ru\/wp-json\/wp\/v2\/media?parent=91946"}],"wp:term":[{"taxonomy":"post_tag","embeddable":true,"href":"https:\/\/afam.md\/ru\/wp-json\/wp\/v2\/tags?post=91946"},{"taxonomy":"tribe_events_cat","embeddable":true,"href":"https:\/\/afam.md\/ru\/wp-json\/wp\/v2\/tribe_events_cat?post=91946"}],"curies":[{"name":"wp","href":"https:\/\/api.w.org\/{rel}","templated":true}]}}