{"id":91963,"date":"2024-10-28T22:35:58","date_gmt":"2024-10-28T20:35:58","guid":{"rendered":"https:\/\/afam.md\/event\/conferinta-impreuna-pentru-o-europa-competitiva-favorabila-incluziunii\/"},"modified":"2024-10-28T22:44:18","modified_gmt":"2024-10-28T20:44:18","slug":"conferinta-impreuna-pentru-o-europa-competitiva-favorabila-incluziunii","status":"publish","type":"tribe_events","link":"https:\/\/afam.md\/ru\/event\/conferinta-impreuna-pentru-o-europa-competitiva-favorabila-incluziunii\/","title":{"rendered":"Conferin\u021ba \u201c\u00cempreun\u0103 pentru o Europ\u0103 competitiv\u0103, favorabil\u0103 incluziunii!\u201d"},"content":{"rendered":"<div class=\"kvgmc6g5 cxmmr5t8 oygrvhab hcukyx3x c1et5uql ii04i59q\">\n<div dir=\"auto\">Asocia\u021bia Femeilor Antreprenoare v\u0103 recomand\u0103 s\u0103 participa\u021bi la Conferin\u021ba \u201c\u00cempreun\u0103 pentru o Europ\u0103 competitiv\u0103, favorabil\u0103 incluziunii!\u201d care va avea loc, Mar\u021bi, 15 decembrie 2020, \u00eencep\u00e2nd cu ora 15:00, \u00een cadrul c\u0103reia se va dezbate calea de urmat \u00een vederea integr\u0103rii \u00een Europa competitiv\u0103, favorabil\u0103 incluziunii!<\/div>\n<\/div>\n<div class=\"cxmmr5t8 oygrvhab hcukyx3x c1et5uql o9v6fnle ii04i59q\">\n<div dir=\"auto\">Evenimentul va avea loc online prin platforma ZOOM si va fi transmis live pe Facebook, cu participarea <a class=\"oajrlxb2 g5ia77u1 qu0x051f esr5mh6w e9989ue4 r7d6kgcz rq0escxv nhd2j8a9 nc684nl6 p7hjln8o kvgmc6g5 cxmmr5t8 oygrvhab hcukyx3x jb3vyjys rz4wbd8a qt6c0cv9 a8nywdso i1ao9s8h esuyzwwr f1sip0of lzcic4wl gpro0wi8 py34i1dx\" role=\"link\" href=\"https:\/\/www.facebook.com\/angela.gladei?__cft__[0]=AZWMqg7rpper2AoBB-H3tIinvIf8Yzc-r3tpgxfXwKJyBvML5-iOCq6pw3ii5CROp7NgKjJ91wQUhNbMJoXl3y8H4Iy7dLJzYt8JpZHGj9IldHtveUQ6p74VE6raxE_9k2YGT168poi6qtH14wq-kujxx5uquaOpEqZGJt3ddvXWUw&amp;__tn__=-]K-R\" target=\"_blank\" rel=\"noopener\"><strong><span class=\"nc684nl6\">Angela Gladei<\/span><\/strong><\/a>, Pre\u0219edinte AFAM \u0219i <a class=\"oajrlxb2 g5ia77u1 qu0x051f esr5mh6w e9989ue4 r7d6kgcz rq0escxv nhd2j8a9 nc684nl6 p7hjln8o kvgmc6g5 cxmmr5t8 oygrvhab hcukyx3x jb3vyjys rz4wbd8a qt6c0cv9 a8nywdso i1ao9s8h esuyzwwr f1sip0of lzcic4wl gpro0wi8 py34i1dx\" role=\"link\" href=\"https:\/\/www.facebook.com\/crigan.sabina?__cft__[0]=AZWMqg7rpper2AoBB-H3tIinvIf8Yzc-r3tpgxfXwKJyBvML5-iOCq6pw3ii5CROp7NgKjJ91wQUhNbMJoXl3y8H4Iy7dLJzYt8JpZHGj9IldHtveUQ6p74VE6raxE_9k2YGT168poi6qtH14wq-kujxx5uquaOpEqZGJt3ddvXWUw&amp;__tn__=-]K-R\" target=\"_blank\" rel=\"noopener\"><strong><span class=\"nc684nl6\">Sabina Hangan Crigan<\/span><\/strong><\/a>, membru al Consiliului de Administrare AFAM.<\/div>\n<\/div>\n<div class=\"cxmmr5t8 oygrvhab hcukyx3x c1et5uql o9v6fnle ii04i59q\">\n<div dir=\"auto\">Evenimentul face parte din proiectul WINGATE care se va derula pe o perioad\u0103 de 3 ani \u0219i \u00ee\u0219i propune s\u0103 ajute femeile antreprenor \u0219i business angels \u00een cre\u0219terea \u0219i dezvoltarea lor.<\/div>\n<\/div>\n<div class=\"cxmmr5t8 oygrvhab hcukyx3x c1et5uql o9v6fnle ii04i59q\">\n<div dir=\"auto\">Partenerii proiectului sunt: SKC-Consulting (Ungaria) partener principal, Serbian Venture Network (Serbia), Women Business Angels (Ungaria), Kvinner i Business (Norvegia) \u0219i Asocia\u021bia Na\u021bional\u0103 a Antreprenorilor din Rom\u00e2nia, care acoper\u0103 \u0219i Republica Moldova.<\/div>\n<\/div>\n<div class=\"cxmmr5t8 oygrvhab hcukyx3x c1et5uql o9v6fnle ii04i59q\">\n<div dir=\"auto\">Mai multe detalii regasiti pe linkul <a class=\"oajrlxb2 g5ia77u1 qu0x051f esr5mh6w e9989ue4 r7d6kgcz rq0escxv nhd2j8a9 nc684nl6 p7hjln8o kvgmc6g5 cxmmr5t8 oygrvhab hcukyx3x jb3vyjys rz4wbd8a qt6c0cv9 a8nywdso i1ao9s8h esuyzwwr f1sip0of lzcic4wl gpro0wi8 py34i1dx\" role=\"link\" href=\"https:\/\/l.facebook.com\/l.php?u=https%3A%2F%2Ffb.me%2Fe%2FcIkSxpyT8&amp;h=AT0Hc_V2bmyJs4XoUDDRwLKhfxnj38fiBb6HWN_jsX-tke0JoGJLsV3XuNF4ydaj_bmjDhLUqBlTVgpW_N8G2iv8fPfuuJZT_E-NGL_QotKrQwJhuA8mSaHBzVN8TSFiWfio&amp;__tn__=-UK-R&amp;c[0]=AT3MVuF7qtO2d7irzlhsyRoduq3dy01CcCnyq_PgqKiKQdL7B7Ygw9n0PHjYXVpzpbCMs0QzzhfDZY0SY0ZWrYDSFYYNXzUlhQwZwdDXOzO3Iocu3xD61HtopGpYA6yzyaT4nfcz9H9ZDJnwXabMY_qlHYqKPgzhh8Q8CMN9jFfUmVR2PQ\" target=\"_blank\" rel=\"nofollow noopener\">https:\/\/fb.me\/e\/cIkSxpyT8<\/a><\/div>\n<\/div>\n","protected":false},"excerpt":{"rendered":"<p>Asocia\u021bia Femeilor Antreprenoare v\u0103 recomand\u0103 s\u0103 participa\u021bi la Conferin\u021ba \u201c\u00cempreun\u0103 pentru o Europ\u0103 competitiv\u0103, favorabil\u0103 incluziunii!\u201d care va avea loc, Mar\u021bi, 15 decembrie 2020, \u00eencep\u00e2nd cu ora 15:00, \u00een cadrul [&hellip;]<\/p>\n","protected":false},"author":1,"featured_media":91964,"template":"","meta":{"_EventAllDay":false,"_EventTimezone":"Europe\/Chisinau","_EventStartDate":"2020-12-14 14:07:00","_EventEndDate":"2020-12-14 15:07:00","_EventStartDateUTC":"2020-12-14 12:07:00","_EventEndDateUTC":"2020-12-14 13:07:00","_EventShowMap":false,"_EventShowMapLink":false,"_EventURL":"","_EventCost":"","_EventCostDescription":"","_EventCurrencySymbol":"","_EventCurrencyCode":"","_EventCurrencyPosition":"prefix","_EventDateTimeSeparator":"","_EventTimeRangeSeparator":"","_EventOrganizerID":[],"_EventVenueID":[],"_OrganizerEmail":"","_OrganizerPhone":"","_OrganizerWebsite":"","_VenueAddress":"","_VenueCity":"","_VenueCountry":"","_VenueProvince":"","_VenueState":"","_VenueZip":"","_VenuePhone":"","_VenueURL":"","_VenueStateProvince":"","_VenueLat":"","_VenueLng":"","_VenueShowMap":false,"_VenueShowMapLink":false,"_tribe_events_status":"","_tribe_events_status_reason":"","footnotes":""},"tags":[],"tribe_events_cat":[431],"class_list":["post-91963","tribe_events","type-tribe_events","status-publish","has-post-thumbnail","hentry","tribe_events_cat-evenimente","cat_evenimente"],"yoast_head":"<!-- This site is optimized with the Yoast SEO Premium plugin v23.8 (Yoast SEO v25.1) - https:\/\/yoast.com\/wordpress\/plugins\/seo\/ -->\n<title>Conferin\u021ba \u201c\u00cempreun\u0103 pentru o Europ\u0103 competitiv\u0103, favorabil\u0103 incluziunii!\u201d - AFAM MD<\/title>\n<meta name=\"robots\" content=\"index, follow, max-snippet:-1, max-image-preview:large, max-video-preview:-1\" \/>\n<link rel=\"canonical\" href=\"https:\/\/afam.md\/ru\/event\/conferinta-impreuna-pentru-o-europa-competitiva-favorabila-incluziunii\/\" \/>\n<meta property=\"og:locale\" content=\"ru_RU\" \/>\n<meta property=\"og:type\" content=\"article\" \/>\n<meta property=\"og:title\" content=\"Conferin\u021ba \u201c\u00cempreun\u0103 pentru o Europ\u0103 competitiv\u0103, favorabil\u0103 incluziunii!\u201d\" \/>\n<meta property=\"og:description\" content=\"Asocia\u021bia Femeilor Antreprenoare v\u0103 recomand\u0103 s\u0103 participa\u021bi la Conferin\u021ba \u201c\u00cempreun\u0103 pentru o Europ\u0103 competitiv\u0103, favorabil\u0103 incluziunii!\u201d care va avea loc, Mar\u021bi, 15 decembrie 2020, \u00eencep\u00e2nd cu ora 15:00, \u00een cadrul [&hellip;]\" \/>\n<meta property=\"og:url\" content=\"https:\/\/afam.md\/ru\/event\/conferinta-impreuna-pentru-o-europa-competitiva-favorabila-incluziunii\/\" \/>\n<meta property=\"og:site_name\" content=\"AFAM MD\" \/>\n<meta property=\"article:publisher\" content=\"https:\/\/www.facebook.com\/AFAMMoldova\/\" \/>\n<meta property=\"article:modified_time\" content=\"2024-10-28T20:44:18+00:00\" \/>\n<meta property=\"og:image\" content=\"https:\/\/afam.md\/wp-content\/uploads\/2024\/10\/47-1-8nJVrB.tmp_.jpg\" \/>\n\t<meta property=\"og:image:width\" content=\"526\" \/>\n\t<meta property=\"og:image:height\" content=\"275\" \/>\n\t<meta property=\"og:image:type\" content=\"image\/jpeg\" \/>\n<meta name=\"twitter:card\" content=\"summary_large_image\" \/>\n<meta name=\"twitter:label1\" content=\"\u041f\u0440\u0438\u043c\u0435\u0440\u043d\u043e\u0435 \u0432\u0440\u0435\u043c\u044f \u0434\u043b\u044f \u0447\u0442\u0435\u043d\u0438\u044f\" \/>\n\t<meta name=\"twitter:data1\" content=\"1 \u043c\u0438\u043d\u0443\u0442\u0430\" \/>\n<script type=\"application\/ld+json\" class=\"yoast-schema-graph\">{\"@context\":\"https:\/\/schema.org\",\"@graph\":[{\"@type\":\"WebPage\",\"@id\":\"https:\/\/afam.md\/event\/conferinta-impreuna-pentru-o-europa-competitiva-favorabila-incluziunii\/\",\"url\":\"https:\/\/afam.md\/event\/conferinta-impreuna-pentru-o-europa-competitiva-favorabila-incluziunii\/\",\"name\":\"Conferin\u021ba \u201c\u00cempreun\u0103 pentru o Europ\u0103 competitiv\u0103, favorabil\u0103 incluziunii!\u201d - AFAM MD\",\"isPartOf\":{\"@id\":\"https:\/\/afam.md\/en\/#website\"},\"primaryImageOfPage\":{\"@id\":\"https:\/\/afam.md\/event\/conferinta-impreuna-pentru-o-europa-competitiva-favorabila-incluziunii\/#primaryimage\"},\"image\":{\"@id\":\"https:\/\/afam.md\/event\/conferinta-impreuna-pentru-o-europa-competitiva-favorabila-incluziunii\/#primaryimage\"},\"thumbnailUrl\":\"https:\/\/afam.md\/wp-content\/uploads\/2024\/10\/47-1-8nJVrB.tmp_.jpg\",\"datePublished\":\"2024-10-28T20:35:58+00:00\",\"dateModified\":\"2024-10-28T20:44:18+00:00\",\"breadcrumb\":{\"@id\":\"https:\/\/afam.md\/event\/conferinta-impreuna-pentru-o-europa-competitiva-favorabila-incluziunii\/#breadcrumb\"},\"inLanguage\":\"ru-RU\",\"potentialAction\":[{\"@type\":\"ReadAction\",\"target\":[\"https:\/\/afam.md\/event\/conferinta-impreuna-pentru-o-europa-competitiva-favorabila-incluziunii\/\"]}]},{\"@type\":\"ImageObject\",\"inLanguage\":\"ru-RU\",\"@id\":\"https:\/\/afam.md\/event\/conferinta-impreuna-pentru-o-europa-competitiva-favorabila-incluziunii\/#primaryimage\",\"url\":\"https:\/\/afam.md\/wp-content\/uploads\/2024\/10\/47-1-8nJVrB.tmp_.jpg\",\"contentUrl\":\"https:\/\/afam.md\/wp-content\/uploads\/2024\/10\/47-1-8nJVrB.tmp_.jpg\",\"width\":526,\"height\":275},{\"@type\":\"BreadcrumbList\",\"@id\":\"https:\/\/afam.md\/event\/conferinta-impreuna-pentru-o-europa-competitiva-favorabila-incluziunii\/#breadcrumb\",\"itemListElement\":[{\"@type\":\"ListItem\",\"position\":1,\"name\":\"\u0413\u043b\u0430\u0432\u043d\u0430\u044f\",\"item\":\"https:\/\/afam.md\/\"},{\"@type\":\"ListItem\",\"position\":2,\"name\":\"Events\",\"item\":\"https:\/\/afam.md\/en\/eventslist\/\"},{\"@type\":\"ListItem\",\"position\":3,\"name\":\"Conferin\u021ba \u201c\u00cempreun\u0103 pentru o Europ\u0103 competitiv\u0103, favorabil\u0103 incluziunii!\u201d\"}]},{\"@type\":\"WebSite\",\"@id\":\"https:\/\/afam.md\/en\/#website\",\"url\":\"https:\/\/afam.md\/en\/\",\"name\":\"AFAM MD\",\"description\":\"Asocia\u021bia Femeilor Antreprenoare Din Moldova\",\"publisher\":{\"@id\":\"https:\/\/afam.md\/en\/#organization\"},\"potentialAction\":[{\"@type\":\"SearchAction\",\"target\":{\"@type\":\"EntryPoint\",\"urlTemplate\":\"https:\/\/afam.md\/en\/?s={search_term_string}\"},\"query-input\":{\"@type\":\"PropertyValueSpecification\",\"valueRequired\":true,\"valueName\":\"search_term_string\"}}],\"inLanguage\":\"ru-RU\"},{\"@type\":\"Organization\",\"@id\":\"https:\/\/afam.md\/en\/#organization\",\"name\":\"Asocia\u021bia Femeilor Antreprenoare Din Moldova\",\"alternateName\":\"AFAM\",\"url\":\"https:\/\/afam.md\/en\/\",\"logo\":{\"@type\":\"ImageObject\",\"inLanguage\":\"ru-RU\",\"@id\":\"https:\/\/afam.md\/en\/#\/schema\/logo\/image\/\",\"url\":\"https:\/\/afam.md\/wp-content\/uploads\/2024\/11\/logo-blue.svg\",\"contentUrl\":\"https:\/\/afam.md\/wp-content\/uploads\/2024\/11\/logo-blue.svg\",\"width\":1874,\"height\":650,\"caption\":\"Asocia\u021bia Femeilor Antreprenoare Din Moldova\"},\"image\":{\"@id\":\"https:\/\/afam.md\/en\/#\/schema\/logo\/image\/\"},\"sameAs\":[\"https:\/\/www.facebook.com\/AFAMMoldova\/\",\"https:\/\/www.instagram.com\/afammoldova\/?hl=en\",\"https:\/\/md.linkedin.com\/in\/afam-moldova-285159174\"],\"email\":\"afammoldova@gmail.com\",\"telephone\":\"(+373) 76 767 670\",\"legalName\":\"Asocia\u021bia Femeilor Antreprenoare Din Moldova\",\"numberOfEmployees\":{\"@type\":\"QuantitativeValue\",\"minValue\":\"51\",\"maxValue\":\"200\"}}]}<\/script>\n<!-- \/ Yoast SEO Premium plugin. -->","yoast_head_json":{"title":"Conferin\u021ba \u201c\u00cempreun\u0103 pentru o Europ\u0103 competitiv\u0103, favorabil\u0103 incluziunii!\u201d - AFAM MD","robots":{"index":"index","follow":"follow","max-snippet":"max-snippet:-1","max-image-preview":"max-image-preview:large","max-video-preview":"max-video-preview:-1"},"canonical":"https:\/\/afam.md\/ru\/event\/conferinta-impreuna-pentru-o-europa-competitiva-favorabila-incluziunii\/","og_locale":"ru_RU","og_type":"article","og_title":"Conferin\u021ba \u201c\u00cempreun\u0103 pentru o Europ\u0103 competitiv\u0103, favorabil\u0103 incluziunii!\u201d","og_description":"Asocia\u021bia Femeilor Antreprenoare v\u0103 recomand\u0103 s\u0103 participa\u021bi la Conferin\u021ba \u201c\u00cempreun\u0103 pentru o Europ\u0103 competitiv\u0103, favorabil\u0103 incluziunii!\u201d care va avea loc, Mar\u021bi, 15 decembrie 2020, \u00eencep\u00e2nd cu ora 15:00, \u00een cadrul [&hellip;]","og_url":"https:\/\/afam.md\/ru\/event\/conferinta-impreuna-pentru-o-europa-competitiva-favorabila-incluziunii\/","og_site_name":"AFAM MD","article_publisher":"https:\/\/www.facebook.com\/AFAMMoldova\/","article_modified_time":"2024-10-28T20:44:18+00:00","og_image":[{"width":526,"height":275,"url":"https:\/\/afam.md\/wp-content\/uploads\/2024\/10\/47-1-8nJVrB.tmp_.jpg","type":"image\/jpeg"}],"twitter_card":"summary_large_image","twitter_misc":{"\u041f\u0440\u0438\u043c\u0435\u0440\u043d\u043e\u0435 \u0432\u0440\u0435\u043c\u044f \u0434\u043b\u044f \u0447\u0442\u0435\u043d\u0438\u044f":"1 \u043c\u0438\u043d\u0443\u0442\u0430"},"schema":{"@context":"https:\/\/schema.org","@graph":[{"@type":"WebPage","@id":"https:\/\/afam.md\/event\/conferinta-impreuna-pentru-o-europa-competitiva-favorabila-incluziunii\/","url":"https:\/\/afam.md\/event\/conferinta-impreuna-pentru-o-europa-competitiva-favorabila-incluziunii\/","name":"Conferin\u021ba \u201c\u00cempreun\u0103 pentru o Europ\u0103 competitiv\u0103, favorabil\u0103 incluziunii!\u201d - AFAM MD","isPartOf":{"@id":"https:\/\/afam.md\/en\/#website"},"primaryImageOfPage":{"@id":"https:\/\/afam.md\/event\/conferinta-impreuna-pentru-o-europa-competitiva-favorabila-incluziunii\/#primaryimage"},"image":{"@id":"https:\/\/afam.md\/event\/conferinta-impreuna-pentru-o-europa-competitiva-favorabila-incluziunii\/#primaryimage"},"thumbnailUrl":"https:\/\/afam.md\/wp-content\/uploads\/2024\/10\/47-1-8nJVrB.tmp_.jpg","datePublished":"2024-10-28T20:35:58+00:00","dateModified":"2024-10-28T20:44:18+00:00","breadcrumb":{"@id":"https:\/\/afam.md\/event\/conferinta-impreuna-pentru-o-europa-competitiva-favorabila-incluziunii\/#breadcrumb"},"inLanguage":"ru-RU","potentialAction":[{"@type":"ReadAction","target":["https:\/\/afam.md\/event\/conferinta-impreuna-pentru-o-europa-competitiva-favorabila-incluziunii\/"]}]},{"@type":"ImageObject","inLanguage":"ru-RU","@id":"https:\/\/afam.md\/event\/conferinta-impreuna-pentru-o-europa-competitiva-favorabila-incluziunii\/#primaryimage","url":"https:\/\/afam.md\/wp-content\/uploads\/2024\/10\/47-1-8nJVrB.tmp_.jpg","contentUrl":"https:\/\/afam.md\/wp-content\/uploads\/2024\/10\/47-1-8nJVrB.tmp_.jpg","width":526,"height":275},{"@type":"BreadcrumbList","@id":"https:\/\/afam.md\/event\/conferinta-impreuna-pentru-o-europa-competitiva-favorabila-incluziunii\/#breadcrumb","itemListElement":[{"@type":"ListItem","position":1,"name":"\u0413\u043b\u0430\u0432\u043d\u0430\u044f","item":"https:\/\/afam.md\/"},{"@type":"ListItem","position":2,"name":"Events","item":"https:\/\/afam.md\/en\/eventslist\/"},{"@type":"ListItem","position":3,"name":"Conferin\u021ba \u201c\u00cempreun\u0103 pentru o Europ\u0103 competitiv\u0103, favorabil\u0103 incluziunii!\u201d"}]},{"@type":"WebSite","@id":"https:\/\/afam.md\/en\/#website","url":"https:\/\/afam.md\/en\/","name":"AFAM MD","description":"Asocia\u021bia Femeilor Antreprenoare Din Moldova","publisher":{"@id":"https:\/\/afam.md\/en\/#organization"},"potentialAction":[{"@type":"SearchAction","target":{"@type":"EntryPoint","urlTemplate":"https:\/\/afam.md\/en\/?s={search_term_string}"},"query-input":{"@type":"PropertyValueSpecification","valueRequired":true,"valueName":"search_term_string"}}],"inLanguage":"ru-RU"},{"@type":"Organization","@id":"https:\/\/afam.md\/en\/#organization","name":"Asocia\u021bia Femeilor Antreprenoare Din Moldova","alternateName":"AFAM","url":"https:\/\/afam.md\/en\/","logo":{"@type":"ImageObject","inLanguage":"ru-RU","@id":"https:\/\/afam.md\/en\/#\/schema\/logo\/image\/","url":"https:\/\/afam.md\/wp-content\/uploads\/2024\/11\/logo-blue.svg","contentUrl":"https:\/\/afam.md\/wp-content\/uploads\/2024\/11\/logo-blue.svg","width":1874,"height":650,"caption":"Asocia\u021bia Femeilor Antreprenoare Din Moldova"},"image":{"@id":"https:\/\/afam.md\/en\/#\/schema\/logo\/image\/"},"sameAs":["https:\/\/www.facebook.com\/AFAMMoldova\/","https:\/\/www.instagram.com\/afammoldova\/?hl=en","https:\/\/md.linkedin.com\/in\/afam-moldova-285159174"],"email":"afammoldova@gmail.com","telephone":"(+373) 76 767 670","legalName":"Asocia\u021bia Femeilor Antreprenoare Din Moldova","numberOfEmployees":{"@type":"QuantitativeValue","minValue":"51","maxValue":"200"}}]}},"_links":{"self":[{"href":"https:\/\/afam.md\/ru\/wp-json\/wp\/v2\/tribe_events\/91963","targetHints":{"allow":["GET"]}}],"collection":[{"href":"https:\/\/afam.md\/ru\/wp-json\/wp\/v2\/tribe_events"}],"about":[{"href":"https:\/\/afam.md\/ru\/wp-json\/wp\/v2\/types\/tribe_events"}],"author":[{"embeddable":true,"href":"https:\/\/afam.md\/ru\/wp-json\/wp\/v2\/users\/1"}],"version-history":[{"count":0,"href":"https:\/\/afam.md\/ru\/wp-json\/wp\/v2\/tribe_events\/91963\/revisions"}],"wp:featuredmedia":[{"embeddable":true,"href":"https:\/\/afam.md\/ru\/wp-json\/wp\/v2\/media\/91964"}],"wp:attachment":[{"href":"https:\/\/afam.md\/ru\/wp-json\/wp\/v2\/media?parent=91963"}],"wp:term":[{"taxonomy":"post_tag","embeddable":true,"href":"https:\/\/afam.md\/ru\/wp-json\/wp\/v2\/tags?post=91963"},{"taxonomy":"tribe_events_cat","embeddable":true,"href":"https:\/\/afam.md\/ru\/wp-json\/wp\/v2\/tribe_events_cat?post=91963"}],"curies":[{"name":"wp","href":"https:\/\/api.w.org\/{rel}","templated":true}]}}