{"id":91974,"date":"2024-10-28T22:38:47","date_gmt":"2024-10-28T20:38:47","guid":{"rendered":"https:\/\/afam.md\/event\/programul-de-mentorat-in-afaceri-pentru-femei-construirea-armoniei-personale-si-profesionale\/"},"modified":"2024-10-28T22:38:47","modified_gmt":"2024-10-28T20:38:47","slug":"programul-de-mentorat-in-afaceri-pentru-femei-construirea-armoniei-personale-si-profesionale","status":"publish","type":"tribe_events","link":"https:\/\/afam.md\/ru\/event\/programul-de-mentorat-in-afaceri-pentru-femei-construirea-armoniei-personale-si-profesionale\/","title":{"rendered":"Programul de Mentorat \u00een Afaceri pentru Femei &#8211; Construirea Armoniei Personale \u0219i Profesionale"},"content":{"rendered":"<div class=\"kvgmc6g5 cxmmr5t8 oygrvhab hcukyx3x c1et5uql\">Cum ob\u021bii echilibrul \u00eentre via\u021ba personal\u0103 \u0219i cea profesional\u0103?<\/div>\n<div class=\"cxmmr5t8 oygrvhab hcukyx3x c1et5uql o9v6fnle\">R\u0103punsul la aceast\u0103 \u00eentrebare o s\u0103 \u00eel afla\u021bi \u00een cadrul seminarului tematic intitulat \u201dConstruirea armoniei personale \u0219i profesionale\u201d cu Irina Fescenco, \u00een cadrul Programului de Mentorat \u00een Afaceri pentru Femei.<\/div>\n<div class=\"cxmmr5t8 oygrvhab hcukyx3x c1et5uql o9v6fnle\">Pentru a dep\u0103\u0219i impactul provocat de COVID-19 de c\u0103tre femeile care de\u021bin o afacere, sau sunt \u00een pozi\u021bie de manager, vom aborda urm\u0103toarele subiecte \u00een acest modul<br \/>\n<span class=\"pq6dq46d tbxw36s4 knj5qynh kvgmc6g5 ditlmg2l oygrvhab nvdbi5me sf5mxxl7 gl3lb2sf hhz5lgdu\"><img loading=\"lazy\" decoding=\"async\" src=\"https:\/\/afam.md\/wp-content\/uploads\/2024\/09\/27a1.png\" alt=\"\u27a1\ufe0f\" width=\"16\" height=\"16\" \/><\/span>\u00a0echilibrul dintre munc\u0103 \u0219i via\u021ba personal\u0103<br \/>\n<span class=\"pq6dq46d tbxw36s4 knj5qynh kvgmc6g5 ditlmg2l oygrvhab nvdbi5me sf5mxxl7 gl3lb2sf hhz5lgdu\"><img loading=\"lazy\" decoding=\"async\" src=\"https:\/\/afam.md\/wp-content\/uploads\/2024\/09\/27a1.png\" alt=\"\u27a1\ufe0f\" width=\"16\" height=\"16\" \/><\/span>\u00a0partajarea volumului de munc\u0103 nepl\u0103tit<br \/>\n<span class=\"pq6dq46d tbxw36s4 knj5qynh kvgmc6g5 ditlmg2l oygrvhab nvdbi5me sf5mxxl7 gl3lb2sf hhz5lgdu\"><img loading=\"lazy\" decoding=\"async\" src=\"https:\/\/afam.md\/wp-content\/uploads\/2024\/09\/27a1.png\" alt=\"\u27a1\ufe0f\" width=\"16\" height=\"16\" \/><\/span>\u00a0gestionarea timpului \u0219i a energiei personale.<\/div>\n<div class=\"cxmmr5t8 oygrvhab hcukyx3x c1et5uql o9v6fnle\">Irina Fescenco, mentor \u0219i trainer, ce experien\u021b\u0103 de peste 10 ani \u00een cadrul a 5 companii interna\u021bionale , iar de peste 5 ani ajut\u0103 oameni s\u0103-\u0219i \u00eembun\u0103t\u0103\u021beasc\u0103 stilul \u0219i experien\u021ba legat\u0103 de echilibru \u0219i stil prin cursuri individuale.<\/div>\n<div class=\"cxmmr5t8 oygrvhab hcukyx3x c1et5uql o9v6fnle\">Programul de mentorat \u00een afaceri pentru femei este implementat de c\u0103tre Asocia\u021bia Femeilor Antreprenoare din Moldova cu sus\u021binerea oferit\u0103 de UN Women \u00een Moldova \u0219i suportul financiar al Suediei.<\/div>\n","protected":false},"excerpt":{"rendered":"<p>Cum ob\u021bii echilibrul \u00eentre via\u021ba personal\u0103 \u0219i cea profesional\u0103? R\u0103punsul la aceast\u0103 \u00eentrebare o s\u0103 \u00eel afla\u021bi \u00een cadrul seminarului tematic intitulat \u201dConstruirea armoniei personale \u0219i profesionale\u201d cu Irina Fescenco, [&hellip;]<\/p>\n","protected":false},"author":1,"featured_media":91975,"template":"","meta":{"_EventAllDay":false,"_EventTimezone":"Europe\/Chisinau","_EventStartDate":"2020-12-07 13:51:00","_EventEndDate":"2020-12-07 13:51:00","_EventStartDateUTC":"2020-12-07 11:51:00","_EventEndDateUTC":"2020-12-07 11:51:00","_EventShowMap":false,"_EventShowMapLink":false,"_EventURL":"","_EventCost":"","_EventCostDescription":"","_EventCurrencySymbol":"","_EventCurrencyCode":"","_EventCurrencyPosition":"prefix","_EventDateTimeSeparator":"","_EventTimeRangeSeparator":"","_EventOrganizerID":[],"_EventVenueID":[],"_OrganizerEmail":"","_OrganizerPhone":"","_OrganizerWebsite":"","_VenueAddress":"","_VenueCity":"","_VenueCountry":"","_VenueProvince":"","_VenueState":"","_VenueZip":"","_VenuePhone":"","_VenueURL":"","_VenueStateProvince":"","_VenueLat":"","_VenueLng":"","_VenueShowMap":false,"_VenueShowMapLink":false,"_tribe_events_status":"","_tribe_events_status_reason":"","footnotes":""},"tags":[],"tribe_events_cat":[431],"class_list":["post-91974","tribe_events","type-tribe_events","status-publish","has-post-thumbnail","hentry","tribe_events_cat-evenimente","cat_evenimente"],"yoast_head":"<!-- This site is optimized with the Yoast SEO Premium plugin v23.8 (Yoast SEO v25.1) - https:\/\/yoast.com\/wordpress\/plugins\/seo\/ -->\n<title>Programul de Mentorat \u00een Afaceri pentru Femei - Construirea Armoniei Personale \u0219i Profesionale - AFAM MD<\/title>\n<meta name=\"robots\" content=\"index, follow, max-snippet:-1, max-image-preview:large, max-video-preview:-1\" \/>\n<link rel=\"canonical\" href=\"https:\/\/afam.md\/ru\/event\/programul-de-mentorat-in-afaceri-pentru-femei-construirea-armoniei-personale-si-profesionale\/\" \/>\n<meta property=\"og:locale\" content=\"ru_RU\" \/>\n<meta property=\"og:type\" content=\"article\" \/>\n<meta property=\"og:title\" content=\"Programul de Mentorat \u00een Afaceri pentru Femei - Construirea Armoniei Personale \u0219i Profesionale\" \/>\n<meta property=\"og:description\" content=\"Cum ob\u021bii echilibrul \u00eentre via\u021ba personal\u0103 \u0219i cea profesional\u0103? R\u0103punsul la aceast\u0103 \u00eentrebare o s\u0103 \u00eel afla\u021bi \u00een cadrul seminarului tematic intitulat \u201dConstruirea armoniei personale \u0219i profesionale\u201d cu Irina Fescenco, [&hellip;]\" \/>\n<meta property=\"og:url\" content=\"https:\/\/afam.md\/ru\/event\/programul-de-mentorat-in-afaceri-pentru-femei-construirea-armoniei-personale-si-profesionale\/\" \/>\n<meta property=\"og:site_name\" content=\"AFAM MD\" \/>\n<meta property=\"article:publisher\" content=\"https:\/\/www.facebook.com\/AFAMMoldova\/\" \/>\n<meta property=\"og:image\" content=\"https:\/\/afam.md\/wp-content\/uploads\/2024\/10\/40-1-WsUkXO.tmp_.jpg\" \/>\n\t<meta property=\"og:image:width\" content=\"1640\" \/>\n\t<meta property=\"og:image:height\" content=\"856\" \/>\n\t<meta property=\"og:image:type\" content=\"image\/jpeg\" \/>\n<meta name=\"twitter:card\" content=\"summary_large_image\" \/>\n<meta name=\"twitter:label1\" content=\"\u041f\u0440\u0438\u043c\u0435\u0440\u043d\u043e\u0435 \u0432\u0440\u0435\u043c\u044f \u0434\u043b\u044f \u0447\u0442\u0435\u043d\u0438\u044f\" \/>\n\t<meta name=\"twitter:data1\" content=\"1 \u043c\u0438\u043d\u0443\u0442\u0430\" \/>\n<script type=\"application\/ld+json\" class=\"yoast-schema-graph\">{\"@context\":\"https:\/\/schema.org\",\"@graph\":[{\"@type\":\"WebPage\",\"@id\":\"https:\/\/afam.md\/event\/programul-de-mentorat-in-afaceri-pentru-femei-construirea-armoniei-personale-si-profesionale\/\",\"url\":\"https:\/\/afam.md\/event\/programul-de-mentorat-in-afaceri-pentru-femei-construirea-armoniei-personale-si-profesionale\/\",\"name\":\"Programul de Mentorat \u00een Afaceri pentru Femei - Construirea Armoniei Personale \u0219i Profesionale - AFAM MD\",\"isPartOf\":{\"@id\":\"https:\/\/afam.md\/en\/#website\"},\"primaryImageOfPage\":{\"@id\":\"https:\/\/afam.md\/event\/programul-de-mentorat-in-afaceri-pentru-femei-construirea-armoniei-personale-si-profesionale\/#primaryimage\"},\"image\":{\"@id\":\"https:\/\/afam.md\/event\/programul-de-mentorat-in-afaceri-pentru-femei-construirea-armoniei-personale-si-profesionale\/#primaryimage\"},\"thumbnailUrl\":\"https:\/\/afam.md\/wp-content\/uploads\/2024\/10\/40-1-WsUkXO.tmp_.jpg\",\"datePublished\":\"2024-10-28T20:38:47+00:00\",\"breadcrumb\":{\"@id\":\"https:\/\/afam.md\/event\/programul-de-mentorat-in-afaceri-pentru-femei-construirea-armoniei-personale-si-profesionale\/#breadcrumb\"},\"inLanguage\":\"ru-RU\",\"potentialAction\":[{\"@type\":\"ReadAction\",\"target\":[\"https:\/\/afam.md\/event\/programul-de-mentorat-in-afaceri-pentru-femei-construirea-armoniei-personale-si-profesionale\/\"]}]},{\"@type\":\"ImageObject\",\"inLanguage\":\"ru-RU\",\"@id\":\"https:\/\/afam.md\/event\/programul-de-mentorat-in-afaceri-pentru-femei-construirea-armoniei-personale-si-profesionale\/#primaryimage\",\"url\":\"https:\/\/afam.md\/wp-content\/uploads\/2024\/10\/40-1-WsUkXO.tmp_.jpg\",\"contentUrl\":\"https:\/\/afam.md\/wp-content\/uploads\/2024\/10\/40-1-WsUkXO.tmp_.jpg\",\"width\":1640,\"height\":856},{\"@type\":\"BreadcrumbList\",\"@id\":\"https:\/\/afam.md\/event\/programul-de-mentorat-in-afaceri-pentru-femei-construirea-armoniei-personale-si-profesionale\/#breadcrumb\",\"itemListElement\":[{\"@type\":\"ListItem\",\"position\":1,\"name\":\"\u0413\u043b\u0430\u0432\u043d\u0430\u044f\",\"item\":\"https:\/\/afam.md\/\"},{\"@type\":\"ListItem\",\"position\":2,\"name\":\"Events\",\"item\":\"https:\/\/afam.md\/en\/eventslist\/\"},{\"@type\":\"ListItem\",\"position\":3,\"name\":\"Programul de Mentorat \u00een Afaceri pentru Femei &#8211; Construirea Armoniei Personale \u0219i Profesionale\"}]},{\"@type\":\"WebSite\",\"@id\":\"https:\/\/afam.md\/en\/#website\",\"url\":\"https:\/\/afam.md\/en\/\",\"name\":\"AFAM MD\",\"description\":\"Asocia\u021bia Femeilor Antreprenoare Din Moldova\",\"publisher\":{\"@id\":\"https:\/\/afam.md\/en\/#organization\"},\"potentialAction\":[{\"@type\":\"SearchAction\",\"target\":{\"@type\":\"EntryPoint\",\"urlTemplate\":\"https:\/\/afam.md\/en\/?s={search_term_string}\"},\"query-input\":{\"@type\":\"PropertyValueSpecification\",\"valueRequired\":true,\"valueName\":\"search_term_string\"}}],\"inLanguage\":\"ru-RU\"},{\"@type\":\"Organization\",\"@id\":\"https:\/\/afam.md\/en\/#organization\",\"name\":\"Asocia\u021bia Femeilor Antreprenoare Din Moldova\",\"alternateName\":\"AFAM\",\"url\":\"https:\/\/afam.md\/en\/\",\"logo\":{\"@type\":\"ImageObject\",\"inLanguage\":\"ru-RU\",\"@id\":\"https:\/\/afam.md\/en\/#\/schema\/logo\/image\/\",\"url\":\"https:\/\/afam.md\/wp-content\/uploads\/2024\/11\/logo-blue.svg\",\"contentUrl\":\"https:\/\/afam.md\/wp-content\/uploads\/2024\/11\/logo-blue.svg\",\"width\":1874,\"height\":650,\"caption\":\"Asocia\u021bia Femeilor Antreprenoare Din Moldova\"},\"image\":{\"@id\":\"https:\/\/afam.md\/en\/#\/schema\/logo\/image\/\"},\"sameAs\":[\"https:\/\/www.facebook.com\/AFAMMoldova\/\",\"https:\/\/www.instagram.com\/afammoldova\/?hl=en\",\"https:\/\/md.linkedin.com\/in\/afam-moldova-285159174\"],\"email\":\"afammoldova@gmail.com\",\"telephone\":\"(+373) 76 767 670\",\"legalName\":\"Asocia\u021bia Femeilor Antreprenoare Din Moldova\",\"numberOfEmployees\":{\"@type\":\"QuantitativeValue\",\"minValue\":\"51\",\"maxValue\":\"200\"}}]}<\/script>\n<!-- \/ Yoast SEO Premium plugin. -->","yoast_head_json":{"title":"Programul de Mentorat \u00een Afaceri pentru Femei - Construirea Armoniei Personale \u0219i Profesionale - AFAM MD","robots":{"index":"index","follow":"follow","max-snippet":"max-snippet:-1","max-image-preview":"max-image-preview:large","max-video-preview":"max-video-preview:-1"},"canonical":"https:\/\/afam.md\/ru\/event\/programul-de-mentorat-in-afaceri-pentru-femei-construirea-armoniei-personale-si-profesionale\/","og_locale":"ru_RU","og_type":"article","og_title":"Programul de Mentorat \u00een Afaceri pentru Femei - Construirea Armoniei Personale \u0219i Profesionale","og_description":"Cum ob\u021bii echilibrul \u00eentre via\u021ba personal\u0103 \u0219i cea profesional\u0103? R\u0103punsul la aceast\u0103 \u00eentrebare o s\u0103 \u00eel afla\u021bi \u00een cadrul seminarului tematic intitulat \u201dConstruirea armoniei personale \u0219i profesionale\u201d cu Irina Fescenco, [&hellip;]","og_url":"https:\/\/afam.md\/ru\/event\/programul-de-mentorat-in-afaceri-pentru-femei-construirea-armoniei-personale-si-profesionale\/","og_site_name":"AFAM MD","article_publisher":"https:\/\/www.facebook.com\/AFAMMoldova\/","og_image":[{"width":1640,"height":856,"url":"https:\/\/afam.md\/wp-content\/uploads\/2024\/10\/40-1-WsUkXO.tmp_.jpg","type":"image\/jpeg"}],"twitter_card":"summary_large_image","twitter_misc":{"\u041f\u0440\u0438\u043c\u0435\u0440\u043d\u043e\u0435 \u0432\u0440\u0435\u043c\u044f \u0434\u043b\u044f \u0447\u0442\u0435\u043d\u0438\u044f":"1 \u043c\u0438\u043d\u0443\u0442\u0430"},"schema":{"@context":"https:\/\/schema.org","@graph":[{"@type":"WebPage","@id":"https:\/\/afam.md\/event\/programul-de-mentorat-in-afaceri-pentru-femei-construirea-armoniei-personale-si-profesionale\/","url":"https:\/\/afam.md\/event\/programul-de-mentorat-in-afaceri-pentru-femei-construirea-armoniei-personale-si-profesionale\/","name":"Programul de Mentorat \u00een Afaceri pentru Femei - Construirea Armoniei Personale \u0219i Profesionale - AFAM MD","isPartOf":{"@id":"https:\/\/afam.md\/en\/#website"},"primaryImageOfPage":{"@id":"https:\/\/afam.md\/event\/programul-de-mentorat-in-afaceri-pentru-femei-construirea-armoniei-personale-si-profesionale\/#primaryimage"},"image":{"@id":"https:\/\/afam.md\/event\/programul-de-mentorat-in-afaceri-pentru-femei-construirea-armoniei-personale-si-profesionale\/#primaryimage"},"thumbnailUrl":"https:\/\/afam.md\/wp-content\/uploads\/2024\/10\/40-1-WsUkXO.tmp_.jpg","datePublished":"2024-10-28T20:38:47+00:00","breadcrumb":{"@id":"https:\/\/afam.md\/event\/programul-de-mentorat-in-afaceri-pentru-femei-construirea-armoniei-personale-si-profesionale\/#breadcrumb"},"inLanguage":"ru-RU","potentialAction":[{"@type":"ReadAction","target":["https:\/\/afam.md\/event\/programul-de-mentorat-in-afaceri-pentru-femei-construirea-armoniei-personale-si-profesionale\/"]}]},{"@type":"ImageObject","inLanguage":"ru-RU","@id":"https:\/\/afam.md\/event\/programul-de-mentorat-in-afaceri-pentru-femei-construirea-armoniei-personale-si-profesionale\/#primaryimage","url":"https:\/\/afam.md\/wp-content\/uploads\/2024\/10\/40-1-WsUkXO.tmp_.jpg","contentUrl":"https:\/\/afam.md\/wp-content\/uploads\/2024\/10\/40-1-WsUkXO.tmp_.jpg","width":1640,"height":856},{"@type":"BreadcrumbList","@id":"https:\/\/afam.md\/event\/programul-de-mentorat-in-afaceri-pentru-femei-construirea-armoniei-personale-si-profesionale\/#breadcrumb","itemListElement":[{"@type":"ListItem","position":1,"name":"\u0413\u043b\u0430\u0432\u043d\u0430\u044f","item":"https:\/\/afam.md\/"},{"@type":"ListItem","position":2,"name":"Events","item":"https:\/\/afam.md\/en\/eventslist\/"},{"@type":"ListItem","position":3,"name":"Programul de Mentorat \u00een Afaceri pentru Femei &#8211; Construirea Armoniei Personale \u0219i Profesionale"}]},{"@type":"WebSite","@id":"https:\/\/afam.md\/en\/#website","url":"https:\/\/afam.md\/en\/","name":"AFAM MD","description":"Asocia\u021bia Femeilor Antreprenoare Din Moldova","publisher":{"@id":"https:\/\/afam.md\/en\/#organization"},"potentialAction":[{"@type":"SearchAction","target":{"@type":"EntryPoint","urlTemplate":"https:\/\/afam.md\/en\/?s={search_term_string}"},"query-input":{"@type":"PropertyValueSpecification","valueRequired":true,"valueName":"search_term_string"}}],"inLanguage":"ru-RU"},{"@type":"Organization","@id":"https:\/\/afam.md\/en\/#organization","name":"Asocia\u021bia Femeilor Antreprenoare Din Moldova","alternateName":"AFAM","url":"https:\/\/afam.md\/en\/","logo":{"@type":"ImageObject","inLanguage":"ru-RU","@id":"https:\/\/afam.md\/en\/#\/schema\/logo\/image\/","url":"https:\/\/afam.md\/wp-content\/uploads\/2024\/11\/logo-blue.svg","contentUrl":"https:\/\/afam.md\/wp-content\/uploads\/2024\/11\/logo-blue.svg","width":1874,"height":650,"caption":"Asocia\u021bia Femeilor Antreprenoare Din Moldova"},"image":{"@id":"https:\/\/afam.md\/en\/#\/schema\/logo\/image\/"},"sameAs":["https:\/\/www.facebook.com\/AFAMMoldova\/","https:\/\/www.instagram.com\/afammoldova\/?hl=en","https:\/\/md.linkedin.com\/in\/afam-moldova-285159174"],"email":"afammoldova@gmail.com","telephone":"(+373) 76 767 670","legalName":"Asocia\u021bia Femeilor Antreprenoare Din Moldova","numberOfEmployees":{"@type":"QuantitativeValue","minValue":"51","maxValue":"200"}}]}},"_links":{"self":[{"href":"https:\/\/afam.md\/ru\/wp-json\/wp\/v2\/tribe_events\/91974","targetHints":{"allow":["GET"]}}],"collection":[{"href":"https:\/\/afam.md\/ru\/wp-json\/wp\/v2\/tribe_events"}],"about":[{"href":"https:\/\/afam.md\/ru\/wp-json\/wp\/v2\/types\/tribe_events"}],"author":[{"embeddable":true,"href":"https:\/\/afam.md\/ru\/wp-json\/wp\/v2\/users\/1"}],"version-history":[{"count":0,"href":"https:\/\/afam.md\/ru\/wp-json\/wp\/v2\/tribe_events\/91974\/revisions"}],"wp:featuredmedia":[{"embeddable":true,"href":"https:\/\/afam.md\/ru\/wp-json\/wp\/v2\/media\/91975"}],"wp:attachment":[{"href":"https:\/\/afam.md\/ru\/wp-json\/wp\/v2\/media?parent=91974"}],"wp:term":[{"taxonomy":"post_tag","embeddable":true,"href":"https:\/\/afam.md\/ru\/wp-json\/wp\/v2\/tags?post=91974"},{"taxonomy":"tribe_events_cat","embeddable":true,"href":"https:\/\/afam.md\/ru\/wp-json\/wp\/v2\/tribe_events_cat?post=91974"}],"curies":[{"name":"wp","href":"https:\/\/api.w.org\/{rel}","templated":true}]}}