{"id":92010,"date":"2024-10-28T22:59:38","date_gmt":"2024-10-28T20:59:38","guid":{"rendered":"https:\/\/afam.md\/event\/international-business-women-forum-2020-future-trends-of-business\/"},"modified":"2024-10-28T22:59:38","modified_gmt":"2024-10-28T20:59:38","slug":"international-business-women-forum-2020-future-trends-of-business","status":"publish","type":"tribe_events","link":"https:\/\/afam.md\/ru\/event\/international-business-women-forum-2020-future-trends-of-business\/","title":{"rendered":"International Business Women Forum 2020 &#8211; Future trends of business"},"content":{"rendered":"<div class=\"kvgmc6g5 cxmmr5t8 oygrvhab hcukyx3x c1et5uql ii04i59q\">\n<div dir=\"auto\">International Business Women Forum 2020 &#8211; Future trends of business &#8211; eveniment inedit organizat \u00een regim online la 21.10.20.<\/div>\n<div dir=\"auto\"><\/div>\n<\/div>\n<div class=\"cxmmr5t8 oygrvhab hcukyx3x c1et5uql o9v6fnle ii04i59q\">\n<div dir=\"auto\">Acest eveniment interna\u021bional este organizat de c\u0103tre partenerii no\u0219tri International Business Women Network dedicat femeilor pentru a motiva, educa, construi parteneriate interna\u021bionale, \u00eemp\u0103rt\u0103\u0219i experien\u021be \u0219i pove\u0219ti de succes \u0219i cel mai important &#8211; pentru a se \u00eencuraja reciproc s\u0103 \u00eendr\u0103zneasc\u0103 s\u0103 devin\u0103 antreprenoare de succes \u00een orice domeniu.<\/div>\n<\/div>\n<div class=\"cxmmr5t8 oygrvhab hcukyx3x c1et5uql o9v6fnle ii04i59q\">\n<div dir=\"auto\">\u00cen cadrul forumului au fost invita\u021bi vorbitori din Canada, Islanda, Georgia, SUA, Rom\u00e2nia, Moldova, Germania \u0219i Lituania.<\/div>\n<\/div>\n<div class=\"cxmmr5t8 oygrvhab hcukyx3x c1et5uql o9v6fnle ii04i59q\">\n<div dir=\"auto\">\u00cen calitate de reprezentat al Republicii Moldova a participat directorul executiv al Asocia\u021biei Femeilor Antreprenoare din Moldova, doamna Iuliana Dumitra\u0219, care a expus modul \u00een care a fost afectat\u0103 activitatea agent\u0326ilor economici din Republica Moldova de pandemia mondial\u0103 fa\u0306ra\u0306 precedent, baz\u00e2ndu-se pe studiile, sondajele de opinie \u0219i datele statistice elaborate de c\u0103tre Camera de Comer\u021b American\u0103 din Moldova (AmCham Moldova), Programul Na\u0163iunilor Unite pentru Dezvoltare \u0219i Banca Mondial\u0103.<\/div>\n<\/div>\n<div class=\"cxmmr5t8 oygrvhab hcukyx3x c1et5uql o9v6fnle ii04i59q\">\n<div dir=\"auto\">\u00cen opinia noastr\u0103, dar \u0219i a tuturor exper\u021bilor care au participat \u00een cadrul forumului, consider\u0103m c\u0103 o aten\u021bie sporit\u0103 trebuie focusat\u0103 pe<\/div>\n<div dir=\"auto\">&#8211; gande\u0219te creativ;<\/div>\n<div dir=\"auto\">&#8211; fii preg\u0103tit \u0219i mereu gata de schimb\u0103ri;<\/div>\n<div dir=\"auto\">&#8211; g\u0103se\u0219te-\u021bi pasiunea;<\/div>\n<div dir=\"auto\">&#8211; ai \u00eencredere \u00een tine \u0219i \u00een ceilal\u021bi;<\/div>\n<div dir=\"auto\">&#8211; dob\u00e2ndi\u021bi noi abilit\u0103\u021bi.<\/div>\n<\/div>\n<div class=\"cxmmr5t8 oygrvhab hcukyx3x c1et5uql o9v6fnle ii04i59q\">\n<div dir=\"auto\">Din numele AFAM mul\u021bumim mult pentru invita\u021bie la acest eveniment important partenerilor no\u0219tri IBWN \u0219i oportunitatea de a \u00eemp\u0103rt\u0103\u0219i bunele practici \u0219i perspectivele cu privire la viitoarele modele de afaceri din Republica Moldova.<\/div>\n<\/div>\n","protected":false},"excerpt":{"rendered":"<p>International Business Women Forum 2020 &#8211; Future trends of business &#8211; eveniment inedit organizat \u00een regim online la 21.10.20. Acest eveniment interna\u021bional este organizat de c\u0103tre partenerii no\u0219tri International Business [&hellip;]<\/p>\n","protected":false},"author":1,"featured_media":92011,"template":"","meta":{"_EventAllDay":false,"_EventTimezone":"Europe\/Chisinau","_EventStartDate":"2020-10-23 11:37:00","_EventEndDate":"2020-10-23 11:37:00","_EventStartDateUTC":"2020-10-23 08:37:00","_EventEndDateUTC":"2020-10-23 08:37:00","_EventShowMap":false,"_EventShowMapLink":false,"_EventURL":"","_EventCost":"","_EventCostDescription":"","_EventCurrencySymbol":"","_EventCurrencyCode":"","_EventCurrencyPosition":"prefix","_EventDateTimeSeparator":"","_EventTimeRangeSeparator":"","_EventOrganizerID":[],"_EventVenueID":[],"_OrganizerEmail":"","_OrganizerPhone":"","_OrganizerWebsite":"","_VenueAddress":"","_VenueCity":"","_VenueCountry":"","_VenueProvince":"","_VenueState":"","_VenueZip":"","_VenuePhone":"","_VenueURL":"","_VenueStateProvince":"","_VenueLat":"","_VenueLng":"","_VenueShowMap":false,"_VenueShowMapLink":false,"_tribe_events_status":"","_tribe_events_status_reason":"","footnotes":""},"tags":[],"tribe_events_cat":[431],"class_list":["post-92010","tribe_events","type-tribe_events","status-publish","has-post-thumbnail","hentry","tribe_events_cat-evenimente","cat_evenimente"],"yoast_head":"<!-- This site is optimized with the Yoast SEO Premium plugin v23.8 (Yoast SEO v25.1) - https:\/\/yoast.com\/wordpress\/plugins\/seo\/ -->\n<title>International Business Women Forum 2020 - Future trends of business - AFAM MD<\/title>\n<meta name=\"robots\" content=\"index, follow, max-snippet:-1, max-image-preview:large, max-video-preview:-1\" \/>\n<link rel=\"canonical\" href=\"https:\/\/afam.md\/ru\/event\/international-business-women-forum-2020-future-trends-of-business\/\" \/>\n<meta property=\"og:locale\" content=\"ru_RU\" \/>\n<meta property=\"og:type\" content=\"article\" \/>\n<meta property=\"og:title\" content=\"International Business Women Forum 2020 - Future trends of business\" \/>\n<meta property=\"og:description\" content=\"International Business Women Forum 2020 &#8211; Future trends of business &#8211; eveniment inedit organizat \u00een regim online la 21.10.20. Acest eveniment interna\u021bional este organizat de c\u0103tre partenerii no\u0219tri International Business [&hellip;]\" \/>\n<meta property=\"og:url\" content=\"https:\/\/afam.md\/ru\/event\/international-business-women-forum-2020-future-trends-of-business\/\" \/>\n<meta property=\"og:site_name\" content=\"AFAM MD\" \/>\n<meta property=\"article:publisher\" content=\"https:\/\/www.facebook.com\/AFAMMoldova\/\" \/>\n<meta property=\"og:image\" content=\"https:\/\/afam.md\/wp-content\/uploads\/2024\/10\/21-2-fCw99G.tmp_.jpg\" \/>\n\t<meta property=\"og:image:width\" content=\"603\" \/>\n\t<meta property=\"og:image:height\" content=\"585\" \/>\n\t<meta property=\"og:image:type\" content=\"image\/jpeg\" \/>\n<meta name=\"twitter:card\" content=\"summary_large_image\" \/>\n<meta name=\"twitter:label1\" content=\"\u041f\u0440\u0438\u043c\u0435\u0440\u043d\u043e\u0435 \u0432\u0440\u0435\u043c\u044f \u0434\u043b\u044f \u0447\u0442\u0435\u043d\u0438\u044f\" \/>\n\t<meta name=\"twitter:data1\" content=\"1 \u043c\u0438\u043d\u0443\u0442\u0430\" \/>\n<script type=\"application\/ld+json\" class=\"yoast-schema-graph\">{\"@context\":\"https:\/\/schema.org\",\"@graph\":[{\"@type\":\"WebPage\",\"@id\":\"https:\/\/afam.md\/event\/international-business-women-forum-2020-future-trends-of-business\/\",\"url\":\"https:\/\/afam.md\/event\/international-business-women-forum-2020-future-trends-of-business\/\",\"name\":\"International Business Women Forum 2020 - Future trends of business - AFAM MD\",\"isPartOf\":{\"@id\":\"https:\/\/afam.md\/en\/#website\"},\"primaryImageOfPage\":{\"@id\":\"https:\/\/afam.md\/event\/international-business-women-forum-2020-future-trends-of-business\/#primaryimage\"},\"image\":{\"@id\":\"https:\/\/afam.md\/event\/international-business-women-forum-2020-future-trends-of-business\/#primaryimage\"},\"thumbnailUrl\":\"https:\/\/afam.md\/wp-content\/uploads\/2024\/10\/21-2-fCw99G.tmp_.jpg\",\"datePublished\":\"2024-10-28T20:59:38+00:00\",\"breadcrumb\":{\"@id\":\"https:\/\/afam.md\/event\/international-business-women-forum-2020-future-trends-of-business\/#breadcrumb\"},\"inLanguage\":\"ru-RU\",\"potentialAction\":[{\"@type\":\"ReadAction\",\"target\":[\"https:\/\/afam.md\/event\/international-business-women-forum-2020-future-trends-of-business\/\"]}]},{\"@type\":\"ImageObject\",\"inLanguage\":\"ru-RU\",\"@id\":\"https:\/\/afam.md\/event\/international-business-women-forum-2020-future-trends-of-business\/#primaryimage\",\"url\":\"https:\/\/afam.md\/wp-content\/uploads\/2024\/10\/21-2-fCw99G.tmp_.jpg\",\"contentUrl\":\"https:\/\/afam.md\/wp-content\/uploads\/2024\/10\/21-2-fCw99G.tmp_.jpg\",\"width\":603,\"height\":585},{\"@type\":\"BreadcrumbList\",\"@id\":\"https:\/\/afam.md\/event\/international-business-women-forum-2020-future-trends-of-business\/#breadcrumb\",\"itemListElement\":[{\"@type\":\"ListItem\",\"position\":1,\"name\":\"\u0413\u043b\u0430\u0432\u043d\u0430\u044f\",\"item\":\"https:\/\/afam.md\/\"},{\"@type\":\"ListItem\",\"position\":2,\"name\":\"Events\",\"item\":\"https:\/\/afam.md\/en\/eventslist\/\"},{\"@type\":\"ListItem\",\"position\":3,\"name\":\"International Business Women Forum 2020 &#8211; Future trends of business\"}]},{\"@type\":\"WebSite\",\"@id\":\"https:\/\/afam.md\/en\/#website\",\"url\":\"https:\/\/afam.md\/en\/\",\"name\":\"AFAM MD\",\"description\":\"Asocia\u021bia Femeilor Antreprenoare Din Moldova\",\"publisher\":{\"@id\":\"https:\/\/afam.md\/en\/#organization\"},\"potentialAction\":[{\"@type\":\"SearchAction\",\"target\":{\"@type\":\"EntryPoint\",\"urlTemplate\":\"https:\/\/afam.md\/en\/?s={search_term_string}\"},\"query-input\":{\"@type\":\"PropertyValueSpecification\",\"valueRequired\":true,\"valueName\":\"search_term_string\"}}],\"inLanguage\":\"ru-RU\"},{\"@type\":\"Organization\",\"@id\":\"https:\/\/afam.md\/en\/#organization\",\"name\":\"Asocia\u021bia Femeilor Antreprenoare Din Moldova\",\"alternateName\":\"AFAM\",\"url\":\"https:\/\/afam.md\/en\/\",\"logo\":{\"@type\":\"ImageObject\",\"inLanguage\":\"ru-RU\",\"@id\":\"https:\/\/afam.md\/en\/#\/schema\/logo\/image\/\",\"url\":\"https:\/\/afam.md\/wp-content\/uploads\/2024\/11\/logo-blue.svg\",\"contentUrl\":\"https:\/\/afam.md\/wp-content\/uploads\/2024\/11\/logo-blue.svg\",\"width\":1874,\"height\":650,\"caption\":\"Asocia\u021bia Femeilor Antreprenoare Din Moldova\"},\"image\":{\"@id\":\"https:\/\/afam.md\/en\/#\/schema\/logo\/image\/\"},\"sameAs\":[\"https:\/\/www.facebook.com\/AFAMMoldova\/\",\"https:\/\/www.instagram.com\/afammoldova\/?hl=en\",\"https:\/\/md.linkedin.com\/in\/afam-moldova-285159174\"],\"email\":\"afammoldova@gmail.com\",\"telephone\":\"(+373) 76 767 670\",\"legalName\":\"Asocia\u021bia Femeilor Antreprenoare Din Moldova\",\"numberOfEmployees\":{\"@type\":\"QuantitativeValue\",\"minValue\":\"51\",\"maxValue\":\"200\"}}]}<\/script>\n<!-- \/ Yoast SEO Premium plugin. -->","yoast_head_json":{"title":"International Business Women Forum 2020 - Future trends of business - AFAM MD","robots":{"index":"index","follow":"follow","max-snippet":"max-snippet:-1","max-image-preview":"max-image-preview:large","max-video-preview":"max-video-preview:-1"},"canonical":"https:\/\/afam.md\/ru\/event\/international-business-women-forum-2020-future-trends-of-business\/","og_locale":"ru_RU","og_type":"article","og_title":"International Business Women Forum 2020 - Future trends of business","og_description":"International Business Women Forum 2020 &#8211; Future trends of business &#8211; eveniment inedit organizat \u00een regim online la 21.10.20. Acest eveniment interna\u021bional este organizat de c\u0103tre partenerii no\u0219tri International Business [&hellip;]","og_url":"https:\/\/afam.md\/ru\/event\/international-business-women-forum-2020-future-trends-of-business\/","og_site_name":"AFAM MD","article_publisher":"https:\/\/www.facebook.com\/AFAMMoldova\/","og_image":[{"width":603,"height":585,"url":"https:\/\/afam.md\/wp-content\/uploads\/2024\/10\/21-2-fCw99G.tmp_.jpg","type":"image\/jpeg"}],"twitter_card":"summary_large_image","twitter_misc":{"\u041f\u0440\u0438\u043c\u0435\u0440\u043d\u043e\u0435 \u0432\u0440\u0435\u043c\u044f \u0434\u043b\u044f \u0447\u0442\u0435\u043d\u0438\u044f":"1 \u043c\u0438\u043d\u0443\u0442\u0430"},"schema":{"@context":"https:\/\/schema.org","@graph":[{"@type":"WebPage","@id":"https:\/\/afam.md\/event\/international-business-women-forum-2020-future-trends-of-business\/","url":"https:\/\/afam.md\/event\/international-business-women-forum-2020-future-trends-of-business\/","name":"International Business Women Forum 2020 - Future trends of business - AFAM MD","isPartOf":{"@id":"https:\/\/afam.md\/en\/#website"},"primaryImageOfPage":{"@id":"https:\/\/afam.md\/event\/international-business-women-forum-2020-future-trends-of-business\/#primaryimage"},"image":{"@id":"https:\/\/afam.md\/event\/international-business-women-forum-2020-future-trends-of-business\/#primaryimage"},"thumbnailUrl":"https:\/\/afam.md\/wp-content\/uploads\/2024\/10\/21-2-fCw99G.tmp_.jpg","datePublished":"2024-10-28T20:59:38+00:00","breadcrumb":{"@id":"https:\/\/afam.md\/event\/international-business-women-forum-2020-future-trends-of-business\/#breadcrumb"},"inLanguage":"ru-RU","potentialAction":[{"@type":"ReadAction","target":["https:\/\/afam.md\/event\/international-business-women-forum-2020-future-trends-of-business\/"]}]},{"@type":"ImageObject","inLanguage":"ru-RU","@id":"https:\/\/afam.md\/event\/international-business-women-forum-2020-future-trends-of-business\/#primaryimage","url":"https:\/\/afam.md\/wp-content\/uploads\/2024\/10\/21-2-fCw99G.tmp_.jpg","contentUrl":"https:\/\/afam.md\/wp-content\/uploads\/2024\/10\/21-2-fCw99G.tmp_.jpg","width":603,"height":585},{"@type":"BreadcrumbList","@id":"https:\/\/afam.md\/event\/international-business-women-forum-2020-future-trends-of-business\/#breadcrumb","itemListElement":[{"@type":"ListItem","position":1,"name":"\u0413\u043b\u0430\u0432\u043d\u0430\u044f","item":"https:\/\/afam.md\/"},{"@type":"ListItem","position":2,"name":"Events","item":"https:\/\/afam.md\/en\/eventslist\/"},{"@type":"ListItem","position":3,"name":"International Business Women Forum 2020 &#8211; Future trends of business"}]},{"@type":"WebSite","@id":"https:\/\/afam.md\/en\/#website","url":"https:\/\/afam.md\/en\/","name":"AFAM MD","description":"Asocia\u021bia Femeilor Antreprenoare Din Moldova","publisher":{"@id":"https:\/\/afam.md\/en\/#organization"},"potentialAction":[{"@type":"SearchAction","target":{"@type":"EntryPoint","urlTemplate":"https:\/\/afam.md\/en\/?s={search_term_string}"},"query-input":{"@type":"PropertyValueSpecification","valueRequired":true,"valueName":"search_term_string"}}],"inLanguage":"ru-RU"},{"@type":"Organization","@id":"https:\/\/afam.md\/en\/#organization","name":"Asocia\u021bia Femeilor Antreprenoare Din Moldova","alternateName":"AFAM","url":"https:\/\/afam.md\/en\/","logo":{"@type":"ImageObject","inLanguage":"ru-RU","@id":"https:\/\/afam.md\/en\/#\/schema\/logo\/image\/","url":"https:\/\/afam.md\/wp-content\/uploads\/2024\/11\/logo-blue.svg","contentUrl":"https:\/\/afam.md\/wp-content\/uploads\/2024\/11\/logo-blue.svg","width":1874,"height":650,"caption":"Asocia\u021bia Femeilor Antreprenoare Din Moldova"},"image":{"@id":"https:\/\/afam.md\/en\/#\/schema\/logo\/image\/"},"sameAs":["https:\/\/www.facebook.com\/AFAMMoldova\/","https:\/\/www.instagram.com\/afammoldova\/?hl=en","https:\/\/md.linkedin.com\/in\/afam-moldova-285159174"],"email":"afammoldova@gmail.com","telephone":"(+373) 76 767 670","legalName":"Asocia\u021bia Femeilor Antreprenoare Din Moldova","numberOfEmployees":{"@type":"QuantitativeValue","minValue":"51","maxValue":"200"}}]}},"_links":{"self":[{"href":"https:\/\/afam.md\/ru\/wp-json\/wp\/v2\/tribe_events\/92010","targetHints":{"allow":["GET"]}}],"collection":[{"href":"https:\/\/afam.md\/ru\/wp-json\/wp\/v2\/tribe_events"}],"about":[{"href":"https:\/\/afam.md\/ru\/wp-json\/wp\/v2\/types\/tribe_events"}],"author":[{"embeddable":true,"href":"https:\/\/afam.md\/ru\/wp-json\/wp\/v2\/users\/1"}],"version-history":[{"count":0,"href":"https:\/\/afam.md\/ru\/wp-json\/wp\/v2\/tribe_events\/92010\/revisions"}],"wp:featuredmedia":[{"embeddable":true,"href":"https:\/\/afam.md\/ru\/wp-json\/wp\/v2\/media\/92011"}],"wp:attachment":[{"href":"https:\/\/afam.md\/ru\/wp-json\/wp\/v2\/media?parent=92010"}],"wp:term":[{"taxonomy":"post_tag","embeddable":true,"href":"https:\/\/afam.md\/ru\/wp-json\/wp\/v2\/tags?post=92010"},{"taxonomy":"tribe_events_cat","embeddable":true,"href":"https:\/\/afam.md\/ru\/wp-json\/wp\/v2\/tribe_events_cat?post=92010"}],"curies":[{"name":"wp","href":"https:\/\/api.w.org\/{rel}","templated":true}]}}