{"id":92016,"date":"2024-10-28T22:59:41","date_gmt":"2024-10-28T20:59:41","guid":{"rendered":"https:\/\/afam.md\/event\/lansarea-programului-de-mentorat-in-afaceri-pentru-femei\/"},"modified":"2024-10-28T22:59:41","modified_gmt":"2024-10-28T20:59:41","slug":"lansarea-programului-de-mentorat-in-afaceri-pentru-femei","status":"publish","type":"tribe_events","link":"https:\/\/afam.md\/ru\/event\/lansarea-programului-de-mentorat-in-afaceri-pentru-femei\/","title":{"rendered":"Lansarea Programului de mentorat \u00een afaceri pentru femei!"},"content":{"rendered":"<div class=\"kvgmc6g5 cxmmr5t8 oygrvhab hcukyx3x c1et5uql ii04i59q\">\n<div dir=\"auto\">Criza cauzat\u0103 de COVID-19 a afectat puternic \u00eentreprinderile mici \u0219i mijlocii, iar \u00eempreun\u0103 cu acestea, mii de familii din Republica Moldova au \u00eenfruntat provoc\u0103ri majore, soldate cu pierderea locurilor de munc\u0103, reducerea veniturilor \u0219i sc\u0103derea nivelului de trai.<\/div>\n<\/div>\n<div class=\"cxmmr5t8 oygrvhab hcukyx3x c1et5uql o9v6fnle ii04i59q\">\n<div dir=\"auto\">Impactul negativ se r\u0103sfr\u00e2nge si asupra femeilor, at\u00e2t antreprenoare, c\u00e2t \u0219i angajate, femeile fiind implicate \u00een majoritatea industriilor afectate de COVID-19, cum ar fi: comer\u021bul cu am\u0103nuntul, s\u0103n\u0103tate, turism, HORECA, educa\u021bie \u0219i altele etc.<\/div>\n<\/div>\n<div class=\"cxmmr5t8 oygrvhab hcukyx3x c1et5uql o9v6fnle ii04i59q\">\n<div dir=\"auto\">\u021ain\u00e2nd cont de provoc\u0103rile cu care se confrunt\u0103 femeile la momentul actual, precum si lipsa accesului la finan\u021bare, lipsa re\u021belelor \u0219i a mentorilor, Asocia\u021bia Femeilor Antreprenoare din Moldova cu sus\u021binerea oferit\u0103 de UN Women \u00een Moldova, cu suportul financiar al Suediei lanseaz\u0103 Programul de mentorat \u00een afaceri pentru femei!<\/div>\n<\/div>\n<div class=\"cxmmr5t8 oygrvhab hcukyx3x c1et5uql o9v6fnle ii04i59q\">\n<div dir=\"auto\">Timp de 3 s\u0103pt\u0103m\u00e2ni vom organiza 4 instruiri tematice \u0219i 40 de ore de mentorat individual axate pe urmatoarele domenii:<\/div>\n<div dir=\"auto\">&#8211; Leadership \u00een timp de criz\u0103;<\/div>\n<div dir=\"auto\">&#8211; Management financiar \u0219i strategii de optimizare a costurilor;<\/div>\n<div dir=\"auto\">&#8211; Digitalizare \u0219i afaceri online;<\/div>\n<div dir=\"auto\">&#8211; Construirea rezilien\u021bei personale pentru a performa \u00een afaceri.<\/div>\n<\/div>\n<div class=\"cxmmr5t8 oygrvhab hcukyx3x c1et5uql o9v6fnle ii04i59q\">\n<div dir=\"auto\">Beneficiaz\u0103 de suportul gratuit a 4 mentore cu experien\u021b\u0103 \u0219i \u00eenscrie-te la Program, prin completarea formularului de participare <span class=\"pq6dq46d tbxw36s4 knj5qynh kvgmc6g5 ditlmg2l oygrvhab nvdbi5me sf5mxxl7 gl3lb2sf hhz5lgdu\"><img loading=\"lazy\" decoding=\"async\" src=\"https:\/\/afam.md\/wp-content\/uploads\/2024\/09\/27a1.png\" alt=\"\u27a1\ufe0f\" width=\"16\" height=\"16\" \/><\/span> <a class=\"oajrlxb2 g5ia77u1 qu0x051f esr5mh6w e9989ue4 r7d6kgcz rq0escxv nhd2j8a9 nc684nl6 p7hjln8o kvgmc6g5 cxmmr5t8 oygrvhab hcukyx3x jb3vyjys rz4wbd8a qt6c0cv9 a8nywdso i1ao9s8h esuyzwwr f1sip0of lzcic4wl gpro0wi8 py34i1dx\" role=\"link\" href=\"https:\/\/docs.google.com\/forms\/d\/e\/1FAIpQLScNllZ2EA6gZjE-R3uxRiE_OQh3c7nDlK9PrL5VzuCI_ibSiQ\/viewform?usp=sf_link&amp;fbclid=IwAR29jT37ZqMSpS07kKwPpW73CXzqEEQGREXSz1GvuPhEUDJQ319w7KFRRy8\" target=\"_blank\" rel=\"nofollow noopener\">https:\/\/docs.google.com\/&#8230;\/1FAIpQLScNllZ2EA6&#8230;\/viewform&#8230;<\/a><\/div>\n<\/div>\n","protected":false},"excerpt":{"rendered":"<p>Criza cauzat\u0103 de COVID-19 a afectat puternic \u00eentreprinderile mici \u0219i mijlocii, iar \u00eempreun\u0103 cu acestea, mii de familii din Republica Moldova au \u00eenfruntat provoc\u0103ri majore, soldate cu pierderea locurilor de [&hellip;]<\/p>\n","protected":false},"author":1,"featured_media":92017,"template":"","meta":{"_EventAllDay":false,"_EventTimezone":"Europe\/Chisinau","_EventStartDate":"2020-12-02 13:34:00","_EventEndDate":"2020-12-02 13:34:00","_EventStartDateUTC":"2020-12-02 11:34:00","_EventEndDateUTC":"2020-12-02 11:34:00","_EventShowMap":false,"_EventShowMapLink":false,"_EventURL":"","_EventCost":"","_EventCostDescription":"","_EventCurrencySymbol":"","_EventCurrencyCode":"","_EventCurrencyPosition":"prefix","_EventDateTimeSeparator":"","_EventTimeRangeSeparator":"","_EventOrganizerID":[],"_EventVenueID":[],"_OrganizerEmail":"","_OrganizerPhone":"","_OrganizerWebsite":"","_VenueAddress":"","_VenueCity":"","_VenueCountry":"","_VenueProvince":"","_VenueState":"","_VenueZip":"","_VenuePhone":"","_VenueURL":"","_VenueStateProvince":"","_VenueLat":"","_VenueLng":"","_VenueShowMap":false,"_VenueShowMapLink":false,"_tribe_events_status":"","_tribe_events_status_reason":"","footnotes":""},"tags":[],"tribe_events_cat":[431],"class_list":["post-92016","tribe_events","type-tribe_events","status-publish","has-post-thumbnail","hentry","tribe_events_cat-evenimente","cat_evenimente"],"yoast_head":"<!-- This site is optimized with the Yoast SEO Premium plugin v23.8 (Yoast SEO v25.1) - https:\/\/yoast.com\/wordpress\/plugins\/seo\/ -->\n<title>Lansarea Programului de mentorat \u00een afaceri pentru femei! - AFAM MD<\/title>\n<meta name=\"robots\" content=\"index, follow, max-snippet:-1, max-image-preview:large, max-video-preview:-1\" \/>\n<link rel=\"canonical\" href=\"https:\/\/afam.md\/ru\/event\/lansarea-programului-de-mentorat-in-afaceri-pentru-femei\/\" \/>\n<meta property=\"og:locale\" content=\"ru_RU\" \/>\n<meta property=\"og:type\" content=\"article\" \/>\n<meta property=\"og:title\" content=\"Lansarea Programului de mentorat \u00een afaceri pentru femei!\" \/>\n<meta property=\"og:description\" content=\"Criza cauzat\u0103 de COVID-19 a afectat puternic \u00eentreprinderile mici \u0219i mijlocii, iar \u00eempreun\u0103 cu acestea, mii de familii din Republica Moldova au \u00eenfruntat provoc\u0103ri majore, soldate cu pierderea locurilor de [&hellip;]\" \/>\n<meta property=\"og:url\" content=\"https:\/\/afam.md\/ru\/event\/lansarea-programului-de-mentorat-in-afaceri-pentru-femei\/\" \/>\n<meta property=\"og:site_name\" content=\"AFAM MD\" \/>\n<meta property=\"article:publisher\" content=\"https:\/\/www.facebook.com\/AFAMMoldova\/\" \/>\n<meta property=\"og:image\" content=\"https:\/\/afam.md\/wp-content\/uploads\/2024\/10\/34-2-QAz0wH.tmp_.jpg\" \/>\n\t<meta property=\"og:image:width\" content=\"960\" \/>\n\t<meta property=\"og:image:height\" content=\"540\" \/>\n\t<meta property=\"og:image:type\" content=\"image\/jpeg\" \/>\n<meta name=\"twitter:card\" content=\"summary_large_image\" \/>\n<meta name=\"twitter:label1\" content=\"\u041f\u0440\u0438\u043c\u0435\u0440\u043d\u043e\u0435 \u0432\u0440\u0435\u043c\u044f \u0434\u043b\u044f \u0447\u0442\u0435\u043d\u0438\u044f\" \/>\n\t<meta name=\"twitter:data1\" content=\"1 \u043c\u0438\u043d\u0443\u0442\u0430\" \/>\n<script type=\"application\/ld+json\" class=\"yoast-schema-graph\">{\"@context\":\"https:\/\/schema.org\",\"@graph\":[{\"@type\":\"WebPage\",\"@id\":\"https:\/\/afam.md\/ru\/event\/lansarea-programului-de-mentorat-in-afaceri-pentru-femei\/\",\"url\":\"https:\/\/afam.md\/ru\/event\/lansarea-programului-de-mentorat-in-afaceri-pentru-femei\/\",\"name\":\"Lansarea Programului de mentorat \u00een afaceri pentru femei! - AFAM MD\",\"isPartOf\":{\"@id\":\"https:\/\/afam.md\/en\/#website\"},\"primaryImageOfPage\":{\"@id\":\"https:\/\/afam.md\/ru\/event\/lansarea-programului-de-mentorat-in-afaceri-pentru-femei\/#primaryimage\"},\"image\":{\"@id\":\"https:\/\/afam.md\/ru\/event\/lansarea-programului-de-mentorat-in-afaceri-pentru-femei\/#primaryimage\"},\"thumbnailUrl\":\"https:\/\/afam.md\/wp-content\/uploads\/2024\/10\/34-2-QAz0wH.tmp_.jpg\",\"datePublished\":\"2024-10-28T20:59:41+00:00\",\"breadcrumb\":{\"@id\":\"https:\/\/afam.md\/ru\/event\/lansarea-programului-de-mentorat-in-afaceri-pentru-femei\/#breadcrumb\"},\"inLanguage\":\"ru-RU\",\"potentialAction\":[{\"@type\":\"ReadAction\",\"target\":[\"https:\/\/afam.md\/ru\/event\/lansarea-programului-de-mentorat-in-afaceri-pentru-femei\/\"]}]},{\"@type\":\"ImageObject\",\"inLanguage\":\"ru-RU\",\"@id\":\"https:\/\/afam.md\/ru\/event\/lansarea-programului-de-mentorat-in-afaceri-pentru-femei\/#primaryimage\",\"url\":\"https:\/\/afam.md\/wp-content\/uploads\/2024\/10\/34-2-QAz0wH.tmp_.jpg\",\"contentUrl\":\"https:\/\/afam.md\/wp-content\/uploads\/2024\/10\/34-2-QAz0wH.tmp_.jpg\",\"width\":960,\"height\":540},{\"@type\":\"BreadcrumbList\",\"@id\":\"https:\/\/afam.md\/ru\/event\/lansarea-programului-de-mentorat-in-afaceri-pentru-femei\/#breadcrumb\",\"itemListElement\":[{\"@type\":\"ListItem\",\"position\":1,\"name\":\"\u0413\u043b\u0430\u0432\u043d\u0430\u044f\",\"item\":\"https:\/\/afam.md\/\"},{\"@type\":\"ListItem\",\"position\":2,\"name\":\"Events\",\"item\":\"https:\/\/afam.md\/en\/eventslist\/\"},{\"@type\":\"ListItem\",\"position\":3,\"name\":\"Lansarea Programului de mentorat \u00een afaceri pentru femei!\"}]},{\"@type\":\"WebSite\",\"@id\":\"https:\/\/afam.md\/en\/#website\",\"url\":\"https:\/\/afam.md\/en\/\",\"name\":\"AFAM MD\",\"description\":\"Asocia\u021bia Femeilor Antreprenoare Din Moldova\",\"publisher\":{\"@id\":\"https:\/\/afam.md\/en\/#organization\"},\"potentialAction\":[{\"@type\":\"SearchAction\",\"target\":{\"@type\":\"EntryPoint\",\"urlTemplate\":\"https:\/\/afam.md\/en\/?s={search_term_string}\"},\"query-input\":{\"@type\":\"PropertyValueSpecification\",\"valueRequired\":true,\"valueName\":\"search_term_string\"}}],\"inLanguage\":\"ru-RU\"},{\"@type\":\"Organization\",\"@id\":\"https:\/\/afam.md\/en\/#organization\",\"name\":\"Asocia\u021bia Femeilor Antreprenoare Din Moldova\",\"alternateName\":\"AFAM\",\"url\":\"https:\/\/afam.md\/en\/\",\"logo\":{\"@type\":\"ImageObject\",\"inLanguage\":\"ru-RU\",\"@id\":\"https:\/\/afam.md\/en\/#\/schema\/logo\/image\/\",\"url\":\"https:\/\/afam.md\/wp-content\/uploads\/2024\/11\/logo-blue.svg\",\"contentUrl\":\"https:\/\/afam.md\/wp-content\/uploads\/2024\/11\/logo-blue.svg\",\"width\":1874,\"height\":650,\"caption\":\"Asocia\u021bia Femeilor Antreprenoare Din Moldova\"},\"image\":{\"@id\":\"https:\/\/afam.md\/en\/#\/schema\/logo\/image\/\"},\"sameAs\":[\"https:\/\/www.facebook.com\/AFAMMoldova\/\",\"https:\/\/www.instagram.com\/afammoldova\/?hl=en\",\"https:\/\/md.linkedin.com\/in\/afam-moldova-285159174\"],\"email\":\"afammoldova@gmail.com\",\"telephone\":\"(+373) 76 767 670\",\"legalName\":\"Asocia\u021bia Femeilor Antreprenoare Din Moldova\",\"numberOfEmployees\":{\"@type\":\"QuantitativeValue\",\"minValue\":\"51\",\"maxValue\":\"200\"}}]}<\/script>\n<!-- \/ Yoast SEO Premium plugin. -->","yoast_head_json":{"title":"Lansarea Programului de mentorat \u00een afaceri pentru femei! - AFAM MD","robots":{"index":"index","follow":"follow","max-snippet":"max-snippet:-1","max-image-preview":"max-image-preview:large","max-video-preview":"max-video-preview:-1"},"canonical":"https:\/\/afam.md\/ru\/event\/lansarea-programului-de-mentorat-in-afaceri-pentru-femei\/","og_locale":"ru_RU","og_type":"article","og_title":"Lansarea Programului de mentorat \u00een afaceri pentru femei!","og_description":"Criza cauzat\u0103 de COVID-19 a afectat puternic \u00eentreprinderile mici \u0219i mijlocii, iar \u00eempreun\u0103 cu acestea, mii de familii din Republica Moldova au \u00eenfruntat provoc\u0103ri majore, soldate cu pierderea locurilor de [&hellip;]","og_url":"https:\/\/afam.md\/ru\/event\/lansarea-programului-de-mentorat-in-afaceri-pentru-femei\/","og_site_name":"AFAM MD","article_publisher":"https:\/\/www.facebook.com\/AFAMMoldova\/","og_image":[{"width":960,"height":540,"url":"https:\/\/afam.md\/wp-content\/uploads\/2024\/10\/34-2-QAz0wH.tmp_.jpg","type":"image\/jpeg"}],"twitter_card":"summary_large_image","twitter_misc":{"\u041f\u0440\u0438\u043c\u0435\u0440\u043d\u043e\u0435 \u0432\u0440\u0435\u043c\u044f \u0434\u043b\u044f \u0447\u0442\u0435\u043d\u0438\u044f":"1 \u043c\u0438\u043d\u0443\u0442\u0430"},"schema":{"@context":"https:\/\/schema.org","@graph":[{"@type":"WebPage","@id":"https:\/\/afam.md\/ru\/event\/lansarea-programului-de-mentorat-in-afaceri-pentru-femei\/","url":"https:\/\/afam.md\/ru\/event\/lansarea-programului-de-mentorat-in-afaceri-pentru-femei\/","name":"Lansarea Programului de mentorat \u00een afaceri pentru femei! - AFAM MD","isPartOf":{"@id":"https:\/\/afam.md\/en\/#website"},"primaryImageOfPage":{"@id":"https:\/\/afam.md\/ru\/event\/lansarea-programului-de-mentorat-in-afaceri-pentru-femei\/#primaryimage"},"image":{"@id":"https:\/\/afam.md\/ru\/event\/lansarea-programului-de-mentorat-in-afaceri-pentru-femei\/#primaryimage"},"thumbnailUrl":"https:\/\/afam.md\/wp-content\/uploads\/2024\/10\/34-2-QAz0wH.tmp_.jpg","datePublished":"2024-10-28T20:59:41+00:00","breadcrumb":{"@id":"https:\/\/afam.md\/ru\/event\/lansarea-programului-de-mentorat-in-afaceri-pentru-femei\/#breadcrumb"},"inLanguage":"ru-RU","potentialAction":[{"@type":"ReadAction","target":["https:\/\/afam.md\/ru\/event\/lansarea-programului-de-mentorat-in-afaceri-pentru-femei\/"]}]},{"@type":"ImageObject","inLanguage":"ru-RU","@id":"https:\/\/afam.md\/ru\/event\/lansarea-programului-de-mentorat-in-afaceri-pentru-femei\/#primaryimage","url":"https:\/\/afam.md\/wp-content\/uploads\/2024\/10\/34-2-QAz0wH.tmp_.jpg","contentUrl":"https:\/\/afam.md\/wp-content\/uploads\/2024\/10\/34-2-QAz0wH.tmp_.jpg","width":960,"height":540},{"@type":"BreadcrumbList","@id":"https:\/\/afam.md\/ru\/event\/lansarea-programului-de-mentorat-in-afaceri-pentru-femei\/#breadcrumb","itemListElement":[{"@type":"ListItem","position":1,"name":"\u0413\u043b\u0430\u0432\u043d\u0430\u044f","item":"https:\/\/afam.md\/"},{"@type":"ListItem","position":2,"name":"Events","item":"https:\/\/afam.md\/en\/eventslist\/"},{"@type":"ListItem","position":3,"name":"Lansarea Programului de mentorat \u00een afaceri pentru femei!"}]},{"@type":"WebSite","@id":"https:\/\/afam.md\/en\/#website","url":"https:\/\/afam.md\/en\/","name":"AFAM MD","description":"Asocia\u021bia Femeilor Antreprenoare Din Moldova","publisher":{"@id":"https:\/\/afam.md\/en\/#organization"},"potentialAction":[{"@type":"SearchAction","target":{"@type":"EntryPoint","urlTemplate":"https:\/\/afam.md\/en\/?s={search_term_string}"},"query-input":{"@type":"PropertyValueSpecification","valueRequired":true,"valueName":"search_term_string"}}],"inLanguage":"ru-RU"},{"@type":"Organization","@id":"https:\/\/afam.md\/en\/#organization","name":"Asocia\u021bia Femeilor Antreprenoare Din Moldova","alternateName":"AFAM","url":"https:\/\/afam.md\/en\/","logo":{"@type":"ImageObject","inLanguage":"ru-RU","@id":"https:\/\/afam.md\/en\/#\/schema\/logo\/image\/","url":"https:\/\/afam.md\/wp-content\/uploads\/2024\/11\/logo-blue.svg","contentUrl":"https:\/\/afam.md\/wp-content\/uploads\/2024\/11\/logo-blue.svg","width":1874,"height":650,"caption":"Asocia\u021bia Femeilor Antreprenoare Din Moldova"},"image":{"@id":"https:\/\/afam.md\/en\/#\/schema\/logo\/image\/"},"sameAs":["https:\/\/www.facebook.com\/AFAMMoldova\/","https:\/\/www.instagram.com\/afammoldova\/?hl=en","https:\/\/md.linkedin.com\/in\/afam-moldova-285159174"],"email":"afammoldova@gmail.com","telephone":"(+373) 76 767 670","legalName":"Asocia\u021bia Femeilor Antreprenoare Din Moldova","numberOfEmployees":{"@type":"QuantitativeValue","minValue":"51","maxValue":"200"}}]}},"_links":{"self":[{"href":"https:\/\/afam.md\/ru\/wp-json\/wp\/v2\/tribe_events\/92016","targetHints":{"allow":["GET"]}}],"collection":[{"href":"https:\/\/afam.md\/ru\/wp-json\/wp\/v2\/tribe_events"}],"about":[{"href":"https:\/\/afam.md\/ru\/wp-json\/wp\/v2\/types\/tribe_events"}],"author":[{"embeddable":true,"href":"https:\/\/afam.md\/ru\/wp-json\/wp\/v2\/users\/1"}],"version-history":[{"count":0,"href":"https:\/\/afam.md\/ru\/wp-json\/wp\/v2\/tribe_events\/92016\/revisions"}],"wp:featuredmedia":[{"embeddable":true,"href":"https:\/\/afam.md\/ru\/wp-json\/wp\/v2\/media\/92017"}],"wp:attachment":[{"href":"https:\/\/afam.md\/ru\/wp-json\/wp\/v2\/media?parent=92016"}],"wp:term":[{"taxonomy":"post_tag","embeddable":true,"href":"https:\/\/afam.md\/ru\/wp-json\/wp\/v2\/tags?post=92016"},{"taxonomy":"tribe_events_cat","embeddable":true,"href":"https:\/\/afam.md\/ru\/wp-json\/wp\/v2\/tribe_events_cat?post=92016"}],"curies":[{"name":"wp","href":"https:\/\/api.w.org\/{rel}","templated":true}]}}