{"id":92021,"date":"2024-10-28T23:00:12","date_gmt":"2024-10-28T21:00:12","guid":{"rendered":"https:\/\/afam.md\/event\/no-10-training-wegrow-in-ungheni-cu-svetlana-bodaci\/"},"modified":"2024-10-28T23:00:12","modified_gmt":"2024-10-28T21:00:12","slug":"no-10-training-wegrow-in-ungheni-cu-svetlana-bodaci","status":"publish","type":"tribe_events","link":"https:\/\/afam.md\/ru\/event\/no-10-training-wegrow-in-ungheni-cu-svetlana-bodaci\/","title":{"rendered":"No. 10 Training WeGrow \u00een Ungheni cu Svetlana Bodaci"},"content":{"rendered":"<div class=\"kvgmc6g5 cxmmr5t8 oygrvhab hcukyx3x c1et5uql\">De-a lungul timpului, conceptul de management al resurselor umane a avut numeroase modific\u0103ri, sau complet\u0103ri, \u00eentruc\u00e2t domeniul resurselor umane este \u00eentr-o continu\u0103 dinamic\u0103.<\/div>\n<div class=\"cxmmr5t8 oygrvhab hcukyx3x c1et5uql o9v6fnle\">C\u00e2nd vorbim defapt despre managementul resurselor umane, ne referim la o serie de activit\u0103\u021bi realizate la nivelul organiza\u021biei \u0219i care permit utilizarea eficient\u0103 a capitalului uman, pentru atingerea scopurilor \u0219i misiunii organiza\u021biei, dar \u0219i cele individuale, aferente fiec\u0103rui angajat. Toate aceste procese sunt esen\u021biale pentru succesul oric\u0103rei companii.<\/div>\n<div class=\"cxmmr5t8 oygrvhab hcukyx3x c1et5uql o9v6fnle\">\u00cen webinarul AFAM We Grow &#8211; Managementul resurselor umane ne-am propus s\u0103 explic\u0103m importan\u021ba crucial\u0103 la nivel organiza\u021bional \u0219i personal, care sunt tipurile de activit\u0103\u021bi specifice departamentului de resurse umane \u0219i unui manager de resurse umane \u0219i tehnici cheie de delegare \u0219i motivare a echipei.<\/div>\n<div class=\"cxmmr5t8 oygrvhab hcukyx3x c1et5uql o9v6fnle\">Evenimentul este organizat vineri, 26.06.20, ora 18.00, \u00een cadrul proiectului We Grow, cu sus\u021binerea financiar\u0103 a Ambasadei SUA \u0219i implementat cu suportul\u00a0<a class=\"oajrlxb2 g5ia77u1 qu0x051f esr5mh6w e9989ue4 r7d6kgcz rq0escxv nhd2j8a9 nc684nl6 p7hjln8o kvgmc6g5 cxmmr5t8 oygrvhab hcukyx3x jb3vyjys rz4wbd8a qt6c0cv9 a8nywdso i1ao9s8h esuyzwwr f1sip0of lzcic4wl gpro0wi8 oo9gr5id lrazzd5p\" role=\"link\" href=\"https:\/\/www.facebook.com\/Asociatia-Obsteasca-Pentru-Copii-Si-Tineret-Faclia-446980415332960\/?__cft__[0]=AZUr_DFHXJRk5yAhaQB2xXT6b9TIcDhtsDqtYc6Imo0byuXuk_5bjGyc_6brZMVNyB3lUB7xs_ScM8OH3Gi98HNK_3gIV93tsUwrpWmFYgeIU0sdn8pK_Bw1g2RS-Q9-AsmKzsPfehDT7dz0Bp0ovJ74&amp;__tn__=q\"><span class=\"nc684nl6\">Asociatia Obsteasca Pentru Copii Si Tineret &#8216;Faclia&#8217;<\/span><\/a>, realizat de c\u0103tre Svetlana Bodaci, Director resurse umane a companiei Moldcell.<\/div>\n<div class=\"cxmmr5t8 oygrvhab hcukyx3x c1et5uql o9v6fnle\">Invit\u0103m toate doamnele s\u0103 participe \u00een cadrul acestui training online prin transmiterea unui mesaj la adresa afammoldova@gmail.com \u0219i noi vom remite linkul de acces la eveniment.<\/div>\n","protected":false},"excerpt":{"rendered":"<p>De-a lungul timpului, conceptul de management al resurselor umane a avut numeroase modific\u0103ri, sau complet\u0103ri, \u00eentruc\u00e2t domeniul resurselor umane este \u00eentr-o continu\u0103 dinamic\u0103. C\u00e2nd vorbim defapt despre managementul resurselor umane, [&hellip;]<\/p>\n","protected":false},"author":1,"featured_media":92022,"template":"","meta":{"_EventAllDay":false,"_EventTimezone":"Europe\/Chisinau","_EventStartDate":"2020-06-24 11:05:00","_EventEndDate":"2020-06-24 11:05:00","_EventStartDateUTC":"2020-06-24 08:05:00","_EventEndDateUTC":"2020-06-24 08:05:00","_EventShowMap":false,"_EventShowMapLink":false,"_EventURL":"","_EventCost":"","_EventCostDescription":"","_EventCurrencySymbol":"","_EventCurrencyCode":"","_EventCurrencyPosition":"prefix","_EventDateTimeSeparator":"","_EventTimeRangeSeparator":"","_EventOrganizerID":[],"_EventVenueID":[],"_OrganizerEmail":"","_OrganizerPhone":"","_OrganizerWebsite":"","_VenueAddress":"","_VenueCity":"","_VenueCountry":"","_VenueProvince":"","_VenueState":"","_VenueZip":"","_VenuePhone":"","_VenueURL":"","_VenueStateProvince":"","_VenueLat":"","_VenueLng":"","_VenueShowMap":false,"_VenueShowMapLink":false,"_tribe_events_status":"","_tribe_events_status_reason":"","footnotes":""},"tags":[],"tribe_events_cat":[431],"class_list":["post-92021","tribe_events","type-tribe_events","status-publish","has-post-thumbnail","hentry","tribe_events_cat-evenimente","cat_evenimente"],"yoast_head":"<!-- This site is optimized with the Yoast SEO Premium plugin v23.8 (Yoast SEO v25.1) - https:\/\/yoast.com\/wordpress\/plugins\/seo\/ -->\n<title>No. 10 Training WeGrow \u00een Ungheni cu Svetlana Bodaci - AFAM MD<\/title>\n<meta name=\"robots\" content=\"index, follow, max-snippet:-1, max-image-preview:large, max-video-preview:-1\" \/>\n<link rel=\"canonical\" href=\"https:\/\/afam.md\/ru\/event\/no-10-training-wegrow-in-ungheni-cu-svetlana-bodaci\/\" \/>\n<meta property=\"og:locale\" content=\"ru_RU\" \/>\n<meta property=\"og:type\" content=\"article\" \/>\n<meta property=\"og:title\" content=\"No. 10 Training WeGrow \u00een Ungheni cu Svetlana Bodaci\" \/>\n<meta property=\"og:description\" content=\"De-a lungul timpului, conceptul de management al resurselor umane a avut numeroase modific\u0103ri, sau complet\u0103ri, \u00eentruc\u00e2t domeniul resurselor umane este \u00eentr-o continu\u0103 dinamic\u0103. C\u00e2nd vorbim defapt despre managementul resurselor umane, [&hellip;]\" \/>\n<meta property=\"og:url\" content=\"https:\/\/afam.md\/ru\/event\/no-10-training-wegrow-in-ungheni-cu-svetlana-bodaci\/\" \/>\n<meta property=\"og:site_name\" content=\"AFAM MD\" \/>\n<meta property=\"article:publisher\" content=\"https:\/\/www.facebook.com\/AFAMMoldova\/\" \/>\n<meta property=\"og:image\" content=\"https:\/\/afam.md\/wp-content\/uploads\/2024\/10\/8-2-PcUtAo.tmp_.jpg\" \/>\n\t<meta property=\"og:image:width\" content=\"1640\" \/>\n\t<meta property=\"og:image:height\" content=\"856\" \/>\n\t<meta property=\"og:image:type\" content=\"image\/jpeg\" \/>\n<meta name=\"twitter:card\" content=\"summary_large_image\" \/>\n<meta name=\"twitter:label1\" content=\"\u041f\u0440\u0438\u043c\u0435\u0440\u043d\u043e\u0435 \u0432\u0440\u0435\u043c\u044f \u0434\u043b\u044f \u0447\u0442\u0435\u043d\u0438\u044f\" \/>\n\t<meta name=\"twitter:data1\" content=\"1 \u043c\u0438\u043d\u0443\u0442\u0430\" \/>\n<script type=\"application\/ld+json\" class=\"yoast-schema-graph\">{\"@context\":\"https:\/\/schema.org\",\"@graph\":[{\"@type\":\"WebPage\",\"@id\":\"https:\/\/afam.md\/event\/no-10-training-wegrow-in-ungheni-cu-svetlana-bodaci\/\",\"url\":\"https:\/\/afam.md\/event\/no-10-training-wegrow-in-ungheni-cu-svetlana-bodaci\/\",\"name\":\"No. 10 Training WeGrow \u00een Ungheni cu Svetlana Bodaci - AFAM MD\",\"isPartOf\":{\"@id\":\"https:\/\/afam.md\/en\/#website\"},\"primaryImageOfPage\":{\"@id\":\"https:\/\/afam.md\/event\/no-10-training-wegrow-in-ungheni-cu-svetlana-bodaci\/#primaryimage\"},\"image\":{\"@id\":\"https:\/\/afam.md\/event\/no-10-training-wegrow-in-ungheni-cu-svetlana-bodaci\/#primaryimage\"},\"thumbnailUrl\":\"https:\/\/afam.md\/wp-content\/uploads\/2024\/10\/8-2-PcUtAo.tmp_.jpg\",\"datePublished\":\"2024-10-28T21:00:12+00:00\",\"breadcrumb\":{\"@id\":\"https:\/\/afam.md\/event\/no-10-training-wegrow-in-ungheni-cu-svetlana-bodaci\/#breadcrumb\"},\"inLanguage\":\"ru-RU\",\"potentialAction\":[{\"@type\":\"ReadAction\",\"target\":[\"https:\/\/afam.md\/event\/no-10-training-wegrow-in-ungheni-cu-svetlana-bodaci\/\"]}]},{\"@type\":\"ImageObject\",\"inLanguage\":\"ru-RU\",\"@id\":\"https:\/\/afam.md\/event\/no-10-training-wegrow-in-ungheni-cu-svetlana-bodaci\/#primaryimage\",\"url\":\"https:\/\/afam.md\/wp-content\/uploads\/2024\/10\/8-2-PcUtAo.tmp_.jpg\",\"contentUrl\":\"https:\/\/afam.md\/wp-content\/uploads\/2024\/10\/8-2-PcUtAo.tmp_.jpg\",\"width\":1640,\"height\":856},{\"@type\":\"BreadcrumbList\",\"@id\":\"https:\/\/afam.md\/event\/no-10-training-wegrow-in-ungheni-cu-svetlana-bodaci\/#breadcrumb\",\"itemListElement\":[{\"@type\":\"ListItem\",\"position\":1,\"name\":\"\u0413\u043b\u0430\u0432\u043d\u0430\u044f\",\"item\":\"https:\/\/afam.md\/\"},{\"@type\":\"ListItem\",\"position\":2,\"name\":\"Events\",\"item\":\"https:\/\/afam.md\/en\/eventslist\/\"},{\"@type\":\"ListItem\",\"position\":3,\"name\":\"No. 10 Training WeGrow \u00een Ungheni cu Svetlana Bodaci\"}]},{\"@type\":\"WebSite\",\"@id\":\"https:\/\/afam.md\/en\/#website\",\"url\":\"https:\/\/afam.md\/en\/\",\"name\":\"AFAM MD\",\"description\":\"Asocia\u021bia Femeilor Antreprenoare Din Moldova\",\"publisher\":{\"@id\":\"https:\/\/afam.md\/en\/#organization\"},\"potentialAction\":[{\"@type\":\"SearchAction\",\"target\":{\"@type\":\"EntryPoint\",\"urlTemplate\":\"https:\/\/afam.md\/en\/?s={search_term_string}\"},\"query-input\":{\"@type\":\"PropertyValueSpecification\",\"valueRequired\":true,\"valueName\":\"search_term_string\"}}],\"inLanguage\":\"ru-RU\"},{\"@type\":\"Organization\",\"@id\":\"https:\/\/afam.md\/en\/#organization\",\"name\":\"Asocia\u021bia Femeilor Antreprenoare Din Moldova\",\"alternateName\":\"AFAM\",\"url\":\"https:\/\/afam.md\/en\/\",\"logo\":{\"@type\":\"ImageObject\",\"inLanguage\":\"ru-RU\",\"@id\":\"https:\/\/afam.md\/en\/#\/schema\/logo\/image\/\",\"url\":\"https:\/\/afam.md\/wp-content\/uploads\/2024\/11\/logo-blue.svg\",\"contentUrl\":\"https:\/\/afam.md\/wp-content\/uploads\/2024\/11\/logo-blue.svg\",\"width\":1874,\"height\":650,\"caption\":\"Asocia\u021bia Femeilor Antreprenoare Din Moldova\"},\"image\":{\"@id\":\"https:\/\/afam.md\/en\/#\/schema\/logo\/image\/\"},\"sameAs\":[\"https:\/\/www.facebook.com\/AFAMMoldova\/\",\"https:\/\/www.instagram.com\/afammoldova\/?hl=en\",\"https:\/\/md.linkedin.com\/in\/afam-moldova-285159174\"],\"email\":\"afammoldova@gmail.com\",\"telephone\":\"(+373) 76 767 670\",\"legalName\":\"Asocia\u021bia Femeilor Antreprenoare Din Moldova\",\"numberOfEmployees\":{\"@type\":\"QuantitativeValue\",\"minValue\":\"51\",\"maxValue\":\"200\"}}]}<\/script>\n<!-- \/ Yoast SEO Premium plugin. -->","yoast_head_json":{"title":"No. 10 Training WeGrow \u00een Ungheni cu Svetlana Bodaci - AFAM MD","robots":{"index":"index","follow":"follow","max-snippet":"max-snippet:-1","max-image-preview":"max-image-preview:large","max-video-preview":"max-video-preview:-1"},"canonical":"https:\/\/afam.md\/ru\/event\/no-10-training-wegrow-in-ungheni-cu-svetlana-bodaci\/","og_locale":"ru_RU","og_type":"article","og_title":"No. 10 Training WeGrow \u00een Ungheni cu Svetlana Bodaci","og_description":"De-a lungul timpului, conceptul de management al resurselor umane a avut numeroase modific\u0103ri, sau complet\u0103ri, \u00eentruc\u00e2t domeniul resurselor umane este \u00eentr-o continu\u0103 dinamic\u0103. C\u00e2nd vorbim defapt despre managementul resurselor umane, [&hellip;]","og_url":"https:\/\/afam.md\/ru\/event\/no-10-training-wegrow-in-ungheni-cu-svetlana-bodaci\/","og_site_name":"AFAM MD","article_publisher":"https:\/\/www.facebook.com\/AFAMMoldova\/","og_image":[{"width":1640,"height":856,"url":"https:\/\/afam.md\/wp-content\/uploads\/2024\/10\/8-2-PcUtAo.tmp_.jpg","type":"image\/jpeg"}],"twitter_card":"summary_large_image","twitter_misc":{"\u041f\u0440\u0438\u043c\u0435\u0440\u043d\u043e\u0435 \u0432\u0440\u0435\u043c\u044f \u0434\u043b\u044f \u0447\u0442\u0435\u043d\u0438\u044f":"1 \u043c\u0438\u043d\u0443\u0442\u0430"},"schema":{"@context":"https:\/\/schema.org","@graph":[{"@type":"WebPage","@id":"https:\/\/afam.md\/event\/no-10-training-wegrow-in-ungheni-cu-svetlana-bodaci\/","url":"https:\/\/afam.md\/event\/no-10-training-wegrow-in-ungheni-cu-svetlana-bodaci\/","name":"No. 10 Training WeGrow \u00een Ungheni cu Svetlana Bodaci - AFAM MD","isPartOf":{"@id":"https:\/\/afam.md\/en\/#website"},"primaryImageOfPage":{"@id":"https:\/\/afam.md\/event\/no-10-training-wegrow-in-ungheni-cu-svetlana-bodaci\/#primaryimage"},"image":{"@id":"https:\/\/afam.md\/event\/no-10-training-wegrow-in-ungheni-cu-svetlana-bodaci\/#primaryimage"},"thumbnailUrl":"https:\/\/afam.md\/wp-content\/uploads\/2024\/10\/8-2-PcUtAo.tmp_.jpg","datePublished":"2024-10-28T21:00:12+00:00","breadcrumb":{"@id":"https:\/\/afam.md\/event\/no-10-training-wegrow-in-ungheni-cu-svetlana-bodaci\/#breadcrumb"},"inLanguage":"ru-RU","potentialAction":[{"@type":"ReadAction","target":["https:\/\/afam.md\/event\/no-10-training-wegrow-in-ungheni-cu-svetlana-bodaci\/"]}]},{"@type":"ImageObject","inLanguage":"ru-RU","@id":"https:\/\/afam.md\/event\/no-10-training-wegrow-in-ungheni-cu-svetlana-bodaci\/#primaryimage","url":"https:\/\/afam.md\/wp-content\/uploads\/2024\/10\/8-2-PcUtAo.tmp_.jpg","contentUrl":"https:\/\/afam.md\/wp-content\/uploads\/2024\/10\/8-2-PcUtAo.tmp_.jpg","width":1640,"height":856},{"@type":"BreadcrumbList","@id":"https:\/\/afam.md\/event\/no-10-training-wegrow-in-ungheni-cu-svetlana-bodaci\/#breadcrumb","itemListElement":[{"@type":"ListItem","position":1,"name":"\u0413\u043b\u0430\u0432\u043d\u0430\u044f","item":"https:\/\/afam.md\/"},{"@type":"ListItem","position":2,"name":"Events","item":"https:\/\/afam.md\/en\/eventslist\/"},{"@type":"ListItem","position":3,"name":"No. 10 Training WeGrow \u00een Ungheni cu Svetlana Bodaci"}]},{"@type":"WebSite","@id":"https:\/\/afam.md\/en\/#website","url":"https:\/\/afam.md\/en\/","name":"AFAM MD","description":"Asocia\u021bia Femeilor Antreprenoare Din Moldova","publisher":{"@id":"https:\/\/afam.md\/en\/#organization"},"potentialAction":[{"@type":"SearchAction","target":{"@type":"EntryPoint","urlTemplate":"https:\/\/afam.md\/en\/?s={search_term_string}"},"query-input":{"@type":"PropertyValueSpecification","valueRequired":true,"valueName":"search_term_string"}}],"inLanguage":"ru-RU"},{"@type":"Organization","@id":"https:\/\/afam.md\/en\/#organization","name":"Asocia\u021bia Femeilor Antreprenoare Din Moldova","alternateName":"AFAM","url":"https:\/\/afam.md\/en\/","logo":{"@type":"ImageObject","inLanguage":"ru-RU","@id":"https:\/\/afam.md\/en\/#\/schema\/logo\/image\/","url":"https:\/\/afam.md\/wp-content\/uploads\/2024\/11\/logo-blue.svg","contentUrl":"https:\/\/afam.md\/wp-content\/uploads\/2024\/11\/logo-blue.svg","width":1874,"height":650,"caption":"Asocia\u021bia Femeilor Antreprenoare Din Moldova"},"image":{"@id":"https:\/\/afam.md\/en\/#\/schema\/logo\/image\/"},"sameAs":["https:\/\/www.facebook.com\/AFAMMoldova\/","https:\/\/www.instagram.com\/afammoldova\/?hl=en","https:\/\/md.linkedin.com\/in\/afam-moldova-285159174"],"email":"afammoldova@gmail.com","telephone":"(+373) 76 767 670","legalName":"Asocia\u021bia Femeilor Antreprenoare Din Moldova","numberOfEmployees":{"@type":"QuantitativeValue","minValue":"51","maxValue":"200"}}]}},"_links":{"self":[{"href":"https:\/\/afam.md\/ru\/wp-json\/wp\/v2\/tribe_events\/92021","targetHints":{"allow":["GET"]}}],"collection":[{"href":"https:\/\/afam.md\/ru\/wp-json\/wp\/v2\/tribe_events"}],"about":[{"href":"https:\/\/afam.md\/ru\/wp-json\/wp\/v2\/types\/tribe_events"}],"author":[{"embeddable":true,"href":"https:\/\/afam.md\/ru\/wp-json\/wp\/v2\/users\/1"}],"version-history":[{"count":0,"href":"https:\/\/afam.md\/ru\/wp-json\/wp\/v2\/tribe_events\/92021\/revisions"}],"wp:featuredmedia":[{"embeddable":true,"href":"https:\/\/afam.md\/ru\/wp-json\/wp\/v2\/media\/92022"}],"wp:attachment":[{"href":"https:\/\/afam.md\/ru\/wp-json\/wp\/v2\/media?parent=92021"}],"wp:term":[{"taxonomy":"post_tag","embeddable":true,"href":"https:\/\/afam.md\/ru\/wp-json\/wp\/v2\/tags?post=92021"},{"taxonomy":"tribe_events_cat","embeddable":true,"href":"https:\/\/afam.md\/ru\/wp-json\/wp\/v2\/tribe_events_cat?post=92021"}],"curies":[{"name":"wp","href":"https:\/\/api.w.org\/{rel}","templated":true}]}}