{"id":92023,"date":"2024-10-28T23:00:13","date_gmt":"2024-10-28T21:00:13","guid":{"rendered":"https:\/\/afam.md\/event\/afam-business-suport-horeca-post-criza\/"},"modified":"2024-10-28T23:00:13","modified_gmt":"2024-10-28T21:00:13","slug":"afam-business-suport-horeca-post-criza","status":"publish","type":"tribe_events","link":"https:\/\/afam.md\/ru\/event\/afam-business-suport-horeca-post-criza\/","title":{"rendered":"AFAM Business Suport: HoReCa post criz\u0103"},"content":{"rendered":"<div class=\"kvgmc6g5 cxmmr5t8 oygrvhab hcukyx3x c1et5uql\">Cum trece de criz\u0103 HORECA?<\/div>\n<div class=\"cxmmr5t8 oygrvhab hcukyx3x c1et5uql o9v6fnle\">Protejarea s\u0103n\u0103t\u0103\u021bii persoanelor r\u0103m\u00e2ne a fi o prioritate la nivel na\u021bional, dar totodat\u0103, ne \u00eentreb\u0103m cum se descurc\u0103 restaurantele \u0219i alte afaceri din HORECA \u00een criz\u0103 \u0219i reu\u0219esc s\u0103 fac\u0103 fa\u021b\u0103 restric\u021biilor impuse.<\/div>\n<div class=\"cxmmr5t8 oygrvhab hcukyx3x c1et5uql o9v6fnle\">Ne dorim sa \u0219ti\u021bi c\u0103 suntem al\u0103turi de voi \u00een aceast\u0103 perioad\u0103 deosebit de dificil\u0103 \u0219i vrem s\u0103 v\u0103 sus\u021binem prin organizarea evenimentului AFAM Business Suport: HoReCa post criz\u0103, care va avea loc Joi, 02 iulie, ora 15.00 cu participarea domnului Alexei Mironov, fondator al holdingului de restaurante \u00ab\u041c\u0430\u044f\u043a 13\u00bb.\u00een Federa\u021bia Rus\u0103 \u0219i doamnei Oxana Romanscaia, CEO \u0219i Fondator Gastrobar, \u00een regim online pe platforma zoom.us.<\/div>\n<div class=\"cxmmr5t8 oygrvhab hcukyx3x c1et5uql o9v6fnle\">V\u0103 invit\u0103m online \u00een cadrul evenimentului destinat unui schimb de bune practici interna\u021bionale \u0219i solu\u021bii pertinente aferent HoReCa.<\/div>\n<div class=\"cxmmr5t8 oygrvhab hcukyx3x c1et5uql o9v6fnle\">Evenimentul este deschis \u0219i va fi \u00een limba rus\u0103, iar participarea va avea loc prin confirmarea prezen\u021ba p\u00e2n\u0103 pe 02 iulie 2020, ora 11.00 la adresa afammoldova@gmail.com \u0219i noi vom remite linkul de acces la eveniment.<\/div>\n","protected":false},"excerpt":{"rendered":"<p>Cum trece de criz\u0103 HORECA? Protejarea s\u0103n\u0103t\u0103\u021bii persoanelor r\u0103m\u00e2ne a fi o prioritate la nivel na\u021bional, dar totodat\u0103, ne \u00eentreb\u0103m cum se descurc\u0103 restaurantele \u0219i alte afaceri din HORECA \u00een [&hellip;]<\/p>\n","protected":false},"author":1,"featured_media":92024,"template":"","meta":{"_EventAllDay":false,"_EventTimezone":"Europe\/Chisinau","_EventStartDate":"2020-07-01 11:09:00","_EventEndDate":"2020-07-01 11:09:00","_EventStartDateUTC":"2020-07-01 08:09:00","_EventEndDateUTC":"2020-07-01 08:09:00","_EventShowMap":false,"_EventShowMapLink":false,"_EventURL":"","_EventCost":"","_EventCostDescription":"","_EventCurrencySymbol":"","_EventCurrencyCode":"","_EventCurrencyPosition":"prefix","_EventDateTimeSeparator":"","_EventTimeRangeSeparator":"","_EventOrganizerID":[],"_EventVenueID":[],"_OrganizerEmail":"","_OrganizerPhone":"","_OrganizerWebsite":"","_VenueAddress":"","_VenueCity":"","_VenueCountry":"","_VenueProvince":"","_VenueState":"","_VenueZip":"","_VenuePhone":"","_VenueURL":"","_VenueStateProvince":"","_VenueLat":"","_VenueLng":"","_VenueShowMap":false,"_VenueShowMapLink":false,"_tribe_events_status":"","_tribe_events_status_reason":"","footnotes":""},"tags":[],"tribe_events_cat":[431],"class_list":["post-92023","tribe_events","type-tribe_events","status-publish","has-post-thumbnail","hentry","tribe_events_cat-evenimente","cat_evenimente"],"yoast_head":"<!-- This site is optimized with the Yoast SEO Premium plugin v23.8 (Yoast SEO v25.1) - https:\/\/yoast.com\/wordpress\/plugins\/seo\/ -->\n<title>AFAM Business Suport: HoReCa post criz\u0103 - AFAM MD<\/title>\n<meta name=\"robots\" content=\"index, follow, max-snippet:-1, max-image-preview:large, max-video-preview:-1\" \/>\n<link rel=\"canonical\" href=\"https:\/\/afam.md\/ru\/event\/afam-business-suport-horeca-post-criza\/\" \/>\n<meta property=\"og:locale\" content=\"ru_RU\" \/>\n<meta property=\"og:type\" content=\"article\" \/>\n<meta property=\"og:title\" content=\"AFAM Business Suport: HoReCa post criz\u0103\" \/>\n<meta property=\"og:description\" content=\"Cum trece de criz\u0103 HORECA? Protejarea s\u0103n\u0103t\u0103\u021bii persoanelor r\u0103m\u00e2ne a fi o prioritate la nivel na\u021bional, dar totodat\u0103, ne \u00eentreb\u0103m cum se descurc\u0103 restaurantele \u0219i alte afaceri din HORECA \u00een [&hellip;]\" \/>\n<meta property=\"og:url\" content=\"https:\/\/afam.md\/ru\/event\/afam-business-suport-horeca-post-criza\/\" \/>\n<meta property=\"og:site_name\" content=\"AFAM MD\" \/>\n<meta property=\"article:publisher\" content=\"https:\/\/www.facebook.com\/AFAMMoldova\/\" \/>\n<meta property=\"og:image\" content=\"https:\/\/afam.md\/wp-content\/uploads\/2024\/10\/9-2-k6xAH6.tmp_.jpg\" \/>\n\t<meta property=\"og:image:width\" content=\"1640\" \/>\n\t<meta property=\"og:image:height\" content=\"856\" \/>\n\t<meta property=\"og:image:type\" content=\"image\/jpeg\" \/>\n<meta name=\"twitter:card\" content=\"summary_large_image\" \/>\n<meta name=\"twitter:label1\" content=\"\u041f\u0440\u0438\u043c\u0435\u0440\u043d\u043e\u0435 \u0432\u0440\u0435\u043c\u044f \u0434\u043b\u044f \u0447\u0442\u0435\u043d\u0438\u044f\" \/>\n\t<meta name=\"twitter:data1\" content=\"1 \u043c\u0438\u043d\u0443\u0442\u0430\" \/>\n<script type=\"application\/ld+json\" class=\"yoast-schema-graph\">{\"@context\":\"https:\/\/schema.org\",\"@graph\":[{\"@type\":\"WebPage\",\"@id\":\"https:\/\/afam.md\/event\/afam-business-suport-horeca-post-criza\/\",\"url\":\"https:\/\/afam.md\/event\/afam-business-suport-horeca-post-criza\/\",\"name\":\"AFAM Business Suport: HoReCa post criz\u0103 - AFAM MD\",\"isPartOf\":{\"@id\":\"https:\/\/afam.md\/en\/#website\"},\"primaryImageOfPage\":{\"@id\":\"https:\/\/afam.md\/event\/afam-business-suport-horeca-post-criza\/#primaryimage\"},\"image\":{\"@id\":\"https:\/\/afam.md\/event\/afam-business-suport-horeca-post-criza\/#primaryimage\"},\"thumbnailUrl\":\"https:\/\/afam.md\/wp-content\/uploads\/2024\/10\/9-2-k6xAH6.tmp_.jpg\",\"datePublished\":\"2024-10-28T21:00:13+00:00\",\"breadcrumb\":{\"@id\":\"https:\/\/afam.md\/event\/afam-business-suport-horeca-post-criza\/#breadcrumb\"},\"inLanguage\":\"ru-RU\",\"potentialAction\":[{\"@type\":\"ReadAction\",\"target\":[\"https:\/\/afam.md\/event\/afam-business-suport-horeca-post-criza\/\"]}]},{\"@type\":\"ImageObject\",\"inLanguage\":\"ru-RU\",\"@id\":\"https:\/\/afam.md\/event\/afam-business-suport-horeca-post-criza\/#primaryimage\",\"url\":\"https:\/\/afam.md\/wp-content\/uploads\/2024\/10\/9-2-k6xAH6.tmp_.jpg\",\"contentUrl\":\"https:\/\/afam.md\/wp-content\/uploads\/2024\/10\/9-2-k6xAH6.tmp_.jpg\",\"width\":1640,\"height\":856},{\"@type\":\"BreadcrumbList\",\"@id\":\"https:\/\/afam.md\/event\/afam-business-suport-horeca-post-criza\/#breadcrumb\",\"itemListElement\":[{\"@type\":\"ListItem\",\"position\":1,\"name\":\"\u0413\u043b\u0430\u0432\u043d\u0430\u044f\",\"item\":\"https:\/\/afam.md\/\"},{\"@type\":\"ListItem\",\"position\":2,\"name\":\"Events\",\"item\":\"https:\/\/afam.md\/en\/eventslist\/\"},{\"@type\":\"ListItem\",\"position\":3,\"name\":\"AFAM Business Suport: HoReCa post criz\u0103\"}]},{\"@type\":\"WebSite\",\"@id\":\"https:\/\/afam.md\/en\/#website\",\"url\":\"https:\/\/afam.md\/en\/\",\"name\":\"AFAM MD\",\"description\":\"Asocia\u021bia Femeilor Antreprenoare Din Moldova\",\"publisher\":{\"@id\":\"https:\/\/afam.md\/en\/#organization\"},\"potentialAction\":[{\"@type\":\"SearchAction\",\"target\":{\"@type\":\"EntryPoint\",\"urlTemplate\":\"https:\/\/afam.md\/en\/?s={search_term_string}\"},\"query-input\":{\"@type\":\"PropertyValueSpecification\",\"valueRequired\":true,\"valueName\":\"search_term_string\"}}],\"inLanguage\":\"ru-RU\"},{\"@type\":\"Organization\",\"@id\":\"https:\/\/afam.md\/en\/#organization\",\"name\":\"Asocia\u021bia Femeilor Antreprenoare Din Moldova\",\"alternateName\":\"AFAM\",\"url\":\"https:\/\/afam.md\/en\/\",\"logo\":{\"@type\":\"ImageObject\",\"inLanguage\":\"ru-RU\",\"@id\":\"https:\/\/afam.md\/en\/#\/schema\/logo\/image\/\",\"url\":\"https:\/\/afam.md\/wp-content\/uploads\/2024\/11\/logo-blue.svg\",\"contentUrl\":\"https:\/\/afam.md\/wp-content\/uploads\/2024\/11\/logo-blue.svg\",\"width\":1874,\"height\":650,\"caption\":\"Asocia\u021bia Femeilor Antreprenoare Din Moldova\"},\"image\":{\"@id\":\"https:\/\/afam.md\/en\/#\/schema\/logo\/image\/\"},\"sameAs\":[\"https:\/\/www.facebook.com\/AFAMMoldova\/\",\"https:\/\/www.instagram.com\/afammoldova\/?hl=en\",\"https:\/\/md.linkedin.com\/in\/afam-moldova-285159174\"],\"email\":\"afammoldova@gmail.com\",\"telephone\":\"(+373) 76 767 670\",\"legalName\":\"Asocia\u021bia Femeilor Antreprenoare Din Moldova\",\"numberOfEmployees\":{\"@type\":\"QuantitativeValue\",\"minValue\":\"51\",\"maxValue\":\"200\"}}]}<\/script>\n<!-- \/ Yoast SEO Premium plugin. -->","yoast_head_json":{"title":"AFAM Business Suport: HoReCa post criz\u0103 - AFAM MD","robots":{"index":"index","follow":"follow","max-snippet":"max-snippet:-1","max-image-preview":"max-image-preview:large","max-video-preview":"max-video-preview:-1"},"canonical":"https:\/\/afam.md\/ru\/event\/afam-business-suport-horeca-post-criza\/","og_locale":"ru_RU","og_type":"article","og_title":"AFAM Business Suport: HoReCa post criz\u0103","og_description":"Cum trece de criz\u0103 HORECA? Protejarea s\u0103n\u0103t\u0103\u021bii persoanelor r\u0103m\u00e2ne a fi o prioritate la nivel na\u021bional, dar totodat\u0103, ne \u00eentreb\u0103m cum se descurc\u0103 restaurantele \u0219i alte afaceri din HORECA \u00een [&hellip;]","og_url":"https:\/\/afam.md\/ru\/event\/afam-business-suport-horeca-post-criza\/","og_site_name":"AFAM MD","article_publisher":"https:\/\/www.facebook.com\/AFAMMoldova\/","og_image":[{"width":1640,"height":856,"url":"https:\/\/afam.md\/wp-content\/uploads\/2024\/10\/9-2-k6xAH6.tmp_.jpg","type":"image\/jpeg"}],"twitter_card":"summary_large_image","twitter_misc":{"\u041f\u0440\u0438\u043c\u0435\u0440\u043d\u043e\u0435 \u0432\u0440\u0435\u043c\u044f \u0434\u043b\u044f \u0447\u0442\u0435\u043d\u0438\u044f":"1 \u043c\u0438\u043d\u0443\u0442\u0430"},"schema":{"@context":"https:\/\/schema.org","@graph":[{"@type":"WebPage","@id":"https:\/\/afam.md\/event\/afam-business-suport-horeca-post-criza\/","url":"https:\/\/afam.md\/event\/afam-business-suport-horeca-post-criza\/","name":"AFAM Business Suport: HoReCa post criz\u0103 - AFAM MD","isPartOf":{"@id":"https:\/\/afam.md\/en\/#website"},"primaryImageOfPage":{"@id":"https:\/\/afam.md\/event\/afam-business-suport-horeca-post-criza\/#primaryimage"},"image":{"@id":"https:\/\/afam.md\/event\/afam-business-suport-horeca-post-criza\/#primaryimage"},"thumbnailUrl":"https:\/\/afam.md\/wp-content\/uploads\/2024\/10\/9-2-k6xAH6.tmp_.jpg","datePublished":"2024-10-28T21:00:13+00:00","breadcrumb":{"@id":"https:\/\/afam.md\/event\/afam-business-suport-horeca-post-criza\/#breadcrumb"},"inLanguage":"ru-RU","potentialAction":[{"@type":"ReadAction","target":["https:\/\/afam.md\/event\/afam-business-suport-horeca-post-criza\/"]}]},{"@type":"ImageObject","inLanguage":"ru-RU","@id":"https:\/\/afam.md\/event\/afam-business-suport-horeca-post-criza\/#primaryimage","url":"https:\/\/afam.md\/wp-content\/uploads\/2024\/10\/9-2-k6xAH6.tmp_.jpg","contentUrl":"https:\/\/afam.md\/wp-content\/uploads\/2024\/10\/9-2-k6xAH6.tmp_.jpg","width":1640,"height":856},{"@type":"BreadcrumbList","@id":"https:\/\/afam.md\/event\/afam-business-suport-horeca-post-criza\/#breadcrumb","itemListElement":[{"@type":"ListItem","position":1,"name":"\u0413\u043b\u0430\u0432\u043d\u0430\u044f","item":"https:\/\/afam.md\/"},{"@type":"ListItem","position":2,"name":"Events","item":"https:\/\/afam.md\/en\/eventslist\/"},{"@type":"ListItem","position":3,"name":"AFAM Business Suport: HoReCa post criz\u0103"}]},{"@type":"WebSite","@id":"https:\/\/afam.md\/en\/#website","url":"https:\/\/afam.md\/en\/","name":"AFAM MD","description":"Asocia\u021bia Femeilor Antreprenoare Din Moldova","publisher":{"@id":"https:\/\/afam.md\/en\/#organization"},"potentialAction":[{"@type":"SearchAction","target":{"@type":"EntryPoint","urlTemplate":"https:\/\/afam.md\/en\/?s={search_term_string}"},"query-input":{"@type":"PropertyValueSpecification","valueRequired":true,"valueName":"search_term_string"}}],"inLanguage":"ru-RU"},{"@type":"Organization","@id":"https:\/\/afam.md\/en\/#organization","name":"Asocia\u021bia Femeilor Antreprenoare Din Moldova","alternateName":"AFAM","url":"https:\/\/afam.md\/en\/","logo":{"@type":"ImageObject","inLanguage":"ru-RU","@id":"https:\/\/afam.md\/en\/#\/schema\/logo\/image\/","url":"https:\/\/afam.md\/wp-content\/uploads\/2024\/11\/logo-blue.svg","contentUrl":"https:\/\/afam.md\/wp-content\/uploads\/2024\/11\/logo-blue.svg","width":1874,"height":650,"caption":"Asocia\u021bia Femeilor Antreprenoare Din Moldova"},"image":{"@id":"https:\/\/afam.md\/en\/#\/schema\/logo\/image\/"},"sameAs":["https:\/\/www.facebook.com\/AFAMMoldova\/","https:\/\/www.instagram.com\/afammoldova\/?hl=en","https:\/\/md.linkedin.com\/in\/afam-moldova-285159174"],"email":"afammoldova@gmail.com","telephone":"(+373) 76 767 670","legalName":"Asocia\u021bia Femeilor Antreprenoare Din Moldova","numberOfEmployees":{"@type":"QuantitativeValue","minValue":"51","maxValue":"200"}}]}},"_links":{"self":[{"href":"https:\/\/afam.md\/ru\/wp-json\/wp\/v2\/tribe_events\/92023","targetHints":{"allow":["GET"]}}],"collection":[{"href":"https:\/\/afam.md\/ru\/wp-json\/wp\/v2\/tribe_events"}],"about":[{"href":"https:\/\/afam.md\/ru\/wp-json\/wp\/v2\/types\/tribe_events"}],"author":[{"embeddable":true,"href":"https:\/\/afam.md\/ru\/wp-json\/wp\/v2\/users\/1"}],"version-history":[{"count":0,"href":"https:\/\/afam.md\/ru\/wp-json\/wp\/v2\/tribe_events\/92023\/revisions"}],"wp:featuredmedia":[{"embeddable":true,"href":"https:\/\/afam.md\/ru\/wp-json\/wp\/v2\/media\/92024"}],"wp:attachment":[{"href":"https:\/\/afam.md\/ru\/wp-json\/wp\/v2\/media?parent=92023"}],"wp:term":[{"taxonomy":"post_tag","embeddable":true,"href":"https:\/\/afam.md\/ru\/wp-json\/wp\/v2\/tags?post=92023"},{"taxonomy":"tribe_events_cat","embeddable":true,"href":"https:\/\/afam.md\/ru\/wp-json\/wp\/v2\/tribe_events_cat?post=92023"}],"curies":[{"name":"wp","href":"https:\/\/api.w.org\/{rel}","templated":true}]}}