{"id":92027,"date":"2024-10-28T23:00:16","date_gmt":"2024-10-28T21:00:16","guid":{"rendered":"https:\/\/afam.md\/event\/afam-welcome-back-in-offline\/"},"modified":"2024-10-28T23:00:16","modified_gmt":"2024-10-28T21:00:16","slug":"afam-welcome-back-in-offline","status":"publish","type":"tribe_events","link":"https:\/\/afam.md\/ru\/event\/afam-welcome-back-in-offline\/","title":{"rendered":"AFAM Welcome Back in Offline"},"content":{"rendered":"<div class=\"kvgmc6g5 cxmmr5t8 oygrvhab hcukyx3x c1et5uql\">Primul eveniment\u00a0<a class=\"oajrlxb2 g5ia77u1 qu0x051f esr5mh6w e9989ue4 r7d6kgcz rq0escxv nhd2j8a9 nc684nl6 p7hjln8o kvgmc6g5 cxmmr5t8 oygrvhab hcukyx3x jb3vyjys rz4wbd8a qt6c0cv9 a8nywdso i1ao9s8h esuyzwwr f1sip0of lzcic4wl gpro0wi8 oo9gr5id lrazzd5p\" role=\"link\" href=\"https:\/\/www.facebook.com\/hashtag\/afam?__eep__=6&amp;__cft__[0]=AZVGQiu3Qi1ZWGayF1lNqOYc_YqY-30zk0L_5Z1v4Ncs9bySSmMKVrW0XkwBK1eU0eQobBPVvwIX_KbhE5Wj3We9H0dNWvPQMyS_lB10YsUFTIHSPrOMn-IpjGX4LY_no95cnPeM17ap_PB2zLmyLwFz&amp;__tn__=q\">#AFAM<\/a>\u00a0offline<\/div>\n<div class=\"cxmmr5t8 oygrvhab hcukyx3x c1et5uql o9v6fnle\">Dragile noastre antreprenoare, Asocia\u021bia Femeilor Antreprenoare din Moldova v\u0103 salut\u0103 cu drag \u0219i v\u0103 invit\u0103 la primul eveniment AFAM Welcome Back in Offline!<\/div>\n<div class=\"cxmmr5t8 oygrvhab hcukyx3x c1et5uql o9v6fnle\">Pandemia cauzat\u0103 de c\u0103tre virusul COVID-19 a impus anumite restric\u021bii \u0219i pentru siguran\u021ba comunit\u0103\u021bii femeilor de afaceri, AFAM a respectat recomand\u0103rile Guvernului Republicii Moldova \u0219i a organizat \u00een aceast\u0103 perioad\u0103 doar evenimente online.<\/div>\n<div class=\"cxmmr5t8 oygrvhab hcukyx3x c1et5uql o9v6fnle\">Ne-am propus s\u0103 revenim \u00een offline al\u0103turi de membrele noastre \u0219i ne vom bucura s\u0103 v\u0103 vedem al\u0103turi de noi la acest eveniment dedicat networkingului \u0219i artei dansului completat de minunata priveli\u0219te a Orheiului Vechi.<\/div>\n<div><\/div>\n<div><\/div>\n","protected":false},"excerpt":{"rendered":"<p>Primul eveniment\u00a0#AFAM\u00a0offline Dragile noastre antreprenoare, Asocia\u021bia Femeilor Antreprenoare din Moldova v\u0103 salut\u0103 cu drag \u0219i v\u0103 invit\u0103 la primul eveniment AFAM Welcome Back in Offline! Pandemia cauzat\u0103 de c\u0103tre virusul [&hellip;]<\/p>\n","protected":false},"author":1,"featured_media":92028,"template":"","meta":{"_EventAllDay":false,"_EventTimezone":"Europe\/Chisinau","_EventStartDate":"2020-09-24 11:29:00","_EventEndDate":"2020-09-24 11:29:00","_EventStartDateUTC":"2020-09-24 08:29:00","_EventEndDateUTC":"2020-09-24 08:29:00","_EventShowMap":false,"_EventShowMapLink":false,"_EventURL":"","_EventCost":"","_EventCostDescription":"","_EventCurrencySymbol":"","_EventCurrencyCode":"","_EventCurrencyPosition":"prefix","_EventDateTimeSeparator":"","_EventTimeRangeSeparator":"","_EventOrganizerID":[],"_EventVenueID":[],"_OrganizerEmail":"","_OrganizerPhone":"","_OrganizerWebsite":"","_VenueAddress":"","_VenueCity":"","_VenueCountry":"","_VenueProvince":"","_VenueState":"","_VenueZip":"","_VenuePhone":"","_VenueURL":"","_VenueStateProvince":"","_VenueLat":"","_VenueLng":"","_VenueShowMap":false,"_VenueShowMapLink":false,"_tribe_events_status":"","_tribe_events_status_reason":"","footnotes":""},"tags":[],"tribe_events_cat":[431],"class_list":["post-92027","tribe_events","type-tribe_events","status-publish","has-post-thumbnail","hentry","tribe_events_cat-evenimente","cat_evenimente"],"yoast_head":"<!-- This site is optimized with the Yoast SEO Premium plugin v23.8 (Yoast SEO v25.1) - https:\/\/yoast.com\/wordpress\/plugins\/seo\/ -->\n<title>AFAM Welcome Back in Offline - AFAM MD<\/title>\n<meta name=\"robots\" content=\"index, follow, max-snippet:-1, max-image-preview:large, max-video-preview:-1\" \/>\n<link rel=\"canonical\" href=\"https:\/\/afam.md\/ru\/event\/afam-welcome-back-in-offline\/\" \/>\n<meta property=\"og:locale\" content=\"ru_RU\" \/>\n<meta property=\"og:type\" content=\"article\" \/>\n<meta property=\"og:title\" content=\"AFAM Welcome Back in Offline\" \/>\n<meta property=\"og:description\" content=\"Primul eveniment\u00a0#AFAM\u00a0offline Dragile noastre antreprenoare, Asocia\u021bia Femeilor Antreprenoare din Moldova v\u0103 salut\u0103 cu drag \u0219i v\u0103 invit\u0103 la primul eveniment AFAM Welcome Back in Offline! Pandemia cauzat\u0103 de c\u0103tre virusul [&hellip;]\" \/>\n<meta property=\"og:url\" content=\"https:\/\/afam.md\/ru\/event\/afam-welcome-back-in-offline\/\" \/>\n<meta property=\"og:site_name\" content=\"AFAM MD\" \/>\n<meta property=\"article:publisher\" content=\"https:\/\/www.facebook.com\/AFAMMoldova\/\" \/>\n<meta property=\"og:image\" content=\"https:\/\/afam.md\/wp-content\/uploads\/2024\/10\/11-2-3o0ozv.tmp_.jpg\" \/>\n\t<meta property=\"og:image:width\" content=\"1640\" \/>\n\t<meta property=\"og:image:height\" content=\"856\" \/>\n\t<meta property=\"og:image:type\" content=\"image\/jpeg\" \/>\n<meta name=\"twitter:card\" content=\"summary_large_image\" \/>\n<meta name=\"twitter:label1\" content=\"\u041f\u0440\u0438\u043c\u0435\u0440\u043d\u043e\u0435 \u0432\u0440\u0435\u043c\u044f \u0434\u043b\u044f \u0447\u0442\u0435\u043d\u0438\u044f\" \/>\n\t<meta name=\"twitter:data1\" content=\"1 \u043c\u0438\u043d\u0443\u0442\u0430\" \/>\n<script type=\"application\/ld+json\" class=\"yoast-schema-graph\">{\"@context\":\"https:\/\/schema.org\",\"@graph\":[{\"@type\":\"WebPage\",\"@id\":\"https:\/\/afam.md\/event\/afam-welcome-back-in-offline\/\",\"url\":\"https:\/\/afam.md\/event\/afam-welcome-back-in-offline\/\",\"name\":\"AFAM Welcome Back in Offline - AFAM MD\",\"isPartOf\":{\"@id\":\"https:\/\/afam.md\/en\/#website\"},\"primaryImageOfPage\":{\"@id\":\"https:\/\/afam.md\/event\/afam-welcome-back-in-offline\/#primaryimage\"},\"image\":{\"@id\":\"https:\/\/afam.md\/event\/afam-welcome-back-in-offline\/#primaryimage\"},\"thumbnailUrl\":\"https:\/\/afam.md\/wp-content\/uploads\/2024\/10\/11-2-3o0ozv.tmp_.jpg\",\"datePublished\":\"2024-10-28T21:00:16+00:00\",\"breadcrumb\":{\"@id\":\"https:\/\/afam.md\/event\/afam-welcome-back-in-offline\/#breadcrumb\"},\"inLanguage\":\"ru-RU\",\"potentialAction\":[{\"@type\":\"ReadAction\",\"target\":[\"https:\/\/afam.md\/event\/afam-welcome-back-in-offline\/\"]}]},{\"@type\":\"ImageObject\",\"inLanguage\":\"ru-RU\",\"@id\":\"https:\/\/afam.md\/event\/afam-welcome-back-in-offline\/#primaryimage\",\"url\":\"https:\/\/afam.md\/wp-content\/uploads\/2024\/10\/11-2-3o0ozv.tmp_.jpg\",\"contentUrl\":\"https:\/\/afam.md\/wp-content\/uploads\/2024\/10\/11-2-3o0ozv.tmp_.jpg\",\"width\":1640,\"height\":856},{\"@type\":\"BreadcrumbList\",\"@id\":\"https:\/\/afam.md\/event\/afam-welcome-back-in-offline\/#breadcrumb\",\"itemListElement\":[{\"@type\":\"ListItem\",\"position\":1,\"name\":\"\u0413\u043b\u0430\u0432\u043d\u0430\u044f\",\"item\":\"https:\/\/afam.md\/\"},{\"@type\":\"ListItem\",\"position\":2,\"name\":\"Events\",\"item\":\"https:\/\/afam.md\/en\/eventslist\/\"},{\"@type\":\"ListItem\",\"position\":3,\"name\":\"AFAM Welcome Back in Offline\"}]},{\"@type\":\"WebSite\",\"@id\":\"https:\/\/afam.md\/en\/#website\",\"url\":\"https:\/\/afam.md\/en\/\",\"name\":\"AFAM MD\",\"description\":\"Asocia\u021bia Femeilor Antreprenoare Din Moldova\",\"publisher\":{\"@id\":\"https:\/\/afam.md\/en\/#organization\"},\"potentialAction\":[{\"@type\":\"SearchAction\",\"target\":{\"@type\":\"EntryPoint\",\"urlTemplate\":\"https:\/\/afam.md\/en\/?s={search_term_string}\"},\"query-input\":{\"@type\":\"PropertyValueSpecification\",\"valueRequired\":true,\"valueName\":\"search_term_string\"}}],\"inLanguage\":\"ru-RU\"},{\"@type\":\"Organization\",\"@id\":\"https:\/\/afam.md\/en\/#organization\",\"name\":\"Asocia\u021bia Femeilor Antreprenoare Din Moldova\",\"alternateName\":\"AFAM\",\"url\":\"https:\/\/afam.md\/en\/\",\"logo\":{\"@type\":\"ImageObject\",\"inLanguage\":\"ru-RU\",\"@id\":\"https:\/\/afam.md\/en\/#\/schema\/logo\/image\/\",\"url\":\"https:\/\/afam.md\/wp-content\/uploads\/2024\/11\/logo-blue.svg\",\"contentUrl\":\"https:\/\/afam.md\/wp-content\/uploads\/2024\/11\/logo-blue.svg\",\"width\":1874,\"height\":650,\"caption\":\"Asocia\u021bia Femeilor Antreprenoare Din Moldova\"},\"image\":{\"@id\":\"https:\/\/afam.md\/en\/#\/schema\/logo\/image\/\"},\"sameAs\":[\"https:\/\/www.facebook.com\/AFAMMoldova\/\",\"https:\/\/www.instagram.com\/afammoldova\/?hl=en\",\"https:\/\/md.linkedin.com\/in\/afam-moldova-285159174\"],\"email\":\"afammoldova@gmail.com\",\"telephone\":\"(+373) 76 767 670\",\"legalName\":\"Asocia\u021bia Femeilor Antreprenoare Din Moldova\",\"numberOfEmployees\":{\"@type\":\"QuantitativeValue\",\"minValue\":\"51\",\"maxValue\":\"200\"}}]}<\/script>\n<!-- \/ Yoast SEO Premium plugin. -->","yoast_head_json":{"title":"AFAM Welcome Back in Offline - AFAM MD","robots":{"index":"index","follow":"follow","max-snippet":"max-snippet:-1","max-image-preview":"max-image-preview:large","max-video-preview":"max-video-preview:-1"},"canonical":"https:\/\/afam.md\/ru\/event\/afam-welcome-back-in-offline\/","og_locale":"ru_RU","og_type":"article","og_title":"AFAM Welcome Back in Offline","og_description":"Primul eveniment\u00a0#AFAM\u00a0offline Dragile noastre antreprenoare, Asocia\u021bia Femeilor Antreprenoare din Moldova v\u0103 salut\u0103 cu drag \u0219i v\u0103 invit\u0103 la primul eveniment AFAM Welcome Back in Offline! Pandemia cauzat\u0103 de c\u0103tre virusul [&hellip;]","og_url":"https:\/\/afam.md\/ru\/event\/afam-welcome-back-in-offline\/","og_site_name":"AFAM MD","article_publisher":"https:\/\/www.facebook.com\/AFAMMoldova\/","og_image":[{"width":1640,"height":856,"url":"https:\/\/afam.md\/wp-content\/uploads\/2024\/10\/11-2-3o0ozv.tmp_.jpg","type":"image\/jpeg"}],"twitter_card":"summary_large_image","twitter_misc":{"\u041f\u0440\u0438\u043c\u0435\u0440\u043d\u043e\u0435 \u0432\u0440\u0435\u043c\u044f \u0434\u043b\u044f \u0447\u0442\u0435\u043d\u0438\u044f":"1 \u043c\u0438\u043d\u0443\u0442\u0430"},"schema":{"@context":"https:\/\/schema.org","@graph":[{"@type":"WebPage","@id":"https:\/\/afam.md\/event\/afam-welcome-back-in-offline\/","url":"https:\/\/afam.md\/event\/afam-welcome-back-in-offline\/","name":"AFAM Welcome Back in Offline - AFAM MD","isPartOf":{"@id":"https:\/\/afam.md\/en\/#website"},"primaryImageOfPage":{"@id":"https:\/\/afam.md\/event\/afam-welcome-back-in-offline\/#primaryimage"},"image":{"@id":"https:\/\/afam.md\/event\/afam-welcome-back-in-offline\/#primaryimage"},"thumbnailUrl":"https:\/\/afam.md\/wp-content\/uploads\/2024\/10\/11-2-3o0ozv.tmp_.jpg","datePublished":"2024-10-28T21:00:16+00:00","breadcrumb":{"@id":"https:\/\/afam.md\/event\/afam-welcome-back-in-offline\/#breadcrumb"},"inLanguage":"ru-RU","potentialAction":[{"@type":"ReadAction","target":["https:\/\/afam.md\/event\/afam-welcome-back-in-offline\/"]}]},{"@type":"ImageObject","inLanguage":"ru-RU","@id":"https:\/\/afam.md\/event\/afam-welcome-back-in-offline\/#primaryimage","url":"https:\/\/afam.md\/wp-content\/uploads\/2024\/10\/11-2-3o0ozv.tmp_.jpg","contentUrl":"https:\/\/afam.md\/wp-content\/uploads\/2024\/10\/11-2-3o0ozv.tmp_.jpg","width":1640,"height":856},{"@type":"BreadcrumbList","@id":"https:\/\/afam.md\/event\/afam-welcome-back-in-offline\/#breadcrumb","itemListElement":[{"@type":"ListItem","position":1,"name":"\u0413\u043b\u0430\u0432\u043d\u0430\u044f","item":"https:\/\/afam.md\/"},{"@type":"ListItem","position":2,"name":"Events","item":"https:\/\/afam.md\/en\/eventslist\/"},{"@type":"ListItem","position":3,"name":"AFAM Welcome Back in Offline"}]},{"@type":"WebSite","@id":"https:\/\/afam.md\/en\/#website","url":"https:\/\/afam.md\/en\/","name":"AFAM MD","description":"Asocia\u021bia Femeilor Antreprenoare Din Moldova","publisher":{"@id":"https:\/\/afam.md\/en\/#organization"},"potentialAction":[{"@type":"SearchAction","target":{"@type":"EntryPoint","urlTemplate":"https:\/\/afam.md\/en\/?s={search_term_string}"},"query-input":{"@type":"PropertyValueSpecification","valueRequired":true,"valueName":"search_term_string"}}],"inLanguage":"ru-RU"},{"@type":"Organization","@id":"https:\/\/afam.md\/en\/#organization","name":"Asocia\u021bia Femeilor Antreprenoare Din Moldova","alternateName":"AFAM","url":"https:\/\/afam.md\/en\/","logo":{"@type":"ImageObject","inLanguage":"ru-RU","@id":"https:\/\/afam.md\/en\/#\/schema\/logo\/image\/","url":"https:\/\/afam.md\/wp-content\/uploads\/2024\/11\/logo-blue.svg","contentUrl":"https:\/\/afam.md\/wp-content\/uploads\/2024\/11\/logo-blue.svg","width":1874,"height":650,"caption":"Asocia\u021bia Femeilor Antreprenoare Din Moldova"},"image":{"@id":"https:\/\/afam.md\/en\/#\/schema\/logo\/image\/"},"sameAs":["https:\/\/www.facebook.com\/AFAMMoldova\/","https:\/\/www.instagram.com\/afammoldova\/?hl=en","https:\/\/md.linkedin.com\/in\/afam-moldova-285159174"],"email":"afammoldova@gmail.com","telephone":"(+373) 76 767 670","legalName":"Asocia\u021bia Femeilor Antreprenoare Din Moldova","numberOfEmployees":{"@type":"QuantitativeValue","minValue":"51","maxValue":"200"}}]}},"_links":{"self":[{"href":"https:\/\/afam.md\/ru\/wp-json\/wp\/v2\/tribe_events\/92027","targetHints":{"allow":["GET"]}}],"collection":[{"href":"https:\/\/afam.md\/ru\/wp-json\/wp\/v2\/tribe_events"}],"about":[{"href":"https:\/\/afam.md\/ru\/wp-json\/wp\/v2\/types\/tribe_events"}],"author":[{"embeddable":true,"href":"https:\/\/afam.md\/ru\/wp-json\/wp\/v2\/users\/1"}],"version-history":[{"count":0,"href":"https:\/\/afam.md\/ru\/wp-json\/wp\/v2\/tribe_events\/92027\/revisions"}],"wp:featuredmedia":[{"embeddable":true,"href":"https:\/\/afam.md\/ru\/wp-json\/wp\/v2\/media\/92028"}],"wp:attachment":[{"href":"https:\/\/afam.md\/ru\/wp-json\/wp\/v2\/media?parent=92027"}],"wp:term":[{"taxonomy":"post_tag","embeddable":true,"href":"https:\/\/afam.md\/ru\/wp-json\/wp\/v2\/tags?post=92027"},{"taxonomy":"tribe_events_cat","embeddable":true,"href":"https:\/\/afam.md\/ru\/wp-json\/wp\/v2\/tribe_events_cat?post=92027"}],"curies":[{"name":"wp","href":"https:\/\/api.w.org\/{rel}","templated":true}]}}