{"id":92042,"date":"2024-10-28T23:01:50","date_gmt":"2024-10-28T21:01:50","guid":{"rendered":"https:\/\/afam.md\/event\/afam-art-wine-dedicat-aniversarii-a-7-ani-de-activitate\/"},"modified":"2024-10-28T23:01:50","modified_gmt":"2024-10-28T21:01:50","slug":"afam-art-wine-dedicat-aniversarii-a-7-ani-de-activitate","status":"publish","type":"tribe_events","link":"https:\/\/afam.md\/ru\/event\/afam-art-wine-dedicat-aniversarii-a-7-ani-de-activitate\/","title":{"rendered":"#AFAM\u00a0Art &amp; Wine dedicat anivers\u0103rii a #7 ani de activitate"},"content":{"rendered":"<div class=\"kvgmc6g5 cxmmr5t8 oygrvhab hcukyx3x c1et5uql\">Primul eveniment online\u00a0<a class=\"oajrlxb2 g5ia77u1 qu0x051f esr5mh6w e9989ue4 r7d6kgcz rq0escxv nhd2j8a9 nc684nl6 p7hjln8o kvgmc6g5 cxmmr5t8 oygrvhab hcukyx3x jb3vyjys rz4wbd8a qt6c0cv9 a8nywdso i1ao9s8h esuyzwwr f1sip0of lzcic4wl gpro0wi8 oo9gr5id lrazzd5p\" role=\"link\" href=\"https:\/\/www.facebook.com\/hashtag\/afam?__eep__=6&amp;__cft__[0]=AZVsGgVFIU_KynlURUrj5TGeqTN58QQ3iOhiG9T5M1C0A4tefLfUkOud93TM6Sb7DAthBwTp8Ah5RQ6u3v2n3G6aA0qKPvaYGAq4TZaUddZYLW_RRViJTDK329-MXHzpTym0A1FFRGC0jW6awHjoc7jI&amp;__tn__=q\">#AFAM<\/a>\u00a0Art &amp; Wine dedicat anivers\u0103rii a #7 ani de activitate!<\/div>\n<div class=\"cxmmr5t8 oygrvhab hcukyx3x c1et5uql o9v6fnle\">\u00cen ambian\u021b\u0103 de s\u0103rb\u0103toare, comunitatea femeilor de afaceri &#8211; AFAM \u00ee\u0219i dore\u0219te s\u0103 celebreze al\u0103turi de membrele sale, oaspe\u021bi \u0219i invita\u021bi speciali cei 7 ani de activitate, \u00een cadrul c\u0103ruia s\u0103 v\u0103 relat\u0103m<br \/>\n&#8211; pa\u0219ii importan\u021bi realiza\u021bi<br \/>\n&#8211; noi directive \u015fi idei motiva\u021bionale pentru dezvoltarea antreprenoriatului<br \/>\n&#8211; setare scopuri pentru anul 2021<\/div>\n<div class=\"cxmmr5t8 oygrvhab hcukyx3x c1et5uql o9v6fnle\">Invitata special\u0103 care ne va fi \u00eenc\u00e2nta cu un recital extraordinar va fi Ana Cernicova, solista \u00een cadrul Teatrului de Oper\u0103 \u0219i Balet.<\/div>\n<div class=\"cxmmr5t8 oygrvhab hcukyx3x c1et5uql o9v6fnle\">Ne vom bucura s\u0103 v\u0103 vedem al\u0103turi de noi la acest eveniment dedicat explor\u0103rii industriei vinului, a artei \u0219i networkingului cu femeile de afaceri din Moldova.<\/div>\n","protected":false},"excerpt":{"rendered":"<p>Primul eveniment online\u00a0#AFAM\u00a0Art &amp; Wine dedicat anivers\u0103rii a #7 ani de activitate! \u00cen ambian\u021b\u0103 de s\u0103rb\u0103toare, comunitatea femeilor de afaceri &#8211; AFAM \u00ee\u0219i dore\u0219te s\u0103 celebreze al\u0103turi de membrele sale, [&hellip;]<\/p>\n","protected":false},"author":1,"featured_media":92043,"template":"","meta":{"_EventAllDay":false,"_EventTimezone":"Europe\/Chisinau","_EventStartDate":"2020-05-27 09:25:00","_EventEndDate":"2020-05-27 09:25:00","_EventStartDateUTC":"2020-05-27 06:25:00","_EventEndDateUTC":"2020-05-27 06:25:00","_EventShowMap":false,"_EventShowMapLink":false,"_EventURL":"","_EventCost":"","_EventCostDescription":"","_EventCurrencySymbol":"","_EventCurrencyCode":"","_EventCurrencyPosition":"prefix","_EventDateTimeSeparator":"","_EventTimeRangeSeparator":"","_EventOrganizerID":[],"_EventVenueID":[],"_OrganizerEmail":"","_OrganizerPhone":"","_OrganizerWebsite":"","_VenueAddress":"","_VenueCity":"","_VenueCountry":"","_VenueProvince":"","_VenueState":"","_VenueZip":"","_VenuePhone":"","_VenueURL":"","_VenueStateProvince":"","_VenueLat":"","_VenueLng":"","_VenueShowMap":false,"_VenueShowMapLink":false,"_tribe_events_status":"","_tribe_events_status_reason":"","footnotes":""},"tags":[],"tribe_events_cat":[431],"class_list":["post-92042","tribe_events","type-tribe_events","status-publish","has-post-thumbnail","hentry","tribe_events_cat-evenimente","cat_evenimente"],"yoast_head":"<!-- This site is optimized with the Yoast SEO Premium plugin v23.8 (Yoast SEO v25.1) - https:\/\/yoast.com\/wordpress\/plugins\/seo\/ -->\n<title>#AFAM\u00a0Art &amp; Wine dedicat anivers\u0103rii a #7 ani de activitate - AFAM MD<\/title>\n<meta name=\"robots\" content=\"index, follow, max-snippet:-1, max-image-preview:large, max-video-preview:-1\" \/>\n<link rel=\"canonical\" href=\"https:\/\/afam.md\/ru\/event\/afam-art-wine-dedicat-aniversarii-a-7-ani-de-activitate\/\" \/>\n<meta property=\"og:locale\" content=\"ru_RU\" \/>\n<meta property=\"og:type\" content=\"article\" \/>\n<meta property=\"og:title\" content=\"#AFAM\u00a0Art &amp; Wine dedicat anivers\u0103rii a #7 ani de activitate\" \/>\n<meta property=\"og:description\" content=\"Primul eveniment online\u00a0#AFAM\u00a0Art &amp; Wine dedicat anivers\u0103rii a #7 ani de activitate! \u00cen ambian\u021b\u0103 de s\u0103rb\u0103toare, comunitatea femeilor de afaceri &#8211; AFAM \u00ee\u0219i dore\u0219te s\u0103 celebreze al\u0103turi de membrele sale, [&hellip;]\" \/>\n<meta property=\"og:url\" content=\"https:\/\/afam.md\/ru\/event\/afam-art-wine-dedicat-aniversarii-a-7-ani-de-activitate\/\" \/>\n<meta property=\"og:site_name\" content=\"AFAM MD\" \/>\n<meta property=\"article:publisher\" content=\"https:\/\/www.facebook.com\/AFAMMoldova\/\" \/>\n<meta property=\"og:image\" content=\"https:\/\/afam.md\/wp-content\/uploads\/2024\/10\/25-2-Aakss7.tmp_.jpg\" \/>\n\t<meta property=\"og:image:width\" content=\"1640\" \/>\n\t<meta property=\"og:image:height\" content=\"856\" \/>\n\t<meta property=\"og:image:type\" content=\"image\/jpeg\" \/>\n<meta name=\"twitter:card\" content=\"summary_large_image\" \/>\n<meta name=\"twitter:label1\" content=\"\u041f\u0440\u0438\u043c\u0435\u0440\u043d\u043e\u0435 \u0432\u0440\u0435\u043c\u044f \u0434\u043b\u044f \u0447\u0442\u0435\u043d\u0438\u044f\" \/>\n\t<meta name=\"twitter:data1\" content=\"1 \u043c\u0438\u043d\u0443\u0442\u0430\" \/>\n<script type=\"application\/ld+json\" class=\"yoast-schema-graph\">{\"@context\":\"https:\/\/schema.org\",\"@graph\":[{\"@type\":\"WebPage\",\"@id\":\"https:\/\/afam.md\/event\/afam-art-wine-dedicat-aniversarii-a-7-ani-de-activitate\/\",\"url\":\"https:\/\/afam.md\/event\/afam-art-wine-dedicat-aniversarii-a-7-ani-de-activitate\/\",\"name\":\"#AFAM\u00a0Art &amp; Wine dedicat anivers\u0103rii a #7 ani de activitate - AFAM MD\",\"isPartOf\":{\"@id\":\"https:\/\/afam.md\/en\/#website\"},\"primaryImageOfPage\":{\"@id\":\"https:\/\/afam.md\/event\/afam-art-wine-dedicat-aniversarii-a-7-ani-de-activitate\/#primaryimage\"},\"image\":{\"@id\":\"https:\/\/afam.md\/event\/afam-art-wine-dedicat-aniversarii-a-7-ani-de-activitate\/#primaryimage\"},\"thumbnailUrl\":\"https:\/\/afam.md\/wp-content\/uploads\/2024\/10\/25-2-Aakss7.tmp_.jpg\",\"datePublished\":\"2024-10-28T21:01:50+00:00\",\"breadcrumb\":{\"@id\":\"https:\/\/afam.md\/event\/afam-art-wine-dedicat-aniversarii-a-7-ani-de-activitate\/#breadcrumb\"},\"inLanguage\":\"ru-RU\",\"potentialAction\":[{\"@type\":\"ReadAction\",\"target\":[\"https:\/\/afam.md\/event\/afam-art-wine-dedicat-aniversarii-a-7-ani-de-activitate\/\"]}]},{\"@type\":\"ImageObject\",\"inLanguage\":\"ru-RU\",\"@id\":\"https:\/\/afam.md\/event\/afam-art-wine-dedicat-aniversarii-a-7-ani-de-activitate\/#primaryimage\",\"url\":\"https:\/\/afam.md\/wp-content\/uploads\/2024\/10\/25-2-Aakss7.tmp_.jpg\",\"contentUrl\":\"https:\/\/afam.md\/wp-content\/uploads\/2024\/10\/25-2-Aakss7.tmp_.jpg\",\"width\":1640,\"height\":856},{\"@type\":\"BreadcrumbList\",\"@id\":\"https:\/\/afam.md\/event\/afam-art-wine-dedicat-aniversarii-a-7-ani-de-activitate\/#breadcrumb\",\"itemListElement\":[{\"@type\":\"ListItem\",\"position\":1,\"name\":\"\u0413\u043b\u0430\u0432\u043d\u0430\u044f\",\"item\":\"https:\/\/afam.md\/\"},{\"@type\":\"ListItem\",\"position\":2,\"name\":\"Events\",\"item\":\"https:\/\/afam.md\/en\/eventslist\/\"},{\"@type\":\"ListItem\",\"position\":3,\"name\":\"#AFAM\u00a0Art &amp; Wine dedicat anivers\u0103rii a #7 ani de activitate\"}]},{\"@type\":\"WebSite\",\"@id\":\"https:\/\/afam.md\/en\/#website\",\"url\":\"https:\/\/afam.md\/en\/\",\"name\":\"AFAM MD\",\"description\":\"Asocia\u021bia Femeilor Antreprenoare Din Moldova\",\"publisher\":{\"@id\":\"https:\/\/afam.md\/en\/#organization\"},\"potentialAction\":[{\"@type\":\"SearchAction\",\"target\":{\"@type\":\"EntryPoint\",\"urlTemplate\":\"https:\/\/afam.md\/en\/?s={search_term_string}\"},\"query-input\":{\"@type\":\"PropertyValueSpecification\",\"valueRequired\":true,\"valueName\":\"search_term_string\"}}],\"inLanguage\":\"ru-RU\"},{\"@type\":\"Organization\",\"@id\":\"https:\/\/afam.md\/en\/#organization\",\"name\":\"Asocia\u021bia Femeilor Antreprenoare Din Moldova\",\"alternateName\":\"AFAM\",\"url\":\"https:\/\/afam.md\/en\/\",\"logo\":{\"@type\":\"ImageObject\",\"inLanguage\":\"ru-RU\",\"@id\":\"https:\/\/afam.md\/en\/#\/schema\/logo\/image\/\",\"url\":\"https:\/\/afam.md\/wp-content\/uploads\/2024\/11\/logo-blue.svg\",\"contentUrl\":\"https:\/\/afam.md\/wp-content\/uploads\/2024\/11\/logo-blue.svg\",\"width\":1874,\"height\":650,\"caption\":\"Asocia\u021bia Femeilor Antreprenoare Din Moldova\"},\"image\":{\"@id\":\"https:\/\/afam.md\/en\/#\/schema\/logo\/image\/\"},\"sameAs\":[\"https:\/\/www.facebook.com\/AFAMMoldova\/\",\"https:\/\/www.instagram.com\/afammoldova\/?hl=en\",\"https:\/\/md.linkedin.com\/in\/afam-moldova-285159174\"],\"email\":\"afammoldova@gmail.com\",\"telephone\":\"(+373) 76 767 670\",\"legalName\":\"Asocia\u021bia Femeilor Antreprenoare Din Moldova\",\"numberOfEmployees\":{\"@type\":\"QuantitativeValue\",\"minValue\":\"51\",\"maxValue\":\"200\"}}]}<\/script>\n<!-- \/ Yoast SEO Premium plugin. -->","yoast_head_json":{"title":"#AFAM\u00a0Art &amp; Wine dedicat anivers\u0103rii a #7 ani de activitate - AFAM MD","robots":{"index":"index","follow":"follow","max-snippet":"max-snippet:-1","max-image-preview":"max-image-preview:large","max-video-preview":"max-video-preview:-1"},"canonical":"https:\/\/afam.md\/ru\/event\/afam-art-wine-dedicat-aniversarii-a-7-ani-de-activitate\/","og_locale":"ru_RU","og_type":"article","og_title":"#AFAM\u00a0Art &amp; Wine dedicat anivers\u0103rii a #7 ani de activitate","og_description":"Primul eveniment online\u00a0#AFAM\u00a0Art &amp; Wine dedicat anivers\u0103rii a #7 ani de activitate! \u00cen ambian\u021b\u0103 de s\u0103rb\u0103toare, comunitatea femeilor de afaceri &#8211; AFAM \u00ee\u0219i dore\u0219te s\u0103 celebreze al\u0103turi de membrele sale, [&hellip;]","og_url":"https:\/\/afam.md\/ru\/event\/afam-art-wine-dedicat-aniversarii-a-7-ani-de-activitate\/","og_site_name":"AFAM MD","article_publisher":"https:\/\/www.facebook.com\/AFAMMoldova\/","og_image":[{"width":1640,"height":856,"url":"https:\/\/afam.md\/wp-content\/uploads\/2024\/10\/25-2-Aakss7.tmp_.jpg","type":"image\/jpeg"}],"twitter_card":"summary_large_image","twitter_misc":{"\u041f\u0440\u0438\u043c\u0435\u0440\u043d\u043e\u0435 \u0432\u0440\u0435\u043c\u044f \u0434\u043b\u044f \u0447\u0442\u0435\u043d\u0438\u044f":"1 \u043c\u0438\u043d\u0443\u0442\u0430"},"schema":{"@context":"https:\/\/schema.org","@graph":[{"@type":"WebPage","@id":"https:\/\/afam.md\/event\/afam-art-wine-dedicat-aniversarii-a-7-ani-de-activitate\/","url":"https:\/\/afam.md\/event\/afam-art-wine-dedicat-aniversarii-a-7-ani-de-activitate\/","name":"#AFAM\u00a0Art &amp; Wine dedicat anivers\u0103rii a #7 ani de activitate - AFAM MD","isPartOf":{"@id":"https:\/\/afam.md\/en\/#website"},"primaryImageOfPage":{"@id":"https:\/\/afam.md\/event\/afam-art-wine-dedicat-aniversarii-a-7-ani-de-activitate\/#primaryimage"},"image":{"@id":"https:\/\/afam.md\/event\/afam-art-wine-dedicat-aniversarii-a-7-ani-de-activitate\/#primaryimage"},"thumbnailUrl":"https:\/\/afam.md\/wp-content\/uploads\/2024\/10\/25-2-Aakss7.tmp_.jpg","datePublished":"2024-10-28T21:01:50+00:00","breadcrumb":{"@id":"https:\/\/afam.md\/event\/afam-art-wine-dedicat-aniversarii-a-7-ani-de-activitate\/#breadcrumb"},"inLanguage":"ru-RU","potentialAction":[{"@type":"ReadAction","target":["https:\/\/afam.md\/event\/afam-art-wine-dedicat-aniversarii-a-7-ani-de-activitate\/"]}]},{"@type":"ImageObject","inLanguage":"ru-RU","@id":"https:\/\/afam.md\/event\/afam-art-wine-dedicat-aniversarii-a-7-ani-de-activitate\/#primaryimage","url":"https:\/\/afam.md\/wp-content\/uploads\/2024\/10\/25-2-Aakss7.tmp_.jpg","contentUrl":"https:\/\/afam.md\/wp-content\/uploads\/2024\/10\/25-2-Aakss7.tmp_.jpg","width":1640,"height":856},{"@type":"BreadcrumbList","@id":"https:\/\/afam.md\/event\/afam-art-wine-dedicat-aniversarii-a-7-ani-de-activitate\/#breadcrumb","itemListElement":[{"@type":"ListItem","position":1,"name":"\u0413\u043b\u0430\u0432\u043d\u0430\u044f","item":"https:\/\/afam.md\/"},{"@type":"ListItem","position":2,"name":"Events","item":"https:\/\/afam.md\/en\/eventslist\/"},{"@type":"ListItem","position":3,"name":"#AFAM\u00a0Art &amp; Wine dedicat anivers\u0103rii a #7 ani de activitate"}]},{"@type":"WebSite","@id":"https:\/\/afam.md\/en\/#website","url":"https:\/\/afam.md\/en\/","name":"AFAM MD","description":"Asocia\u021bia Femeilor Antreprenoare Din Moldova","publisher":{"@id":"https:\/\/afam.md\/en\/#organization"},"potentialAction":[{"@type":"SearchAction","target":{"@type":"EntryPoint","urlTemplate":"https:\/\/afam.md\/en\/?s={search_term_string}"},"query-input":{"@type":"PropertyValueSpecification","valueRequired":true,"valueName":"search_term_string"}}],"inLanguage":"ru-RU"},{"@type":"Organization","@id":"https:\/\/afam.md\/en\/#organization","name":"Asocia\u021bia Femeilor Antreprenoare Din Moldova","alternateName":"AFAM","url":"https:\/\/afam.md\/en\/","logo":{"@type":"ImageObject","inLanguage":"ru-RU","@id":"https:\/\/afam.md\/en\/#\/schema\/logo\/image\/","url":"https:\/\/afam.md\/wp-content\/uploads\/2024\/11\/logo-blue.svg","contentUrl":"https:\/\/afam.md\/wp-content\/uploads\/2024\/11\/logo-blue.svg","width":1874,"height":650,"caption":"Asocia\u021bia Femeilor Antreprenoare Din Moldova"},"image":{"@id":"https:\/\/afam.md\/en\/#\/schema\/logo\/image\/"},"sameAs":["https:\/\/www.facebook.com\/AFAMMoldova\/","https:\/\/www.instagram.com\/afammoldova\/?hl=en","https:\/\/md.linkedin.com\/in\/afam-moldova-285159174"],"email":"afammoldova@gmail.com","telephone":"(+373) 76 767 670","legalName":"Asocia\u021bia Femeilor Antreprenoare Din Moldova","numberOfEmployees":{"@type":"QuantitativeValue","minValue":"51","maxValue":"200"}}]}},"_links":{"self":[{"href":"https:\/\/afam.md\/ru\/wp-json\/wp\/v2\/tribe_events\/92042","targetHints":{"allow":["GET"]}}],"collection":[{"href":"https:\/\/afam.md\/ru\/wp-json\/wp\/v2\/tribe_events"}],"about":[{"href":"https:\/\/afam.md\/ru\/wp-json\/wp\/v2\/types\/tribe_events"}],"author":[{"embeddable":true,"href":"https:\/\/afam.md\/ru\/wp-json\/wp\/v2\/users\/1"}],"version-history":[{"count":0,"href":"https:\/\/afam.md\/ru\/wp-json\/wp\/v2\/tribe_events\/92042\/revisions"}],"wp:featuredmedia":[{"embeddable":true,"href":"https:\/\/afam.md\/ru\/wp-json\/wp\/v2\/media\/92043"}],"wp:attachment":[{"href":"https:\/\/afam.md\/ru\/wp-json\/wp\/v2\/media?parent=92042"}],"wp:term":[{"taxonomy":"post_tag","embeddable":true,"href":"https:\/\/afam.md\/ru\/wp-json\/wp\/v2\/tags?post=92042"},{"taxonomy":"tribe_events_cat","embeddable":true,"href":"https:\/\/afam.md\/ru\/wp-json\/wp\/v2\/tribe_events_cat?post=92042"}],"curies":[{"name":"wp","href":"https:\/\/api.w.org\/{rel}","templated":true}]}}