{"id":92044,"date":"2024-10-28T23:01:51","date_gmt":"2024-10-28T21:01:51","guid":{"rendered":"https:\/\/afam.md\/event\/no-5-training-wegrow-in-ungheni-cu-angela-gladei\/"},"modified":"2024-10-28T23:01:51","modified_gmt":"2024-10-28T21:01:51","slug":"no-5-training-wegrow-in-ungheni-cu-angela-gladei","status":"publish","type":"tribe_events","link":"https:\/\/afam.md\/ru\/event\/no-5-training-wegrow-in-ungheni-cu-angela-gladei\/","title":{"rendered":"No. 5 Training WeGrow \u00een Ungheni cu Angela Gladei"},"content":{"rendered":"<div class=\"kvgmc6g5 cxmmr5t8 oygrvhab hcukyx3x c1et5uql\"><a class=\"oajrlxb2 g5ia77u1 qu0x051f esr5mh6w e9989ue4 r7d6kgcz rq0escxv nhd2j8a9 nc684nl6 p7hjln8o kvgmc6g5 cxmmr5t8 oygrvhab hcukyx3x jb3vyjys rz4wbd8a qt6c0cv9 a8nywdso i1ao9s8h esuyzwwr f1sip0of lzcic4wl gpro0wi8 oo9gr5id lrazzd5p\" role=\"link\" href=\"https:\/\/www.facebook.com\/hashtag\/sus%C8%9Binem?__eep__=6&amp;__cft__[0]=AZWFKB5nClx-CbWcLKORCXn-b0NFHu-mE_MhljCLgJgHCLH83OVa5VcdDYV9mgLPLdShbudyWX_G7kbmvM1qOYkQuylMADdN9F4wYuKqspdGJfXc7T_xzd_sUsMmSrQ1WjAOSgmakSBZBZEY-N0gmphI&amp;__tn__=q\">#Sus\u021binem<\/a>\u00a0comunitatea antreprenoarelor din Ungheni<\/div>\n<div class=\"cxmmr5t8 oygrvhab hcukyx3x c1et5uql o9v6fnle\">Continu\u0103m cu o nou\u0103 instuire \u00een cadrul proiectulu WE Grow cu genericul \u201dConsolidarea ideilor de business, identificarea target-ului \u0219i promovare\u201d sus\u021binut de c\u0103tre\u00a0<a class=\"oajrlxb2 g5ia77u1 qu0x051f esr5mh6w e9989ue4 r7d6kgcz rq0escxv nhd2j8a9 nc684nl6 p7hjln8o kvgmc6g5 cxmmr5t8 oygrvhab hcukyx3x jb3vyjys rz4wbd8a qt6c0cv9 a8nywdso i1ao9s8h esuyzwwr f1sip0of lzcic4wl gpro0wi8 oo9gr5id lrazzd5p\" role=\"link\" href=\"https:\/\/www.facebook.com\/angela.gladei?__cft__[0]=AZWFKB5nClx-CbWcLKORCXn-b0NFHu-mE_MhljCLgJgHCLH83OVa5VcdDYV9mgLPLdShbudyWX_G7kbmvM1qOYkQuylMADdN9F4wYuKqspdGJfXc7T_xzd_sUsMmSrQ1WjAOSgmakSBZBZEY-N0gmphI&amp;__tn__=q\"><span class=\"nc684nl6\">Angela Gladei<\/span><\/a>, pre\u0219edintele Asocia\u021biei Femeilor Antreprenoare din Moldova \u0219i fondator al companiei\u00a0<a class=\"oajrlxb2 g5ia77u1 qu0x051f esr5mh6w e9989ue4 r7d6kgcz rq0escxv nhd2j8a9 nc684nl6 p7hjln8o kvgmc6g5 cxmmr5t8 oygrvhab hcukyx3x jb3vyjys rz4wbd8a qt6c0cv9 a8nywdso i1ao9s8h esuyzwwr f1sip0of lzcic4wl gpro0wi8 oo9gr5id lrazzd5p\" role=\"link\" href=\"https:\/\/www.facebook.com\/bdccreative\/?__cft__[0]=AZWFKB5nClx-CbWcLKORCXn-b0NFHu-mE_MhljCLgJgHCLH83OVa5VcdDYV9mgLPLdShbudyWX_G7kbmvM1qOYkQuylMADdN9F4wYuKqspdGJfXc7T_xzd_sUsMmSrQ1WjAOSgmakSBZBZEY-N0gmphI&amp;__tn__=q\"><span class=\"nc684nl6\">BDC Creative<\/span><\/a><\/div>\n<div class=\"cxmmr5t8 oygrvhab hcukyx3x c1et5uql o9v6fnle\">Dac\u0103 e\u0219ti \u00een c\u0103utarea propriei idei de business, sau dore\u0219ti s\u0103 dezvol\u021bi propria companie, atunci te a\u0219tept\u0103m \u00een cadrul webinarului la 30 mai, s\u00e2mb\u0103t\u0103, ora 10.00.<\/div>\n<div class=\"cxmmr5t8 oygrvhab hcukyx3x c1et5uql o9v6fnle\">\u00cenregistra\u021bi-v\u0103 prin transmiterea unui mesaj la adresa afammoldova@gmail.com \u0219i noi vom remite linkul de acces la eveniment.<\/div>\n","protected":false},"excerpt":{"rendered":"<p>#Sus\u021binem\u00a0comunitatea antreprenoarelor din Ungheni Continu\u0103m cu o nou\u0103 instuire \u00een cadrul proiectulu WE Grow cu genericul \u201dConsolidarea ideilor de business, identificarea target-ului \u0219i promovare\u201d sus\u021binut de c\u0103tre\u00a0Angela Gladei, pre\u0219edintele Asocia\u021biei [&hellip;]<\/p>\n","protected":false},"author":1,"featured_media":92045,"template":"","meta":{"_EventAllDay":false,"_EventTimezone":"Europe\/Chisinau","_EventStartDate":"2020-05-27 10:36:00","_EventEndDate":"2020-05-27 10:36:00","_EventStartDateUTC":"2020-05-27 07:36:00","_EventEndDateUTC":"2020-05-27 07:36:00","_EventShowMap":false,"_EventShowMapLink":false,"_EventURL":"","_EventCost":"","_EventCostDescription":"","_EventCurrencySymbol":"","_EventCurrencyCode":"","_EventCurrencyPosition":"prefix","_EventDateTimeSeparator":"","_EventTimeRangeSeparator":"","_EventOrganizerID":[],"_EventVenueID":[],"_OrganizerEmail":"","_OrganizerPhone":"","_OrganizerWebsite":"","_VenueAddress":"","_VenueCity":"","_VenueCountry":"","_VenueProvince":"","_VenueState":"","_VenueZip":"","_VenuePhone":"","_VenueURL":"","_VenueStateProvince":"","_VenueLat":"","_VenueLng":"","_VenueShowMap":false,"_VenueShowMapLink":false,"_tribe_events_status":"","_tribe_events_status_reason":"","footnotes":""},"tags":[],"tribe_events_cat":[431],"class_list":["post-92044","tribe_events","type-tribe_events","status-publish","has-post-thumbnail","hentry","tribe_events_cat-evenimente","cat_evenimente"],"yoast_head":"<!-- This site is optimized with the Yoast SEO Premium plugin v23.8 (Yoast SEO v25.1) - https:\/\/yoast.com\/wordpress\/plugins\/seo\/ -->\n<title>No. 5 Training WeGrow \u00een Ungheni cu Angela Gladei - AFAM MD<\/title>\n<meta name=\"robots\" content=\"index, follow, max-snippet:-1, max-image-preview:large, max-video-preview:-1\" \/>\n<link rel=\"canonical\" href=\"https:\/\/afam.md\/ru\/event\/no-5-training-wegrow-in-ungheni-cu-angela-gladei\/\" \/>\n<meta property=\"og:locale\" content=\"ru_RU\" \/>\n<meta property=\"og:type\" content=\"article\" \/>\n<meta property=\"og:title\" content=\"No. 5 Training WeGrow \u00een Ungheni cu Angela Gladei\" \/>\n<meta property=\"og:description\" content=\"#Sus\u021binem\u00a0comunitatea antreprenoarelor din Ungheni Continu\u0103m cu o nou\u0103 instuire \u00een cadrul proiectulu WE Grow cu genericul \u201dConsolidarea ideilor de business, identificarea target-ului \u0219i promovare\u201d sus\u021binut de c\u0103tre\u00a0Angela Gladei, pre\u0219edintele Asocia\u021biei [&hellip;]\" \/>\n<meta property=\"og:url\" content=\"https:\/\/afam.md\/ru\/event\/no-5-training-wegrow-in-ungheni-cu-angela-gladei\/\" \/>\n<meta property=\"og:site_name\" content=\"AFAM MD\" \/>\n<meta property=\"article:publisher\" content=\"https:\/\/www.facebook.com\/AFAMMoldova\/\" \/>\n<meta property=\"og:image\" content=\"https:\/\/afam.md\/wp-content\/uploads\/2024\/10\/35-1-ULXSpw.tmp_.jpg\" \/>\n\t<meta property=\"og:image:width\" content=\"1640\" \/>\n\t<meta property=\"og:image:height\" content=\"856\" \/>\n\t<meta property=\"og:image:type\" content=\"image\/jpeg\" \/>\n<meta name=\"twitter:card\" content=\"summary_large_image\" \/>\n<script type=\"application\/ld+json\" class=\"yoast-schema-graph\">{\"@context\":\"https:\/\/schema.org\",\"@graph\":[{\"@type\":\"WebPage\",\"@id\":\"https:\/\/afam.md\/event\/no-5-training-wegrow-in-ungheni-cu-angela-gladei\/\",\"url\":\"https:\/\/afam.md\/event\/no-5-training-wegrow-in-ungheni-cu-angela-gladei\/\",\"name\":\"No. 5 Training WeGrow \u00een Ungheni cu Angela Gladei - AFAM MD\",\"isPartOf\":{\"@id\":\"https:\/\/afam.md\/en\/#website\"},\"primaryImageOfPage\":{\"@id\":\"https:\/\/afam.md\/event\/no-5-training-wegrow-in-ungheni-cu-angela-gladei\/#primaryimage\"},\"image\":{\"@id\":\"https:\/\/afam.md\/event\/no-5-training-wegrow-in-ungheni-cu-angela-gladei\/#primaryimage\"},\"thumbnailUrl\":\"https:\/\/afam.md\/wp-content\/uploads\/2024\/10\/35-1-ULXSpw.tmp_.jpg\",\"datePublished\":\"2024-10-28T21:01:51+00:00\",\"breadcrumb\":{\"@id\":\"https:\/\/afam.md\/event\/no-5-training-wegrow-in-ungheni-cu-angela-gladei\/#breadcrumb\"},\"inLanguage\":\"ru-RU\",\"potentialAction\":[{\"@type\":\"ReadAction\",\"target\":[\"https:\/\/afam.md\/event\/no-5-training-wegrow-in-ungheni-cu-angela-gladei\/\"]}]},{\"@type\":\"ImageObject\",\"inLanguage\":\"ru-RU\",\"@id\":\"https:\/\/afam.md\/event\/no-5-training-wegrow-in-ungheni-cu-angela-gladei\/#primaryimage\",\"url\":\"https:\/\/afam.md\/wp-content\/uploads\/2024\/10\/35-1-ULXSpw.tmp_.jpg\",\"contentUrl\":\"https:\/\/afam.md\/wp-content\/uploads\/2024\/10\/35-1-ULXSpw.tmp_.jpg\",\"width\":1640,\"height\":856},{\"@type\":\"BreadcrumbList\",\"@id\":\"https:\/\/afam.md\/event\/no-5-training-wegrow-in-ungheni-cu-angela-gladei\/#breadcrumb\",\"itemListElement\":[{\"@type\":\"ListItem\",\"position\":1,\"name\":\"\u0413\u043b\u0430\u0432\u043d\u0430\u044f\",\"item\":\"https:\/\/afam.md\/\"},{\"@type\":\"ListItem\",\"position\":2,\"name\":\"Events\",\"item\":\"https:\/\/afam.md\/en\/eventslist\/\"},{\"@type\":\"ListItem\",\"position\":3,\"name\":\"No. 5 Training WeGrow \u00een Ungheni cu Angela Gladei\"}]},{\"@type\":\"WebSite\",\"@id\":\"https:\/\/afam.md\/en\/#website\",\"url\":\"https:\/\/afam.md\/en\/\",\"name\":\"AFAM MD\",\"description\":\"Asocia\u021bia Femeilor Antreprenoare Din Moldova\",\"publisher\":{\"@id\":\"https:\/\/afam.md\/en\/#organization\"},\"potentialAction\":[{\"@type\":\"SearchAction\",\"target\":{\"@type\":\"EntryPoint\",\"urlTemplate\":\"https:\/\/afam.md\/en\/?s={search_term_string}\"},\"query-input\":{\"@type\":\"PropertyValueSpecification\",\"valueRequired\":true,\"valueName\":\"search_term_string\"}}],\"inLanguage\":\"ru-RU\"},{\"@type\":\"Organization\",\"@id\":\"https:\/\/afam.md\/en\/#organization\",\"name\":\"Asocia\u021bia Femeilor Antreprenoare Din Moldova\",\"alternateName\":\"AFAM\",\"url\":\"https:\/\/afam.md\/en\/\",\"logo\":{\"@type\":\"ImageObject\",\"inLanguage\":\"ru-RU\",\"@id\":\"https:\/\/afam.md\/en\/#\/schema\/logo\/image\/\",\"url\":\"https:\/\/afam.md\/wp-content\/uploads\/2024\/11\/logo-blue.svg\",\"contentUrl\":\"https:\/\/afam.md\/wp-content\/uploads\/2024\/11\/logo-blue.svg\",\"width\":1874,\"height\":650,\"caption\":\"Asocia\u021bia Femeilor Antreprenoare Din Moldova\"},\"image\":{\"@id\":\"https:\/\/afam.md\/en\/#\/schema\/logo\/image\/\"},\"sameAs\":[\"https:\/\/www.facebook.com\/AFAMMoldova\/\",\"https:\/\/www.instagram.com\/afammoldova\/?hl=en\",\"https:\/\/md.linkedin.com\/in\/afam-moldova-285159174\"],\"email\":\"afammoldova@gmail.com\",\"telephone\":\"(+373) 76 767 670\",\"legalName\":\"Asocia\u021bia Femeilor Antreprenoare Din Moldova\",\"numberOfEmployees\":{\"@type\":\"QuantitativeValue\",\"minValue\":\"51\",\"maxValue\":\"200\"}}]}<\/script>\n<!-- \/ Yoast SEO Premium plugin. -->","yoast_head_json":{"title":"No. 5 Training WeGrow \u00een Ungheni cu Angela Gladei - AFAM MD","robots":{"index":"index","follow":"follow","max-snippet":"max-snippet:-1","max-image-preview":"max-image-preview:large","max-video-preview":"max-video-preview:-1"},"canonical":"https:\/\/afam.md\/ru\/event\/no-5-training-wegrow-in-ungheni-cu-angela-gladei\/","og_locale":"ru_RU","og_type":"article","og_title":"No. 5 Training WeGrow \u00een Ungheni cu Angela Gladei","og_description":"#Sus\u021binem\u00a0comunitatea antreprenoarelor din Ungheni Continu\u0103m cu o nou\u0103 instuire \u00een cadrul proiectulu WE Grow cu genericul \u201dConsolidarea ideilor de business, identificarea target-ului \u0219i promovare\u201d sus\u021binut de c\u0103tre\u00a0Angela Gladei, pre\u0219edintele Asocia\u021biei [&hellip;]","og_url":"https:\/\/afam.md\/ru\/event\/no-5-training-wegrow-in-ungheni-cu-angela-gladei\/","og_site_name":"AFAM MD","article_publisher":"https:\/\/www.facebook.com\/AFAMMoldova\/","og_image":[{"width":1640,"height":856,"url":"https:\/\/afam.md\/wp-content\/uploads\/2024\/10\/35-1-ULXSpw.tmp_.jpg","type":"image\/jpeg"}],"twitter_card":"summary_large_image","schema":{"@context":"https:\/\/schema.org","@graph":[{"@type":"WebPage","@id":"https:\/\/afam.md\/event\/no-5-training-wegrow-in-ungheni-cu-angela-gladei\/","url":"https:\/\/afam.md\/event\/no-5-training-wegrow-in-ungheni-cu-angela-gladei\/","name":"No. 5 Training WeGrow \u00een Ungheni cu Angela Gladei - AFAM MD","isPartOf":{"@id":"https:\/\/afam.md\/en\/#website"},"primaryImageOfPage":{"@id":"https:\/\/afam.md\/event\/no-5-training-wegrow-in-ungheni-cu-angela-gladei\/#primaryimage"},"image":{"@id":"https:\/\/afam.md\/event\/no-5-training-wegrow-in-ungheni-cu-angela-gladei\/#primaryimage"},"thumbnailUrl":"https:\/\/afam.md\/wp-content\/uploads\/2024\/10\/35-1-ULXSpw.tmp_.jpg","datePublished":"2024-10-28T21:01:51+00:00","breadcrumb":{"@id":"https:\/\/afam.md\/event\/no-5-training-wegrow-in-ungheni-cu-angela-gladei\/#breadcrumb"},"inLanguage":"ru-RU","potentialAction":[{"@type":"ReadAction","target":["https:\/\/afam.md\/event\/no-5-training-wegrow-in-ungheni-cu-angela-gladei\/"]}]},{"@type":"ImageObject","inLanguage":"ru-RU","@id":"https:\/\/afam.md\/event\/no-5-training-wegrow-in-ungheni-cu-angela-gladei\/#primaryimage","url":"https:\/\/afam.md\/wp-content\/uploads\/2024\/10\/35-1-ULXSpw.tmp_.jpg","contentUrl":"https:\/\/afam.md\/wp-content\/uploads\/2024\/10\/35-1-ULXSpw.tmp_.jpg","width":1640,"height":856},{"@type":"BreadcrumbList","@id":"https:\/\/afam.md\/event\/no-5-training-wegrow-in-ungheni-cu-angela-gladei\/#breadcrumb","itemListElement":[{"@type":"ListItem","position":1,"name":"\u0413\u043b\u0430\u0432\u043d\u0430\u044f","item":"https:\/\/afam.md\/"},{"@type":"ListItem","position":2,"name":"Events","item":"https:\/\/afam.md\/en\/eventslist\/"},{"@type":"ListItem","position":3,"name":"No. 5 Training WeGrow \u00een Ungheni cu Angela Gladei"}]},{"@type":"WebSite","@id":"https:\/\/afam.md\/en\/#website","url":"https:\/\/afam.md\/en\/","name":"AFAM MD","description":"Asocia\u021bia Femeilor Antreprenoare Din Moldova","publisher":{"@id":"https:\/\/afam.md\/en\/#organization"},"potentialAction":[{"@type":"SearchAction","target":{"@type":"EntryPoint","urlTemplate":"https:\/\/afam.md\/en\/?s={search_term_string}"},"query-input":{"@type":"PropertyValueSpecification","valueRequired":true,"valueName":"search_term_string"}}],"inLanguage":"ru-RU"},{"@type":"Organization","@id":"https:\/\/afam.md\/en\/#organization","name":"Asocia\u021bia Femeilor Antreprenoare Din Moldova","alternateName":"AFAM","url":"https:\/\/afam.md\/en\/","logo":{"@type":"ImageObject","inLanguage":"ru-RU","@id":"https:\/\/afam.md\/en\/#\/schema\/logo\/image\/","url":"https:\/\/afam.md\/wp-content\/uploads\/2024\/11\/logo-blue.svg","contentUrl":"https:\/\/afam.md\/wp-content\/uploads\/2024\/11\/logo-blue.svg","width":1874,"height":650,"caption":"Asocia\u021bia Femeilor Antreprenoare Din Moldova"},"image":{"@id":"https:\/\/afam.md\/en\/#\/schema\/logo\/image\/"},"sameAs":["https:\/\/www.facebook.com\/AFAMMoldova\/","https:\/\/www.instagram.com\/afammoldova\/?hl=en","https:\/\/md.linkedin.com\/in\/afam-moldova-285159174"],"email":"afammoldova@gmail.com","telephone":"(+373) 76 767 670","legalName":"Asocia\u021bia Femeilor Antreprenoare Din Moldova","numberOfEmployees":{"@type":"QuantitativeValue","minValue":"51","maxValue":"200"}}]}},"_links":{"self":[{"href":"https:\/\/afam.md\/ru\/wp-json\/wp\/v2\/tribe_events\/92044","targetHints":{"allow":["GET"]}}],"collection":[{"href":"https:\/\/afam.md\/ru\/wp-json\/wp\/v2\/tribe_events"}],"about":[{"href":"https:\/\/afam.md\/ru\/wp-json\/wp\/v2\/types\/tribe_events"}],"author":[{"embeddable":true,"href":"https:\/\/afam.md\/ru\/wp-json\/wp\/v2\/users\/1"}],"version-history":[{"count":0,"href":"https:\/\/afam.md\/ru\/wp-json\/wp\/v2\/tribe_events\/92044\/revisions"}],"wp:featuredmedia":[{"embeddable":true,"href":"https:\/\/afam.md\/ru\/wp-json\/wp\/v2\/media\/92045"}],"wp:attachment":[{"href":"https:\/\/afam.md\/ru\/wp-json\/wp\/v2\/media?parent=92044"}],"wp:term":[{"taxonomy":"post_tag","embeddable":true,"href":"https:\/\/afam.md\/ru\/wp-json\/wp\/v2\/tags?post=92044"},{"taxonomy":"tribe_events_cat","embeddable":true,"href":"https:\/\/afam.md\/ru\/wp-json\/wp\/v2\/tribe_events_cat?post=92044"}],"curies":[{"name":"wp","href":"https:\/\/api.w.org\/{rel}","templated":true}]}}