{"id":92050,"date":"2024-10-28T23:01:54","date_gmt":"2024-10-28T21:01:54","guid":{"rendered":"https:\/\/afam.md\/event\/no-9-training-wegrow-in-tiraspol-cu-angela-gladei\/"},"modified":"2024-10-28T23:01:54","modified_gmt":"2024-10-28T21:01:54","slug":"no-9-training-wegrow-in-tiraspol-cu-angela-gladei","status":"publish","type":"tribe_events","link":"https:\/\/afam.md\/ru\/event\/no-9-training-wegrow-in-tiraspol-cu-angela-gladei\/","title":{"rendered":"No. 9 Training WeGrow \u00een Tiraspol cu Angela Gladei"},"content":{"rendered":"<div class=\"kvgmc6g5 cxmmr5t8 oygrvhab hcukyx3x c1et5uql\">Fiecare start up necesit\u0103 s\u0103 devin\u0103 vizibil pentru publicul s\u0103u \u021bint\u0103 \u0219i s\u0103 informeze poten\u021bialii clien\u021bi despre serviciile \u0219i produsele pe care le ofer\u0103.<\/div>\n<div class=\"cxmmr5t8 oygrvhab hcukyx3x c1et5uql o9v6fnle\">Ne propunem s\u0103 abord\u0103m acest subiect \u00een cadrul urm\u0103toarei instruiri aferent proiectului We Grow destinat doamnelor din regiunea Transnistrean\u0103, care va avea loc la 06.06.20, ora 10.00, \u00een regim online, cu genericul \u201dMarketing \u0219i promovarea afacerii\u201d cu Angela Gladei, pre\u0219edintele Asocia\u021biei Femeilor Antreprenoare din Moldova \u0219i fondator al companiei BDC Creative.<\/div>\n<div class=\"cxmmr5t8 oygrvhab hcukyx3x c1et5uql o9v6fnle\">Evenimentul va fi \u00een limba rus\u0103 \u0219i invit\u0103m toate doamnele s\u0103 participe \u00een cadrul acestui training prin transmiterea unui mesaj la adresa afammoldova@gmail.com \u0219i noi vom remite linkul de acces la eveniment.<\/div>\n","protected":false},"excerpt":{"rendered":"<p>Fiecare start up necesit\u0103 s\u0103 devin\u0103 vizibil pentru publicul s\u0103u \u021bint\u0103 \u0219i s\u0103 informeze poten\u021bialii clien\u021bi despre serviciile \u0219i produsele pe care le ofer\u0103. Ne propunem s\u0103 abord\u0103m acest subiect [&hellip;]<\/p>\n","protected":false},"author":1,"featured_media":92051,"template":"","meta":{"_EventAllDay":false,"_EventTimezone":"Europe\/Chisinau","_EventStartDate":"2020-06-06 10:45:00","_EventEndDate":"2020-06-06 10:45:00","_EventStartDateUTC":"2020-06-06 07:45:00","_EventEndDateUTC":"2020-06-06 07:45:00","_EventShowMap":false,"_EventShowMapLink":false,"_EventURL":"","_EventCost":"","_EventCostDescription":"","_EventCurrencySymbol":"","_EventCurrencyCode":"","_EventCurrencyPosition":"prefix","_EventDateTimeSeparator":"","_EventTimeRangeSeparator":"","_EventOrganizerID":[],"_EventVenueID":[],"_OrganizerEmail":"","_OrganizerPhone":"","_OrganizerWebsite":"","_VenueAddress":"","_VenueCity":"","_VenueCountry":"","_VenueProvince":"","_VenueState":"","_VenueZip":"","_VenuePhone":"","_VenueURL":"","_VenueStateProvince":"","_VenueLat":"","_VenueLng":"","_VenueShowMap":false,"_VenueShowMapLink":false,"_tribe_events_status":"","_tribe_events_status_reason":"","footnotes":""},"tags":[],"tribe_events_cat":[431],"class_list":["post-92050","tribe_events","type-tribe_events","status-publish","has-post-thumbnail","hentry","tribe_events_cat-evenimente","cat_evenimente"],"yoast_head":"<!-- This site is optimized with the Yoast SEO Premium plugin v23.8 (Yoast SEO v25.1) - https:\/\/yoast.com\/wordpress\/plugins\/seo\/ -->\n<title>No. 9 Training WeGrow \u00een Tiraspol cu Angela Gladei - AFAM MD<\/title>\n<meta name=\"robots\" content=\"index, follow, max-snippet:-1, max-image-preview:large, max-video-preview:-1\" \/>\n<link rel=\"canonical\" href=\"https:\/\/afam.md\/ru\/event\/no-9-training-wegrow-in-tiraspol-cu-angela-gladei\/\" \/>\n<meta property=\"og:locale\" content=\"ru_RU\" \/>\n<meta property=\"og:type\" content=\"article\" \/>\n<meta property=\"og:title\" content=\"No. 9 Training WeGrow \u00een Tiraspol cu Angela Gladei\" \/>\n<meta property=\"og:description\" content=\"Fiecare start up necesit\u0103 s\u0103 devin\u0103 vizibil pentru publicul s\u0103u \u021bint\u0103 \u0219i s\u0103 informeze poten\u021bialii clien\u021bi despre serviciile \u0219i produsele pe care le ofer\u0103. Ne propunem s\u0103 abord\u0103m acest subiect [&hellip;]\" \/>\n<meta property=\"og:url\" content=\"https:\/\/afam.md\/ru\/event\/no-9-training-wegrow-in-tiraspol-cu-angela-gladei\/\" \/>\n<meta property=\"og:site_name\" content=\"AFAM MD\" \/>\n<meta property=\"article:publisher\" content=\"https:\/\/www.facebook.com\/AFAMMoldova\/\" \/>\n<meta property=\"og:image\" content=\"https:\/\/afam.md\/wp-content\/uploads\/2024\/10\/3-2-AtgrhU.tmp_.jpg\" \/>\n\t<meta property=\"og:image:width\" content=\"1640\" \/>\n\t<meta property=\"og:image:height\" content=\"856\" \/>\n\t<meta property=\"og:image:type\" content=\"image\/jpeg\" \/>\n<meta name=\"twitter:card\" content=\"summary_large_image\" \/>\n<meta name=\"twitter:label1\" content=\"\u041f\u0440\u0438\u043c\u0435\u0440\u043d\u043e\u0435 \u0432\u0440\u0435\u043c\u044f \u0434\u043b\u044f \u0447\u0442\u0435\u043d\u0438\u044f\" \/>\n\t<meta name=\"twitter:data1\" content=\"1 \u043c\u0438\u043d\u0443\u0442\u0430\" \/>\n<script type=\"application\/ld+json\" class=\"yoast-schema-graph\">{\"@context\":\"https:\/\/schema.org\",\"@graph\":[{\"@type\":\"WebPage\",\"@id\":\"https:\/\/afam.md\/event\/no-9-training-wegrow-in-tiraspol-cu-angela-gladei\/\",\"url\":\"https:\/\/afam.md\/event\/no-9-training-wegrow-in-tiraspol-cu-angela-gladei\/\",\"name\":\"No. 9 Training WeGrow \u00een Tiraspol cu Angela Gladei - AFAM MD\",\"isPartOf\":{\"@id\":\"https:\/\/afam.md\/en\/#website\"},\"primaryImageOfPage\":{\"@id\":\"https:\/\/afam.md\/event\/no-9-training-wegrow-in-tiraspol-cu-angela-gladei\/#primaryimage\"},\"image\":{\"@id\":\"https:\/\/afam.md\/event\/no-9-training-wegrow-in-tiraspol-cu-angela-gladei\/#primaryimage\"},\"thumbnailUrl\":\"https:\/\/afam.md\/wp-content\/uploads\/2024\/10\/3-2-AtgrhU.tmp_.jpg\",\"datePublished\":\"2024-10-28T21:01:54+00:00\",\"breadcrumb\":{\"@id\":\"https:\/\/afam.md\/event\/no-9-training-wegrow-in-tiraspol-cu-angela-gladei\/#breadcrumb\"},\"inLanguage\":\"ru-RU\",\"potentialAction\":[{\"@type\":\"ReadAction\",\"target\":[\"https:\/\/afam.md\/event\/no-9-training-wegrow-in-tiraspol-cu-angela-gladei\/\"]}]},{\"@type\":\"ImageObject\",\"inLanguage\":\"ru-RU\",\"@id\":\"https:\/\/afam.md\/event\/no-9-training-wegrow-in-tiraspol-cu-angela-gladei\/#primaryimage\",\"url\":\"https:\/\/afam.md\/wp-content\/uploads\/2024\/10\/3-2-AtgrhU.tmp_.jpg\",\"contentUrl\":\"https:\/\/afam.md\/wp-content\/uploads\/2024\/10\/3-2-AtgrhU.tmp_.jpg\",\"width\":1640,\"height\":856},{\"@type\":\"BreadcrumbList\",\"@id\":\"https:\/\/afam.md\/event\/no-9-training-wegrow-in-tiraspol-cu-angela-gladei\/#breadcrumb\",\"itemListElement\":[{\"@type\":\"ListItem\",\"position\":1,\"name\":\"\u0413\u043b\u0430\u0432\u043d\u0430\u044f\",\"item\":\"https:\/\/afam.md\/\"},{\"@type\":\"ListItem\",\"position\":2,\"name\":\"Events\",\"item\":\"https:\/\/afam.md\/en\/eventslist\/\"},{\"@type\":\"ListItem\",\"position\":3,\"name\":\"No. 9 Training WeGrow \u00een Tiraspol cu Angela Gladei\"}]},{\"@type\":\"WebSite\",\"@id\":\"https:\/\/afam.md\/en\/#website\",\"url\":\"https:\/\/afam.md\/en\/\",\"name\":\"AFAM MD\",\"description\":\"Asocia\u021bia Femeilor Antreprenoare Din Moldova\",\"publisher\":{\"@id\":\"https:\/\/afam.md\/en\/#organization\"},\"potentialAction\":[{\"@type\":\"SearchAction\",\"target\":{\"@type\":\"EntryPoint\",\"urlTemplate\":\"https:\/\/afam.md\/en\/?s={search_term_string}\"},\"query-input\":{\"@type\":\"PropertyValueSpecification\",\"valueRequired\":true,\"valueName\":\"search_term_string\"}}],\"inLanguage\":\"ru-RU\"},{\"@type\":\"Organization\",\"@id\":\"https:\/\/afam.md\/en\/#organization\",\"name\":\"Asocia\u021bia Femeilor Antreprenoare Din Moldova\",\"alternateName\":\"AFAM\",\"url\":\"https:\/\/afam.md\/en\/\",\"logo\":{\"@type\":\"ImageObject\",\"inLanguage\":\"ru-RU\",\"@id\":\"https:\/\/afam.md\/en\/#\/schema\/logo\/image\/\",\"url\":\"https:\/\/afam.md\/wp-content\/uploads\/2024\/11\/logo-blue.svg\",\"contentUrl\":\"https:\/\/afam.md\/wp-content\/uploads\/2024\/11\/logo-blue.svg\",\"width\":1874,\"height\":650,\"caption\":\"Asocia\u021bia Femeilor Antreprenoare Din Moldova\"},\"image\":{\"@id\":\"https:\/\/afam.md\/en\/#\/schema\/logo\/image\/\"},\"sameAs\":[\"https:\/\/www.facebook.com\/AFAMMoldova\/\",\"https:\/\/www.instagram.com\/afammoldova\/?hl=en\",\"https:\/\/md.linkedin.com\/in\/afam-moldova-285159174\"],\"email\":\"afammoldova@gmail.com\",\"telephone\":\"(+373) 76 767 670\",\"legalName\":\"Asocia\u021bia Femeilor Antreprenoare Din Moldova\",\"numberOfEmployees\":{\"@type\":\"QuantitativeValue\",\"minValue\":\"51\",\"maxValue\":\"200\"}}]}<\/script>\n<!-- \/ Yoast SEO Premium plugin. -->","yoast_head_json":{"title":"No. 9 Training WeGrow \u00een Tiraspol cu Angela Gladei - AFAM MD","robots":{"index":"index","follow":"follow","max-snippet":"max-snippet:-1","max-image-preview":"max-image-preview:large","max-video-preview":"max-video-preview:-1"},"canonical":"https:\/\/afam.md\/ru\/event\/no-9-training-wegrow-in-tiraspol-cu-angela-gladei\/","og_locale":"ru_RU","og_type":"article","og_title":"No. 9 Training WeGrow \u00een Tiraspol cu Angela Gladei","og_description":"Fiecare start up necesit\u0103 s\u0103 devin\u0103 vizibil pentru publicul s\u0103u \u021bint\u0103 \u0219i s\u0103 informeze poten\u021bialii clien\u021bi despre serviciile \u0219i produsele pe care le ofer\u0103. Ne propunem s\u0103 abord\u0103m acest subiect [&hellip;]","og_url":"https:\/\/afam.md\/ru\/event\/no-9-training-wegrow-in-tiraspol-cu-angela-gladei\/","og_site_name":"AFAM MD","article_publisher":"https:\/\/www.facebook.com\/AFAMMoldova\/","og_image":[{"width":1640,"height":856,"url":"https:\/\/afam.md\/wp-content\/uploads\/2024\/10\/3-2-AtgrhU.tmp_.jpg","type":"image\/jpeg"}],"twitter_card":"summary_large_image","twitter_misc":{"\u041f\u0440\u0438\u043c\u0435\u0440\u043d\u043e\u0435 \u0432\u0440\u0435\u043c\u044f \u0434\u043b\u044f \u0447\u0442\u0435\u043d\u0438\u044f":"1 \u043c\u0438\u043d\u0443\u0442\u0430"},"schema":{"@context":"https:\/\/schema.org","@graph":[{"@type":"WebPage","@id":"https:\/\/afam.md\/event\/no-9-training-wegrow-in-tiraspol-cu-angela-gladei\/","url":"https:\/\/afam.md\/event\/no-9-training-wegrow-in-tiraspol-cu-angela-gladei\/","name":"No. 9 Training WeGrow \u00een Tiraspol cu Angela Gladei - AFAM MD","isPartOf":{"@id":"https:\/\/afam.md\/en\/#website"},"primaryImageOfPage":{"@id":"https:\/\/afam.md\/event\/no-9-training-wegrow-in-tiraspol-cu-angela-gladei\/#primaryimage"},"image":{"@id":"https:\/\/afam.md\/event\/no-9-training-wegrow-in-tiraspol-cu-angela-gladei\/#primaryimage"},"thumbnailUrl":"https:\/\/afam.md\/wp-content\/uploads\/2024\/10\/3-2-AtgrhU.tmp_.jpg","datePublished":"2024-10-28T21:01:54+00:00","breadcrumb":{"@id":"https:\/\/afam.md\/event\/no-9-training-wegrow-in-tiraspol-cu-angela-gladei\/#breadcrumb"},"inLanguage":"ru-RU","potentialAction":[{"@type":"ReadAction","target":["https:\/\/afam.md\/event\/no-9-training-wegrow-in-tiraspol-cu-angela-gladei\/"]}]},{"@type":"ImageObject","inLanguage":"ru-RU","@id":"https:\/\/afam.md\/event\/no-9-training-wegrow-in-tiraspol-cu-angela-gladei\/#primaryimage","url":"https:\/\/afam.md\/wp-content\/uploads\/2024\/10\/3-2-AtgrhU.tmp_.jpg","contentUrl":"https:\/\/afam.md\/wp-content\/uploads\/2024\/10\/3-2-AtgrhU.tmp_.jpg","width":1640,"height":856},{"@type":"BreadcrumbList","@id":"https:\/\/afam.md\/event\/no-9-training-wegrow-in-tiraspol-cu-angela-gladei\/#breadcrumb","itemListElement":[{"@type":"ListItem","position":1,"name":"\u0413\u043b\u0430\u0432\u043d\u0430\u044f","item":"https:\/\/afam.md\/"},{"@type":"ListItem","position":2,"name":"Events","item":"https:\/\/afam.md\/en\/eventslist\/"},{"@type":"ListItem","position":3,"name":"No. 9 Training WeGrow \u00een Tiraspol cu Angela Gladei"}]},{"@type":"WebSite","@id":"https:\/\/afam.md\/en\/#website","url":"https:\/\/afam.md\/en\/","name":"AFAM MD","description":"Asocia\u021bia Femeilor Antreprenoare Din Moldova","publisher":{"@id":"https:\/\/afam.md\/en\/#organization"},"potentialAction":[{"@type":"SearchAction","target":{"@type":"EntryPoint","urlTemplate":"https:\/\/afam.md\/en\/?s={search_term_string}"},"query-input":{"@type":"PropertyValueSpecification","valueRequired":true,"valueName":"search_term_string"}}],"inLanguage":"ru-RU"},{"@type":"Organization","@id":"https:\/\/afam.md\/en\/#organization","name":"Asocia\u021bia Femeilor Antreprenoare Din Moldova","alternateName":"AFAM","url":"https:\/\/afam.md\/en\/","logo":{"@type":"ImageObject","inLanguage":"ru-RU","@id":"https:\/\/afam.md\/en\/#\/schema\/logo\/image\/","url":"https:\/\/afam.md\/wp-content\/uploads\/2024\/11\/logo-blue.svg","contentUrl":"https:\/\/afam.md\/wp-content\/uploads\/2024\/11\/logo-blue.svg","width":1874,"height":650,"caption":"Asocia\u021bia Femeilor Antreprenoare Din Moldova"},"image":{"@id":"https:\/\/afam.md\/en\/#\/schema\/logo\/image\/"},"sameAs":["https:\/\/www.facebook.com\/AFAMMoldova\/","https:\/\/www.instagram.com\/afammoldova\/?hl=en","https:\/\/md.linkedin.com\/in\/afam-moldova-285159174"],"email":"afammoldova@gmail.com","telephone":"(+373) 76 767 670","legalName":"Asocia\u021bia Femeilor Antreprenoare Din Moldova","numberOfEmployees":{"@type":"QuantitativeValue","minValue":"51","maxValue":"200"}}]}},"_links":{"self":[{"href":"https:\/\/afam.md\/ru\/wp-json\/wp\/v2\/tribe_events\/92050","targetHints":{"allow":["GET"]}}],"collection":[{"href":"https:\/\/afam.md\/ru\/wp-json\/wp\/v2\/tribe_events"}],"about":[{"href":"https:\/\/afam.md\/ru\/wp-json\/wp\/v2\/types\/tribe_events"}],"author":[{"embeddable":true,"href":"https:\/\/afam.md\/ru\/wp-json\/wp\/v2\/users\/1"}],"version-history":[{"count":0,"href":"https:\/\/afam.md\/ru\/wp-json\/wp\/v2\/tribe_events\/92050\/revisions"}],"wp:featuredmedia":[{"embeddable":true,"href":"https:\/\/afam.md\/ru\/wp-json\/wp\/v2\/media\/92051"}],"wp:attachment":[{"href":"https:\/\/afam.md\/ru\/wp-json\/wp\/v2\/media?parent=92050"}],"wp:term":[{"taxonomy":"post_tag","embeddable":true,"href":"https:\/\/afam.md\/ru\/wp-json\/wp\/v2\/tags?post=92050"},{"taxonomy":"tribe_events_cat","embeddable":true,"href":"https:\/\/afam.md\/ru\/wp-json\/wp\/v2\/tribe_events_cat?post=92050"}],"curies":[{"name":"wp","href":"https:\/\/api.w.org\/{rel}","templated":true}]}}