{"id":92070,"date":"2024-10-28T23:03:00","date_gmt":"2024-10-28T21:03:00","guid":{"rendered":"https:\/\/afam.md\/event\/duminica-dedicata-comunitatii-si-proiectului-un_arbore_pentru_eternitate\/"},"modified":"2024-10-28T23:03:00","modified_gmt":"2024-10-28T21:03:00","slug":"duminica-dedicata-comunitatii-si-proiectului-un_arbore_pentru_eternitate","status":"publish","type":"tribe_events","link":"https:\/\/afam.md\/ru\/event\/duminica-dedicata-comunitatii-si-proiectului-un_arbore_pentru_eternitate\/","title":{"rendered":"Duminica dedicat\u0103 comunit\u0103\u021bii \u0219i Proiectului #Un_arbore_pentru_eternitate"},"content":{"rendered":"<div class=\"cxmmr5t8 oygrvhab hcukyx3x c1et5uql o9v6fnle ii04i59q\">\n<div dir=\"auto\">Acas\u0103 se pot face lucruri frumoase \u0219i ea, Ludmila Furtuna, membr\u0103 a Consiliului de Administrare AFAM, antreprenoare, medic de profesie, ne-a oferit \u00eenc\u0103 o dat\u0103 un exemplu demn de preluat de implicare civic\u0103 \u0219i responsabilitate social\u0103.<\/div>\n<\/div>\n<div class=\"cxmmr5t8 oygrvhab hcukyx3x c1et5uql o9v6fnle ii04i59q\">\n<div dir=\"auto\">Satul Chetrosu, raionul Drochia \u2013 localitatea de ba\u0219tin\u0103 a Ludmilei, care revenit\u0103 de peste hotare a decis s\u0103 \u00ee\u0219i dedice timpul liber pentru a oferi consulta\u021bii medicale gratuite \u0219i s\u0103 contribuie de comun cu sus\u021binerea diasporei la dezvoltarea comunit\u0103\u021bii cu tot ce este nevoie. Ludmila a reu\u0219it s\u0103 implementeze \u0219i o multitudine de proiecte pentru \u00eentreaga \u021bar\u0103, nu doar pentru localitatea sa \u0219i sper c\u0103 a\u021bi reu\u0219it s\u0103 o cunoa\u0219te\u021bi \u00een cadrul evenimentului <a class=\"oajrlxb2 g5ia77u1 qu0x051f esr5mh6w e9989ue4 r7d6kgcz rq0escxv nhd2j8a9 nc684nl6 p7hjln8o kvgmc6g5 cxmmr5t8 oygrvhab hcukyx3x jb3vyjys rz4wbd8a qt6c0cv9 a8nywdso i1ao9s8h esuyzwwr f1sip0of lzcic4wl gpro0wi8 py34i1dx\" role=\"link\" href=\"https:\/\/www.facebook.com\/hashtag\/meet_afam_members?__cft__[0]=AZWVny-0rJ-CBOtY_KKlNAzE__iG57g0UT2LmQo1aeg5SxheifdKcJccpyzJRYiZvg8_7YffsLRws3DDJlSSS7kkgmCFBVAKNXHvzk8bm_ZON8HRvtcjP0eXwCHxopMjS4jnYPz9oD2rtXaeazhAX2gViREmeTGZypQS3MH5wEhduQ&amp;__tn__=*NK-R\" target=\"_blank\" rel=\"noopener\">#Meet_AFAM_Members<\/a>.<\/div>\n<div dir=\"auto\"><img loading=\"lazy\" decoding=\"async\" width=\"1944\" height=\"1296\" class=\"alignnone size-medium wp-image-5590\" src=\"https:\/\/afam.md\/wp-content\/uploads\/2024\/09\/24-3.jpg\" \/> <img loading=\"lazy\" decoding=\"async\" width=\"1944\" height=\"1296\" class=\"alignnone size-medium wp-image-5591\" src=\"https:\/\/afam.md\/wp-content\/uploads\/2024\/09\/25-4.jpg\" \/> <img loading=\"lazy\" decoding=\"async\" width=\"1200\" height=\"1600\" class=\"alignnone size-medium wp-image-5592\" src=\"https:\/\/afam.md\/wp-content\/uploads\/2024\/09\/26-3.jpg\" \/> <img loading=\"lazy\" decoding=\"async\" width=\"1944\" height=\"1296\" class=\"alignnone size-medium wp-image-5593\" src=\"https:\/\/afam.md\/wp-content\/uploads\/2024\/09\/27-3.jpg\" \/><\/div>\n<\/div>\n<div class=\"cxmmr5t8 oygrvhab hcukyx3x c1et5uql o9v6fnle ii04i59q\">\n<div dir=\"auto\">Ne-am g\u00e2ndit care ar fi acei parametri care produc schimbarea \u0219i consider\u0103m c\u0103, schimbarea \u00eencepe de la sine \u0219i \u021bin\u00e2nd cont de celebrarea Zilei Mondiale a Mediului, am reu\u0219it s\u0103 organiz\u0103m a doua ac\u021biune de plantare a arborilor de stejar \u00een satul Chetrosu, oferi\u021bi cu titlu gratuit de c\u0103tre compania \u201dKids for Nature\u201d.<\/div>\n<\/div>\n<div class=\"cxmmr5t8 oygrvhab hcukyx3x c1et5uql o9v6fnle ii04i59q\">\n<div dir=\"auto\">Cu to\u021bii cunosc c\u0103, atunci c\u00e2nd vorbim de afaceri, mai \u00eent\u00e2i vorbim despre oameni \u0219i evenimentul dat nu ar fi avut loc f\u0103r\u0103 suportul oferit de c\u0103tre Daniela Dohotaru, care de comun cu so\u021bul a fondat compania \u201dKids for Nature\u201d, din dragoste pentru mediu \u0219i crearea unei surse sigure de oxigen. Cu aceast\u0103 ocazie am reu\u0219it s\u0103 cunoa\u0219tem impresionanta poveste care se afl\u0103 \u00een spatele acestor cop\u0103cei \u0219i o s\u0103 ne \u00eemp\u0103rt\u0103\u0219im \u0219i cu voi \u00een cadrul unui eveniment AFAM. Aprecieri sincere Danielei pentru suport \u0219i implicare, ea fiind al\u0103turi de noi \u0219i \u00een cadrul procesului de plantare, le dorim succese \u00een continuare \u00een misiunea lor creatoare de <a class=\"oajrlxb2 g5ia77u1 qu0x051f esr5mh6w e9989ue4 r7d6kgcz rq0escxv nhd2j8a9 nc684nl6 p7hjln8o kvgmc6g5 cxmmr5t8 oygrvhab hcukyx3x jb3vyjys rz4wbd8a qt6c0cv9 a8nywdso i1ao9s8h esuyzwwr f1sip0of lzcic4wl gpro0wi8 py34i1dx\" role=\"link\" href=\"https:\/\/www.facebook.com\/hashtag\/verde?__cft__[0]=AZWVny-0rJ-CBOtY_KKlNAzE__iG57g0UT2LmQo1aeg5SxheifdKcJccpyzJRYiZvg8_7YffsLRws3DDJlSSS7kkgmCFBVAKNXHvzk8bm_ZON8HRvtcjP0eXwCHxopMjS4jnYPz9oD2rtXaeazhAX2gViREmeTGZypQS3MH5wEhduQ&amp;__tn__=*NK-R\" target=\"_blank\" rel=\"noopener\">#verde<\/a>.<\/div>\n<\/div>\n<div class=\"cxmmr5t8 oygrvhab hcukyx3x c1et5uql o9v6fnle ii04i59q\">\n<div dir=\"auto\">Trebuie s\u0103 men\u021bion\u0103m c\u0103, noi planificam lansarea unui proiect inedit pentru <a class=\"oajrlxb2 g5ia77u1 qu0x051f esr5mh6w e9989ue4 r7d6kgcz rq0escxv nhd2j8a9 nc684nl6 p7hjln8o kvgmc6g5 cxmmr5t8 oygrvhab hcukyx3x jb3vyjys rz4wbd8a qt6c0cv9 a8nywdso i1ao9s8h esuyzwwr f1sip0of lzcic4wl gpro0wi8 py34i1dx\" role=\"link\" href=\"https:\/\/www.facebook.com\/hashtag\/diaspora?__cft__[0]=AZWVny-0rJ-CBOtY_KKlNAzE__iG57g0UT2LmQo1aeg5SxheifdKcJccpyzJRYiZvg8_7YffsLRws3DDJlSSS7kkgmCFBVAKNXHvzk8bm_ZON8HRvtcjP0eXwCHxopMjS4jnYPz9oD2rtXaeazhAX2gViREmeTGZypQS3MH5wEhduQ&amp;__tn__=*NK-R\" target=\"_blank\" rel=\"noopener\">#Diaspora<\/a> la ea acas\u0103 \u2013 membra noastr\u0103 Ludmila fiind un exemplu elocvent prin revenirea sa acas\u0103 pentru a f\u0103uri un viitor \u00een \u021bara noastr\u0103 \u0219i am fost pl\u0103cut surprinse s\u0103 vedem prezente la \u00eentrevedere 2 doamne revenite de cur\u00e2nd din str\u0103in\u0103tate \u0219i dornice de a-\u0219i lansa propria afacere \u00een localitatea de ba\u0219tin\u0103.<\/div>\n<div dir=\"auto\"><img loading=\"lazy\" decoding=\"async\" width=\"1944\" height=\"1296\" class=\"alignnone size-medium wp-image-5594\" src=\"https:\/\/afam.md\/wp-content\/uploads\/2024\/09\/28-3.jpg\" \/> <img loading=\"lazy\" decoding=\"async\" width=\"1944\" height=\"1296\" class=\"alignnone size-medium wp-image-5595\" src=\"https:\/\/afam.md\/wp-content\/uploads\/2024\/09\/29-3.jpg\" \/> <img loading=\"lazy\" decoding=\"async\" width=\"1944\" height=\"1296\" class=\"alignnone size-medium wp-image-5596\" src=\"https:\/\/afam.md\/wp-content\/uploads\/2024\/09\/30-3.jpg\" \/> <img loading=\"lazy\" decoding=\"async\" width=\"1944\" height=\"1296\" class=\"alignnone size-medium wp-image-5597\" src=\"https:\/\/afam.md\/wp-content\/uploads\/2024\/09\/31-3.jpg\" \/><\/div>\n<\/div>\n<div class=\"cxmmr5t8 oygrvhab hcukyx3x c1et5uql o9v6fnle ii04i59q\">\n<div dir=\"auto\">\u00cen conformitate cu Strategia AFAM, am oferit consultan\u021b\u0103 \u00een domeniul antreprenorial, transfer de bune practici na\u021bionale \u0219i interna\u021bionale, identificat necesit\u0103\u021bile \u0219i creat sinergii \u00een afaceri antreprenoarelor din satul Chetrosu, unde am avut ocazia s\u0103 cunoa\u0219tem 14 antreprenoare dornice s\u0103 se dezvolte \u0219i au renun\u021bat la grijile cotidiene pentru dorin\u021ba de a afla informa\u021bii pre\u021bioase.<\/div>\n<\/div>\n<div class=\"cxmmr5t8 oygrvhab hcukyx3x c1et5uql o9v6fnle ii04i59q\">\n<div dir=\"auto\">\u201dProiectul nostru este unul de amploare care vizeaz\u0103 nu doar comunitatea AFAM, dar la nivel macro &#8211; toat\u0103 \u021bara, prin prisma alinierii Moldovei la standarte interna\u021bioale \u0219i totodat\u0103, consider\u00e2nd genera\u021biile viitoare \u0219i mo\u0219tenirea care se las\u0103. Contribu\u021bia noastr\u0103 pentru dezvoltarea \u021b\u0103rii este vital\u0103 \u0219i \u00eempreun\u0103 vom crea un parcurs \u00een beneficiul societ\u0103\u021bii.\u201d a vociferat Pre\u0219edinta AFAM, Angela Gladei<\/div>\n<\/div>\n<div class=\"cxmmr5t8 oygrvhab hcukyx3x c1et5uql o9v6fnle ii04i59q\">\n<div dir=\"auto\">Am reu\u0219it s\u0103 cre\u0103m un parteneriat sustenabil cu prim\u0103ria satului Chetrosu din raionul Drochia pentru a sus\u021bine antreprenorii din localitate \u0219i oferi consultan\u021b\u0103 \u00een provoc\u0103rile care le au \u0219i aducem apreciere \u0219i mul\u021bumire primarului, doamna E\u0219anu Aliona \u0219i \u00een mod deosebit Ludmilei Furtuna pentru ini\u021biativ\u0103 \u0219i dorin\u021b\u0103 nest\u0103vilit\u0103 de a \u00eencuraja comunitatea \u0219i diaspora s\u0103 se implice \u00een proiecte sociale.<\/div>\n<\/div>\n<div class=\"cxmmr5t8 oygrvhab hcukyx3x c1et5uql o9v6fnle ii04i59q\">\n<div dir=\"auto\">AFAM va continua proiectul dat prin intermediul platformei \u201dKids for Nature\u201d \u0219i v\u0103 \u00eendemn\u0103m s\u0103 apela\u021bi la ei cu \u00eencredere pentru a \u00eenverzi localitatea voastr\u0103 \u0219i contribui la oxigenarea ecosistemului datorit\u0103 acestor cop\u0103cei de stejari.<\/div>\n<\/div>\n","protected":false},"excerpt":{"rendered":"<p>Acas\u0103 se pot face lucruri frumoase \u0219i ea, Ludmila Furtuna, membr\u0103 a Consiliului de Administrare AFAM, antreprenoare, medic de profesie, ne-a oferit \u00eenc\u0103 o dat\u0103 un exemplu demn de preluat [&hellip;]<\/p>\n","protected":false},"author":1,"featured_media":92071,"template":"","meta":{"_EventAllDay":false,"_EventTimezone":"Europe\/Chisinau","_EventStartDate":"2021-06-07 13:58:00","_EventEndDate":"2021-06-07 13:58:00","_EventStartDateUTC":"2021-06-07 10:58:00","_EventEndDateUTC":"2021-06-07 10:58:00","_EventShowMap":false,"_EventShowMapLink":false,"_EventURL":"","_EventCost":"","_EventCostDescription":"","_EventCurrencySymbol":"","_EventCurrencyCode":"","_EventCurrencyPosition":"prefix","_EventDateTimeSeparator":"","_EventTimeRangeSeparator":"","_EventOrganizerID":[],"_EventVenueID":[],"_OrganizerEmail":"","_OrganizerPhone":"","_OrganizerWebsite":"","_VenueAddress":"","_VenueCity":"","_VenueCountry":"","_VenueProvince":"","_VenueState":"","_VenueZip":"","_VenuePhone":"","_VenueURL":"","_VenueStateProvince":"","_VenueLat":"","_VenueLng":"","_VenueShowMap":false,"_VenueShowMapLink":false,"_tribe_events_status":"","_tribe_events_status_reason":"","footnotes":""},"tags":[],"tribe_events_cat":[431],"class_list":["post-92070","tribe_events","type-tribe_events","status-publish","has-post-thumbnail","hentry","tribe_events_cat-evenimente","cat_evenimente"],"yoast_head":"<!-- This site is optimized with the Yoast SEO Premium plugin v23.8 (Yoast SEO v25.1) - https:\/\/yoast.com\/wordpress\/plugins\/seo\/ -->\n<title>Duminica dedicat\u0103 comunit\u0103\u021bii \u0219i Proiectului #Un_arbore_pentru_eternitate - AFAM MD<\/title>\n<meta name=\"robots\" content=\"index, follow, max-snippet:-1, max-image-preview:large, max-video-preview:-1\" \/>\n<link rel=\"canonical\" href=\"https:\/\/afam.md\/ru\/event\/duminica-dedicata-comunitatii-si-proiectului-un_arbore_pentru_eternitate\/\" \/>\n<meta property=\"og:locale\" content=\"ru_RU\" \/>\n<meta property=\"og:type\" content=\"article\" \/>\n<meta property=\"og:title\" content=\"Duminica dedicat\u0103 comunit\u0103\u021bii \u0219i Proiectului #Un_arbore_pentru_eternitate\" \/>\n<meta property=\"og:description\" content=\"Acas\u0103 se pot face lucruri frumoase \u0219i ea, Ludmila Furtuna, membr\u0103 a Consiliului de Administrare AFAM, antreprenoare, medic de profesie, ne-a oferit \u00eenc\u0103 o dat\u0103 un exemplu demn de preluat [&hellip;]\" \/>\n<meta property=\"og:url\" content=\"https:\/\/afam.md\/ru\/event\/duminica-dedicata-comunitatii-si-proiectului-un_arbore_pentru_eternitate\/\" \/>\n<meta property=\"og:site_name\" content=\"AFAM MD\" \/>\n<meta property=\"article:publisher\" content=\"https:\/\/www.facebook.com\/AFAMMoldova\/\" \/>\n<meta property=\"og:image\" content=\"https:\/\/afam.md\/wp-content\/uploads\/2024\/10\/31-3-8n1sG8.tmp_.jpg\" \/>\n\t<meta property=\"og:image:width\" content=\"1944\" \/>\n\t<meta property=\"og:image:height\" content=\"1296\" \/>\n\t<meta property=\"og:image:type\" content=\"image\/jpeg\" \/>\n<meta name=\"twitter:card\" content=\"summary_large_image\" \/>\n<meta name=\"twitter:label1\" content=\"\u041f\u0440\u0438\u043c\u0435\u0440\u043d\u043e\u0435 \u0432\u0440\u0435\u043c\u044f \u0434\u043b\u044f \u0447\u0442\u0435\u043d\u0438\u044f\" \/>\n\t<meta name=\"twitter:data1\" content=\"3 \u043c\u0438\u043d\u0443\u0442\u044b\" \/>\n<script type=\"application\/ld+json\" class=\"yoast-schema-graph\">{\"@context\":\"https:\/\/schema.org\",\"@graph\":[{\"@type\":\"WebPage\",\"@id\":\"https:\/\/afam.md\/event\/duminica-dedicata-comunitatii-si-proiectului-un_arbore_pentru_eternitate\/\",\"url\":\"https:\/\/afam.md\/event\/duminica-dedicata-comunitatii-si-proiectului-un_arbore_pentru_eternitate\/\",\"name\":\"Duminica dedicat\u0103 comunit\u0103\u021bii \u0219i Proiectului #Un_arbore_pentru_eternitate - AFAM MD\",\"isPartOf\":{\"@id\":\"https:\/\/afam.md\/en\/#website\"},\"primaryImageOfPage\":{\"@id\":\"https:\/\/afam.md\/event\/duminica-dedicata-comunitatii-si-proiectului-un_arbore_pentru_eternitate\/#primaryimage\"},\"image\":{\"@id\":\"https:\/\/afam.md\/event\/duminica-dedicata-comunitatii-si-proiectului-un_arbore_pentru_eternitate\/#primaryimage\"},\"thumbnailUrl\":\"https:\/\/afam.md\/wp-content\/uploads\/2024\/10\/31-3-8n1sG8.tmp_.jpg\",\"datePublished\":\"2024-10-28T21:03:00+00:00\",\"breadcrumb\":{\"@id\":\"https:\/\/afam.md\/event\/duminica-dedicata-comunitatii-si-proiectului-un_arbore_pentru_eternitate\/#breadcrumb\"},\"inLanguage\":\"ru-RU\",\"potentialAction\":[{\"@type\":\"ReadAction\",\"target\":[\"https:\/\/afam.md\/event\/duminica-dedicata-comunitatii-si-proiectului-un_arbore_pentru_eternitate\/\"]}]},{\"@type\":\"ImageObject\",\"inLanguage\":\"ru-RU\",\"@id\":\"https:\/\/afam.md\/event\/duminica-dedicata-comunitatii-si-proiectului-un_arbore_pentru_eternitate\/#primaryimage\",\"url\":\"https:\/\/afam.md\/wp-content\/uploads\/2024\/10\/31-3-8n1sG8.tmp_.jpg\",\"contentUrl\":\"https:\/\/afam.md\/wp-content\/uploads\/2024\/10\/31-3-8n1sG8.tmp_.jpg\",\"width\":1944,\"height\":1296},{\"@type\":\"BreadcrumbList\",\"@id\":\"https:\/\/afam.md\/event\/duminica-dedicata-comunitatii-si-proiectului-un_arbore_pentru_eternitate\/#breadcrumb\",\"itemListElement\":[{\"@type\":\"ListItem\",\"position\":1,\"name\":\"\u0413\u043b\u0430\u0432\u043d\u0430\u044f\",\"item\":\"https:\/\/afam.md\/\"},{\"@type\":\"ListItem\",\"position\":2,\"name\":\"Events\",\"item\":\"https:\/\/afam.md\/en\/eventslist\/\"},{\"@type\":\"ListItem\",\"position\":3,\"name\":\"Duminica dedicat\u0103 comunit\u0103\u021bii \u0219i Proiectului #Un_arbore_pentru_eternitate\"}]},{\"@type\":\"WebSite\",\"@id\":\"https:\/\/afam.md\/en\/#website\",\"url\":\"https:\/\/afam.md\/en\/\",\"name\":\"AFAM MD\",\"description\":\"Asocia\u021bia Femeilor Antreprenoare Din Moldova\",\"publisher\":{\"@id\":\"https:\/\/afam.md\/en\/#organization\"},\"potentialAction\":[{\"@type\":\"SearchAction\",\"target\":{\"@type\":\"EntryPoint\",\"urlTemplate\":\"https:\/\/afam.md\/en\/?s={search_term_string}\"},\"query-input\":{\"@type\":\"PropertyValueSpecification\",\"valueRequired\":true,\"valueName\":\"search_term_string\"}}],\"inLanguage\":\"ru-RU\"},{\"@type\":\"Organization\",\"@id\":\"https:\/\/afam.md\/en\/#organization\",\"name\":\"Asocia\u021bia Femeilor Antreprenoare Din Moldova\",\"alternateName\":\"AFAM\",\"url\":\"https:\/\/afam.md\/en\/\",\"logo\":{\"@type\":\"ImageObject\",\"inLanguage\":\"ru-RU\",\"@id\":\"https:\/\/afam.md\/en\/#\/schema\/logo\/image\/\",\"url\":\"https:\/\/afam.md\/wp-content\/uploads\/2024\/11\/logo-blue.svg\",\"contentUrl\":\"https:\/\/afam.md\/wp-content\/uploads\/2024\/11\/logo-blue.svg\",\"width\":1874,\"height\":650,\"caption\":\"Asocia\u021bia Femeilor Antreprenoare Din Moldova\"},\"image\":{\"@id\":\"https:\/\/afam.md\/en\/#\/schema\/logo\/image\/\"},\"sameAs\":[\"https:\/\/www.facebook.com\/AFAMMoldova\/\",\"https:\/\/www.instagram.com\/afammoldova\/?hl=en\",\"https:\/\/md.linkedin.com\/in\/afam-moldova-285159174\"],\"email\":\"afammoldova@gmail.com\",\"telephone\":\"(+373) 76 767 670\",\"legalName\":\"Asocia\u021bia Femeilor Antreprenoare Din Moldova\",\"numberOfEmployees\":{\"@type\":\"QuantitativeValue\",\"minValue\":\"51\",\"maxValue\":\"200\"}}]}<\/script>\n<!-- \/ Yoast SEO Premium plugin. -->","yoast_head_json":{"title":"Duminica dedicat\u0103 comunit\u0103\u021bii \u0219i Proiectului #Un_arbore_pentru_eternitate - AFAM MD","robots":{"index":"index","follow":"follow","max-snippet":"max-snippet:-1","max-image-preview":"max-image-preview:large","max-video-preview":"max-video-preview:-1"},"canonical":"https:\/\/afam.md\/ru\/event\/duminica-dedicata-comunitatii-si-proiectului-un_arbore_pentru_eternitate\/","og_locale":"ru_RU","og_type":"article","og_title":"Duminica dedicat\u0103 comunit\u0103\u021bii \u0219i Proiectului #Un_arbore_pentru_eternitate","og_description":"Acas\u0103 se pot face lucruri frumoase \u0219i ea, Ludmila Furtuna, membr\u0103 a Consiliului de Administrare AFAM, antreprenoare, medic de profesie, ne-a oferit \u00eenc\u0103 o dat\u0103 un exemplu demn de preluat [&hellip;]","og_url":"https:\/\/afam.md\/ru\/event\/duminica-dedicata-comunitatii-si-proiectului-un_arbore_pentru_eternitate\/","og_site_name":"AFAM MD","article_publisher":"https:\/\/www.facebook.com\/AFAMMoldova\/","og_image":[{"width":1944,"height":1296,"url":"https:\/\/afam.md\/wp-content\/uploads\/2024\/10\/31-3-8n1sG8.tmp_.jpg","type":"image\/jpeg"}],"twitter_card":"summary_large_image","twitter_misc":{"\u041f\u0440\u0438\u043c\u0435\u0440\u043d\u043e\u0435 \u0432\u0440\u0435\u043c\u044f \u0434\u043b\u044f \u0447\u0442\u0435\u043d\u0438\u044f":"3 \u043c\u0438\u043d\u0443\u0442\u044b"},"schema":{"@context":"https:\/\/schema.org","@graph":[{"@type":"WebPage","@id":"https:\/\/afam.md\/event\/duminica-dedicata-comunitatii-si-proiectului-un_arbore_pentru_eternitate\/","url":"https:\/\/afam.md\/event\/duminica-dedicata-comunitatii-si-proiectului-un_arbore_pentru_eternitate\/","name":"Duminica dedicat\u0103 comunit\u0103\u021bii \u0219i Proiectului #Un_arbore_pentru_eternitate - AFAM MD","isPartOf":{"@id":"https:\/\/afam.md\/en\/#website"},"primaryImageOfPage":{"@id":"https:\/\/afam.md\/event\/duminica-dedicata-comunitatii-si-proiectului-un_arbore_pentru_eternitate\/#primaryimage"},"image":{"@id":"https:\/\/afam.md\/event\/duminica-dedicata-comunitatii-si-proiectului-un_arbore_pentru_eternitate\/#primaryimage"},"thumbnailUrl":"https:\/\/afam.md\/wp-content\/uploads\/2024\/10\/31-3-8n1sG8.tmp_.jpg","datePublished":"2024-10-28T21:03:00+00:00","breadcrumb":{"@id":"https:\/\/afam.md\/event\/duminica-dedicata-comunitatii-si-proiectului-un_arbore_pentru_eternitate\/#breadcrumb"},"inLanguage":"ru-RU","potentialAction":[{"@type":"ReadAction","target":["https:\/\/afam.md\/event\/duminica-dedicata-comunitatii-si-proiectului-un_arbore_pentru_eternitate\/"]}]},{"@type":"ImageObject","inLanguage":"ru-RU","@id":"https:\/\/afam.md\/event\/duminica-dedicata-comunitatii-si-proiectului-un_arbore_pentru_eternitate\/#primaryimage","url":"https:\/\/afam.md\/wp-content\/uploads\/2024\/10\/31-3-8n1sG8.tmp_.jpg","contentUrl":"https:\/\/afam.md\/wp-content\/uploads\/2024\/10\/31-3-8n1sG8.tmp_.jpg","width":1944,"height":1296},{"@type":"BreadcrumbList","@id":"https:\/\/afam.md\/event\/duminica-dedicata-comunitatii-si-proiectului-un_arbore_pentru_eternitate\/#breadcrumb","itemListElement":[{"@type":"ListItem","position":1,"name":"\u0413\u043b\u0430\u0432\u043d\u0430\u044f","item":"https:\/\/afam.md\/"},{"@type":"ListItem","position":2,"name":"Events","item":"https:\/\/afam.md\/en\/eventslist\/"},{"@type":"ListItem","position":3,"name":"Duminica dedicat\u0103 comunit\u0103\u021bii \u0219i Proiectului #Un_arbore_pentru_eternitate"}]},{"@type":"WebSite","@id":"https:\/\/afam.md\/en\/#website","url":"https:\/\/afam.md\/en\/","name":"AFAM MD","description":"Asocia\u021bia Femeilor Antreprenoare Din Moldova","publisher":{"@id":"https:\/\/afam.md\/en\/#organization"},"potentialAction":[{"@type":"SearchAction","target":{"@type":"EntryPoint","urlTemplate":"https:\/\/afam.md\/en\/?s={search_term_string}"},"query-input":{"@type":"PropertyValueSpecification","valueRequired":true,"valueName":"search_term_string"}}],"inLanguage":"ru-RU"},{"@type":"Organization","@id":"https:\/\/afam.md\/en\/#organization","name":"Asocia\u021bia Femeilor Antreprenoare Din Moldova","alternateName":"AFAM","url":"https:\/\/afam.md\/en\/","logo":{"@type":"ImageObject","inLanguage":"ru-RU","@id":"https:\/\/afam.md\/en\/#\/schema\/logo\/image\/","url":"https:\/\/afam.md\/wp-content\/uploads\/2024\/11\/logo-blue.svg","contentUrl":"https:\/\/afam.md\/wp-content\/uploads\/2024\/11\/logo-blue.svg","width":1874,"height":650,"caption":"Asocia\u021bia Femeilor Antreprenoare Din Moldova"},"image":{"@id":"https:\/\/afam.md\/en\/#\/schema\/logo\/image\/"},"sameAs":["https:\/\/www.facebook.com\/AFAMMoldova\/","https:\/\/www.instagram.com\/afammoldova\/?hl=en","https:\/\/md.linkedin.com\/in\/afam-moldova-285159174"],"email":"afammoldova@gmail.com","telephone":"(+373) 76 767 670","legalName":"Asocia\u021bia Femeilor Antreprenoare Din Moldova","numberOfEmployees":{"@type":"QuantitativeValue","minValue":"51","maxValue":"200"}}]}},"_links":{"self":[{"href":"https:\/\/afam.md\/ru\/wp-json\/wp\/v2\/tribe_events\/92070","targetHints":{"allow":["GET"]}}],"collection":[{"href":"https:\/\/afam.md\/ru\/wp-json\/wp\/v2\/tribe_events"}],"about":[{"href":"https:\/\/afam.md\/ru\/wp-json\/wp\/v2\/types\/tribe_events"}],"author":[{"embeddable":true,"href":"https:\/\/afam.md\/ru\/wp-json\/wp\/v2\/users\/1"}],"version-history":[{"count":0,"href":"https:\/\/afam.md\/ru\/wp-json\/wp\/v2\/tribe_events\/92070\/revisions"}],"wp:featuredmedia":[{"embeddable":true,"href":"https:\/\/afam.md\/ru\/wp-json\/wp\/v2\/media\/92071"}],"wp:attachment":[{"href":"https:\/\/afam.md\/ru\/wp-json\/wp\/v2\/media?parent=92070"}],"wp:term":[{"taxonomy":"post_tag","embeddable":true,"href":"https:\/\/afam.md\/ru\/wp-json\/wp\/v2\/tags?post=92070"},{"taxonomy":"tribe_events_cat","embeddable":true,"href":"https:\/\/afam.md\/ru\/wp-json\/wp\/v2\/tribe_events_cat?post=92070"}],"curies":[{"name":"wp","href":"https:\/\/api.w.org\/{rel}","templated":true}]}}