{"id":92085,"date":"2024-10-28T23:04:02","date_gmt":"2024-10-28T21:04:02","guid":{"rendered":"https:\/\/afam.md\/event\/stefan-voda-este-mai-bogat-de-acum-cu-o-zona-verde\/"},"modified":"2024-10-28T23:04:02","modified_gmt":"2024-10-28T21:04:02","slug":"stefan-voda-este-mai-bogat-de-acum-cu-o-zona-verde","status":"publish","type":"tribe_events","link":"https:\/\/afam.md\/ru\/event\/stefan-voda-este-mai-bogat-de-acum-cu-o-zona-verde\/","title":{"rendered":"\u0218tefan Vod\u0103 este mai bogat de acum cu o zon\u0103 verde!"},"content":{"rendered":"<div class=\"kvgmc6g5 cxmmr5t8 oygrvhab hcukyx3x c1et5uql ii04i59q\">\n<div dir=\"auto\">\u00cen cadrul proiectului <a class=\"oajrlxb2 g5ia77u1 qu0x051f esr5mh6w e9989ue4 r7d6kgcz rq0escxv nhd2j8a9 nc684nl6 p7hjln8o kvgmc6g5 cxmmr5t8 oygrvhab hcukyx3x jb3vyjys rz4wbd8a qt6c0cv9 a8nywdso i1ao9s8h esuyzwwr f1sip0of lzcic4wl gpro0wi8 py34i1dx\" role=\"link\" href=\"https:\/\/www.facebook.com\/hashtag\/un_arbore_pentru_eternitate?__cft__[0]=AZW4TEMawJ_jxpyJES4UHVQqLxAEXaIk9fr5iXH54EXjDXMjVrcVaPWbtpLJ6MEccYnLdgeIIS4mVzPZQj9gtsXVyql-rHYhB_CuT_w7ysirK5yeleuujxzNuSn4AJ9SqA2MgwuLkKtt7stFuGuPaTK64WslKCe2D4kq0Fi9LTlpJA&amp;__tn__=*NK-R\" target=\"_blank\" rel=\"noopener\">#Un_arbore_pentru_eternitate<\/a> am reu\u0219it s\u0103 contribuim la amenajarea unui spa\u021biu verde \u00een preajma Incubatorului de Afaceri din \u0218tefan Vod\u0103 \u0219i s\u0103 transmitem \u00eendemnul de a l\u0103sa o <a class=\"oajrlxb2 g5ia77u1 qu0x051f esr5mh6w e9989ue4 r7d6kgcz rq0escxv nhd2j8a9 nc684nl6 p7hjln8o kvgmc6g5 cxmmr5t8 oygrvhab hcukyx3x jb3vyjys rz4wbd8a qt6c0cv9 a8nywdso i1ao9s8h esuyzwwr f1sip0of lzcic4wl gpro0wi8 py34i1dx\" role=\"link\" href=\"https:\/\/www.facebook.com\/hashtag\/urm%C4%83?__cft__[0]=AZW4TEMawJ_jxpyJES4UHVQqLxAEXaIk9fr5iXH54EXjDXMjVrcVaPWbtpLJ6MEccYnLdgeIIS4mVzPZQj9gtsXVyql-rHYhB_CuT_w7ysirK5yeleuujxzNuSn4AJ9SqA2MgwuLkKtt7stFuGuPaTK64WslKCe2D4kq0Fi9LTlpJA&amp;__tn__=*NK-R\" target=\"_blank\" rel=\"noopener\">#urm\u0103<\/a> pentru genera\u021biile viitoare.<\/div>\n<\/div>\n<div class=\"cxmmr5t8 oygrvhab hcukyx3x c1et5uql o9v6fnle ii04i59q\">\n<div dir=\"auto\">Impresionate \u0219i s\u0103 cunoa\u0219tem 25 de antreprenoare, cu istorii inspira\u021bionale, determinate s\u0103 dezvolte localitatea \u0219i s\u0103 ofere servicii de calitate, iar \u00een cadrul sesiunii de consultan\u021b\u0103 au primit sfaturi pre\u021bioase \u0219i exemple practice de la Pre\u0219edinta AFAM, Angela Gladei, care a realizat \u0219i noi conexiuni \u0219i asocieri \u00eentre companii cu aceea\u0219i activitate.<\/div>\n<div dir=\"auto\"><img loading=\"lazy\" decoding=\"async\" width=\"2016\" height=\"980\" class=\"alignnone size-medium wp-image-5616\" src=\"https:\/\/afam.md\/wp-content\/uploads\/2024\/09\/39-2.jpg\" \/> <img loading=\"lazy\" decoding=\"async\" width=\"2016\" height=\"980\" class=\"alignnone size-medium wp-image-5617\" src=\"https:\/\/afam.md\/wp-content\/uploads\/2024\/09\/40-2.jpg\" \/> <img loading=\"lazy\" decoding=\"async\" width=\"2016\" height=\"980\" class=\"alignnone size-medium wp-image-5618\" src=\"https:\/\/afam.md\/wp-content\/uploads\/2024\/09\/41-2.jpg\" \/> <img loading=\"lazy\" decoding=\"async\" width=\"2016\" height=\"980\" class=\"alignnone size-medium wp-image-5619\" src=\"https:\/\/afam.md\/wp-content\/uploads\/2024\/09\/42-2.jpg\" \/><\/div>\n<\/div>\n<div class=\"cxmmr5t8 oygrvhab hcukyx3x c1et5uql o9v6fnle ii04i59q\">\n<div dir=\"auto\">Un aspect demn de admirat este sus\u021binerea oferit\u0103 de c\u0103tre autorit\u0103\u021bile publice locale \u0219i \u00een cadrul evenimentului a participat \u0219i vicepre\u0219edintele Consiliului raional \u0218tefan Vod\u0103, Valentina Barbei \u0219i viceprimarul ora\u0219ului \u0218tefan Vod\u0103, Luchian Olga.<\/div>\n<\/div>\n<div class=\"cxmmr5t8 oygrvhab hcukyx3x c1et5uql o9v6fnle ii04i59q\">\n<div dir=\"auto\">Aprecieri \u0219i sincere mul\u021bumiri Adelinei Bab\u0103neagr\u0103 care, cu dedica\u021bie \u0219i mult suflet sus\u021bine \u0219i \u00eencurajeaz\u0103 antreprenoarele din \u0218tefan Vod\u0103 s\u0103 aplice la diverse granturi, s\u0103 participe \u00een cadrul instruirilor \u0219i s\u0103 \u00ee\u0219i dezvolte afacerea.<\/div>\n<div dir=\"auto\"><img loading=\"lazy\" decoding=\"async\" width=\"2016\" height=\"980\" class=\"alignnone size-medium wp-image-5622\" src=\"https:\/\/afam.md\/wp-content\/uploads\/2024\/09\/45-2.jpg\" \/> <img loading=\"lazy\" decoding=\"async\" width=\"2016\" height=\"980\" class=\"alignnone size-medium wp-image-5620\" src=\"https:\/\/afam.md\/wp-content\/uploads\/2024\/09\/43-2.jpg\" \/> <img loading=\"lazy\" decoding=\"async\" width=\"2016\" height=\"980\" class=\"alignnone size-medium wp-image-5623\" src=\"https:\/\/afam.md\/wp-content\/uploads\/2024\/09\/46-2.jpg\" \/> <img loading=\"lazy\" decoding=\"async\" width=\"2016\" height=\"980\" class=\"alignnone size-medium wp-image-5621\" src=\"https:\/\/afam.md\/wp-content\/uploads\/2024\/09\/44-2.jpg\" \/><\/div>\n<\/div>\n","protected":false},"excerpt":{"rendered":"<p>\u00cen cadrul proiectului #Un_arbore_pentru_eternitate am reu\u0219it s\u0103 contribuim la amenajarea unui spa\u021biu verde \u00een preajma Incubatorului de Afaceri din \u0218tefan Vod\u0103 \u0219i s\u0103 transmitem \u00eendemnul de a l\u0103sa o #urm\u0103 [&hellip;]<\/p>\n","protected":false},"author":1,"featured_media":92086,"template":"","meta":{"_EventAllDay":false,"_EventTimezone":"Europe\/Chisinau","_EventStartDate":"2021-06-28 14:32:00","_EventEndDate":"2021-06-28 14:32:00","_EventStartDateUTC":"2021-06-28 11:32:00","_EventEndDateUTC":"2021-06-28 11:32:00","_EventShowMap":false,"_EventShowMapLink":false,"_EventURL":"","_EventCost":"","_EventCostDescription":"","_EventCurrencySymbol":"","_EventCurrencyCode":"","_EventCurrencyPosition":"prefix","_EventDateTimeSeparator":"","_EventTimeRangeSeparator":"","_EventOrganizerID":[],"_EventVenueID":[],"_OrganizerEmail":"","_OrganizerPhone":"","_OrganizerWebsite":"","_VenueAddress":"","_VenueCity":"","_VenueCountry":"","_VenueProvince":"","_VenueState":"","_VenueZip":"","_VenuePhone":"","_VenueURL":"","_VenueStateProvince":"","_VenueLat":"","_VenueLng":"","_VenueShowMap":false,"_VenueShowMapLink":false,"_tribe_events_status":"","_tribe_events_status_reason":"","footnotes":""},"tags":[],"tribe_events_cat":[431],"class_list":["post-92085","tribe_events","type-tribe_events","status-publish","has-post-thumbnail","hentry","tribe_events_cat-evenimente","cat_evenimente"],"yoast_head":"<!-- This site is optimized with the Yoast SEO Premium plugin v23.8 (Yoast SEO v25.1) - https:\/\/yoast.com\/wordpress\/plugins\/seo\/ -->\n<title>\u0218tefan Vod\u0103 este mai bogat de acum cu o zon\u0103 verde! - AFAM MD<\/title>\n<meta name=\"robots\" content=\"index, follow, max-snippet:-1, max-image-preview:large, max-video-preview:-1\" \/>\n<link rel=\"canonical\" href=\"https:\/\/afam.md\/ru\/event\/stefan-voda-este-mai-bogat-de-acum-cu-o-zona-verde\/\" \/>\n<meta property=\"og:locale\" content=\"ru_RU\" \/>\n<meta property=\"og:type\" content=\"article\" \/>\n<meta property=\"og:title\" content=\"\u0218tefan Vod\u0103 este mai bogat de acum cu o zon\u0103 verde!\" \/>\n<meta property=\"og:description\" content=\"\u00cen cadrul proiectului #Un_arbore_pentru_eternitate am reu\u0219it s\u0103 contribuim la amenajarea unui spa\u021biu verde \u00een preajma Incubatorului de Afaceri din \u0218tefan Vod\u0103 \u0219i s\u0103 transmitem \u00eendemnul de a l\u0103sa o #urm\u0103 [&hellip;]\" \/>\n<meta property=\"og:url\" content=\"https:\/\/afam.md\/ru\/event\/stefan-voda-este-mai-bogat-de-acum-cu-o-zona-verde\/\" \/>\n<meta property=\"og:site_name\" content=\"AFAM MD\" \/>\n<meta property=\"article:publisher\" content=\"https:\/\/www.facebook.com\/AFAMMoldova\/\" \/>\n<meta property=\"og:image\" content=\"https:\/\/afam.md\/wp-content\/uploads\/2024\/10\/38-2-VZXVs6.tmp_.jpg\" \/>\n\t<meta property=\"og:image:width\" content=\"2016\" \/>\n\t<meta property=\"og:image:height\" content=\"980\" \/>\n\t<meta property=\"og:image:type\" content=\"image\/jpeg\" \/>\n<meta name=\"twitter:card\" content=\"summary_large_image\" \/>\n<meta name=\"twitter:label1\" content=\"\u041f\u0440\u0438\u043c\u0435\u0440\u043d\u043e\u0435 \u0432\u0440\u0435\u043c\u044f \u0434\u043b\u044f \u0447\u0442\u0435\u043d\u0438\u044f\" \/>\n\t<meta name=\"twitter:data1\" content=\"1 \u043c\u0438\u043d\u0443\u0442\u0430\" \/>\n<script type=\"application\/ld+json\" class=\"yoast-schema-graph\">{\"@context\":\"https:\/\/schema.org\",\"@graph\":[{\"@type\":\"WebPage\",\"@id\":\"https:\/\/afam.md\/event\/stefan-voda-este-mai-bogat-de-acum-cu-o-zona-verde\/\",\"url\":\"https:\/\/afam.md\/event\/stefan-voda-este-mai-bogat-de-acum-cu-o-zona-verde\/\",\"name\":\"\u0218tefan Vod\u0103 este mai bogat de acum cu o zon\u0103 verde! - AFAM MD\",\"isPartOf\":{\"@id\":\"https:\/\/afam.md\/en\/#website\"},\"primaryImageOfPage\":{\"@id\":\"https:\/\/afam.md\/event\/stefan-voda-este-mai-bogat-de-acum-cu-o-zona-verde\/#primaryimage\"},\"image\":{\"@id\":\"https:\/\/afam.md\/event\/stefan-voda-este-mai-bogat-de-acum-cu-o-zona-verde\/#primaryimage\"},\"thumbnailUrl\":\"https:\/\/afam.md\/wp-content\/uploads\/2024\/10\/38-2-VZXVs6.tmp_.jpg\",\"datePublished\":\"2024-10-28T21:04:02+00:00\",\"breadcrumb\":{\"@id\":\"https:\/\/afam.md\/event\/stefan-voda-este-mai-bogat-de-acum-cu-o-zona-verde\/#breadcrumb\"},\"inLanguage\":\"ru-RU\",\"potentialAction\":[{\"@type\":\"ReadAction\",\"target\":[\"https:\/\/afam.md\/event\/stefan-voda-este-mai-bogat-de-acum-cu-o-zona-verde\/\"]}]},{\"@type\":\"ImageObject\",\"inLanguage\":\"ru-RU\",\"@id\":\"https:\/\/afam.md\/event\/stefan-voda-este-mai-bogat-de-acum-cu-o-zona-verde\/#primaryimage\",\"url\":\"https:\/\/afam.md\/wp-content\/uploads\/2024\/10\/38-2-VZXVs6.tmp_.jpg\",\"contentUrl\":\"https:\/\/afam.md\/wp-content\/uploads\/2024\/10\/38-2-VZXVs6.tmp_.jpg\",\"width\":2016,\"height\":980},{\"@type\":\"BreadcrumbList\",\"@id\":\"https:\/\/afam.md\/event\/stefan-voda-este-mai-bogat-de-acum-cu-o-zona-verde\/#breadcrumb\",\"itemListElement\":[{\"@type\":\"ListItem\",\"position\":1,\"name\":\"\u0413\u043b\u0430\u0432\u043d\u0430\u044f\",\"item\":\"https:\/\/afam.md\/\"},{\"@type\":\"ListItem\",\"position\":2,\"name\":\"Events\",\"item\":\"https:\/\/afam.md\/en\/eventslist\/\"},{\"@type\":\"ListItem\",\"position\":3,\"name\":\"\u0218tefan Vod\u0103 este mai bogat de acum cu o zon\u0103 verde!\"}]},{\"@type\":\"WebSite\",\"@id\":\"https:\/\/afam.md\/en\/#website\",\"url\":\"https:\/\/afam.md\/en\/\",\"name\":\"AFAM MD\",\"description\":\"Asocia\u021bia Femeilor Antreprenoare Din Moldova\",\"publisher\":{\"@id\":\"https:\/\/afam.md\/en\/#organization\"},\"potentialAction\":[{\"@type\":\"SearchAction\",\"target\":{\"@type\":\"EntryPoint\",\"urlTemplate\":\"https:\/\/afam.md\/en\/?s={search_term_string}\"},\"query-input\":{\"@type\":\"PropertyValueSpecification\",\"valueRequired\":true,\"valueName\":\"search_term_string\"}}],\"inLanguage\":\"ru-RU\"},{\"@type\":\"Organization\",\"@id\":\"https:\/\/afam.md\/en\/#organization\",\"name\":\"Asocia\u021bia Femeilor Antreprenoare Din Moldova\",\"alternateName\":\"AFAM\",\"url\":\"https:\/\/afam.md\/en\/\",\"logo\":{\"@type\":\"ImageObject\",\"inLanguage\":\"ru-RU\",\"@id\":\"https:\/\/afam.md\/en\/#\/schema\/logo\/image\/\",\"url\":\"https:\/\/afam.md\/wp-content\/uploads\/2024\/11\/logo-blue.svg\",\"contentUrl\":\"https:\/\/afam.md\/wp-content\/uploads\/2024\/11\/logo-blue.svg\",\"width\":1874,\"height\":650,\"caption\":\"Asocia\u021bia Femeilor Antreprenoare Din Moldova\"},\"image\":{\"@id\":\"https:\/\/afam.md\/en\/#\/schema\/logo\/image\/\"},\"sameAs\":[\"https:\/\/www.facebook.com\/AFAMMoldova\/\",\"https:\/\/www.instagram.com\/afammoldova\/?hl=en\",\"https:\/\/md.linkedin.com\/in\/afam-moldova-285159174\"],\"email\":\"afammoldova@gmail.com\",\"telephone\":\"(+373) 76 767 670\",\"legalName\":\"Asocia\u021bia Femeilor Antreprenoare Din Moldova\",\"numberOfEmployees\":{\"@type\":\"QuantitativeValue\",\"minValue\":\"51\",\"maxValue\":\"200\"}}]}<\/script>\n<!-- \/ Yoast SEO Premium plugin. -->","yoast_head_json":{"title":"\u0218tefan Vod\u0103 este mai bogat de acum cu o zon\u0103 verde! - AFAM MD","robots":{"index":"index","follow":"follow","max-snippet":"max-snippet:-1","max-image-preview":"max-image-preview:large","max-video-preview":"max-video-preview:-1"},"canonical":"https:\/\/afam.md\/ru\/event\/stefan-voda-este-mai-bogat-de-acum-cu-o-zona-verde\/","og_locale":"ru_RU","og_type":"article","og_title":"\u0218tefan Vod\u0103 este mai bogat de acum cu o zon\u0103 verde!","og_description":"\u00cen cadrul proiectului #Un_arbore_pentru_eternitate am reu\u0219it s\u0103 contribuim la amenajarea unui spa\u021biu verde \u00een preajma Incubatorului de Afaceri din \u0218tefan Vod\u0103 \u0219i s\u0103 transmitem \u00eendemnul de a l\u0103sa o #urm\u0103 [&hellip;]","og_url":"https:\/\/afam.md\/ru\/event\/stefan-voda-este-mai-bogat-de-acum-cu-o-zona-verde\/","og_site_name":"AFAM MD","article_publisher":"https:\/\/www.facebook.com\/AFAMMoldova\/","og_image":[{"width":2016,"height":980,"url":"https:\/\/afam.md\/wp-content\/uploads\/2024\/10\/38-2-VZXVs6.tmp_.jpg","type":"image\/jpeg"}],"twitter_card":"summary_large_image","twitter_misc":{"\u041f\u0440\u0438\u043c\u0435\u0440\u043d\u043e\u0435 \u0432\u0440\u0435\u043c\u044f \u0434\u043b\u044f \u0447\u0442\u0435\u043d\u0438\u044f":"1 \u043c\u0438\u043d\u0443\u0442\u0430"},"schema":{"@context":"https:\/\/schema.org","@graph":[{"@type":"WebPage","@id":"https:\/\/afam.md\/event\/stefan-voda-este-mai-bogat-de-acum-cu-o-zona-verde\/","url":"https:\/\/afam.md\/event\/stefan-voda-este-mai-bogat-de-acum-cu-o-zona-verde\/","name":"\u0218tefan Vod\u0103 este mai bogat de acum cu o zon\u0103 verde! - AFAM MD","isPartOf":{"@id":"https:\/\/afam.md\/en\/#website"},"primaryImageOfPage":{"@id":"https:\/\/afam.md\/event\/stefan-voda-este-mai-bogat-de-acum-cu-o-zona-verde\/#primaryimage"},"image":{"@id":"https:\/\/afam.md\/event\/stefan-voda-este-mai-bogat-de-acum-cu-o-zona-verde\/#primaryimage"},"thumbnailUrl":"https:\/\/afam.md\/wp-content\/uploads\/2024\/10\/38-2-VZXVs6.tmp_.jpg","datePublished":"2024-10-28T21:04:02+00:00","breadcrumb":{"@id":"https:\/\/afam.md\/event\/stefan-voda-este-mai-bogat-de-acum-cu-o-zona-verde\/#breadcrumb"},"inLanguage":"ru-RU","potentialAction":[{"@type":"ReadAction","target":["https:\/\/afam.md\/event\/stefan-voda-este-mai-bogat-de-acum-cu-o-zona-verde\/"]}]},{"@type":"ImageObject","inLanguage":"ru-RU","@id":"https:\/\/afam.md\/event\/stefan-voda-este-mai-bogat-de-acum-cu-o-zona-verde\/#primaryimage","url":"https:\/\/afam.md\/wp-content\/uploads\/2024\/10\/38-2-VZXVs6.tmp_.jpg","contentUrl":"https:\/\/afam.md\/wp-content\/uploads\/2024\/10\/38-2-VZXVs6.tmp_.jpg","width":2016,"height":980},{"@type":"BreadcrumbList","@id":"https:\/\/afam.md\/event\/stefan-voda-este-mai-bogat-de-acum-cu-o-zona-verde\/#breadcrumb","itemListElement":[{"@type":"ListItem","position":1,"name":"\u0413\u043b\u0430\u0432\u043d\u0430\u044f","item":"https:\/\/afam.md\/"},{"@type":"ListItem","position":2,"name":"Events","item":"https:\/\/afam.md\/en\/eventslist\/"},{"@type":"ListItem","position":3,"name":"\u0218tefan Vod\u0103 este mai bogat de acum cu o zon\u0103 verde!"}]},{"@type":"WebSite","@id":"https:\/\/afam.md\/en\/#website","url":"https:\/\/afam.md\/en\/","name":"AFAM MD","description":"Asocia\u021bia Femeilor Antreprenoare Din Moldova","publisher":{"@id":"https:\/\/afam.md\/en\/#organization"},"potentialAction":[{"@type":"SearchAction","target":{"@type":"EntryPoint","urlTemplate":"https:\/\/afam.md\/en\/?s={search_term_string}"},"query-input":{"@type":"PropertyValueSpecification","valueRequired":true,"valueName":"search_term_string"}}],"inLanguage":"ru-RU"},{"@type":"Organization","@id":"https:\/\/afam.md\/en\/#organization","name":"Asocia\u021bia Femeilor Antreprenoare Din Moldova","alternateName":"AFAM","url":"https:\/\/afam.md\/en\/","logo":{"@type":"ImageObject","inLanguage":"ru-RU","@id":"https:\/\/afam.md\/en\/#\/schema\/logo\/image\/","url":"https:\/\/afam.md\/wp-content\/uploads\/2024\/11\/logo-blue.svg","contentUrl":"https:\/\/afam.md\/wp-content\/uploads\/2024\/11\/logo-blue.svg","width":1874,"height":650,"caption":"Asocia\u021bia Femeilor Antreprenoare Din Moldova"},"image":{"@id":"https:\/\/afam.md\/en\/#\/schema\/logo\/image\/"},"sameAs":["https:\/\/www.facebook.com\/AFAMMoldova\/","https:\/\/www.instagram.com\/afammoldova\/?hl=en","https:\/\/md.linkedin.com\/in\/afam-moldova-285159174"],"email":"afammoldova@gmail.com","telephone":"(+373) 76 767 670","legalName":"Asocia\u021bia Femeilor Antreprenoare Din Moldova","numberOfEmployees":{"@type":"QuantitativeValue","minValue":"51","maxValue":"200"}}]}},"_links":{"self":[{"href":"https:\/\/afam.md\/ru\/wp-json\/wp\/v2\/tribe_events\/92085","targetHints":{"allow":["GET"]}}],"collection":[{"href":"https:\/\/afam.md\/ru\/wp-json\/wp\/v2\/tribe_events"}],"about":[{"href":"https:\/\/afam.md\/ru\/wp-json\/wp\/v2\/types\/tribe_events"}],"author":[{"embeddable":true,"href":"https:\/\/afam.md\/ru\/wp-json\/wp\/v2\/users\/1"}],"version-history":[{"count":0,"href":"https:\/\/afam.md\/ru\/wp-json\/wp\/v2\/tribe_events\/92085\/revisions"}],"wp:featuredmedia":[{"embeddable":true,"href":"https:\/\/afam.md\/ru\/wp-json\/wp\/v2\/media\/92086"}],"wp:attachment":[{"href":"https:\/\/afam.md\/ru\/wp-json\/wp\/v2\/media?parent=92085"}],"wp:term":[{"taxonomy":"post_tag","embeddable":true,"href":"https:\/\/afam.md\/ru\/wp-json\/wp\/v2\/tags?post=92085"},{"taxonomy":"tribe_events_cat","embeddable":true,"href":"https:\/\/afam.md\/ru\/wp-json\/wp\/v2\/tribe_events_cat?post=92085"}],"curies":[{"name":"wp","href":"https:\/\/api.w.org\/{rel}","templated":true}]}}