{"id":92087,"date":"2024-10-28T23:04:03","date_gmt":"2024-10-28T21:04:03","guid":{"rendered":"https:\/\/afam.md\/event\/trenduri-in-brand-personal-si-studii-de-caz-autohtone\/"},"modified":"2024-10-28T23:04:03","modified_gmt":"2024-10-28T21:04:03","slug":"trenduri-in-brand-personal-si-studii-de-caz-autohtone","status":"publish","type":"tribe_events","link":"https:\/\/afam.md\/ru\/event\/trenduri-in-brand-personal-si-studii-de-caz-autohtone\/","title":{"rendered":"Trenduri \u00een Brand Personal \u0219i Studii de caz autohtone"},"content":{"rendered":"<div class=\"kvgmc6g5 cxmmr5t8 oygrvhab hcukyx3x c1et5uql\">Urmeaz\u0103 un nou eveniment \u00een cadrul Proiectului exclusiv de consultan\u021b\u0103 \u0219i mentorat cu exper\u021bi notorii din Moldova!<\/div>\n<div class=\"cxmmr5t8 oygrvhab hcukyx3x c1et5uql o9v6fnle\">\u00cen cea de-a III-a sesiune am optat pentru un Strateg \u00een Branding Personal cu mai mult de 10 ani experien\u021b\u0103 \u00een domeniu \u0219i care te poate convinge c\u0103, av\u00e2nd un brand personal puternic po\u021bi s\u0103 ai un venit pe m\u0103sura a\u0219tept\u0103rilor tale.<\/div>\n<div class=\"cxmmr5t8 oygrvhab hcukyx3x c1et5uql o9v6fnle\">Exclusiv pentru AFAM, Elena Ganciucova ne va relata despre Trenduri \u00een Brand Personal \u0219i Studii de caz autohtone.<\/div>\n<div class=\"cxmmr5t8 oygrvhab hcukyx3x c1et5uql o9v6fnle\">V\u0103 \u00eendemn\u0103m s\u0103 fi\u021bi prezent la evenimentul nostru live \u0219i s\u0103 participa\u021bi la discu\u021bie, prin adresarea a c\u00e2t mai multe \u00eentreb\u0103ri despre aspectele care vizeaz\u0103 propria afacere.<\/div>\n<div class=\"cxmmr5t8 oygrvhab hcukyx3x c1et5uql o9v6fnle\">\u00cenregistreaz\u0103-te aici\u00a0<a class=\"oajrlxb2 g5ia77u1 qu0x051f esr5mh6w e9989ue4 r7d6kgcz rq0escxv nhd2j8a9 nc684nl6 p7hjln8o kvgmc6g5 cxmmr5t8 oygrvhab hcukyx3x jb3vyjys rz4wbd8a qt6c0cv9 a8nywdso i1ao9s8h esuyzwwr f1sip0of lzcic4wl gpro0wi8 py34i1dx\" role=\"link\" href=\"https:\/\/l.facebook.com\/l.php?u=https%3A%2F%2Fforms.gle%2FN8xzdPa5LiDRqML87%3Ffbclid%3DIwAR2qF16cX0TK_lbgHu8sLJ3WdV_aUOawJHpJanOuUxn98C7cpGOIB0WFQIM&amp;h=AT0k0kVwjQWtQJXCbYyPIt22EEeD9mV1MeldaIFQ84mHj1RHzXZaciW9ePI4_EyVwRfiw9yhTpox4E5DW5ZGk9EKGjTjTPHaVVtPJkMgRjIZRwvQInhiyXhZn0XdneweGdRy&amp;__tn__=q&amp;c[0]=AT2JfrRB3XjYoZ4Ji8oNux_uUsAxYh5d17mOkk32FYTcJhSxutP6lw2WwHprxekQ2DtSLcGxJ0AhH6VMH28ceGBynz_SGqB08nTT_t8u_6Qm6zUjcgAyLnQ63yDXYeZYRoSwXWGjffZmS7v7DVnQUV9t1GYsPA4ZFVQ1Jfj8DXi5mH4\" target=\"_blank\" rel=\"nofollow noopener\">https:\/\/forms.gle\/N8xzdPa5LiDRqML87<\/a>\u00a0sau Click pe Interesat(\u0103) sau Particip, s\u0103 nu rata\u021bi evenimentul: Mar\u021bi, 06 iulie, ora 16:30<\/div>\n","protected":false},"excerpt":{"rendered":"<p>Urmeaz\u0103 un nou eveniment \u00een cadrul Proiectului exclusiv de consultan\u021b\u0103 \u0219i mentorat cu exper\u021bi notorii din Moldova! \u00cen cea de-a III-a sesiune am optat pentru un Strateg \u00een Branding Personal [&hellip;]<\/p>\n","protected":false},"author":1,"featured_media":92088,"template":"","meta":{"_EventAllDay":false,"_EventTimezone":"Europe\/Chisinau","_EventStartDate":"2021-07-02 14:39:00","_EventEndDate":"2021-07-02 14:39:00","_EventStartDateUTC":"2021-07-02 11:39:00","_EventEndDateUTC":"2021-07-02 11:39:00","_EventShowMap":false,"_EventShowMapLink":false,"_EventURL":"","_EventCost":"","_EventCostDescription":"","_EventCurrencySymbol":"","_EventCurrencyCode":"","_EventCurrencyPosition":"prefix","_EventDateTimeSeparator":"","_EventTimeRangeSeparator":"","_EventOrganizerID":[],"_EventVenueID":[],"_OrganizerEmail":"","_OrganizerPhone":"","_OrganizerWebsite":"","_VenueAddress":"","_VenueCity":"","_VenueCountry":"","_VenueProvince":"","_VenueState":"","_VenueZip":"","_VenuePhone":"","_VenueURL":"","_VenueStateProvince":"","_VenueLat":"","_VenueLng":"","_VenueShowMap":false,"_VenueShowMapLink":false,"_tribe_events_status":"","_tribe_events_status_reason":"","footnotes":""},"tags":[],"tribe_events_cat":[431],"class_list":["post-92087","tribe_events","type-tribe_events","status-publish","has-post-thumbnail","hentry","tribe_events_cat-evenimente","cat_evenimente"],"yoast_head":"<!-- This site is optimized with the Yoast SEO Premium plugin v23.8 (Yoast SEO v25.1) - https:\/\/yoast.com\/wordpress\/plugins\/seo\/ -->\n<title>Trenduri \u00een Brand Personal \u0219i Studii de caz autohtone - AFAM MD<\/title>\n<meta name=\"robots\" content=\"index, follow, max-snippet:-1, max-image-preview:large, max-video-preview:-1\" \/>\n<link rel=\"canonical\" href=\"https:\/\/afam.md\/ru\/event\/trenduri-in-brand-personal-si-studii-de-caz-autohtone\/\" \/>\n<meta property=\"og:locale\" content=\"ru_RU\" \/>\n<meta property=\"og:type\" content=\"article\" \/>\n<meta property=\"og:title\" content=\"Trenduri \u00een Brand Personal \u0219i Studii de caz autohtone\" \/>\n<meta property=\"og:description\" content=\"Urmeaz\u0103 un nou eveniment \u00een cadrul Proiectului exclusiv de consultan\u021b\u0103 \u0219i mentorat cu exper\u021bi notorii din Moldova! \u00cen cea de-a III-a sesiune am optat pentru un Strateg \u00een Branding Personal [&hellip;]\" \/>\n<meta property=\"og:url\" content=\"https:\/\/afam.md\/ru\/event\/trenduri-in-brand-personal-si-studii-de-caz-autohtone\/\" \/>\n<meta property=\"og:site_name\" content=\"AFAM MD\" \/>\n<meta property=\"article:publisher\" content=\"https:\/\/www.facebook.com\/AFAMMoldova\/\" \/>\n<meta property=\"og:image\" content=\"https:\/\/afam.md\/wp-content\/uploads\/2024\/10\/57-1-B5WxOF.tmp_.jpg\" \/>\n\t<meta property=\"og:image:width\" content=\"720\" \/>\n\t<meta property=\"og:image:height\" content=\"960\" \/>\n\t<meta property=\"og:image:type\" content=\"image\/jpeg\" \/>\n<meta name=\"twitter:card\" content=\"summary_large_image\" \/>\n<meta name=\"twitter:label1\" content=\"\u041f\u0440\u0438\u043c\u0435\u0440\u043d\u043e\u0435 \u0432\u0440\u0435\u043c\u044f \u0434\u043b\u044f \u0447\u0442\u0435\u043d\u0438\u044f\" \/>\n\t<meta name=\"twitter:data1\" content=\"1 \u043c\u0438\u043d\u0443\u0442\u0430\" \/>\n<script type=\"application\/ld+json\" class=\"yoast-schema-graph\">{\"@context\":\"https:\/\/schema.org\",\"@graph\":[{\"@type\":\"WebPage\",\"@id\":\"https:\/\/afam.md\/ru\/event\/trenduri-in-brand-personal-si-studii-de-caz-autohtone\/\",\"url\":\"https:\/\/afam.md\/ru\/event\/trenduri-in-brand-personal-si-studii-de-caz-autohtone\/\",\"name\":\"Trenduri \u00een Brand Personal \u0219i Studii de caz autohtone - AFAM MD\",\"isPartOf\":{\"@id\":\"https:\/\/afam.md\/en\/#website\"},\"primaryImageOfPage\":{\"@id\":\"https:\/\/afam.md\/ru\/event\/trenduri-in-brand-personal-si-studii-de-caz-autohtone\/#primaryimage\"},\"image\":{\"@id\":\"https:\/\/afam.md\/ru\/event\/trenduri-in-brand-personal-si-studii-de-caz-autohtone\/#primaryimage\"},\"thumbnailUrl\":\"https:\/\/afam.md\/wp-content\/uploads\/2024\/10\/57-1-B5WxOF.tmp_.jpg\",\"datePublished\":\"2024-10-28T21:04:03+00:00\",\"breadcrumb\":{\"@id\":\"https:\/\/afam.md\/ru\/event\/trenduri-in-brand-personal-si-studii-de-caz-autohtone\/#breadcrumb\"},\"inLanguage\":\"ru-RU\",\"potentialAction\":[{\"@type\":\"ReadAction\",\"target\":[\"https:\/\/afam.md\/ru\/event\/trenduri-in-brand-personal-si-studii-de-caz-autohtone\/\"]}]},{\"@type\":\"ImageObject\",\"inLanguage\":\"ru-RU\",\"@id\":\"https:\/\/afam.md\/ru\/event\/trenduri-in-brand-personal-si-studii-de-caz-autohtone\/#primaryimage\",\"url\":\"https:\/\/afam.md\/wp-content\/uploads\/2024\/10\/57-1-B5WxOF.tmp_.jpg\",\"contentUrl\":\"https:\/\/afam.md\/wp-content\/uploads\/2024\/10\/57-1-B5WxOF.tmp_.jpg\",\"width\":720,\"height\":960},{\"@type\":\"BreadcrumbList\",\"@id\":\"https:\/\/afam.md\/ru\/event\/trenduri-in-brand-personal-si-studii-de-caz-autohtone\/#breadcrumb\",\"itemListElement\":[{\"@type\":\"ListItem\",\"position\":1,\"name\":\"\u0413\u043b\u0430\u0432\u043d\u0430\u044f\",\"item\":\"https:\/\/afam.md\/\"},{\"@type\":\"ListItem\",\"position\":2,\"name\":\"Events\",\"item\":\"https:\/\/afam.md\/en\/eventslist\/\"},{\"@type\":\"ListItem\",\"position\":3,\"name\":\"Trenduri \u00een Brand Personal \u0219i Studii de caz autohtone\"}]},{\"@type\":\"WebSite\",\"@id\":\"https:\/\/afam.md\/en\/#website\",\"url\":\"https:\/\/afam.md\/en\/\",\"name\":\"AFAM MD\",\"description\":\"Asocia\u021bia Femeilor Antreprenoare Din Moldova\",\"publisher\":{\"@id\":\"https:\/\/afam.md\/en\/#organization\"},\"potentialAction\":[{\"@type\":\"SearchAction\",\"target\":{\"@type\":\"EntryPoint\",\"urlTemplate\":\"https:\/\/afam.md\/en\/?s={search_term_string}\"},\"query-input\":{\"@type\":\"PropertyValueSpecification\",\"valueRequired\":true,\"valueName\":\"search_term_string\"}}],\"inLanguage\":\"ru-RU\"},{\"@type\":\"Organization\",\"@id\":\"https:\/\/afam.md\/en\/#organization\",\"name\":\"Asocia\u021bia Femeilor Antreprenoare Din Moldova\",\"alternateName\":\"AFAM\",\"url\":\"https:\/\/afam.md\/en\/\",\"logo\":{\"@type\":\"ImageObject\",\"inLanguage\":\"ru-RU\",\"@id\":\"https:\/\/afam.md\/en\/#\/schema\/logo\/image\/\",\"url\":\"https:\/\/afam.md\/wp-content\/uploads\/2024\/11\/logo-blue.svg\",\"contentUrl\":\"https:\/\/afam.md\/wp-content\/uploads\/2024\/11\/logo-blue.svg\",\"width\":1874,\"height\":650,\"caption\":\"Asocia\u021bia Femeilor Antreprenoare Din Moldova\"},\"image\":{\"@id\":\"https:\/\/afam.md\/en\/#\/schema\/logo\/image\/\"},\"sameAs\":[\"https:\/\/www.facebook.com\/AFAMMoldova\/\",\"https:\/\/www.instagram.com\/afammoldova\/?hl=en\",\"https:\/\/md.linkedin.com\/in\/afam-moldova-285159174\"],\"email\":\"afammoldova@gmail.com\",\"telephone\":\"(+373) 76 767 670\",\"legalName\":\"Asocia\u021bia Femeilor Antreprenoare Din Moldova\",\"numberOfEmployees\":{\"@type\":\"QuantitativeValue\",\"minValue\":\"51\",\"maxValue\":\"200\"}}]}<\/script>\n<!-- \/ Yoast SEO Premium plugin. -->","yoast_head_json":{"title":"Trenduri \u00een Brand Personal \u0219i Studii de caz autohtone - AFAM MD","robots":{"index":"index","follow":"follow","max-snippet":"max-snippet:-1","max-image-preview":"max-image-preview:large","max-video-preview":"max-video-preview:-1"},"canonical":"https:\/\/afam.md\/ru\/event\/trenduri-in-brand-personal-si-studii-de-caz-autohtone\/","og_locale":"ru_RU","og_type":"article","og_title":"Trenduri \u00een Brand Personal \u0219i Studii de caz autohtone","og_description":"Urmeaz\u0103 un nou eveniment \u00een cadrul Proiectului exclusiv de consultan\u021b\u0103 \u0219i mentorat cu exper\u021bi notorii din Moldova! \u00cen cea de-a III-a sesiune am optat pentru un Strateg \u00een Branding Personal [&hellip;]","og_url":"https:\/\/afam.md\/ru\/event\/trenduri-in-brand-personal-si-studii-de-caz-autohtone\/","og_site_name":"AFAM MD","article_publisher":"https:\/\/www.facebook.com\/AFAMMoldova\/","og_image":[{"width":720,"height":960,"url":"https:\/\/afam.md\/wp-content\/uploads\/2024\/10\/57-1-B5WxOF.tmp_.jpg","type":"image\/jpeg"}],"twitter_card":"summary_large_image","twitter_misc":{"\u041f\u0440\u0438\u043c\u0435\u0440\u043d\u043e\u0435 \u0432\u0440\u0435\u043c\u044f \u0434\u043b\u044f \u0447\u0442\u0435\u043d\u0438\u044f":"1 \u043c\u0438\u043d\u0443\u0442\u0430"},"schema":{"@context":"https:\/\/schema.org","@graph":[{"@type":"WebPage","@id":"https:\/\/afam.md\/ru\/event\/trenduri-in-brand-personal-si-studii-de-caz-autohtone\/","url":"https:\/\/afam.md\/ru\/event\/trenduri-in-brand-personal-si-studii-de-caz-autohtone\/","name":"Trenduri \u00een Brand Personal \u0219i Studii de caz autohtone - AFAM MD","isPartOf":{"@id":"https:\/\/afam.md\/en\/#website"},"primaryImageOfPage":{"@id":"https:\/\/afam.md\/ru\/event\/trenduri-in-brand-personal-si-studii-de-caz-autohtone\/#primaryimage"},"image":{"@id":"https:\/\/afam.md\/ru\/event\/trenduri-in-brand-personal-si-studii-de-caz-autohtone\/#primaryimage"},"thumbnailUrl":"https:\/\/afam.md\/wp-content\/uploads\/2024\/10\/57-1-B5WxOF.tmp_.jpg","datePublished":"2024-10-28T21:04:03+00:00","breadcrumb":{"@id":"https:\/\/afam.md\/ru\/event\/trenduri-in-brand-personal-si-studii-de-caz-autohtone\/#breadcrumb"},"inLanguage":"ru-RU","potentialAction":[{"@type":"ReadAction","target":["https:\/\/afam.md\/ru\/event\/trenduri-in-brand-personal-si-studii-de-caz-autohtone\/"]}]},{"@type":"ImageObject","inLanguage":"ru-RU","@id":"https:\/\/afam.md\/ru\/event\/trenduri-in-brand-personal-si-studii-de-caz-autohtone\/#primaryimage","url":"https:\/\/afam.md\/wp-content\/uploads\/2024\/10\/57-1-B5WxOF.tmp_.jpg","contentUrl":"https:\/\/afam.md\/wp-content\/uploads\/2024\/10\/57-1-B5WxOF.tmp_.jpg","width":720,"height":960},{"@type":"BreadcrumbList","@id":"https:\/\/afam.md\/ru\/event\/trenduri-in-brand-personal-si-studii-de-caz-autohtone\/#breadcrumb","itemListElement":[{"@type":"ListItem","position":1,"name":"\u0413\u043b\u0430\u0432\u043d\u0430\u044f","item":"https:\/\/afam.md\/"},{"@type":"ListItem","position":2,"name":"Events","item":"https:\/\/afam.md\/en\/eventslist\/"},{"@type":"ListItem","position":3,"name":"Trenduri \u00een Brand Personal \u0219i Studii de caz autohtone"}]},{"@type":"WebSite","@id":"https:\/\/afam.md\/en\/#website","url":"https:\/\/afam.md\/en\/","name":"AFAM MD","description":"Asocia\u021bia Femeilor Antreprenoare Din Moldova","publisher":{"@id":"https:\/\/afam.md\/en\/#organization"},"potentialAction":[{"@type":"SearchAction","target":{"@type":"EntryPoint","urlTemplate":"https:\/\/afam.md\/en\/?s={search_term_string}"},"query-input":{"@type":"PropertyValueSpecification","valueRequired":true,"valueName":"search_term_string"}}],"inLanguage":"ru-RU"},{"@type":"Organization","@id":"https:\/\/afam.md\/en\/#organization","name":"Asocia\u021bia Femeilor Antreprenoare Din Moldova","alternateName":"AFAM","url":"https:\/\/afam.md\/en\/","logo":{"@type":"ImageObject","inLanguage":"ru-RU","@id":"https:\/\/afam.md\/en\/#\/schema\/logo\/image\/","url":"https:\/\/afam.md\/wp-content\/uploads\/2024\/11\/logo-blue.svg","contentUrl":"https:\/\/afam.md\/wp-content\/uploads\/2024\/11\/logo-blue.svg","width":1874,"height":650,"caption":"Asocia\u021bia Femeilor Antreprenoare Din Moldova"},"image":{"@id":"https:\/\/afam.md\/en\/#\/schema\/logo\/image\/"},"sameAs":["https:\/\/www.facebook.com\/AFAMMoldova\/","https:\/\/www.instagram.com\/afammoldova\/?hl=en","https:\/\/md.linkedin.com\/in\/afam-moldova-285159174"],"email":"afammoldova@gmail.com","telephone":"(+373) 76 767 670","legalName":"Asocia\u021bia Femeilor Antreprenoare Din Moldova","numberOfEmployees":{"@type":"QuantitativeValue","minValue":"51","maxValue":"200"}}]}},"_links":{"self":[{"href":"https:\/\/afam.md\/ru\/wp-json\/wp\/v2\/tribe_events\/92087","targetHints":{"allow":["GET"]}}],"collection":[{"href":"https:\/\/afam.md\/ru\/wp-json\/wp\/v2\/tribe_events"}],"about":[{"href":"https:\/\/afam.md\/ru\/wp-json\/wp\/v2\/types\/tribe_events"}],"author":[{"embeddable":true,"href":"https:\/\/afam.md\/ru\/wp-json\/wp\/v2\/users\/1"}],"version-history":[{"count":0,"href":"https:\/\/afam.md\/ru\/wp-json\/wp\/v2\/tribe_events\/92087\/revisions"}],"wp:featuredmedia":[{"embeddable":true,"href":"https:\/\/afam.md\/ru\/wp-json\/wp\/v2\/media\/92088"}],"wp:attachment":[{"href":"https:\/\/afam.md\/ru\/wp-json\/wp\/v2\/media?parent=92087"}],"wp:term":[{"taxonomy":"post_tag","embeddable":true,"href":"https:\/\/afam.md\/ru\/wp-json\/wp\/v2\/tags?post=92087"},{"taxonomy":"tribe_events_cat","embeddable":true,"href":"https:\/\/afam.md\/ru\/wp-json\/wp\/v2\/tribe_events_cat?post=92087"}],"curies":[{"name":"wp","href":"https:\/\/api.w.org\/{rel}","templated":true}]}}