{"id":92089,"date":"2024-10-28T23:04:04","date_gmt":"2024-10-28T21:04:04","guid":{"rendered":"https:\/\/afam.md\/event\/cum-echipa-companiei-tale-poate-sa-contribuie-la-dezvoltarea-afacerii\/"},"modified":"2024-10-28T23:04:04","modified_gmt":"2024-10-28T21:04:04","slug":"cum-echipa-companiei-tale-poate-sa-contribuie-la-dezvoltarea-afacerii","status":"publish","type":"tribe_events","link":"https:\/\/afam.md\/ru\/event\/cum-echipa-companiei-tale-poate-sa-contribuie-la-dezvoltarea-afacerii\/","title":{"rendered":"Cum echipa companiei tale poate s\u0103 contribuie la dezvoltarea afacerii"},"content":{"rendered":"<div class=\"kvgmc6g5 cxmmr5t8 oygrvhab hcukyx3x c1et5uql\">Organiz\u0103m al IV-lea eveniment \u00een cadrul Proiectului exclusiv de consultan\u021b\u0103 \u0219i mentorat cu exper\u021bi notorii din Moldova!<\/div>\n<div class=\"cxmmr5t8 oygrvhab hcukyx3x c1et5uql o9v6fnle\">\u00cen cadrul acestei sesiuni vom aborda un subiect mult a\u0219teptat de majoritatea antreprenorilor &#8211; resursele umane &#8211; Cum echipa companiei tale poate s\u0103 contribuie la dezvoltarea afacerii.<\/div>\n<div class=\"cxmmr5t8 oygrvhab hcukyx3x c1et5uql o9v6fnle\">Speakerul va fi Oxana Lavuschina &#8211; Director resurse umane cu o experien\u021b\u0103 de peste 20 ani \u00een HR, trainer \u0219i autor de programe de training, care ne va relata tot despre Managementul Echipei \u00een cadrul companiilor.\u00a0<span class=\"pq6dq46d tbxw36s4 knj5qynh kvgmc6g5 ditlmg2l oygrvhab nvdbi5me sf5mxxl7 gl3lb2sf hhz5lgdu\"><img loading=\"lazy\" decoding=\"async\" src=\"https:\/\/afam.md\/wp-content\/uploads\/2024\/09\/1f60e.png\" alt=\" \" width=\"16\" height=\"16\" \/><\/span><\/div>\n<div class=\"cxmmr5t8 oygrvhab hcukyx3x c1et5uql o9v6fnle\">V\u0103 \u00eendemn\u0103m s\u0103 fi\u021bi prezen\u021bi la evenimentul nostru live \u0219i s\u0103 participa\u021bi la discu\u021bie, prin adresarea a c\u00e2t mai multe \u00eentreb\u0103ri despre aspectele care vizeaz\u0103 propria afacere.<\/div>\n<div class=\"cxmmr5t8 oygrvhab hcukyx3x c1et5uql o9v6fnle\">\u00cenregistreaz\u0103-te aici\u00a0<a class=\"oajrlxb2 g5ia77u1 qu0x051f esr5mh6w e9989ue4 r7d6kgcz rq0escxv nhd2j8a9 nc684nl6 p7hjln8o kvgmc6g5 cxmmr5t8 oygrvhab hcukyx3x jb3vyjys rz4wbd8a qt6c0cv9 a8nywdso i1ao9s8h esuyzwwr f1sip0of lzcic4wl gpro0wi8 py34i1dx\" role=\"link\" href=\"https:\/\/l.facebook.com\/l.php?u=https%3A%2F%2Fforms.gle%2FH4yWjFXaLWX3KqQv5%3Ffbclid%3DIwAR3kOS76kXw9cyZSEgEXtA_nww5lWA1p0SyY_rIv75aEYU_-jI8OXyA77w4&amp;h=AT1eEj7D5DSHiTrJrNFL2L8--f-01QG20iRl85yQIe23Dd1RmVqy8Sv71264kVLQSq-g2GPwQAWWhyKS_zUzam9jNprn5hhKWvSQdfkxea0Mz-jTSswTj6SK1I92ql3-S1fc&amp;__tn__=q&amp;c[0]=AT1nZcWss1uhKc1TkeDTnpLX8TCgEVaXG13iM4l40bJ7lgd6fDHMtAOZRY41VuqA53PNiEv4WGw64Rq52FXZwwv2lmCAcaNKRRdKwKQNgk-SY4zgAnMxG4YB0TkCrHQjhSCM4-g4ieNqraRKzQjRZA_s83cN883wnGIq4Up5a7r_NlAI\" target=\"_blank\" rel=\"nofollow noopener\">https:\/\/forms.gle\/H4yWjFXaLWX3KqQv5<\/a>\u00a0sau Click pe Interesat(\u0103) sau Particip, s\u0103 nu rata\u021bi evenimentul: Mar\u021bi, 13 iulie, ora 17:00.<\/div>\n","protected":false},"excerpt":{"rendered":"<p>Organiz\u0103m al IV-lea eveniment \u00een cadrul Proiectului exclusiv de consultan\u021b\u0103 \u0219i mentorat cu exper\u021bi notorii din Moldova! \u00cen cadrul acestei sesiuni vom aborda un subiect mult a\u0219teptat de majoritatea antreprenorilor [&hellip;]<\/p>\n","protected":false},"author":1,"featured_media":92090,"template":"","meta":{"_EventAllDay":false,"_EventTimezone":"Europe\/Chisinau","_EventStartDate":"2021-07-08 14:41:00","_EventEndDate":"2021-07-08 14:41:00","_EventStartDateUTC":"2021-07-08 11:41:00","_EventEndDateUTC":"2021-07-08 11:41:00","_EventShowMap":false,"_EventShowMapLink":false,"_EventURL":"","_EventCost":"","_EventCostDescription":"","_EventCurrencySymbol":"","_EventCurrencyCode":"","_EventCurrencyPosition":"prefix","_EventDateTimeSeparator":"","_EventTimeRangeSeparator":"","_EventOrganizerID":[],"_EventVenueID":[],"_OrganizerEmail":"","_OrganizerPhone":"","_OrganizerWebsite":"","_VenueAddress":"","_VenueCity":"","_VenueCountry":"","_VenueProvince":"","_VenueState":"","_VenueZip":"","_VenuePhone":"","_VenueURL":"","_VenueStateProvince":"","_VenueLat":"","_VenueLng":"","_VenueShowMap":false,"_VenueShowMapLink":false,"_tribe_events_status":"","_tribe_events_status_reason":"","footnotes":""},"tags":[],"tribe_events_cat":[431],"class_list":["post-92089","tribe_events","type-tribe_events","status-publish","has-post-thumbnail","hentry","tribe_events_cat-evenimente","cat_evenimente"],"yoast_head":"<!-- This site is optimized with the Yoast SEO Premium plugin v23.8 (Yoast SEO v25.1) - https:\/\/yoast.com\/wordpress\/plugins\/seo\/ -->\n<title>Cum echipa companiei tale poate s\u0103 contribuie la dezvoltarea afacerii - AFAM MD<\/title>\n<meta name=\"robots\" content=\"index, follow, max-snippet:-1, max-image-preview:large, max-video-preview:-1\" \/>\n<link rel=\"canonical\" href=\"https:\/\/afam.md\/ru\/event\/cum-echipa-companiei-tale-poate-sa-contribuie-la-dezvoltarea-afacerii\/\" \/>\n<meta property=\"og:locale\" content=\"ru_RU\" \/>\n<meta property=\"og:type\" content=\"article\" \/>\n<meta property=\"og:title\" content=\"Cum echipa companiei tale poate s\u0103 contribuie la dezvoltarea afacerii\" \/>\n<meta property=\"og:description\" content=\"Organiz\u0103m al IV-lea eveniment \u00een cadrul Proiectului exclusiv de consultan\u021b\u0103 \u0219i mentorat cu exper\u021bi notorii din Moldova! \u00cen cadrul acestei sesiuni vom aborda un subiect mult a\u0219teptat de majoritatea antreprenorilor [&hellip;]\" \/>\n<meta property=\"og:url\" content=\"https:\/\/afam.md\/ru\/event\/cum-echipa-companiei-tale-poate-sa-contribuie-la-dezvoltarea-afacerii\/\" \/>\n<meta property=\"og:site_name\" content=\"AFAM MD\" \/>\n<meta property=\"article:publisher\" content=\"https:\/\/www.facebook.com\/AFAMMoldova\/\" \/>\n<meta property=\"og:image\" content=\"https:\/\/afam.md\/wp-content\/uploads\/2024\/10\/48-2-NUGJkK.tmp_.jpg\" \/>\n\t<meta property=\"og:image:width\" content=\"1640\" \/>\n\t<meta property=\"og:image:height\" content=\"924\" \/>\n\t<meta property=\"og:image:type\" content=\"image\/jpeg\" \/>\n<meta name=\"twitter:card\" content=\"summary_large_image\" \/>\n<meta name=\"twitter:label1\" content=\"\u041f\u0440\u0438\u043c\u0435\u0440\u043d\u043e\u0435 \u0432\u0440\u0435\u043c\u044f \u0434\u043b\u044f \u0447\u0442\u0435\u043d\u0438\u044f\" \/>\n\t<meta name=\"twitter:data1\" content=\"1 \u043c\u0438\u043d\u0443\u0442\u0430\" \/>\n<script type=\"application\/ld+json\" class=\"yoast-schema-graph\">{\"@context\":\"https:\/\/schema.org\",\"@graph\":[{\"@type\":\"WebPage\",\"@id\":\"https:\/\/afam.md\/event\/cum-echipa-companiei-tale-poate-sa-contribuie-la-dezvoltarea-afacerii\/\",\"url\":\"https:\/\/afam.md\/event\/cum-echipa-companiei-tale-poate-sa-contribuie-la-dezvoltarea-afacerii\/\",\"name\":\"Cum echipa companiei tale poate s\u0103 contribuie la dezvoltarea afacerii - AFAM MD\",\"isPartOf\":{\"@id\":\"https:\/\/afam.md\/en\/#website\"},\"primaryImageOfPage\":{\"@id\":\"https:\/\/afam.md\/event\/cum-echipa-companiei-tale-poate-sa-contribuie-la-dezvoltarea-afacerii\/#primaryimage\"},\"image\":{\"@id\":\"https:\/\/afam.md\/event\/cum-echipa-companiei-tale-poate-sa-contribuie-la-dezvoltarea-afacerii\/#primaryimage\"},\"thumbnailUrl\":\"https:\/\/afam.md\/wp-content\/uploads\/2024\/10\/48-2-NUGJkK.tmp_.jpg\",\"datePublished\":\"2024-10-28T21:04:04+00:00\",\"breadcrumb\":{\"@id\":\"https:\/\/afam.md\/event\/cum-echipa-companiei-tale-poate-sa-contribuie-la-dezvoltarea-afacerii\/#breadcrumb\"},\"inLanguage\":\"ru-RU\",\"potentialAction\":[{\"@type\":\"ReadAction\",\"target\":[\"https:\/\/afam.md\/event\/cum-echipa-companiei-tale-poate-sa-contribuie-la-dezvoltarea-afacerii\/\"]}]},{\"@type\":\"ImageObject\",\"inLanguage\":\"ru-RU\",\"@id\":\"https:\/\/afam.md\/event\/cum-echipa-companiei-tale-poate-sa-contribuie-la-dezvoltarea-afacerii\/#primaryimage\",\"url\":\"https:\/\/afam.md\/wp-content\/uploads\/2024\/10\/48-2-NUGJkK.tmp_.jpg\",\"contentUrl\":\"https:\/\/afam.md\/wp-content\/uploads\/2024\/10\/48-2-NUGJkK.tmp_.jpg\",\"width\":1640,\"height\":924},{\"@type\":\"BreadcrumbList\",\"@id\":\"https:\/\/afam.md\/event\/cum-echipa-companiei-tale-poate-sa-contribuie-la-dezvoltarea-afacerii\/#breadcrumb\",\"itemListElement\":[{\"@type\":\"ListItem\",\"position\":1,\"name\":\"\u0413\u043b\u0430\u0432\u043d\u0430\u044f\",\"item\":\"https:\/\/afam.md\/\"},{\"@type\":\"ListItem\",\"position\":2,\"name\":\"Events\",\"item\":\"https:\/\/afam.md\/en\/eventslist\/\"},{\"@type\":\"ListItem\",\"position\":3,\"name\":\"Cum echipa companiei tale poate s\u0103 contribuie la dezvoltarea afacerii\"}]},{\"@type\":\"WebSite\",\"@id\":\"https:\/\/afam.md\/en\/#website\",\"url\":\"https:\/\/afam.md\/en\/\",\"name\":\"AFAM MD\",\"description\":\"Asocia\u021bia Femeilor Antreprenoare Din Moldova\",\"publisher\":{\"@id\":\"https:\/\/afam.md\/en\/#organization\"},\"potentialAction\":[{\"@type\":\"SearchAction\",\"target\":{\"@type\":\"EntryPoint\",\"urlTemplate\":\"https:\/\/afam.md\/en\/?s={search_term_string}\"},\"query-input\":{\"@type\":\"PropertyValueSpecification\",\"valueRequired\":true,\"valueName\":\"search_term_string\"}}],\"inLanguage\":\"ru-RU\"},{\"@type\":\"Organization\",\"@id\":\"https:\/\/afam.md\/en\/#organization\",\"name\":\"Asocia\u021bia Femeilor Antreprenoare Din Moldova\",\"alternateName\":\"AFAM\",\"url\":\"https:\/\/afam.md\/en\/\",\"logo\":{\"@type\":\"ImageObject\",\"inLanguage\":\"ru-RU\",\"@id\":\"https:\/\/afam.md\/en\/#\/schema\/logo\/image\/\",\"url\":\"https:\/\/afam.md\/wp-content\/uploads\/2024\/11\/logo-blue.svg\",\"contentUrl\":\"https:\/\/afam.md\/wp-content\/uploads\/2024\/11\/logo-blue.svg\",\"width\":1874,\"height\":650,\"caption\":\"Asocia\u021bia Femeilor Antreprenoare Din Moldova\"},\"image\":{\"@id\":\"https:\/\/afam.md\/en\/#\/schema\/logo\/image\/\"},\"sameAs\":[\"https:\/\/www.facebook.com\/AFAMMoldova\/\",\"https:\/\/www.instagram.com\/afammoldova\/?hl=en\",\"https:\/\/md.linkedin.com\/in\/afam-moldova-285159174\"],\"email\":\"afammoldova@gmail.com\",\"telephone\":\"(+373) 76 767 670\",\"legalName\":\"Asocia\u021bia Femeilor Antreprenoare Din Moldova\",\"numberOfEmployees\":{\"@type\":\"QuantitativeValue\",\"minValue\":\"51\",\"maxValue\":\"200\"}}]}<\/script>\n<!-- \/ Yoast SEO Premium plugin. -->","yoast_head_json":{"title":"Cum echipa companiei tale poate s\u0103 contribuie la dezvoltarea afacerii - AFAM MD","robots":{"index":"index","follow":"follow","max-snippet":"max-snippet:-1","max-image-preview":"max-image-preview:large","max-video-preview":"max-video-preview:-1"},"canonical":"https:\/\/afam.md\/ru\/event\/cum-echipa-companiei-tale-poate-sa-contribuie-la-dezvoltarea-afacerii\/","og_locale":"ru_RU","og_type":"article","og_title":"Cum echipa companiei tale poate s\u0103 contribuie la dezvoltarea afacerii","og_description":"Organiz\u0103m al IV-lea eveniment \u00een cadrul Proiectului exclusiv de consultan\u021b\u0103 \u0219i mentorat cu exper\u021bi notorii din Moldova! \u00cen cadrul acestei sesiuni vom aborda un subiect mult a\u0219teptat de majoritatea antreprenorilor [&hellip;]","og_url":"https:\/\/afam.md\/ru\/event\/cum-echipa-companiei-tale-poate-sa-contribuie-la-dezvoltarea-afacerii\/","og_site_name":"AFAM MD","article_publisher":"https:\/\/www.facebook.com\/AFAMMoldova\/","og_image":[{"width":1640,"height":924,"url":"https:\/\/afam.md\/wp-content\/uploads\/2024\/10\/48-2-NUGJkK.tmp_.jpg","type":"image\/jpeg"}],"twitter_card":"summary_large_image","twitter_misc":{"\u041f\u0440\u0438\u043c\u0435\u0440\u043d\u043e\u0435 \u0432\u0440\u0435\u043c\u044f \u0434\u043b\u044f \u0447\u0442\u0435\u043d\u0438\u044f":"1 \u043c\u0438\u043d\u0443\u0442\u0430"},"schema":{"@context":"https:\/\/schema.org","@graph":[{"@type":"WebPage","@id":"https:\/\/afam.md\/event\/cum-echipa-companiei-tale-poate-sa-contribuie-la-dezvoltarea-afacerii\/","url":"https:\/\/afam.md\/event\/cum-echipa-companiei-tale-poate-sa-contribuie-la-dezvoltarea-afacerii\/","name":"Cum echipa companiei tale poate s\u0103 contribuie la dezvoltarea afacerii - AFAM MD","isPartOf":{"@id":"https:\/\/afam.md\/en\/#website"},"primaryImageOfPage":{"@id":"https:\/\/afam.md\/event\/cum-echipa-companiei-tale-poate-sa-contribuie-la-dezvoltarea-afacerii\/#primaryimage"},"image":{"@id":"https:\/\/afam.md\/event\/cum-echipa-companiei-tale-poate-sa-contribuie-la-dezvoltarea-afacerii\/#primaryimage"},"thumbnailUrl":"https:\/\/afam.md\/wp-content\/uploads\/2024\/10\/48-2-NUGJkK.tmp_.jpg","datePublished":"2024-10-28T21:04:04+00:00","breadcrumb":{"@id":"https:\/\/afam.md\/event\/cum-echipa-companiei-tale-poate-sa-contribuie-la-dezvoltarea-afacerii\/#breadcrumb"},"inLanguage":"ru-RU","potentialAction":[{"@type":"ReadAction","target":["https:\/\/afam.md\/event\/cum-echipa-companiei-tale-poate-sa-contribuie-la-dezvoltarea-afacerii\/"]}]},{"@type":"ImageObject","inLanguage":"ru-RU","@id":"https:\/\/afam.md\/event\/cum-echipa-companiei-tale-poate-sa-contribuie-la-dezvoltarea-afacerii\/#primaryimage","url":"https:\/\/afam.md\/wp-content\/uploads\/2024\/10\/48-2-NUGJkK.tmp_.jpg","contentUrl":"https:\/\/afam.md\/wp-content\/uploads\/2024\/10\/48-2-NUGJkK.tmp_.jpg","width":1640,"height":924},{"@type":"BreadcrumbList","@id":"https:\/\/afam.md\/event\/cum-echipa-companiei-tale-poate-sa-contribuie-la-dezvoltarea-afacerii\/#breadcrumb","itemListElement":[{"@type":"ListItem","position":1,"name":"\u0413\u043b\u0430\u0432\u043d\u0430\u044f","item":"https:\/\/afam.md\/"},{"@type":"ListItem","position":2,"name":"Events","item":"https:\/\/afam.md\/en\/eventslist\/"},{"@type":"ListItem","position":3,"name":"Cum echipa companiei tale poate s\u0103 contribuie la dezvoltarea afacerii"}]},{"@type":"WebSite","@id":"https:\/\/afam.md\/en\/#website","url":"https:\/\/afam.md\/en\/","name":"AFAM MD","description":"Asocia\u021bia Femeilor Antreprenoare Din Moldova","publisher":{"@id":"https:\/\/afam.md\/en\/#organization"},"potentialAction":[{"@type":"SearchAction","target":{"@type":"EntryPoint","urlTemplate":"https:\/\/afam.md\/en\/?s={search_term_string}"},"query-input":{"@type":"PropertyValueSpecification","valueRequired":true,"valueName":"search_term_string"}}],"inLanguage":"ru-RU"},{"@type":"Organization","@id":"https:\/\/afam.md\/en\/#organization","name":"Asocia\u021bia Femeilor Antreprenoare Din Moldova","alternateName":"AFAM","url":"https:\/\/afam.md\/en\/","logo":{"@type":"ImageObject","inLanguage":"ru-RU","@id":"https:\/\/afam.md\/en\/#\/schema\/logo\/image\/","url":"https:\/\/afam.md\/wp-content\/uploads\/2024\/11\/logo-blue.svg","contentUrl":"https:\/\/afam.md\/wp-content\/uploads\/2024\/11\/logo-blue.svg","width":1874,"height":650,"caption":"Asocia\u021bia Femeilor Antreprenoare Din Moldova"},"image":{"@id":"https:\/\/afam.md\/en\/#\/schema\/logo\/image\/"},"sameAs":["https:\/\/www.facebook.com\/AFAMMoldova\/","https:\/\/www.instagram.com\/afammoldova\/?hl=en","https:\/\/md.linkedin.com\/in\/afam-moldova-285159174"],"email":"afammoldova@gmail.com","telephone":"(+373) 76 767 670","legalName":"Asocia\u021bia Femeilor Antreprenoare Din Moldova","numberOfEmployees":{"@type":"QuantitativeValue","minValue":"51","maxValue":"200"}}]}},"_links":{"self":[{"href":"https:\/\/afam.md\/ru\/wp-json\/wp\/v2\/tribe_events\/92089","targetHints":{"allow":["GET"]}}],"collection":[{"href":"https:\/\/afam.md\/ru\/wp-json\/wp\/v2\/tribe_events"}],"about":[{"href":"https:\/\/afam.md\/ru\/wp-json\/wp\/v2\/types\/tribe_events"}],"author":[{"embeddable":true,"href":"https:\/\/afam.md\/ru\/wp-json\/wp\/v2\/users\/1"}],"version-history":[{"count":0,"href":"https:\/\/afam.md\/ru\/wp-json\/wp\/v2\/tribe_events\/92089\/revisions"}],"wp:featuredmedia":[{"embeddable":true,"href":"https:\/\/afam.md\/ru\/wp-json\/wp\/v2\/media\/92090"}],"wp:attachment":[{"href":"https:\/\/afam.md\/ru\/wp-json\/wp\/v2\/media?parent=92089"}],"wp:term":[{"taxonomy":"post_tag","embeddable":true,"href":"https:\/\/afam.md\/ru\/wp-json\/wp\/v2\/tags?post=92089"},{"taxonomy":"tribe_events_cat","embeddable":true,"href":"https:\/\/afam.md\/ru\/wp-json\/wp\/v2\/tribe_events_cat?post=92089"}],"curies":[{"name":"wp","href":"https:\/\/api.w.org\/{rel}","templated":true}]}}