{"id":92091,"date":"2024-10-28T23:04:05","date_gmt":"2024-10-28T21:04:05","guid":{"rendered":"https:\/\/afam.md\/event\/intrevedere-cu-delegatia-conaf-romania\/"},"modified":"2024-10-28T23:04:05","modified_gmt":"2024-10-28T21:04:05","slug":"intrevedere-cu-delegatia-conaf-romania","status":"publish","type":"tribe_events","link":"https:\/\/afam.md\/ru\/event\/intrevedere-cu-delegatia-conaf-romania\/","title":{"rendered":"\u00centrevedere cu delega\u021bia CONAF Rom\u00e2nia"},"content":{"rendered":"<div class=\"kvgmc6g5 cxmmr5t8 oygrvhab hcukyx3x c1et5uql ii04i59q\">\n<div dir=\"auto\">Asocia\u021bia Femeilor Antreprenoare din Moldova sus\u021bine \u0219i dezvolt\u0103 mediul de afaceri din \u021bara noastr\u0103 prin implementarea de 2 ani a Acordului de colaborare cu Confedera\u021bia Na\u021bional\u0103 pentru Antreprenoriat Feminin din Rom\u00e2nia.<\/div>\n<\/div>\n<div class=\"cxmmr5t8 oygrvhab hcukyx3x c1et5uql o9v6fnle ii04i59q\">\n<div dir=\"auto\">\u0218i ieri, dup\u0103 o lung\u0103 perioad\u0103 de \u00eentrevederi online, am organizat \u00eent\u00e2lnirea mult a\u0219teptat\u0103 \u00eentre delega\u021bia CONAF \u0219i AFAM!<\/div>\n<\/div>\n<div class=\"cxmmr5t8 oygrvhab hcukyx3x c1et5uql o9v6fnle ii04i59q\">\n<div dir=\"auto\">Am reu\u0219it s\u0103 ne cunoa\u0219tem, s\u0103 afl\u0103m istoriile din spatele organiza\u021biei \u0219i companiilor, scopurile \u0219i dorin\u021bele viitoare, sursele de motivare \u0219i provoc\u0103rile \u00eent\u00e2mpinate, reu\u0219ind s\u0103 \u00een\u021belegem c\u0103 ne dorim de comun s\u0103 inspir\u0103m \u0219i oferi suport tuturor antreprenoarelor.<\/div>\n<div dir=\"auto\"><img loading=\"lazy\" decoding=\"async\" width=\"720\" height=\"960\" class=\"alignnone size-medium wp-image-5634\" src=\"https:\/\/afam.md\/wp-content\/uploads\/2024\/09\/50-2.jpg\" \/> <img loading=\"lazy\" decoding=\"async\" width=\"960\" height=\"720\" class=\"alignnone size-medium wp-image-5635\" src=\"https:\/\/afam.md\/wp-content\/uploads\/2024\/09\/51-1.jpg\" \/> <img loading=\"lazy\" decoding=\"async\" width=\"631\" height=\"960\" class=\"alignnone size-medium wp-image-5637\" src=\"https:\/\/afam.md\/wp-content\/uploads\/2024\/09\/53-1.jpg\" \/> <img loading=\"lazy\" decoding=\"async\" width=\"720\" height=\"960\" class=\"alignnone size-medium wp-image-5636\" src=\"https:\/\/afam.md\/wp-content\/uploads\/2024\/09\/52-1.jpg\" \/><\/div>\n<\/div>\n<div class=\"cxmmr5t8 oygrvhab hcukyx3x c1et5uql o9v6fnle ii04i59q\">\n<div dir=\"auto\">\u00cen cadrul acestui parteneriat, ne propunem s\u0103 consolid\u0103m antreprenoriatul feminin pe cele dou\u0103 maluri ale Prutului, fiind obiectivul nostru strategic materializat prin conferin\u021be, evenimente, instruiri, proiecte \u0219i programe de mentorat \u0219i consultan\u021b\u0103.<\/div>\n<\/div>\n<div class=\"cxmmr5t8 oygrvhab hcukyx3x c1et5uql o9v6fnle ii04i59q\">\n<div dir=\"auto\">De asemenea, unul dintre obiectivele noastre majore este de a sus\u021bine educa\u021bia antreprenorial\u0103, dar \u0219i femeile de afaceri, at\u00e2t din Rom\u00e2nia, c\u00e2t \u0219i din Moldova.<\/div>\n<\/div>\n<div class=\"cxmmr5t8 oygrvhab hcukyx3x c1et5uql o9v6fnle ii04i59q\">\n<div dir=\"auto\">Mul\u021bumim delega\u021biei CONAF condus\u0103 de Pre\u0219edinta CONAF <a class=\"oajrlxb2 g5ia77u1 qu0x051f esr5mh6w e9989ue4 r7d6kgcz rq0escxv nhd2j8a9 nc684nl6 p7hjln8o kvgmc6g5 cxmmr5t8 oygrvhab hcukyx3x jb3vyjys rz4wbd8a qt6c0cv9 a8nywdso i1ao9s8h esuyzwwr f1sip0of lzcic4wl gpro0wi8 py34i1dx\" role=\"link\" href=\"https:\/\/www.facebook.com\/cristinachiriac.ro?__cft__[0]=AZUZ1ynidiJipaxyCk9SExP2Bax7vllsm5UI69ovjXJhjSqym6J6SdO4ZdCaHfU8TB8uHXjsgnYGSGAAWunvX9b6VRbQgT7lo7NDa0oiroCtI1WIMK9mWCPs68sJ4M5WbQ5fmxcSzK9Mw7mQqn-xCbhQQvRt4hLW__iOEZMHKIfitw&amp;__tn__=-]K-R\" target=\"_blank\" rel=\"noopener\"><strong><span class=\"nc684nl6\">Cristina Chiriac<\/span><\/strong><\/a> pentru deschidere, implicare \u0219i sus\u021binere, urm\u00e2nd s\u0103 organiz\u0103m noi evenimente comune pentru comunitatea de afaceri din Republica Moldova.<\/div>\n<div dir=\"auto\"><img loading=\"lazy\" decoding=\"async\" width=\"720\" height=\"960\" class=\"alignnone size-medium wp-image-5639\" src=\"https:\/\/afam.md\/wp-content\/uploads\/2024\/09\/55-1.jpg\" \/> <img loading=\"lazy\" decoding=\"async\" width=\"960\" height=\"720\" class=\"alignnone size-medium wp-image-5640\" src=\"https:\/\/afam.md\/wp-content\/uploads\/2024\/09\/56-1.jpg\" \/> <img loading=\"lazy\" decoding=\"async\" width=\"720\" height=\"960\" class=\"alignnone size-medium wp-image-5641\" src=\"https:\/\/afam.md\/wp-content\/uploads\/2024\/09\/57-1.jpg\" \/> <img loading=\"lazy\" decoding=\"async\" width=\"559\" height=\"960\" class=\"alignnone size-medium wp-image-5638\" src=\"https:\/\/afam.md\/wp-content\/uploads\/2024\/09\/54-1.jpg\" \/><\/div>\n<\/div>\n","protected":false},"excerpt":{"rendered":"<p>Asocia\u021bia Femeilor Antreprenoare din Moldova sus\u021bine \u0219i dezvolt\u0103 mediul de afaceri din \u021bara noastr\u0103 prin implementarea de 2 ani a Acordului de colaborare cu Confedera\u021bia Na\u021bional\u0103 pentru Antreprenoriat Feminin din [&hellip;]<\/p>\n","protected":false},"author":1,"featured_media":92092,"template":"","meta":{"_EventAllDay":false,"_EventTimezone":"Europe\/Chisinau","_EventStartDate":"2021-07-14 14:42:00","_EventEndDate":"2021-07-14 14:42:00","_EventStartDateUTC":"2021-07-14 11:42:00","_EventEndDateUTC":"2021-07-14 11:42:00","_EventShowMap":false,"_EventShowMapLink":false,"_EventURL":"","_EventCost":"","_EventCostDescription":"","_EventCurrencySymbol":"","_EventCurrencyCode":"","_EventCurrencyPosition":"prefix","_EventDateTimeSeparator":"","_EventTimeRangeSeparator":"","_EventOrganizerID":[],"_EventVenueID":[],"_OrganizerEmail":"","_OrganizerPhone":"","_OrganizerWebsite":"","_VenueAddress":"","_VenueCity":"","_VenueCountry":"","_VenueProvince":"","_VenueState":"","_VenueZip":"","_VenuePhone":"","_VenueURL":"","_VenueStateProvince":"","_VenueLat":"","_VenueLng":"","_VenueShowMap":false,"_VenueShowMapLink":false,"_tribe_events_status":"","_tribe_events_status_reason":"","footnotes":""},"tags":[],"tribe_events_cat":[431],"class_list":["post-92091","tribe_events","type-tribe_events","status-publish","has-post-thumbnail","hentry","tribe_events_cat-evenimente","cat_evenimente"],"yoast_head":"<!-- This site is optimized with the Yoast SEO Premium plugin v23.8 (Yoast SEO v25.1) - https:\/\/yoast.com\/wordpress\/plugins\/seo\/ -->\n<title>\u00centrevedere cu delega\u021bia CONAF Rom\u00e2nia - AFAM MD<\/title>\n<meta name=\"robots\" content=\"index, follow, max-snippet:-1, max-image-preview:large, max-video-preview:-1\" \/>\n<link rel=\"canonical\" href=\"https:\/\/afam.md\/ru\/event\/intrevedere-cu-delegatia-conaf-romania\/\" \/>\n<meta property=\"og:locale\" content=\"ru_RU\" \/>\n<meta property=\"og:type\" content=\"article\" \/>\n<meta property=\"og:title\" content=\"\u00centrevedere cu delega\u021bia CONAF Rom\u00e2nia\" \/>\n<meta property=\"og:description\" content=\"Asocia\u021bia Femeilor Antreprenoare din Moldova sus\u021bine \u0219i dezvolt\u0103 mediul de afaceri din \u021bara noastr\u0103 prin implementarea de 2 ani a Acordului de colaborare cu Confedera\u021bia Na\u021bional\u0103 pentru Antreprenoriat Feminin din [&hellip;]\" \/>\n<meta property=\"og:url\" content=\"https:\/\/afam.md\/ru\/event\/intrevedere-cu-delegatia-conaf-romania\/\" \/>\n<meta property=\"og:site_name\" content=\"AFAM MD\" \/>\n<meta property=\"article:publisher\" content=\"https:\/\/www.facebook.com\/AFAMMoldova\/\" \/>\n<meta property=\"og:image\" content=\"https:\/\/afam.md\/wp-content\/uploads\/2024\/10\/49-2-7CKfbX.tmp_.jpg\" \/>\n\t<meta property=\"og:image:width\" content=\"960\" \/>\n\t<meta property=\"og:image:height\" content=\"720\" \/>\n\t<meta property=\"og:image:type\" content=\"image\/jpeg\" \/>\n<meta name=\"twitter:card\" content=\"summary_large_image\" \/>\n<meta name=\"twitter:label1\" content=\"\u041f\u0440\u0438\u043c\u0435\u0440\u043d\u043e\u0435 \u0432\u0440\u0435\u043c\u044f \u0434\u043b\u044f \u0447\u0442\u0435\u043d\u0438\u044f\" \/>\n\t<meta name=\"twitter:data1\" content=\"1 \u043c\u0438\u043d\u0443\u0442\u0430\" \/>\n<script type=\"application\/ld+json\" class=\"yoast-schema-graph\">{\"@context\":\"https:\/\/schema.org\",\"@graph\":[{\"@type\":\"WebPage\",\"@id\":\"https:\/\/afam.md\/event\/intrevedere-cu-delegatia-conaf-romania\/\",\"url\":\"https:\/\/afam.md\/event\/intrevedere-cu-delegatia-conaf-romania\/\",\"name\":\"\u00centrevedere cu delega\u021bia CONAF Rom\u00e2nia - AFAM MD\",\"isPartOf\":{\"@id\":\"https:\/\/afam.md\/en\/#website\"},\"primaryImageOfPage\":{\"@id\":\"https:\/\/afam.md\/event\/intrevedere-cu-delegatia-conaf-romania\/#primaryimage\"},\"image\":{\"@id\":\"https:\/\/afam.md\/event\/intrevedere-cu-delegatia-conaf-romania\/#primaryimage\"},\"thumbnailUrl\":\"https:\/\/afam.md\/wp-content\/uploads\/2024\/10\/49-2-7CKfbX.tmp_.jpg\",\"datePublished\":\"2024-10-28T21:04:05+00:00\",\"breadcrumb\":{\"@id\":\"https:\/\/afam.md\/event\/intrevedere-cu-delegatia-conaf-romania\/#breadcrumb\"},\"inLanguage\":\"ru-RU\",\"potentialAction\":[{\"@type\":\"ReadAction\",\"target\":[\"https:\/\/afam.md\/event\/intrevedere-cu-delegatia-conaf-romania\/\"]}]},{\"@type\":\"ImageObject\",\"inLanguage\":\"ru-RU\",\"@id\":\"https:\/\/afam.md\/event\/intrevedere-cu-delegatia-conaf-romania\/#primaryimage\",\"url\":\"https:\/\/afam.md\/wp-content\/uploads\/2024\/10\/49-2-7CKfbX.tmp_.jpg\",\"contentUrl\":\"https:\/\/afam.md\/wp-content\/uploads\/2024\/10\/49-2-7CKfbX.tmp_.jpg\",\"width\":960,\"height\":720},{\"@type\":\"BreadcrumbList\",\"@id\":\"https:\/\/afam.md\/event\/intrevedere-cu-delegatia-conaf-romania\/#breadcrumb\",\"itemListElement\":[{\"@type\":\"ListItem\",\"position\":1,\"name\":\"\u0413\u043b\u0430\u0432\u043d\u0430\u044f\",\"item\":\"https:\/\/afam.md\/\"},{\"@type\":\"ListItem\",\"position\":2,\"name\":\"Events\",\"item\":\"https:\/\/afam.md\/en\/eventslist\/\"},{\"@type\":\"ListItem\",\"position\":3,\"name\":\"\u00centrevedere cu delega\u021bia CONAF Rom\u00e2nia\"}]},{\"@type\":\"WebSite\",\"@id\":\"https:\/\/afam.md\/en\/#website\",\"url\":\"https:\/\/afam.md\/en\/\",\"name\":\"AFAM MD\",\"description\":\"Asocia\u021bia Femeilor Antreprenoare Din Moldova\",\"publisher\":{\"@id\":\"https:\/\/afam.md\/en\/#organization\"},\"potentialAction\":[{\"@type\":\"SearchAction\",\"target\":{\"@type\":\"EntryPoint\",\"urlTemplate\":\"https:\/\/afam.md\/en\/?s={search_term_string}\"},\"query-input\":{\"@type\":\"PropertyValueSpecification\",\"valueRequired\":true,\"valueName\":\"search_term_string\"}}],\"inLanguage\":\"ru-RU\"},{\"@type\":\"Organization\",\"@id\":\"https:\/\/afam.md\/en\/#organization\",\"name\":\"Asocia\u021bia Femeilor Antreprenoare Din Moldova\",\"alternateName\":\"AFAM\",\"url\":\"https:\/\/afam.md\/en\/\",\"logo\":{\"@type\":\"ImageObject\",\"inLanguage\":\"ru-RU\",\"@id\":\"https:\/\/afam.md\/en\/#\/schema\/logo\/image\/\",\"url\":\"https:\/\/afam.md\/wp-content\/uploads\/2024\/11\/logo-blue.svg\",\"contentUrl\":\"https:\/\/afam.md\/wp-content\/uploads\/2024\/11\/logo-blue.svg\",\"width\":1874,\"height\":650,\"caption\":\"Asocia\u021bia Femeilor Antreprenoare Din Moldova\"},\"image\":{\"@id\":\"https:\/\/afam.md\/en\/#\/schema\/logo\/image\/\"},\"sameAs\":[\"https:\/\/www.facebook.com\/AFAMMoldova\/\",\"https:\/\/www.instagram.com\/afammoldova\/?hl=en\",\"https:\/\/md.linkedin.com\/in\/afam-moldova-285159174\"],\"email\":\"afammoldova@gmail.com\",\"telephone\":\"(+373) 76 767 670\",\"legalName\":\"Asocia\u021bia Femeilor Antreprenoare Din Moldova\",\"numberOfEmployees\":{\"@type\":\"QuantitativeValue\",\"minValue\":\"51\",\"maxValue\":\"200\"}}]}<\/script>\n<!-- \/ Yoast SEO Premium plugin. -->","yoast_head_json":{"title":"\u00centrevedere cu delega\u021bia CONAF Rom\u00e2nia - AFAM MD","robots":{"index":"index","follow":"follow","max-snippet":"max-snippet:-1","max-image-preview":"max-image-preview:large","max-video-preview":"max-video-preview:-1"},"canonical":"https:\/\/afam.md\/ru\/event\/intrevedere-cu-delegatia-conaf-romania\/","og_locale":"ru_RU","og_type":"article","og_title":"\u00centrevedere cu delega\u021bia CONAF Rom\u00e2nia","og_description":"Asocia\u021bia Femeilor Antreprenoare din Moldova sus\u021bine \u0219i dezvolt\u0103 mediul de afaceri din \u021bara noastr\u0103 prin implementarea de 2 ani a Acordului de colaborare cu Confedera\u021bia Na\u021bional\u0103 pentru Antreprenoriat Feminin din [&hellip;]","og_url":"https:\/\/afam.md\/ru\/event\/intrevedere-cu-delegatia-conaf-romania\/","og_site_name":"AFAM MD","article_publisher":"https:\/\/www.facebook.com\/AFAMMoldova\/","og_image":[{"width":960,"height":720,"url":"https:\/\/afam.md\/wp-content\/uploads\/2024\/10\/49-2-7CKfbX.tmp_.jpg","type":"image\/jpeg"}],"twitter_card":"summary_large_image","twitter_misc":{"\u041f\u0440\u0438\u043c\u0435\u0440\u043d\u043e\u0435 \u0432\u0440\u0435\u043c\u044f \u0434\u043b\u044f \u0447\u0442\u0435\u043d\u0438\u044f":"1 \u043c\u0438\u043d\u0443\u0442\u0430"},"schema":{"@context":"https:\/\/schema.org","@graph":[{"@type":"WebPage","@id":"https:\/\/afam.md\/event\/intrevedere-cu-delegatia-conaf-romania\/","url":"https:\/\/afam.md\/event\/intrevedere-cu-delegatia-conaf-romania\/","name":"\u00centrevedere cu delega\u021bia CONAF Rom\u00e2nia - AFAM MD","isPartOf":{"@id":"https:\/\/afam.md\/en\/#website"},"primaryImageOfPage":{"@id":"https:\/\/afam.md\/event\/intrevedere-cu-delegatia-conaf-romania\/#primaryimage"},"image":{"@id":"https:\/\/afam.md\/event\/intrevedere-cu-delegatia-conaf-romania\/#primaryimage"},"thumbnailUrl":"https:\/\/afam.md\/wp-content\/uploads\/2024\/10\/49-2-7CKfbX.tmp_.jpg","datePublished":"2024-10-28T21:04:05+00:00","breadcrumb":{"@id":"https:\/\/afam.md\/event\/intrevedere-cu-delegatia-conaf-romania\/#breadcrumb"},"inLanguage":"ru-RU","potentialAction":[{"@type":"ReadAction","target":["https:\/\/afam.md\/event\/intrevedere-cu-delegatia-conaf-romania\/"]}]},{"@type":"ImageObject","inLanguage":"ru-RU","@id":"https:\/\/afam.md\/event\/intrevedere-cu-delegatia-conaf-romania\/#primaryimage","url":"https:\/\/afam.md\/wp-content\/uploads\/2024\/10\/49-2-7CKfbX.tmp_.jpg","contentUrl":"https:\/\/afam.md\/wp-content\/uploads\/2024\/10\/49-2-7CKfbX.tmp_.jpg","width":960,"height":720},{"@type":"BreadcrumbList","@id":"https:\/\/afam.md\/event\/intrevedere-cu-delegatia-conaf-romania\/#breadcrumb","itemListElement":[{"@type":"ListItem","position":1,"name":"\u0413\u043b\u0430\u0432\u043d\u0430\u044f","item":"https:\/\/afam.md\/"},{"@type":"ListItem","position":2,"name":"Events","item":"https:\/\/afam.md\/en\/eventslist\/"},{"@type":"ListItem","position":3,"name":"\u00centrevedere cu delega\u021bia CONAF Rom\u00e2nia"}]},{"@type":"WebSite","@id":"https:\/\/afam.md\/en\/#website","url":"https:\/\/afam.md\/en\/","name":"AFAM MD","description":"Asocia\u021bia Femeilor Antreprenoare Din Moldova","publisher":{"@id":"https:\/\/afam.md\/en\/#organization"},"potentialAction":[{"@type":"SearchAction","target":{"@type":"EntryPoint","urlTemplate":"https:\/\/afam.md\/en\/?s={search_term_string}"},"query-input":{"@type":"PropertyValueSpecification","valueRequired":true,"valueName":"search_term_string"}}],"inLanguage":"ru-RU"},{"@type":"Organization","@id":"https:\/\/afam.md\/en\/#organization","name":"Asocia\u021bia Femeilor Antreprenoare Din Moldova","alternateName":"AFAM","url":"https:\/\/afam.md\/en\/","logo":{"@type":"ImageObject","inLanguage":"ru-RU","@id":"https:\/\/afam.md\/en\/#\/schema\/logo\/image\/","url":"https:\/\/afam.md\/wp-content\/uploads\/2024\/11\/logo-blue.svg","contentUrl":"https:\/\/afam.md\/wp-content\/uploads\/2024\/11\/logo-blue.svg","width":1874,"height":650,"caption":"Asocia\u021bia Femeilor Antreprenoare Din Moldova"},"image":{"@id":"https:\/\/afam.md\/en\/#\/schema\/logo\/image\/"},"sameAs":["https:\/\/www.facebook.com\/AFAMMoldova\/","https:\/\/www.instagram.com\/afammoldova\/?hl=en","https:\/\/md.linkedin.com\/in\/afam-moldova-285159174"],"email":"afammoldova@gmail.com","telephone":"(+373) 76 767 670","legalName":"Asocia\u021bia Femeilor Antreprenoare Din Moldova","numberOfEmployees":{"@type":"QuantitativeValue","minValue":"51","maxValue":"200"}}]}},"_links":{"self":[{"href":"https:\/\/afam.md\/ru\/wp-json\/wp\/v2\/tribe_events\/92091","targetHints":{"allow":["GET"]}}],"collection":[{"href":"https:\/\/afam.md\/ru\/wp-json\/wp\/v2\/tribe_events"}],"about":[{"href":"https:\/\/afam.md\/ru\/wp-json\/wp\/v2\/types\/tribe_events"}],"author":[{"embeddable":true,"href":"https:\/\/afam.md\/ru\/wp-json\/wp\/v2\/users\/1"}],"version-history":[{"count":0,"href":"https:\/\/afam.md\/ru\/wp-json\/wp\/v2\/tribe_events\/92091\/revisions"}],"wp:featuredmedia":[{"embeddable":true,"href":"https:\/\/afam.md\/ru\/wp-json\/wp\/v2\/media\/92092"}],"wp:attachment":[{"href":"https:\/\/afam.md\/ru\/wp-json\/wp\/v2\/media?parent=92091"}],"wp:term":[{"taxonomy":"post_tag","embeddable":true,"href":"https:\/\/afam.md\/ru\/wp-json\/wp\/v2\/tags?post=92091"},{"taxonomy":"tribe_events_cat","embeddable":true,"href":"https:\/\/afam.md\/ru\/wp-json\/wp\/v2\/tribe_events_cat?post=92091"}],"curies":[{"name":"wp","href":"https:\/\/api.w.org\/{rel}","templated":true}]}}