{"id":92096,"date":"2024-10-28T23:04:31","date_gmt":"2024-10-28T21:04:31","guid":{"rendered":"https:\/\/afam.md\/event\/eveniment-afam-istorii-care-inspira-femei-in-fashion\/"},"modified":"2024-10-28T23:04:31","modified_gmt":"2024-10-28T21:04:31","slug":"eveniment-afam-istorii-care-inspira-femei-in-fashion","status":"publish","type":"tribe_events","link":"https:\/\/afam.md\/ru\/event\/eveniment-afam-istorii-care-inspira-femei-in-fashion\/","title":{"rendered":"Eveniment AFAM &#8211; Istorii care inspir\u0103 &#8211; Femei \u00een fashion"},"content":{"rendered":"<div class=\"kvgmc6g5 cxmmr5t8 oygrvhab hcukyx3x c1et5uql\">Fiecare istorie de succes conteaz\u0103 \u0219i serve\u0219te drept inspira\u021bie pentru antreprenoare \u0219i tinerele talente!<\/div>\n<div class=\"cxmmr5t8 oygrvhab hcukyx3x c1et5uql o9v6fnle\">Cu mult\u0103 pasiune vom organiza evenimentul AFAM \u2013 Istorii care inspir\u0103. Femei \u00een fashion &#8211; eveniment dedicat prezent\u0103rii imaginii \u0219i istoriei a 2 femei antreprenoare care contribuie la dezvoltarea industriei modei din \u021bar\u0103 \u2013 Maria Bumbu, compania Magdalena Woodbag \u0219i Oxana Munteanu, compania Kasandruta.<\/div>\n<div class=\"cxmmr5t8 oygrvhab hcukyx3x c1et5uql o9v6fnle\">Cum a ap\u0103rut ideea? Cum au reu\u0219it s\u0103 dezvolte o afacere de succes? Ce provoc\u0103ri au \u00eent\u00e2mpinat? \u0218i multe alte detalii ne vor povesti invitatele noastre prin prezentarea ultimelor colec\u021bii \u0219i relatarea \u00een detaliu a istoriilor din spatele afacerii.<\/div>\n<div class=\"cxmmr5t8 oygrvhab hcukyx3x c1et5uql o9v6fnle\">Fie c\u0103 e\u0219ti antreprenoare, designer, student\u0103, liber profesionist\u0103, pasionat\u0103 de domeniul fashion sau \u00ee\u021bi dore\u0219ti s\u0103 petreci weekendul al\u0103turi de femeile de afaceri din comunitatea AFAM, te invit\u0103m al\u0103turi de noi s\u00e2mb\u0103t\u0103, 18 septembrie, \u00eencep\u00eend cu ora 11.00, la Gr\u0103dina Botanic\u0103.<\/div>\n<div class=\"cxmmr5t8 oygrvhab hcukyx3x c1et5uql o9v6fnle\">\u00cenregistreaz\u0103-te la acest eveniment complet\u00e2nd urm\u0103torul formular<br \/>\n<a class=\"oajrlxb2 g5ia77u1 qu0x051f esr5mh6w e9989ue4 r7d6kgcz rq0escxv nhd2j8a9 nc684nl6 p7hjln8o kvgmc6g5 cxmmr5t8 oygrvhab hcukyx3x jb3vyjys rz4wbd8a qt6c0cv9 a8nywdso i1ao9s8h esuyzwwr f1sip0of lzcic4wl gpro0wi8 py34i1dx\" role=\"link\" href=\"https:\/\/l.facebook.com\/l.php?u=https%3A%2F%2Fforms.gle%2FrqSzTQnRPecS87LQ8%3Ffbclid%3DIwAR3_VBBCvC-xddKwHIQjA-LTRbpVKZbabnToF402m58eeDN7c-tK7rIczaI&amp;h=AT0vJMM-4kv2FEtqugxGF19yarkJRebBUzbKdbURl6U1lViGDCjUoDSDswyVodh3boIwIv77DRQTSFyBzkEmtOIGKX_dIKnJ_ekMTEA18JUSTraSuJLrswGB-WF3OpupLsic&amp;__tn__=q&amp;c[0]=AT1tztO7g1Mi9_uk7OgujF1mrlXzhQJcxEw77Jnvj1XA7vkNqfHuSF4png-PDizcTClP3NgPccQV2kf48dlAOrDe3lQIjkLurNHdPibNCqGhWgnhFClo6Mo-9PRxVbNrXtvDaBNopxaXLPXzkg8IaIjTThGb95wlpeAqDRW_JbppjT-Z\" target=\"_blank\" rel=\"nofollow noopener\">https:\/\/forms.gle\/rqSzTQnRPecS87LQ8<\/a><\/div>\n","protected":false},"excerpt":{"rendered":"<p>Fiecare istorie de succes conteaz\u0103 \u0219i serve\u0219te drept inspira\u021bie pentru antreprenoare \u0219i tinerele talente! Cu mult\u0103 pasiune vom organiza evenimentul AFAM \u2013 Istorii care inspir\u0103. Femei \u00een fashion &#8211; eveniment [&hellip;]<\/p>\n","protected":false},"author":1,"featured_media":91864,"template":"","meta":{"_EventAllDay":false,"_EventTimezone":"Europe\/Chisinau","_EventStartDate":"2021-09-10 15:06:00","_EventEndDate":"2021-09-10 15:06:00","_EventStartDateUTC":"2021-09-10 12:06:00","_EventEndDateUTC":"2021-09-10 12:06:00","_EventShowMap":false,"_EventShowMapLink":false,"_EventURL":"","_EventCost":"","_EventCostDescription":"","_EventCurrencySymbol":"","_EventCurrencyCode":"","_EventCurrencyPosition":"prefix","_EventDateTimeSeparator":"","_EventTimeRangeSeparator":"","_EventOrganizerID":[],"_EventVenueID":[],"_OrganizerEmail":"","_OrganizerPhone":"","_OrganizerWebsite":"","_VenueAddress":"","_VenueCity":"","_VenueCountry":"","_VenueProvince":"","_VenueState":"","_VenueZip":"","_VenuePhone":"","_VenueURL":"","_VenueStateProvince":"","_VenueLat":"","_VenueLng":"","_VenueShowMap":false,"_VenueShowMapLink":false,"_tribe_events_status":"","_tribe_events_status_reason":"","footnotes":""},"tags":[],"tribe_events_cat":[431],"class_list":["post-92096","tribe_events","type-tribe_events","status-publish","has-post-thumbnail","hentry","tribe_events_cat-evenimente","cat_evenimente"],"yoast_head":"<!-- This site is optimized with the Yoast SEO Premium plugin v23.8 (Yoast SEO v25.1) - https:\/\/yoast.com\/wordpress\/plugins\/seo\/ -->\n<title>Eveniment AFAM - Istorii care inspir\u0103 - Femei \u00een fashion - AFAM MD<\/title>\n<meta name=\"robots\" content=\"index, follow, max-snippet:-1, max-image-preview:large, max-video-preview:-1\" \/>\n<link rel=\"canonical\" href=\"https:\/\/afam.md\/ru\/event\/eveniment-afam-istorii-care-inspira-femei-in-fashion\/\" \/>\n<meta property=\"og:locale\" content=\"ru_RU\" \/>\n<meta property=\"og:type\" content=\"article\" \/>\n<meta property=\"og:title\" content=\"Eveniment AFAM - Istorii care inspir\u0103 - Femei \u00een fashion\" \/>\n<meta property=\"og:description\" content=\"Fiecare istorie de succes conteaz\u0103 \u0219i serve\u0219te drept inspira\u021bie pentru antreprenoare \u0219i tinerele talente! Cu mult\u0103 pasiune vom organiza evenimentul AFAM \u2013 Istorii care inspir\u0103. Femei \u00een fashion &#8211; eveniment [&hellip;]\" \/>\n<meta property=\"og:url\" content=\"https:\/\/afam.md\/ru\/event\/eveniment-afam-istorii-care-inspira-femei-in-fashion\/\" \/>\n<meta property=\"og:site_name\" content=\"AFAM MD\" \/>\n<meta property=\"article:publisher\" content=\"https:\/\/www.facebook.com\/AFAMMoldova\/\" \/>\n<meta property=\"og:image\" content=\"https:\/\/afam.md\/wp-content\/uploads\/2024\/10\/19-KymvMU.tmp_.jpg\" \/>\n\t<meta property=\"og:image:width\" content=\"900\" \/>\n\t<meta property=\"og:image:height\" content=\"1600\" \/>\n\t<meta property=\"og:image:type\" content=\"image\/jpeg\" \/>\n<meta name=\"twitter:card\" content=\"summary_large_image\" \/>\n<meta name=\"twitter:label1\" content=\"\u041f\u0440\u0438\u043c\u0435\u0440\u043d\u043e\u0435 \u0432\u0440\u0435\u043c\u044f \u0434\u043b\u044f \u0447\u0442\u0435\u043d\u0438\u044f\" \/>\n\t<meta name=\"twitter:data1\" content=\"1 \u043c\u0438\u043d\u0443\u0442\u0430\" \/>\n<script type=\"application\/ld+json\" class=\"yoast-schema-graph\">{\"@context\":\"https:\/\/schema.org\",\"@graph\":[{\"@type\":\"WebPage\",\"@id\":\"https:\/\/afam.md\/event\/eveniment-afam-istorii-care-inspira-femei-in-fashion\/\",\"url\":\"https:\/\/afam.md\/event\/eveniment-afam-istorii-care-inspira-femei-in-fashion\/\",\"name\":\"Eveniment AFAM - Istorii care inspir\u0103 - Femei \u00een fashion - AFAM MD\",\"isPartOf\":{\"@id\":\"https:\/\/afam.md\/en\/#website\"},\"primaryImageOfPage\":{\"@id\":\"https:\/\/afam.md\/event\/eveniment-afam-istorii-care-inspira-femei-in-fashion\/#primaryimage\"},\"image\":{\"@id\":\"https:\/\/afam.md\/event\/eveniment-afam-istorii-care-inspira-femei-in-fashion\/#primaryimage\"},\"thumbnailUrl\":\"https:\/\/afam.md\/wp-content\/uploads\/2024\/10\/19-KymvMU.tmp_.jpg\",\"datePublished\":\"2024-10-28T21:04:31+00:00\",\"breadcrumb\":{\"@id\":\"https:\/\/afam.md\/event\/eveniment-afam-istorii-care-inspira-femei-in-fashion\/#breadcrumb\"},\"inLanguage\":\"ru-RU\",\"potentialAction\":[{\"@type\":\"ReadAction\",\"target\":[\"https:\/\/afam.md\/event\/eveniment-afam-istorii-care-inspira-femei-in-fashion\/\"]}]},{\"@type\":\"ImageObject\",\"inLanguage\":\"ru-RU\",\"@id\":\"https:\/\/afam.md\/event\/eveniment-afam-istorii-care-inspira-femei-in-fashion\/#primaryimage\",\"url\":\"https:\/\/afam.md\/wp-content\/uploads\/2024\/10\/19-KymvMU.tmp_.jpg\",\"contentUrl\":\"https:\/\/afam.md\/wp-content\/uploads\/2024\/10\/19-KymvMU.tmp_.jpg\",\"width\":900,\"height\":1600},{\"@type\":\"BreadcrumbList\",\"@id\":\"https:\/\/afam.md\/event\/eveniment-afam-istorii-care-inspira-femei-in-fashion\/#breadcrumb\",\"itemListElement\":[{\"@type\":\"ListItem\",\"position\":1,\"name\":\"\u0413\u043b\u0430\u0432\u043d\u0430\u044f\",\"item\":\"https:\/\/afam.md\/\"},{\"@type\":\"ListItem\",\"position\":2,\"name\":\"Events\",\"item\":\"https:\/\/afam.md\/en\/eventslist\/\"},{\"@type\":\"ListItem\",\"position\":3,\"name\":\"Eveniment AFAM &#8211; Istorii care inspir\u0103 &#8211; Femei \u00een fashion\"}]},{\"@type\":\"WebSite\",\"@id\":\"https:\/\/afam.md\/en\/#website\",\"url\":\"https:\/\/afam.md\/en\/\",\"name\":\"AFAM MD\",\"description\":\"Asocia\u021bia Femeilor Antreprenoare Din Moldova\",\"publisher\":{\"@id\":\"https:\/\/afam.md\/en\/#organization\"},\"potentialAction\":[{\"@type\":\"SearchAction\",\"target\":{\"@type\":\"EntryPoint\",\"urlTemplate\":\"https:\/\/afam.md\/en\/?s={search_term_string}\"},\"query-input\":{\"@type\":\"PropertyValueSpecification\",\"valueRequired\":true,\"valueName\":\"search_term_string\"}}],\"inLanguage\":\"ru-RU\"},{\"@type\":\"Organization\",\"@id\":\"https:\/\/afam.md\/en\/#organization\",\"name\":\"Asocia\u021bia Femeilor Antreprenoare Din Moldova\",\"alternateName\":\"AFAM\",\"url\":\"https:\/\/afam.md\/en\/\",\"logo\":{\"@type\":\"ImageObject\",\"inLanguage\":\"ru-RU\",\"@id\":\"https:\/\/afam.md\/en\/#\/schema\/logo\/image\/\",\"url\":\"https:\/\/afam.md\/wp-content\/uploads\/2024\/11\/logo-blue.svg\",\"contentUrl\":\"https:\/\/afam.md\/wp-content\/uploads\/2024\/11\/logo-blue.svg\",\"width\":1874,\"height\":650,\"caption\":\"Asocia\u021bia Femeilor Antreprenoare Din Moldova\"},\"image\":{\"@id\":\"https:\/\/afam.md\/en\/#\/schema\/logo\/image\/\"},\"sameAs\":[\"https:\/\/www.facebook.com\/AFAMMoldova\/\",\"https:\/\/www.instagram.com\/afammoldova\/?hl=en\",\"https:\/\/md.linkedin.com\/in\/afam-moldova-285159174\"],\"email\":\"afammoldova@gmail.com\",\"telephone\":\"(+373) 76 767 670\",\"legalName\":\"Asocia\u021bia Femeilor Antreprenoare Din Moldova\",\"numberOfEmployees\":{\"@type\":\"QuantitativeValue\",\"minValue\":\"51\",\"maxValue\":\"200\"}}]}<\/script>\n<!-- \/ Yoast SEO Premium plugin. -->","yoast_head_json":{"title":"Eveniment AFAM - Istorii care inspir\u0103 - Femei \u00een fashion - AFAM MD","robots":{"index":"index","follow":"follow","max-snippet":"max-snippet:-1","max-image-preview":"max-image-preview:large","max-video-preview":"max-video-preview:-1"},"canonical":"https:\/\/afam.md\/ru\/event\/eveniment-afam-istorii-care-inspira-femei-in-fashion\/","og_locale":"ru_RU","og_type":"article","og_title":"Eveniment AFAM - Istorii care inspir\u0103 - Femei \u00een fashion","og_description":"Fiecare istorie de succes conteaz\u0103 \u0219i serve\u0219te drept inspira\u021bie pentru antreprenoare \u0219i tinerele talente! Cu mult\u0103 pasiune vom organiza evenimentul AFAM \u2013 Istorii care inspir\u0103. Femei \u00een fashion &#8211; eveniment [&hellip;]","og_url":"https:\/\/afam.md\/ru\/event\/eveniment-afam-istorii-care-inspira-femei-in-fashion\/","og_site_name":"AFAM MD","article_publisher":"https:\/\/www.facebook.com\/AFAMMoldova\/","og_image":[{"width":900,"height":1600,"url":"https:\/\/afam.md\/wp-content\/uploads\/2024\/10\/19-KymvMU.tmp_.jpg","type":"image\/jpeg"}],"twitter_card":"summary_large_image","twitter_misc":{"\u041f\u0440\u0438\u043c\u0435\u0440\u043d\u043e\u0435 \u0432\u0440\u0435\u043c\u044f \u0434\u043b\u044f \u0447\u0442\u0435\u043d\u0438\u044f":"1 \u043c\u0438\u043d\u0443\u0442\u0430"},"schema":{"@context":"https:\/\/schema.org","@graph":[{"@type":"WebPage","@id":"https:\/\/afam.md\/event\/eveniment-afam-istorii-care-inspira-femei-in-fashion\/","url":"https:\/\/afam.md\/event\/eveniment-afam-istorii-care-inspira-femei-in-fashion\/","name":"Eveniment AFAM - Istorii care inspir\u0103 - Femei \u00een fashion - AFAM MD","isPartOf":{"@id":"https:\/\/afam.md\/en\/#website"},"primaryImageOfPage":{"@id":"https:\/\/afam.md\/event\/eveniment-afam-istorii-care-inspira-femei-in-fashion\/#primaryimage"},"image":{"@id":"https:\/\/afam.md\/event\/eveniment-afam-istorii-care-inspira-femei-in-fashion\/#primaryimage"},"thumbnailUrl":"https:\/\/afam.md\/wp-content\/uploads\/2024\/10\/19-KymvMU.tmp_.jpg","datePublished":"2024-10-28T21:04:31+00:00","breadcrumb":{"@id":"https:\/\/afam.md\/event\/eveniment-afam-istorii-care-inspira-femei-in-fashion\/#breadcrumb"},"inLanguage":"ru-RU","potentialAction":[{"@type":"ReadAction","target":["https:\/\/afam.md\/event\/eveniment-afam-istorii-care-inspira-femei-in-fashion\/"]}]},{"@type":"ImageObject","inLanguage":"ru-RU","@id":"https:\/\/afam.md\/event\/eveniment-afam-istorii-care-inspira-femei-in-fashion\/#primaryimage","url":"https:\/\/afam.md\/wp-content\/uploads\/2024\/10\/19-KymvMU.tmp_.jpg","contentUrl":"https:\/\/afam.md\/wp-content\/uploads\/2024\/10\/19-KymvMU.tmp_.jpg","width":900,"height":1600},{"@type":"BreadcrumbList","@id":"https:\/\/afam.md\/event\/eveniment-afam-istorii-care-inspira-femei-in-fashion\/#breadcrumb","itemListElement":[{"@type":"ListItem","position":1,"name":"\u0413\u043b\u0430\u0432\u043d\u0430\u044f","item":"https:\/\/afam.md\/"},{"@type":"ListItem","position":2,"name":"Events","item":"https:\/\/afam.md\/en\/eventslist\/"},{"@type":"ListItem","position":3,"name":"Eveniment AFAM &#8211; Istorii care inspir\u0103 &#8211; Femei \u00een fashion"}]},{"@type":"WebSite","@id":"https:\/\/afam.md\/en\/#website","url":"https:\/\/afam.md\/en\/","name":"AFAM MD","description":"Asocia\u021bia Femeilor Antreprenoare Din Moldova","publisher":{"@id":"https:\/\/afam.md\/en\/#organization"},"potentialAction":[{"@type":"SearchAction","target":{"@type":"EntryPoint","urlTemplate":"https:\/\/afam.md\/en\/?s={search_term_string}"},"query-input":{"@type":"PropertyValueSpecification","valueRequired":true,"valueName":"search_term_string"}}],"inLanguage":"ru-RU"},{"@type":"Organization","@id":"https:\/\/afam.md\/en\/#organization","name":"Asocia\u021bia Femeilor Antreprenoare Din Moldova","alternateName":"AFAM","url":"https:\/\/afam.md\/en\/","logo":{"@type":"ImageObject","inLanguage":"ru-RU","@id":"https:\/\/afam.md\/en\/#\/schema\/logo\/image\/","url":"https:\/\/afam.md\/wp-content\/uploads\/2024\/11\/logo-blue.svg","contentUrl":"https:\/\/afam.md\/wp-content\/uploads\/2024\/11\/logo-blue.svg","width":1874,"height":650,"caption":"Asocia\u021bia Femeilor Antreprenoare Din Moldova"},"image":{"@id":"https:\/\/afam.md\/en\/#\/schema\/logo\/image\/"},"sameAs":["https:\/\/www.facebook.com\/AFAMMoldova\/","https:\/\/www.instagram.com\/afammoldova\/?hl=en","https:\/\/md.linkedin.com\/in\/afam-moldova-285159174"],"email":"afammoldova@gmail.com","telephone":"(+373) 76 767 670","legalName":"Asocia\u021bia Femeilor Antreprenoare Din Moldova","numberOfEmployees":{"@type":"QuantitativeValue","minValue":"51","maxValue":"200"}}]}},"_links":{"self":[{"href":"https:\/\/afam.md\/ru\/wp-json\/wp\/v2\/tribe_events\/92096","targetHints":{"allow":["GET"]}}],"collection":[{"href":"https:\/\/afam.md\/ru\/wp-json\/wp\/v2\/tribe_events"}],"about":[{"href":"https:\/\/afam.md\/ru\/wp-json\/wp\/v2\/types\/tribe_events"}],"author":[{"embeddable":true,"href":"https:\/\/afam.md\/ru\/wp-json\/wp\/v2\/users\/1"}],"version-history":[{"count":0,"href":"https:\/\/afam.md\/ru\/wp-json\/wp\/v2\/tribe_events\/92096\/revisions"}],"wp:featuredmedia":[{"embeddable":true,"href":"https:\/\/afam.md\/ru\/wp-json\/wp\/v2\/media\/91864"}],"wp:attachment":[{"href":"https:\/\/afam.md\/ru\/wp-json\/wp\/v2\/media?parent=92096"}],"wp:term":[{"taxonomy":"post_tag","embeddable":true,"href":"https:\/\/afam.md\/ru\/wp-json\/wp\/v2\/tags?post=92096"},{"taxonomy":"tribe_events_cat","embeddable":true,"href":"https:\/\/afam.md\/ru\/wp-json\/wp\/v2\/tribe_events_cat?post=92096"}],"curies":[{"name":"wp","href":"https:\/\/api.w.org\/{rel}","templated":true}]}}