{"id":92098,"date":"2024-10-28T23:04:32","date_gmt":"2024-10-28T21:04:32","guid":{"rendered":"https:\/\/afam.md\/event\/afam-business-breakfast-protectia-datelor-cu-caracter-personal\/"},"modified":"2024-10-28T23:04:32","modified_gmt":"2024-10-28T21:04:32","slug":"afam-business-breakfast-protectia-datelor-cu-caracter-personal","status":"publish","type":"tribe_events","link":"https:\/\/afam.md\/ru\/event\/afam-business-breakfast-protectia-datelor-cu-caracter-personal\/","title":{"rendered":"AFAM Business Breakfast &#8211; Protec\u021bia datelor cu caracter personal"},"content":{"rendered":"<div class=\"kvgmc6g5 cxmmr5t8 oygrvhab hcukyx3x c1et5uql\">\u00cen ce m\u0103sur\u0103 datele personale ale cet\u0103\u021benilor sunt protejate \u00een Republica Moldova?<\/div>\n<div class=\"cxmmr5t8 oygrvhab hcukyx3x c1et5uql o9v6fnle\">Aceast\u0103 \u00eentrebare macin\u0103 pe majoritatea cet\u0103\u021benilor, dar \u00een special companiile care sunt obligate prin lege de a \u00eentreprinde ac\u021biuni concrete \u00een acest scop.<\/div>\n<div class=\"cxmmr5t8 oygrvhab hcukyx3x c1et5uql o9v6fnle\">Companiile mari din toat\u0103 lumea aplic\u0103 de mai demult politici de confiden\u021bialitate, iar Uniunea European\u0103 a creat Regulamentul General Privind Protec\u0163ia Datelor (GDPR) pentru a reglementa modul \u00een care datele cet\u0103\u021benilor s\u0103i sunt protejate de companii.<\/div>\n<div class=\"cxmmr5t8 oygrvhab hcukyx3x c1et5uql o9v6fnle\">De ce este important s\u0103 ne protej\u0103m datele, inclusiv medicale \u00een contextul pandemiei ve\u021bi afla \u00een cadrul eveimentului online AFAM Business Breakfast &#8211; Protec\u021bia datelor cu caracter personal cu Olga Demian, vineri, 24 septembrie, ora 09.00.<\/div>\n<div class=\"cxmmr5t8 oygrvhab hcukyx3x c1et5uql o9v6fnle\">\u00cenregistreaz\u0103-te la acest eveniment complet\u00e2nd urm\u0103torul formular<br \/>\n<a class=\"oajrlxb2 g5ia77u1 qu0x051f esr5mh6w e9989ue4 r7d6kgcz rq0escxv nhd2j8a9 nc684nl6 p7hjln8o kvgmc6g5 cxmmr5t8 oygrvhab hcukyx3x jb3vyjys rz4wbd8a qt6c0cv9 a8nywdso i1ao9s8h esuyzwwr f1sip0of lzcic4wl gpro0wi8 py34i1dx\" role=\"link\" href=\"https:\/\/forms.gle\/pAJr3wEpLy4D8wn38?fbclid=IwAR25iFsLwnyiNiAqYTALHbUIRhE52KsMLHITVr_8GC0r7fqrV7kKQKrqbOQ\" target=\"_blank\" rel=\"nofollow noopener\">https:\/\/forms.gle\/pAJr3wEpLy4D8wn38<\/a><\/div>\n","protected":false},"excerpt":{"rendered":"<p>\u00cen ce m\u0103sur\u0103 datele personale ale cet\u0103\u021benilor sunt protejate \u00een Republica Moldova? Aceast\u0103 \u00eentrebare macin\u0103 pe majoritatea cet\u0103\u021benilor, dar \u00een special companiile care sunt obligate prin lege de a \u00eentreprinde [&hellip;]<\/p>\n","protected":false},"author":1,"featured_media":91864,"template":"","meta":{"_EventAllDay":false,"_EventTimezone":"Europe\/Chisinau","_EventStartDate":"2021-09-21 15:10:00","_EventEndDate":"2021-09-21 15:10:00","_EventStartDateUTC":"2021-09-21 12:10:00","_EventEndDateUTC":"2021-09-21 12:10:00","_EventShowMap":false,"_EventShowMapLink":false,"_EventURL":"","_EventCost":"","_EventCostDescription":"","_EventCurrencySymbol":"","_EventCurrencyCode":"","_EventCurrencyPosition":"prefix","_EventDateTimeSeparator":"","_EventTimeRangeSeparator":"","_EventOrganizerID":[],"_EventVenueID":[],"_OrganizerEmail":"","_OrganizerPhone":"","_OrganizerWebsite":"","_VenueAddress":"","_VenueCity":"","_VenueCountry":"","_VenueProvince":"","_VenueState":"","_VenueZip":"","_VenuePhone":"","_VenueURL":"","_VenueStateProvince":"","_VenueLat":"","_VenueLng":"","_VenueShowMap":false,"_VenueShowMapLink":false,"_tribe_events_status":"","_tribe_events_status_reason":"","footnotes":""},"tags":[],"tribe_events_cat":[431],"class_list":["post-92098","tribe_events","type-tribe_events","status-publish","has-post-thumbnail","hentry","tribe_events_cat-evenimente","cat_evenimente"],"yoast_head":"<!-- This site is optimized with the Yoast SEO Premium plugin v23.8 (Yoast SEO v25.1) - https:\/\/yoast.com\/wordpress\/plugins\/seo\/ -->\n<title>AFAM Business Breakfast - Protec\u021bia datelor cu caracter personal - AFAM MD<\/title>\n<meta name=\"robots\" content=\"index, follow, max-snippet:-1, max-image-preview:large, max-video-preview:-1\" \/>\n<link rel=\"canonical\" href=\"https:\/\/afam.md\/ru\/event\/afam-business-breakfast-protectia-datelor-cu-caracter-personal\/\" \/>\n<meta property=\"og:locale\" content=\"ru_RU\" \/>\n<meta property=\"og:type\" content=\"article\" \/>\n<meta property=\"og:title\" content=\"AFAM Business Breakfast - Protec\u021bia datelor cu caracter personal\" \/>\n<meta property=\"og:description\" content=\"\u00cen ce m\u0103sur\u0103 datele personale ale cet\u0103\u021benilor sunt protejate \u00een Republica Moldova? Aceast\u0103 \u00eentrebare macin\u0103 pe majoritatea cet\u0103\u021benilor, dar \u00een special companiile care sunt obligate prin lege de a \u00eentreprinde [&hellip;]\" \/>\n<meta property=\"og:url\" content=\"https:\/\/afam.md\/ru\/event\/afam-business-breakfast-protectia-datelor-cu-caracter-personal\/\" \/>\n<meta property=\"og:site_name\" content=\"AFAM MD\" \/>\n<meta property=\"article:publisher\" content=\"https:\/\/www.facebook.com\/AFAMMoldova\/\" \/>\n<meta property=\"og:image\" content=\"https:\/\/afam.md\/wp-content\/uploads\/2024\/10\/19-KymvMU.tmp_.jpg\" \/>\n\t<meta property=\"og:image:width\" content=\"900\" \/>\n\t<meta property=\"og:image:height\" content=\"1600\" \/>\n\t<meta property=\"og:image:type\" content=\"image\/jpeg\" \/>\n<meta name=\"twitter:card\" content=\"summary_large_image\" \/>\n<meta name=\"twitter:label1\" content=\"\u041f\u0440\u0438\u043c\u0435\u0440\u043d\u043e\u0435 \u0432\u0440\u0435\u043c\u044f \u0434\u043b\u044f \u0447\u0442\u0435\u043d\u0438\u044f\" \/>\n\t<meta name=\"twitter:data1\" content=\"1 \u043c\u0438\u043d\u0443\u0442\u0430\" \/>\n<script type=\"application\/ld+json\" class=\"yoast-schema-graph\">{\"@context\":\"https:\/\/schema.org\",\"@graph\":[{\"@type\":\"WebPage\",\"@id\":\"https:\/\/afam.md\/event\/afam-business-breakfast-protectia-datelor-cu-caracter-personal\/\",\"url\":\"https:\/\/afam.md\/event\/afam-business-breakfast-protectia-datelor-cu-caracter-personal\/\",\"name\":\"AFAM Business Breakfast - Protec\u021bia datelor cu caracter personal - AFAM MD\",\"isPartOf\":{\"@id\":\"https:\/\/afam.md\/en\/#website\"},\"primaryImageOfPage\":{\"@id\":\"https:\/\/afam.md\/event\/afam-business-breakfast-protectia-datelor-cu-caracter-personal\/#primaryimage\"},\"image\":{\"@id\":\"https:\/\/afam.md\/event\/afam-business-breakfast-protectia-datelor-cu-caracter-personal\/#primaryimage\"},\"thumbnailUrl\":\"https:\/\/afam.md\/wp-content\/uploads\/2024\/10\/19-KymvMU.tmp_.jpg\",\"datePublished\":\"2024-10-28T21:04:32+00:00\",\"breadcrumb\":{\"@id\":\"https:\/\/afam.md\/event\/afam-business-breakfast-protectia-datelor-cu-caracter-personal\/#breadcrumb\"},\"inLanguage\":\"ru-RU\",\"potentialAction\":[{\"@type\":\"ReadAction\",\"target\":[\"https:\/\/afam.md\/event\/afam-business-breakfast-protectia-datelor-cu-caracter-personal\/\"]}]},{\"@type\":\"ImageObject\",\"inLanguage\":\"ru-RU\",\"@id\":\"https:\/\/afam.md\/event\/afam-business-breakfast-protectia-datelor-cu-caracter-personal\/#primaryimage\",\"url\":\"https:\/\/afam.md\/wp-content\/uploads\/2024\/10\/19-KymvMU.tmp_.jpg\",\"contentUrl\":\"https:\/\/afam.md\/wp-content\/uploads\/2024\/10\/19-KymvMU.tmp_.jpg\",\"width\":900,\"height\":1600},{\"@type\":\"BreadcrumbList\",\"@id\":\"https:\/\/afam.md\/event\/afam-business-breakfast-protectia-datelor-cu-caracter-personal\/#breadcrumb\",\"itemListElement\":[{\"@type\":\"ListItem\",\"position\":1,\"name\":\"\u0413\u043b\u0430\u0432\u043d\u0430\u044f\",\"item\":\"https:\/\/afam.md\/\"},{\"@type\":\"ListItem\",\"position\":2,\"name\":\"Events\",\"item\":\"https:\/\/afam.md\/en\/eventslist\/\"},{\"@type\":\"ListItem\",\"position\":3,\"name\":\"AFAM Business Breakfast &#8211; Protec\u021bia datelor cu caracter personal\"}]},{\"@type\":\"WebSite\",\"@id\":\"https:\/\/afam.md\/en\/#website\",\"url\":\"https:\/\/afam.md\/en\/\",\"name\":\"AFAM MD\",\"description\":\"Asocia\u021bia Femeilor Antreprenoare Din Moldova\",\"publisher\":{\"@id\":\"https:\/\/afam.md\/en\/#organization\"},\"potentialAction\":[{\"@type\":\"SearchAction\",\"target\":{\"@type\":\"EntryPoint\",\"urlTemplate\":\"https:\/\/afam.md\/en\/?s={search_term_string}\"},\"query-input\":{\"@type\":\"PropertyValueSpecification\",\"valueRequired\":true,\"valueName\":\"search_term_string\"}}],\"inLanguage\":\"ru-RU\"},{\"@type\":\"Organization\",\"@id\":\"https:\/\/afam.md\/en\/#organization\",\"name\":\"Asocia\u021bia Femeilor Antreprenoare Din Moldova\",\"alternateName\":\"AFAM\",\"url\":\"https:\/\/afam.md\/en\/\",\"logo\":{\"@type\":\"ImageObject\",\"inLanguage\":\"ru-RU\",\"@id\":\"https:\/\/afam.md\/en\/#\/schema\/logo\/image\/\",\"url\":\"https:\/\/afam.md\/wp-content\/uploads\/2024\/11\/logo-blue.svg\",\"contentUrl\":\"https:\/\/afam.md\/wp-content\/uploads\/2024\/11\/logo-blue.svg\",\"width\":1874,\"height\":650,\"caption\":\"Asocia\u021bia Femeilor Antreprenoare Din Moldova\"},\"image\":{\"@id\":\"https:\/\/afam.md\/en\/#\/schema\/logo\/image\/\"},\"sameAs\":[\"https:\/\/www.facebook.com\/AFAMMoldova\/\",\"https:\/\/www.instagram.com\/afammoldova\/?hl=en\",\"https:\/\/md.linkedin.com\/in\/afam-moldova-285159174\"],\"email\":\"afammoldova@gmail.com\",\"telephone\":\"(+373) 76 767 670\",\"legalName\":\"Asocia\u021bia Femeilor Antreprenoare Din Moldova\",\"numberOfEmployees\":{\"@type\":\"QuantitativeValue\",\"minValue\":\"51\",\"maxValue\":\"200\"}}]}<\/script>\n<!-- \/ Yoast SEO Premium plugin. -->","yoast_head_json":{"title":"AFAM Business Breakfast - Protec\u021bia datelor cu caracter personal - AFAM MD","robots":{"index":"index","follow":"follow","max-snippet":"max-snippet:-1","max-image-preview":"max-image-preview:large","max-video-preview":"max-video-preview:-1"},"canonical":"https:\/\/afam.md\/ru\/event\/afam-business-breakfast-protectia-datelor-cu-caracter-personal\/","og_locale":"ru_RU","og_type":"article","og_title":"AFAM Business Breakfast - Protec\u021bia datelor cu caracter personal","og_description":"\u00cen ce m\u0103sur\u0103 datele personale ale cet\u0103\u021benilor sunt protejate \u00een Republica Moldova? Aceast\u0103 \u00eentrebare macin\u0103 pe majoritatea cet\u0103\u021benilor, dar \u00een special companiile care sunt obligate prin lege de a \u00eentreprinde [&hellip;]","og_url":"https:\/\/afam.md\/ru\/event\/afam-business-breakfast-protectia-datelor-cu-caracter-personal\/","og_site_name":"AFAM MD","article_publisher":"https:\/\/www.facebook.com\/AFAMMoldova\/","og_image":[{"width":900,"height":1600,"url":"https:\/\/afam.md\/wp-content\/uploads\/2024\/10\/19-KymvMU.tmp_.jpg","type":"image\/jpeg"}],"twitter_card":"summary_large_image","twitter_misc":{"\u041f\u0440\u0438\u043c\u0435\u0440\u043d\u043e\u0435 \u0432\u0440\u0435\u043c\u044f \u0434\u043b\u044f \u0447\u0442\u0435\u043d\u0438\u044f":"1 \u043c\u0438\u043d\u0443\u0442\u0430"},"schema":{"@context":"https:\/\/schema.org","@graph":[{"@type":"WebPage","@id":"https:\/\/afam.md\/event\/afam-business-breakfast-protectia-datelor-cu-caracter-personal\/","url":"https:\/\/afam.md\/event\/afam-business-breakfast-protectia-datelor-cu-caracter-personal\/","name":"AFAM Business Breakfast - Protec\u021bia datelor cu caracter personal - AFAM MD","isPartOf":{"@id":"https:\/\/afam.md\/en\/#website"},"primaryImageOfPage":{"@id":"https:\/\/afam.md\/event\/afam-business-breakfast-protectia-datelor-cu-caracter-personal\/#primaryimage"},"image":{"@id":"https:\/\/afam.md\/event\/afam-business-breakfast-protectia-datelor-cu-caracter-personal\/#primaryimage"},"thumbnailUrl":"https:\/\/afam.md\/wp-content\/uploads\/2024\/10\/19-KymvMU.tmp_.jpg","datePublished":"2024-10-28T21:04:32+00:00","breadcrumb":{"@id":"https:\/\/afam.md\/event\/afam-business-breakfast-protectia-datelor-cu-caracter-personal\/#breadcrumb"},"inLanguage":"ru-RU","potentialAction":[{"@type":"ReadAction","target":["https:\/\/afam.md\/event\/afam-business-breakfast-protectia-datelor-cu-caracter-personal\/"]}]},{"@type":"ImageObject","inLanguage":"ru-RU","@id":"https:\/\/afam.md\/event\/afam-business-breakfast-protectia-datelor-cu-caracter-personal\/#primaryimage","url":"https:\/\/afam.md\/wp-content\/uploads\/2024\/10\/19-KymvMU.tmp_.jpg","contentUrl":"https:\/\/afam.md\/wp-content\/uploads\/2024\/10\/19-KymvMU.tmp_.jpg","width":900,"height":1600},{"@type":"BreadcrumbList","@id":"https:\/\/afam.md\/event\/afam-business-breakfast-protectia-datelor-cu-caracter-personal\/#breadcrumb","itemListElement":[{"@type":"ListItem","position":1,"name":"\u0413\u043b\u0430\u0432\u043d\u0430\u044f","item":"https:\/\/afam.md\/"},{"@type":"ListItem","position":2,"name":"Events","item":"https:\/\/afam.md\/en\/eventslist\/"},{"@type":"ListItem","position":3,"name":"AFAM Business Breakfast &#8211; Protec\u021bia datelor cu caracter personal"}]},{"@type":"WebSite","@id":"https:\/\/afam.md\/en\/#website","url":"https:\/\/afam.md\/en\/","name":"AFAM MD","description":"Asocia\u021bia Femeilor Antreprenoare Din Moldova","publisher":{"@id":"https:\/\/afam.md\/en\/#organization"},"potentialAction":[{"@type":"SearchAction","target":{"@type":"EntryPoint","urlTemplate":"https:\/\/afam.md\/en\/?s={search_term_string}"},"query-input":{"@type":"PropertyValueSpecification","valueRequired":true,"valueName":"search_term_string"}}],"inLanguage":"ru-RU"},{"@type":"Organization","@id":"https:\/\/afam.md\/en\/#organization","name":"Asocia\u021bia Femeilor Antreprenoare Din Moldova","alternateName":"AFAM","url":"https:\/\/afam.md\/en\/","logo":{"@type":"ImageObject","inLanguage":"ru-RU","@id":"https:\/\/afam.md\/en\/#\/schema\/logo\/image\/","url":"https:\/\/afam.md\/wp-content\/uploads\/2024\/11\/logo-blue.svg","contentUrl":"https:\/\/afam.md\/wp-content\/uploads\/2024\/11\/logo-blue.svg","width":1874,"height":650,"caption":"Asocia\u021bia Femeilor Antreprenoare Din Moldova"},"image":{"@id":"https:\/\/afam.md\/en\/#\/schema\/logo\/image\/"},"sameAs":["https:\/\/www.facebook.com\/AFAMMoldova\/","https:\/\/www.instagram.com\/afammoldova\/?hl=en","https:\/\/md.linkedin.com\/in\/afam-moldova-285159174"],"email":"afammoldova@gmail.com","telephone":"(+373) 76 767 670","legalName":"Asocia\u021bia Femeilor Antreprenoare Din Moldova","numberOfEmployees":{"@type":"QuantitativeValue","minValue":"51","maxValue":"200"}}]}},"_links":{"self":[{"href":"https:\/\/afam.md\/ru\/wp-json\/wp\/v2\/tribe_events\/92098","targetHints":{"allow":["GET"]}}],"collection":[{"href":"https:\/\/afam.md\/ru\/wp-json\/wp\/v2\/tribe_events"}],"about":[{"href":"https:\/\/afam.md\/ru\/wp-json\/wp\/v2\/types\/tribe_events"}],"author":[{"embeddable":true,"href":"https:\/\/afam.md\/ru\/wp-json\/wp\/v2\/users\/1"}],"version-history":[{"count":0,"href":"https:\/\/afam.md\/ru\/wp-json\/wp\/v2\/tribe_events\/92098\/revisions"}],"wp:featuredmedia":[{"embeddable":true,"href":"https:\/\/afam.md\/ru\/wp-json\/wp\/v2\/media\/91864"}],"wp:attachment":[{"href":"https:\/\/afam.md\/ru\/wp-json\/wp\/v2\/media?parent=92098"}],"wp:term":[{"taxonomy":"post_tag","embeddable":true,"href":"https:\/\/afam.md\/ru\/wp-json\/wp\/v2\/tags?post=92098"},{"taxonomy":"tribe_events_cat","embeddable":true,"href":"https:\/\/afam.md\/ru\/wp-json\/wp\/v2\/tribe_events_cat?post=92098"}],"curies":[{"name":"wp","href":"https:\/\/api.w.org\/{rel}","templated":true}]}}