{"id":92104,"date":"2024-10-28T23:05:01","date_gmt":"2024-10-28T21:05:01","guid":{"rendered":"https:\/\/afam.md\/event\/meet_afam_members-cu-antreprenoarea-pelaghea-tipu\/"},"modified":"2024-10-28T23:05:01","modified_gmt":"2024-10-28T21:05:01","slug":"meet_afam_members-cu-antreprenoarea-pelaghea-tipu","status":"publish","type":"tribe_events","link":"https:\/\/afam.md\/ru\/event\/meet_afam_members-cu-antreprenoarea-pelaghea-tipu\/","title":{"rendered":"#Meet_AFAM_Members cu antreprenoarea Pelaghea Tipu"},"content":{"rendered":"<div class=\"cxmmr5t8 oygrvhab hcukyx3x c1et5uql o9v6fnle ii04i59q\">\n<div dir=\"auto\">Ieri am organizat un nou <span class=\"pq6dq46d tbxw36s4 knj5qynh kvgmc6g5 ditlmg2l oygrvhab nvdbi5me sf5mxxl7 gl3lb2sf hhz5lgdu\"><img loading=\"lazy\" decoding=\"async\" src=\"https:\/\/afam.md\/wp-content\/uploads\/2024\/09\/1f4a5.png\" alt=\" \" width=\"16\" height=\"16\" \/><\/span> eveniment marca <a class=\"oajrlxb2 g5ia77u1 qu0x051f esr5mh6w e9989ue4 r7d6kgcz rq0escxv nhd2j8a9 nc684nl6 p7hjln8o kvgmc6g5 cxmmr5t8 oygrvhab hcukyx3x jb3vyjys rz4wbd8a qt6c0cv9 a8nywdso i1ao9s8h esuyzwwr f1sip0of lzcic4wl gpro0wi8 py34i1dx\" role=\"link\" href=\"https:\/\/www.facebook.com\/hashtag\/afam?__cft__[0]=AZVkkN5U76tMJXJ-ijMVa-lkXWS081lzhd_5j4zOfnqE8ZTPA4z2Gda-fcJQwUE69qfaahxcHH-45u1Jmq7fP8KBiOpwi9Y-yscVzrpcE7kX5nwzhLfxLGzrLXgHZldNDapwSQKZWWP-ZsnQqZFIX8rTh09N49cDad1jyTqt4ZLHsQ&amp;__tn__=*NK-R\" target=\"_blank\" rel=\"noopener\">#AFAM<\/a> \u00een localitatea Peresecina, unde ne-a fost gazd\u0103 membra noastr\u0103 Pelaghea Tipu, fondatoarea companiei Preva.<\/div>\n<\/div>\n<div class=\"cxmmr5t8 oygrvhab hcukyx3x c1et5uql o9v6fnle ii04i59q\">\n<div dir=\"auto\">Cu o experien\u021b\u0103 de peste 16 ani \u00een domeniul <span class=\"pq6dq46d tbxw36s4 knj5qynh kvgmc6g5 ditlmg2l oygrvhab nvdbi5me sf5mxxl7 gl3lb2sf hhz5lgdu\"><img loading=\"lazy\" decoding=\"async\" src=\"https:\/\/afam.md\/wp-content\/uploads\/2024\/09\/1f9f5.png\" alt=\" \" width=\"16\" height=\"16\" \/><\/span><span class=\"pq6dq46d tbxw36s4 knj5qynh kvgmc6g5 ditlmg2l oygrvhab nvdbi5me sf5mxxl7 gl3lb2sf hhz5lgdu\"><img loading=\"lazy\" decoding=\"async\" src=\"https:\/\/afam.md\/wp-content\/uploads\/2024\/09\/1faa1.png\" alt=\" \" width=\"16\" height=\"16\" \/><\/span> industriei textile, Pelaghea ne-a relatat istoria sa, provoc\u0103rile \u00eent\u00e2mpinate, cum a reu\u0219it s\u0103 se dezvolte \u0219i s\u0103 creeze locuri de munc\u0103 anume \u00een localitatea sa de ba\u0219tin\u0103, granturile la care a aplicat \u0219i proiectele viitoare ale companiei sale.<\/div>\n<\/div>\n<div class=\"cxmmr5t8 oygrvhab hcukyx3x c1et5uql o9v6fnle ii04i59q\">\n<div dir=\"auto\">Cu prilejul Zilei interna\u021bionale a femeii din mediul rural, am avut deosebita pl\u0103cere s\u0103 cunoa\u0219tem 5 antreprenoare din Peresecina, puternice \u0219i solidare, care ne-au prezentat produsele \u015fi serviciile prestate de companiile lor, dar \u0219i au \u00eemp\u0103rt\u0103\u0219it din activitatea lor.<\/div>\n<\/div>\n<div class=\"cxmmr5t8 oygrvhab hcukyx3x c1et5uql o9v6fnle ii04i59q\">\n<div dir=\"auto\">Antreprenoarele din Peresecina au reu\u0219it s\u0103 ne farmece nu doar prin calitatea produselor sale, arhi-cunoscute \u00een localitate, dar cel mai mult prin curaj \u0219i sus\u021binere reciproc\u0103, \u0219i v\u0103 \u00eendemn\u0103m ca, atunci c\u00e2nd ve\u021bi fi \u00een localitatea Peresecina, neap\u0103rat s\u0103 trece\u021bi la<\/div>\n<div dir=\"auto\"><span class=\"pq6dq46d tbxw36s4 knj5qynh kvgmc6g5 ditlmg2l oygrvhab nvdbi5me sf5mxxl7 gl3lb2sf hhz5lgdu\"><img loading=\"lazy\" decoding=\"async\" src=\"https:\/\/afam.md\/wp-content\/uploads\/2024\/09\/2705.png\" alt=\"\u2705\" width=\"16\" height=\"16\" \/><\/span> Elena Catraniuc, fondatoarea brut\u0103riei <a class=\"oajrlxb2 g5ia77u1 qu0x051f esr5mh6w e9989ue4 r7d6kgcz rq0escxv nhd2j8a9 nc684nl6 p7hjln8o kvgmc6g5 cxmmr5t8 oygrvhab hcukyx3x jb3vyjys rz4wbd8a qt6c0cv9 a8nywdso i1ao9s8h esuyzwwr f1sip0of lzcic4wl gpro0wi8 py34i1dx\" role=\"link\" href=\"https:\/\/www.facebook.com\/marcubakery\/?__cft__[0]=AZVkkN5U76tMJXJ-ijMVa-lkXWS081lzhd_5j4zOfnqE8ZTPA4z2Gda-fcJQwUE69qfaahxcHH-45u1Jmq7fP8KBiOpwi9Y-yscVzrpcE7kX5nwzhLfxLGzrLXgHZldNDapwSQKZWWP-ZsnQqZFIX8rTh09N49cDad1jyTqt4ZLHsQ&amp;__tn__=kK-R\" target=\"_blank\" rel=\"noopener\"><strong><span class=\"nc684nl6\">MARCU Bakery<\/span><\/strong><\/a><\/div>\n<div dir=\"auto\"><span class=\"pq6dq46d tbxw36s4 knj5qynh kvgmc6g5 ditlmg2l oygrvhab nvdbi5me sf5mxxl7 gl3lb2sf hhz5lgdu\"><img loading=\"lazy\" decoding=\"async\" src=\"https:\/\/afam.md\/wp-content\/uploads\/2024\/09\/2705.png\" alt=\"\u2705\" width=\"16\" height=\"16\" \/><\/span> Alexandra Botan, fondatoarea M\u0103cel\u0103riei Botan<\/div>\n<div dir=\"auto\"><span class=\"pq6dq46d tbxw36s4 knj5qynh kvgmc6g5 ditlmg2l oygrvhab nvdbi5me sf5mxxl7 gl3lb2sf hhz5lgdu\"><img loading=\"lazy\" decoding=\"async\" src=\"https:\/\/afam.md\/wp-content\/uploads\/2024\/09\/2705.png\" alt=\"\u2705\" width=\"16\" height=\"16\" \/><\/span> Mariana Lupascu, produc\u0103toare de mur\u0103turi de cas\u0103<\/div>\n<div dir=\"auto\"><span class=\"pq6dq46d tbxw36s4 knj5qynh kvgmc6g5 ditlmg2l oygrvhab nvdbi5me sf5mxxl7 gl3lb2sf hhz5lgdu\"><img loading=\"lazy\" decoding=\"async\" src=\"https:\/\/afam.md\/wp-content\/uploads\/2024\/09\/2705.png\" alt=\"\u2705\" width=\"16\" height=\"16\" \/><\/span> Galina Busuioc, fondatoarea magazinului agricol <a class=\"oajrlxb2 g5ia77u1 qu0x051f esr5mh6w e9989ue4 r7d6kgcz rq0escxv nhd2j8a9 nc684nl6 p7hjln8o kvgmc6g5 cxmmr5t8 oygrvhab hcukyx3x jb3vyjys rz4wbd8a qt6c0cv9 a8nywdso i1ao9s8h esuyzwwr f1sip0of lzcic4wl gpro0wi8 py34i1dx\" role=\"link\" href=\"https:\/\/www.facebook.com\/busuiocagro\/?__cft__[0]=AZVkkN5U76tMJXJ-ijMVa-lkXWS081lzhd_5j4zOfnqE8ZTPA4z2Gda-fcJQwUE69qfaahxcHH-45u1Jmq7fP8KBiOpwi9Y-yscVzrpcE7kX5nwzhLfxLGzrLXgHZldNDapwSQKZWWP-ZsnQqZFIX8rTh09N49cDad1jyTqt4ZLHsQ&amp;__tn__=kK-R\" target=\"_blank\" rel=\"noopener\"><strong><span class=\"nc684nl6\">SRL,,Busuioc Agro,,<\/span><\/strong><\/a><\/div>\n<div dir=\"auto\"><span class=\"pq6dq46d tbxw36s4 knj5qynh kvgmc6g5 ditlmg2l oygrvhab nvdbi5me sf5mxxl7 gl3lb2sf hhz5lgdu\"><img loading=\"lazy\" decoding=\"async\" src=\"https:\/\/afam.md\/wp-content\/uploads\/2024\/09\/2705.png\" alt=\"\u2705\" width=\"16\" height=\"16\" \/><\/span> Nadia Costin, co-fondatoarea magazinului cu materiale de construc\u021bie PARTENER Peresecina. <a class=\"oajrlxb2 g5ia77u1 qu0x051f esr5mh6w e9989ue4 r7d6kgcz rq0escxv nhd2j8a9 nc684nl6 p7hjln8o kvgmc6g5 cxmmr5t8 oygrvhab hcukyx3x jb3vyjys rz4wbd8a qt6c0cv9 a8nywdso i1ao9s8h esuyzwwr f1sip0of lzcic4wl gpro0wi8 py34i1dx\" role=\"link\" href=\"https:\/\/www.facebook.com\/partener.md\/?__cft__[0]=AZVkkN5U76tMJXJ-ijMVa-lkXWS081lzhd_5j4zOfnqE8ZTPA4z2Gda-fcJQwUE69qfaahxcHH-45u1Jmq7fP8KBiOpwi9Y-yscVzrpcE7kX5nwzhLfxLGzrLXgHZldNDapwSQKZWWP-ZsnQqZFIX8rTh09N49cDad1jyTqt4ZLHsQ&amp;__tn__=kK-R\" target=\"_blank\" rel=\"noopener\"><strong><span class=\"nc684nl6\">Partener.md<\/span><\/strong><\/a><\/div>\n<\/div>\n<div class=\"cxmmr5t8 oygrvhab hcukyx3x c1et5uql o9v6fnle ii04i59q\">\n<div dir=\"auto\">Evenimentul nostru a fost \u00eencununat prin plantarea copacilor <span class=\"pq6dq46d tbxw36s4 knj5qynh kvgmc6g5 ditlmg2l oygrvhab nvdbi5me sf5mxxl7 gl3lb2sf hhz5lgdu\"><img loading=\"lazy\" decoding=\"async\" src=\"https:\/\/afam.md\/wp-content\/uploads\/2024\/09\/1f333.png\" alt=\" \" width=\"16\" height=\"16\" \/><\/span> \u00een incinta gr\u0103dini\u021bei de copii din Peresecina \u0219i datorit\u0103 dona\u021biei de ar\u021bari domne\u0219ti din partea Galinei Busuioc, de ast\u0103zi, localitatea va fi mai verde.<\/div>\n<\/div>\n<div class=\"cxmmr5t8 oygrvhab hcukyx3x c1et5uql o9v6fnle ii04i59q\">\n<div dir=\"auto\">Mul\u021bumim mult <span class=\"pq6dq46d tbxw36s4 knj5qynh kvgmc6g5 ditlmg2l oygrvhab nvdbi5me sf5mxxl7 gl3lb2sf hhz5lgdu\"><img loading=\"lazy\" decoding=\"async\" src=\"https:\/\/afam.md\/wp-content\/uploads\/2024\/09\/1f44f.png\" alt=\" \" width=\"16\" height=\"16\" \/><\/span> gazdei Pelaghea Tipu pentru ospitalitate \u0219i \u00eencurajarea femeilor din regiune de a crea cu drag propriile afaceri, iar noi v\u0103 \u00eendemn\u0103m s\u0103 sus\u021bine\u021bi produc\u0103torii locali din Peresecina.<\/div>\n<div dir=\"auto\"><img loading=\"lazy\" decoding=\"async\" width=\"1280\" height=\"960\" class=\"alignnone size-medium wp-image-5779\" src=\"https:\/\/afam.md\/wp-content\/uploads\/2024\/09\/245349896_1904504006376679_391350275983007618_n.jpg\" \/> <img loading=\"lazy\" decoding=\"async\" width=\"960\" height=\"1280\" class=\"alignnone size-medium wp-image-5783\" src=\"https:\/\/afam.md\/wp-content\/uploads\/2024\/09\/245806732_1904504263043320_5343389550948167668_n.jpg\" \/> <img loading=\"lazy\" decoding=\"async\" width=\"1280\" height=\"960\" class=\"alignnone size-medium wp-image-5782\" src=\"https:\/\/afam.md\/wp-content\/uploads\/2024\/09\/245499773_1904503996376680_8585302665989370457_n.jpg\" \/> <img loading=\"lazy\" decoding=\"async\" width=\"960\" height=\"1280\" class=\"alignnone size-medium wp-image-5781\" src=\"https:\/\/afam.md\/wp-content\/uploads\/2024\/09\/245442977_1904504123043334_6929148747307821035_n.jpg\" \/><\/div>\n<\/div>\n","protected":false},"excerpt":{"rendered":"<p>Ieri am organizat un nou eveniment marca #AFAM \u00een localitatea Peresecina, unde ne-a fost gazd\u0103 membra noastr\u0103 Pelaghea Tipu, fondatoarea companiei Preva. Cu o experien\u021b\u0103 de peste 16 ani \u00een [&hellip;]<\/p>\n","protected":false},"author":1,"featured_media":92105,"template":"","meta":{"_EventAllDay":false,"_EventTimezone":"Europe\/Chisinau","_EventStartDate":"2021-10-18 17:46:00","_EventEndDate":"2021-10-18 17:46:00","_EventStartDateUTC":"2021-10-18 14:46:00","_EventEndDateUTC":"2021-10-18 14:46:00","_EventShowMap":false,"_EventShowMapLink":false,"_EventURL":"","_EventCost":"","_EventCostDescription":"","_EventCurrencySymbol":"","_EventCurrencyCode":"","_EventCurrencyPosition":"prefix","_EventDateTimeSeparator":"","_EventTimeRangeSeparator":"","_EventOrganizerID":[],"_EventVenueID":[],"_OrganizerEmail":"","_OrganizerPhone":"","_OrganizerWebsite":"","_VenueAddress":"","_VenueCity":"","_VenueCountry":"","_VenueProvince":"","_VenueState":"","_VenueZip":"","_VenuePhone":"","_VenueURL":"","_VenueStateProvince":"","_VenueLat":"","_VenueLng":"","_VenueShowMap":false,"_VenueShowMapLink":false,"_tribe_events_status":"","_tribe_events_status_reason":"","footnotes":""},"tags":[],"tribe_events_cat":[431],"class_list":["post-92104","tribe_events","type-tribe_events","status-publish","has-post-thumbnail","hentry","tribe_events_cat-evenimente","cat_evenimente"],"yoast_head":"<!-- This site is optimized with the Yoast SEO Premium plugin v23.8 (Yoast SEO v25.1) - https:\/\/yoast.com\/wordpress\/plugins\/seo\/ -->\n<title>#Meet_AFAM_Members cu antreprenoarea Pelaghea Tipu - AFAM MD<\/title>\n<meta name=\"robots\" content=\"index, follow, max-snippet:-1, max-image-preview:large, max-video-preview:-1\" \/>\n<link rel=\"canonical\" href=\"https:\/\/afam.md\/ru\/event\/meet_afam_members-cu-antreprenoarea-pelaghea-tipu\/\" \/>\n<meta property=\"og:locale\" content=\"ru_RU\" \/>\n<meta property=\"og:type\" content=\"article\" \/>\n<meta property=\"og:title\" content=\"#Meet_AFAM_Members cu antreprenoarea Pelaghea Tipu\" \/>\n<meta property=\"og:description\" content=\"Ieri am organizat un nou eveniment marca #AFAM \u00een localitatea Peresecina, unde ne-a fost gazd\u0103 membra noastr\u0103 Pelaghea Tipu, fondatoarea companiei Preva. Cu o experien\u021b\u0103 de peste 16 ani \u00een [&hellip;]\" \/>\n<meta property=\"og:url\" content=\"https:\/\/afam.md\/ru\/event\/meet_afam_members-cu-antreprenoarea-pelaghea-tipu\/\" \/>\n<meta property=\"og:site_name\" content=\"AFAM MD\" \/>\n<meta property=\"article:publisher\" content=\"https:\/\/www.facebook.com\/AFAMMoldova\/\" \/>\n<meta property=\"og:image\" content=\"https:\/\/afam.md\/wp-content\/uploads\/2024\/10\/245806732_1904504263043320_5343389550948167668_n-f9xF4Y.tmp_.jpg\" \/>\n\t<meta property=\"og:image:width\" content=\"960\" \/>\n\t<meta property=\"og:image:height\" content=\"1280\" \/>\n\t<meta property=\"og:image:type\" content=\"image\/jpeg\" \/>\n<meta name=\"twitter:card\" content=\"summary_large_image\" \/>\n<meta name=\"twitter:label1\" content=\"\u041f\u0440\u0438\u043c\u0435\u0440\u043d\u043e\u0435 \u0432\u0440\u0435\u043c\u044f \u0434\u043b\u044f \u0447\u0442\u0435\u043d\u0438\u044f\" \/>\n\t<meta name=\"twitter:data1\" content=\"1 \u043c\u0438\u043d\u0443\u0442\u0430\" \/>\n<script type=\"application\/ld+json\" class=\"yoast-schema-graph\">{\"@context\":\"https:\/\/schema.org\",\"@graph\":[{\"@type\":\"WebPage\",\"@id\":\"https:\/\/afam.md\/event\/meet_afam_members-cu-antreprenoarea-pelaghea-tipu\/\",\"url\":\"https:\/\/afam.md\/event\/meet_afam_members-cu-antreprenoarea-pelaghea-tipu\/\",\"name\":\"#Meet_AFAM_Members cu antreprenoarea Pelaghea Tipu - AFAM MD\",\"isPartOf\":{\"@id\":\"https:\/\/afam.md\/en\/#website\"},\"primaryImageOfPage\":{\"@id\":\"https:\/\/afam.md\/event\/meet_afam_members-cu-antreprenoarea-pelaghea-tipu\/#primaryimage\"},\"image\":{\"@id\":\"https:\/\/afam.md\/event\/meet_afam_members-cu-antreprenoarea-pelaghea-tipu\/#primaryimage\"},\"thumbnailUrl\":\"https:\/\/afam.md\/wp-content\/uploads\/2024\/10\/245806732_1904504263043320_5343389550948167668_n-f9xF4Y.tmp_.jpg\",\"datePublished\":\"2024-10-28T21:05:01+00:00\",\"breadcrumb\":{\"@id\":\"https:\/\/afam.md\/event\/meet_afam_members-cu-antreprenoarea-pelaghea-tipu\/#breadcrumb\"},\"inLanguage\":\"ru-RU\",\"potentialAction\":[{\"@type\":\"ReadAction\",\"target\":[\"https:\/\/afam.md\/event\/meet_afam_members-cu-antreprenoarea-pelaghea-tipu\/\"]}]},{\"@type\":\"ImageObject\",\"inLanguage\":\"ru-RU\",\"@id\":\"https:\/\/afam.md\/event\/meet_afam_members-cu-antreprenoarea-pelaghea-tipu\/#primaryimage\",\"url\":\"https:\/\/afam.md\/wp-content\/uploads\/2024\/10\/245806732_1904504263043320_5343389550948167668_n-f9xF4Y.tmp_.jpg\",\"contentUrl\":\"https:\/\/afam.md\/wp-content\/uploads\/2024\/10\/245806732_1904504263043320_5343389550948167668_n-f9xF4Y.tmp_.jpg\",\"width\":960,\"height\":1280},{\"@type\":\"BreadcrumbList\",\"@id\":\"https:\/\/afam.md\/event\/meet_afam_members-cu-antreprenoarea-pelaghea-tipu\/#breadcrumb\",\"itemListElement\":[{\"@type\":\"ListItem\",\"position\":1,\"name\":\"\u0413\u043b\u0430\u0432\u043d\u0430\u044f\",\"item\":\"https:\/\/afam.md\/\"},{\"@type\":\"ListItem\",\"position\":2,\"name\":\"Events\",\"item\":\"https:\/\/afam.md\/en\/eventslist\/\"},{\"@type\":\"ListItem\",\"position\":3,\"name\":\"#Meet_AFAM_Members cu antreprenoarea Pelaghea Tipu\"}]},{\"@type\":\"WebSite\",\"@id\":\"https:\/\/afam.md\/en\/#website\",\"url\":\"https:\/\/afam.md\/en\/\",\"name\":\"AFAM MD\",\"description\":\"Asocia\u021bia Femeilor Antreprenoare Din Moldova\",\"publisher\":{\"@id\":\"https:\/\/afam.md\/en\/#organization\"},\"potentialAction\":[{\"@type\":\"SearchAction\",\"target\":{\"@type\":\"EntryPoint\",\"urlTemplate\":\"https:\/\/afam.md\/en\/?s={search_term_string}\"},\"query-input\":{\"@type\":\"PropertyValueSpecification\",\"valueRequired\":true,\"valueName\":\"search_term_string\"}}],\"inLanguage\":\"ru-RU\"},{\"@type\":\"Organization\",\"@id\":\"https:\/\/afam.md\/en\/#organization\",\"name\":\"Asocia\u021bia Femeilor Antreprenoare Din Moldova\",\"alternateName\":\"AFAM\",\"url\":\"https:\/\/afam.md\/en\/\",\"logo\":{\"@type\":\"ImageObject\",\"inLanguage\":\"ru-RU\",\"@id\":\"https:\/\/afam.md\/en\/#\/schema\/logo\/image\/\",\"url\":\"https:\/\/afam.md\/wp-content\/uploads\/2024\/11\/logo-blue.svg\",\"contentUrl\":\"https:\/\/afam.md\/wp-content\/uploads\/2024\/11\/logo-blue.svg\",\"width\":1874,\"height\":650,\"caption\":\"Asocia\u021bia Femeilor Antreprenoare Din Moldova\"},\"image\":{\"@id\":\"https:\/\/afam.md\/en\/#\/schema\/logo\/image\/\"},\"sameAs\":[\"https:\/\/www.facebook.com\/AFAMMoldova\/\",\"https:\/\/www.instagram.com\/afammoldova\/?hl=en\",\"https:\/\/md.linkedin.com\/in\/afam-moldova-285159174\"],\"email\":\"afammoldova@gmail.com\",\"telephone\":\"(+373) 76 767 670\",\"legalName\":\"Asocia\u021bia Femeilor Antreprenoare Din Moldova\",\"numberOfEmployees\":{\"@type\":\"QuantitativeValue\",\"minValue\":\"51\",\"maxValue\":\"200\"}}]}<\/script>\n<!-- \/ Yoast SEO Premium plugin. -->","yoast_head_json":{"title":"#Meet_AFAM_Members cu antreprenoarea Pelaghea Tipu - AFAM MD","robots":{"index":"index","follow":"follow","max-snippet":"max-snippet:-1","max-image-preview":"max-image-preview:large","max-video-preview":"max-video-preview:-1"},"canonical":"https:\/\/afam.md\/ru\/event\/meet_afam_members-cu-antreprenoarea-pelaghea-tipu\/","og_locale":"ru_RU","og_type":"article","og_title":"#Meet_AFAM_Members cu antreprenoarea Pelaghea Tipu","og_description":"Ieri am organizat un nou eveniment marca #AFAM \u00een localitatea Peresecina, unde ne-a fost gazd\u0103 membra noastr\u0103 Pelaghea Tipu, fondatoarea companiei Preva. Cu o experien\u021b\u0103 de peste 16 ani \u00een [&hellip;]","og_url":"https:\/\/afam.md\/ru\/event\/meet_afam_members-cu-antreprenoarea-pelaghea-tipu\/","og_site_name":"AFAM MD","article_publisher":"https:\/\/www.facebook.com\/AFAMMoldova\/","og_image":[{"width":960,"height":1280,"url":"https:\/\/afam.md\/wp-content\/uploads\/2024\/10\/245806732_1904504263043320_5343389550948167668_n-f9xF4Y.tmp_.jpg","type":"image\/jpeg"}],"twitter_card":"summary_large_image","twitter_misc":{"\u041f\u0440\u0438\u043c\u0435\u0440\u043d\u043e\u0435 \u0432\u0440\u0435\u043c\u044f \u0434\u043b\u044f \u0447\u0442\u0435\u043d\u0438\u044f":"1 \u043c\u0438\u043d\u0443\u0442\u0430"},"schema":{"@context":"https:\/\/schema.org","@graph":[{"@type":"WebPage","@id":"https:\/\/afam.md\/event\/meet_afam_members-cu-antreprenoarea-pelaghea-tipu\/","url":"https:\/\/afam.md\/event\/meet_afam_members-cu-antreprenoarea-pelaghea-tipu\/","name":"#Meet_AFAM_Members cu antreprenoarea Pelaghea Tipu - AFAM MD","isPartOf":{"@id":"https:\/\/afam.md\/en\/#website"},"primaryImageOfPage":{"@id":"https:\/\/afam.md\/event\/meet_afam_members-cu-antreprenoarea-pelaghea-tipu\/#primaryimage"},"image":{"@id":"https:\/\/afam.md\/event\/meet_afam_members-cu-antreprenoarea-pelaghea-tipu\/#primaryimage"},"thumbnailUrl":"https:\/\/afam.md\/wp-content\/uploads\/2024\/10\/245806732_1904504263043320_5343389550948167668_n-f9xF4Y.tmp_.jpg","datePublished":"2024-10-28T21:05:01+00:00","breadcrumb":{"@id":"https:\/\/afam.md\/event\/meet_afam_members-cu-antreprenoarea-pelaghea-tipu\/#breadcrumb"},"inLanguage":"ru-RU","potentialAction":[{"@type":"ReadAction","target":["https:\/\/afam.md\/event\/meet_afam_members-cu-antreprenoarea-pelaghea-tipu\/"]}]},{"@type":"ImageObject","inLanguage":"ru-RU","@id":"https:\/\/afam.md\/event\/meet_afam_members-cu-antreprenoarea-pelaghea-tipu\/#primaryimage","url":"https:\/\/afam.md\/wp-content\/uploads\/2024\/10\/245806732_1904504263043320_5343389550948167668_n-f9xF4Y.tmp_.jpg","contentUrl":"https:\/\/afam.md\/wp-content\/uploads\/2024\/10\/245806732_1904504263043320_5343389550948167668_n-f9xF4Y.tmp_.jpg","width":960,"height":1280},{"@type":"BreadcrumbList","@id":"https:\/\/afam.md\/event\/meet_afam_members-cu-antreprenoarea-pelaghea-tipu\/#breadcrumb","itemListElement":[{"@type":"ListItem","position":1,"name":"\u0413\u043b\u0430\u0432\u043d\u0430\u044f","item":"https:\/\/afam.md\/"},{"@type":"ListItem","position":2,"name":"Events","item":"https:\/\/afam.md\/en\/eventslist\/"},{"@type":"ListItem","position":3,"name":"#Meet_AFAM_Members cu antreprenoarea Pelaghea Tipu"}]},{"@type":"WebSite","@id":"https:\/\/afam.md\/en\/#website","url":"https:\/\/afam.md\/en\/","name":"AFAM MD","description":"Asocia\u021bia Femeilor Antreprenoare Din Moldova","publisher":{"@id":"https:\/\/afam.md\/en\/#organization"},"potentialAction":[{"@type":"SearchAction","target":{"@type":"EntryPoint","urlTemplate":"https:\/\/afam.md\/en\/?s={search_term_string}"},"query-input":{"@type":"PropertyValueSpecification","valueRequired":true,"valueName":"search_term_string"}}],"inLanguage":"ru-RU"},{"@type":"Organization","@id":"https:\/\/afam.md\/en\/#organization","name":"Asocia\u021bia Femeilor Antreprenoare Din Moldova","alternateName":"AFAM","url":"https:\/\/afam.md\/en\/","logo":{"@type":"ImageObject","inLanguage":"ru-RU","@id":"https:\/\/afam.md\/en\/#\/schema\/logo\/image\/","url":"https:\/\/afam.md\/wp-content\/uploads\/2024\/11\/logo-blue.svg","contentUrl":"https:\/\/afam.md\/wp-content\/uploads\/2024\/11\/logo-blue.svg","width":1874,"height":650,"caption":"Asocia\u021bia Femeilor Antreprenoare Din Moldova"},"image":{"@id":"https:\/\/afam.md\/en\/#\/schema\/logo\/image\/"},"sameAs":["https:\/\/www.facebook.com\/AFAMMoldova\/","https:\/\/www.instagram.com\/afammoldova\/?hl=en","https:\/\/md.linkedin.com\/in\/afam-moldova-285159174"],"email":"afammoldova@gmail.com","telephone":"(+373) 76 767 670","legalName":"Asocia\u021bia Femeilor Antreprenoare Din Moldova","numberOfEmployees":{"@type":"QuantitativeValue","minValue":"51","maxValue":"200"}}]}},"_links":{"self":[{"href":"https:\/\/afam.md\/ru\/wp-json\/wp\/v2\/tribe_events\/92104","targetHints":{"allow":["GET"]}}],"collection":[{"href":"https:\/\/afam.md\/ru\/wp-json\/wp\/v2\/tribe_events"}],"about":[{"href":"https:\/\/afam.md\/ru\/wp-json\/wp\/v2\/types\/tribe_events"}],"author":[{"embeddable":true,"href":"https:\/\/afam.md\/ru\/wp-json\/wp\/v2\/users\/1"}],"version-history":[{"count":0,"href":"https:\/\/afam.md\/ru\/wp-json\/wp\/v2\/tribe_events\/92104\/revisions"}],"wp:featuredmedia":[{"embeddable":true,"href":"https:\/\/afam.md\/ru\/wp-json\/wp\/v2\/media\/92105"}],"wp:attachment":[{"href":"https:\/\/afam.md\/ru\/wp-json\/wp\/v2\/media?parent=92104"}],"wp:term":[{"taxonomy":"post_tag","embeddable":true,"href":"https:\/\/afam.md\/ru\/wp-json\/wp\/v2\/tags?post=92104"},{"taxonomy":"tribe_events_cat","embeddable":true,"href":"https:\/\/afam.md\/ru\/wp-json\/wp\/v2\/tribe_events_cat?post=92104"}],"curies":[{"name":"wp","href":"https:\/\/api.w.org\/{rel}","templated":true}]}}