{"id":92110,"date":"2024-10-28T23:05:04","date_gmt":"2024-10-28T21:05:04","guid":{"rendered":"https:\/\/afam.md\/event\/meet-afam-members-istorii-care-inspira-femei-creatoare-a-colectiilor-vestimentare\/"},"modified":"2024-10-28T23:05:04","modified_gmt":"2024-10-28T21:05:04","slug":"meet-afam-members-istorii-care-inspira-femei-creatoare-a-colectiilor-vestimentare","status":"publish","type":"tribe_events","link":"https:\/\/afam.md\/ru\/event\/meet-afam-members-istorii-care-inspira-femei-creatoare-a-colectiilor-vestimentare\/","title":{"rendered":"Meet AFAM Members &#8211; Istorii care inspir\u0103 &#8211; Femei creatoare a colec\u021biilor vestimentare"},"content":{"rendered":"<div class=\"kvgmc6g5 cxmmr5t8 oygrvhab hcukyx3x c1et5uql\">\u021ainute originale, atmosfer\u0103 deosebit\u0103 \u0219i modele\u00a0<a class=\"oajrlxb2 g5ia77u1 qu0x051f esr5mh6w e9989ue4 r7d6kgcz rq0escxv nhd2j8a9 nc684nl6 p7hjln8o kvgmc6g5 cxmmr5t8 oygrvhab hcukyx3x jb3vyjys rz4wbd8a qt6c0cv9 a8nywdso i1ao9s8h esuyzwwr f1sip0of lzcic4wl gpro0wi8 oo9gr5id lrazzd5p\" role=\"link\" href=\"https:\/\/www.facebook.com\/hashtag\/afam?__eep__=6&amp;__cft__[0]=AZWAnjMp2diXQIRhD9E5bj0edbTL7H_-DLBshTerG6BBpnrp_0qOPxrPNiQMHV2pmEHX-4Wccmv2s538CLIawYC0_1NU0FTUdwIlnw5OMmEl2aIQNlvXJ_fXkok-xO3HC97pPhj7xWICaZrV82xVFTpW&amp;__tn__=q\">#AFAM<\/a>\u00a0cochete \u2014 toate acestea vor avea loc \u00een cadrul evenimentului Meet AFAM Members.<\/div>\n<div class=\"cxmmr5t8 oygrvhab hcukyx3x c1et5uql o9v6fnle\">Vom inspira \u0219i de aceast\u0103 dat\u0103 prin prezentarea istoriei a 2 femei creatoare de colec\u021bii vestimentare- Cristina Pretuleac, fondatoarea brandului Criss Collection \u0219i Stela Scripnic, fondatoarea brandului Tandress Boutique.<\/div>\n<div class=\"cxmmr5t8 oygrvhab hcukyx3x c1et5uql o9v6fnle\">Dac\u0103 sunte\u021bi curioase s\u0103 afla\u021bi parcursul de la idee la propria afacere, de unde se inspir\u0103 pentru crearea propriilor modele, ce se poart\u0103 \u00een sezonul toamn\u0103 iarn\u0103 \u0219i multe alte surprize frumoase al\u0103turi de femeile de afaceri din comunitatea AFAM, v\u0103 invit\u0103m al\u0103turi de noi vineri, 05 noiembrie, \u00eencep\u00eend cu ora 19.00, \u00een incinta V Continental Business Center<br \/>\n.<br \/>\n\u00cenregistreaz\u0103-te la acest eveniment complet\u00e2nd urm\u0103torul formular<br \/>\n<a class=\"oajrlxb2 g5ia77u1 qu0x051f esr5mh6w e9989ue4 r7d6kgcz rq0escxv nhd2j8a9 nc684nl6 p7hjln8o kvgmc6g5 cxmmr5t8 oygrvhab hcukyx3x jb3vyjys rz4wbd8a qt6c0cv9 a8nywdso i1ao9s8h esuyzwwr f1sip0of lzcic4wl gpro0wi8 py34i1dx\" role=\"link\" href=\"https:\/\/forms.gle\/qMjkmUwawLheXp4u6?fbclid=IwAR0NxJNmBVoNM-uiKyIDxuYsEeUBwMwY4NZD5G5lyNtQnyhtAgu79qjTLDw\" target=\"_blank\" rel=\"nofollow noopener\">https:\/\/forms.gle\/qMjkmUwawLheXp4u6<\/a><\/div>\n","protected":false},"excerpt":{"rendered":"<p>\u021ainute originale, atmosfer\u0103 deosebit\u0103 \u0219i modele\u00a0#AFAM\u00a0cochete \u2014 toate acestea vor avea loc \u00een cadrul evenimentului Meet AFAM Members. Vom inspira \u0219i de aceast\u0103 dat\u0103 prin prezentarea istoriei a 2 femei [&hellip;]<\/p>\n","protected":false},"author":1,"featured_media":92111,"template":"","meta":{"_EventAllDay":false,"_EventTimezone":"Europe\/Chisinau","_EventStartDate":"2021-10-28 17:53:00","_EventEndDate":"2021-10-28 17:53:00","_EventStartDateUTC":"2021-10-28 14:53:00","_EventEndDateUTC":"2021-10-28 14:53:00","_EventShowMap":false,"_EventShowMapLink":false,"_EventURL":"","_EventCost":"","_EventCostDescription":"","_EventCurrencySymbol":"","_EventCurrencyCode":"","_EventCurrencyPosition":"prefix","_EventDateTimeSeparator":"","_EventTimeRangeSeparator":"","_EventOrganizerID":[],"_EventVenueID":[],"_OrganizerEmail":"","_OrganizerPhone":"","_OrganizerWebsite":"","_VenueAddress":"","_VenueCity":"","_VenueCountry":"","_VenueProvince":"","_VenueState":"","_VenueZip":"","_VenuePhone":"","_VenueURL":"","_VenueStateProvince":"","_VenueLat":"","_VenueLng":"","_VenueShowMap":false,"_VenueShowMapLink":false,"_tribe_events_status":"","_tribe_events_status_reason":"","footnotes":""},"tags":[],"tribe_events_cat":[431],"class_list":["post-92110","tribe_events","type-tribe_events","status-publish","has-post-thumbnail","hentry","tribe_events_cat-evenimente","cat_evenimente"],"yoast_head":"<!-- This site is optimized with the Yoast SEO Premium plugin v23.8 (Yoast SEO v25.1) - https:\/\/yoast.com\/wordpress\/plugins\/seo\/ -->\n<title>Meet AFAM Members - Istorii care inspir\u0103 - Femei creatoare a colec\u021biilor vestimentare - AFAM MD<\/title>\n<meta name=\"robots\" content=\"index, follow, max-snippet:-1, max-image-preview:large, max-video-preview:-1\" \/>\n<link rel=\"canonical\" href=\"https:\/\/afam.md\/ru\/event\/meet-afam-members-istorii-care-inspira-femei-creatoare-a-colectiilor-vestimentare\/\" \/>\n<meta property=\"og:locale\" content=\"ru_RU\" \/>\n<meta property=\"og:type\" content=\"article\" \/>\n<meta property=\"og:title\" content=\"Meet AFAM Members - Istorii care inspir\u0103 - Femei creatoare a colec\u021biilor vestimentare\" \/>\n<meta property=\"og:description\" content=\"\u021ainute originale, atmosfer\u0103 deosebit\u0103 \u0219i modele\u00a0#AFAM\u00a0cochete \u2014 toate acestea vor avea loc \u00een cadrul evenimentului Meet AFAM Members. Vom inspira \u0219i de aceast\u0103 dat\u0103 prin prezentarea istoriei a 2 femei [&hellip;]\" \/>\n<meta property=\"og:url\" content=\"https:\/\/afam.md\/ru\/event\/meet-afam-members-istorii-care-inspira-femei-creatoare-a-colectiilor-vestimentare\/\" \/>\n<meta property=\"og:site_name\" content=\"AFAM MD\" \/>\n<meta property=\"article:publisher\" content=\"https:\/\/www.facebook.com\/AFAMMoldova\/\" \/>\n<meta property=\"og:image\" content=\"https:\/\/afam.md\/wp-content\/uploads\/2024\/10\/249307947_1911847605642319_1958286728585832348_n-nqdOIs.tmp_.jpg\" \/>\n\t<meta property=\"og:image:width\" content=\"2000\" \/>\n\t<meta property=\"og:image:height\" content=\"1600\" \/>\n\t<meta property=\"og:image:type\" content=\"image\/jpeg\" \/>\n<meta name=\"twitter:card\" content=\"summary_large_image\" \/>\n<meta name=\"twitter:label1\" content=\"\u041f\u0440\u0438\u043c\u0435\u0440\u043d\u043e\u0435 \u0432\u0440\u0435\u043c\u044f \u0434\u043b\u044f \u0447\u0442\u0435\u043d\u0438\u044f\" \/>\n\t<meta name=\"twitter:data1\" content=\"1 \u043c\u0438\u043d\u0443\u0442\u0430\" \/>\n<script type=\"application\/ld+json\" class=\"yoast-schema-graph\">{\"@context\":\"https:\/\/schema.org\",\"@graph\":[{\"@type\":\"WebPage\",\"@id\":\"https:\/\/afam.md\/event\/meet-afam-members-istorii-care-inspira-femei-creatoare-a-colectiilor-vestimentare\/\",\"url\":\"https:\/\/afam.md\/event\/meet-afam-members-istorii-care-inspira-femei-creatoare-a-colectiilor-vestimentare\/\",\"name\":\"Meet AFAM Members - Istorii care inspir\u0103 - Femei creatoare a colec\u021biilor vestimentare - AFAM MD\",\"isPartOf\":{\"@id\":\"https:\/\/afam.md\/en\/#website\"},\"primaryImageOfPage\":{\"@id\":\"https:\/\/afam.md\/event\/meet-afam-members-istorii-care-inspira-femei-creatoare-a-colectiilor-vestimentare\/#primaryimage\"},\"image\":{\"@id\":\"https:\/\/afam.md\/event\/meet-afam-members-istorii-care-inspira-femei-creatoare-a-colectiilor-vestimentare\/#primaryimage\"},\"thumbnailUrl\":\"https:\/\/afam.md\/wp-content\/uploads\/2024\/10\/249307947_1911847605642319_1958286728585832348_n-nqdOIs.tmp_.jpg\",\"datePublished\":\"2024-10-28T21:05:04+00:00\",\"breadcrumb\":{\"@id\":\"https:\/\/afam.md\/event\/meet-afam-members-istorii-care-inspira-femei-creatoare-a-colectiilor-vestimentare\/#breadcrumb\"},\"inLanguage\":\"ru-RU\",\"potentialAction\":[{\"@type\":\"ReadAction\",\"target\":[\"https:\/\/afam.md\/event\/meet-afam-members-istorii-care-inspira-femei-creatoare-a-colectiilor-vestimentare\/\"]}]},{\"@type\":\"ImageObject\",\"inLanguage\":\"ru-RU\",\"@id\":\"https:\/\/afam.md\/event\/meet-afam-members-istorii-care-inspira-femei-creatoare-a-colectiilor-vestimentare\/#primaryimage\",\"url\":\"https:\/\/afam.md\/wp-content\/uploads\/2024\/10\/249307947_1911847605642319_1958286728585832348_n-nqdOIs.tmp_.jpg\",\"contentUrl\":\"https:\/\/afam.md\/wp-content\/uploads\/2024\/10\/249307947_1911847605642319_1958286728585832348_n-nqdOIs.tmp_.jpg\",\"width\":2000,\"height\":1600},{\"@type\":\"BreadcrumbList\",\"@id\":\"https:\/\/afam.md\/event\/meet-afam-members-istorii-care-inspira-femei-creatoare-a-colectiilor-vestimentare\/#breadcrumb\",\"itemListElement\":[{\"@type\":\"ListItem\",\"position\":1,\"name\":\"\u0413\u043b\u0430\u0432\u043d\u0430\u044f\",\"item\":\"https:\/\/afam.md\/\"},{\"@type\":\"ListItem\",\"position\":2,\"name\":\"Events\",\"item\":\"https:\/\/afam.md\/en\/eventslist\/\"},{\"@type\":\"ListItem\",\"position\":3,\"name\":\"Meet AFAM Members &#8211; Istorii care inspir\u0103 &#8211; Femei creatoare a colec\u021biilor vestimentare\"}]},{\"@type\":\"WebSite\",\"@id\":\"https:\/\/afam.md\/en\/#website\",\"url\":\"https:\/\/afam.md\/en\/\",\"name\":\"AFAM MD\",\"description\":\"Asocia\u021bia Femeilor Antreprenoare Din Moldova\",\"publisher\":{\"@id\":\"https:\/\/afam.md\/en\/#organization\"},\"potentialAction\":[{\"@type\":\"SearchAction\",\"target\":{\"@type\":\"EntryPoint\",\"urlTemplate\":\"https:\/\/afam.md\/en\/?s={search_term_string}\"},\"query-input\":{\"@type\":\"PropertyValueSpecification\",\"valueRequired\":true,\"valueName\":\"search_term_string\"}}],\"inLanguage\":\"ru-RU\"},{\"@type\":\"Organization\",\"@id\":\"https:\/\/afam.md\/en\/#organization\",\"name\":\"Asocia\u021bia Femeilor Antreprenoare Din Moldova\",\"alternateName\":\"AFAM\",\"url\":\"https:\/\/afam.md\/en\/\",\"logo\":{\"@type\":\"ImageObject\",\"inLanguage\":\"ru-RU\",\"@id\":\"https:\/\/afam.md\/en\/#\/schema\/logo\/image\/\",\"url\":\"https:\/\/afam.md\/wp-content\/uploads\/2024\/11\/logo-blue.svg\",\"contentUrl\":\"https:\/\/afam.md\/wp-content\/uploads\/2024\/11\/logo-blue.svg\",\"width\":1874,\"height\":650,\"caption\":\"Asocia\u021bia Femeilor Antreprenoare Din Moldova\"},\"image\":{\"@id\":\"https:\/\/afam.md\/en\/#\/schema\/logo\/image\/\"},\"sameAs\":[\"https:\/\/www.facebook.com\/AFAMMoldova\/\",\"https:\/\/www.instagram.com\/afammoldova\/?hl=en\",\"https:\/\/md.linkedin.com\/in\/afam-moldova-285159174\"],\"email\":\"afammoldova@gmail.com\",\"telephone\":\"(+373) 76 767 670\",\"legalName\":\"Asocia\u021bia Femeilor Antreprenoare Din Moldova\",\"numberOfEmployees\":{\"@type\":\"QuantitativeValue\",\"minValue\":\"51\",\"maxValue\":\"200\"}}]}<\/script>\n<!-- \/ Yoast SEO Premium plugin. -->","yoast_head_json":{"title":"Meet AFAM Members - Istorii care inspir\u0103 - Femei creatoare a colec\u021biilor vestimentare - AFAM MD","robots":{"index":"index","follow":"follow","max-snippet":"max-snippet:-1","max-image-preview":"max-image-preview:large","max-video-preview":"max-video-preview:-1"},"canonical":"https:\/\/afam.md\/ru\/event\/meet-afam-members-istorii-care-inspira-femei-creatoare-a-colectiilor-vestimentare\/","og_locale":"ru_RU","og_type":"article","og_title":"Meet AFAM Members - Istorii care inspir\u0103 - Femei creatoare a colec\u021biilor vestimentare","og_description":"\u021ainute originale, atmosfer\u0103 deosebit\u0103 \u0219i modele\u00a0#AFAM\u00a0cochete \u2014 toate acestea vor avea loc \u00een cadrul evenimentului Meet AFAM Members. Vom inspira \u0219i de aceast\u0103 dat\u0103 prin prezentarea istoriei a 2 femei [&hellip;]","og_url":"https:\/\/afam.md\/ru\/event\/meet-afam-members-istorii-care-inspira-femei-creatoare-a-colectiilor-vestimentare\/","og_site_name":"AFAM MD","article_publisher":"https:\/\/www.facebook.com\/AFAMMoldova\/","og_image":[{"width":2000,"height":1600,"url":"https:\/\/afam.md\/wp-content\/uploads\/2024\/10\/249307947_1911847605642319_1958286728585832348_n-nqdOIs.tmp_.jpg","type":"image\/jpeg"}],"twitter_card":"summary_large_image","twitter_misc":{"\u041f\u0440\u0438\u043c\u0435\u0440\u043d\u043e\u0435 \u0432\u0440\u0435\u043c\u044f \u0434\u043b\u044f \u0447\u0442\u0435\u043d\u0438\u044f":"1 \u043c\u0438\u043d\u0443\u0442\u0430"},"schema":{"@context":"https:\/\/schema.org","@graph":[{"@type":"WebPage","@id":"https:\/\/afam.md\/event\/meet-afam-members-istorii-care-inspira-femei-creatoare-a-colectiilor-vestimentare\/","url":"https:\/\/afam.md\/event\/meet-afam-members-istorii-care-inspira-femei-creatoare-a-colectiilor-vestimentare\/","name":"Meet AFAM Members - Istorii care inspir\u0103 - Femei creatoare a colec\u021biilor vestimentare - AFAM MD","isPartOf":{"@id":"https:\/\/afam.md\/en\/#website"},"primaryImageOfPage":{"@id":"https:\/\/afam.md\/event\/meet-afam-members-istorii-care-inspira-femei-creatoare-a-colectiilor-vestimentare\/#primaryimage"},"image":{"@id":"https:\/\/afam.md\/event\/meet-afam-members-istorii-care-inspira-femei-creatoare-a-colectiilor-vestimentare\/#primaryimage"},"thumbnailUrl":"https:\/\/afam.md\/wp-content\/uploads\/2024\/10\/249307947_1911847605642319_1958286728585832348_n-nqdOIs.tmp_.jpg","datePublished":"2024-10-28T21:05:04+00:00","breadcrumb":{"@id":"https:\/\/afam.md\/event\/meet-afam-members-istorii-care-inspira-femei-creatoare-a-colectiilor-vestimentare\/#breadcrumb"},"inLanguage":"ru-RU","potentialAction":[{"@type":"ReadAction","target":["https:\/\/afam.md\/event\/meet-afam-members-istorii-care-inspira-femei-creatoare-a-colectiilor-vestimentare\/"]}]},{"@type":"ImageObject","inLanguage":"ru-RU","@id":"https:\/\/afam.md\/event\/meet-afam-members-istorii-care-inspira-femei-creatoare-a-colectiilor-vestimentare\/#primaryimage","url":"https:\/\/afam.md\/wp-content\/uploads\/2024\/10\/249307947_1911847605642319_1958286728585832348_n-nqdOIs.tmp_.jpg","contentUrl":"https:\/\/afam.md\/wp-content\/uploads\/2024\/10\/249307947_1911847605642319_1958286728585832348_n-nqdOIs.tmp_.jpg","width":2000,"height":1600},{"@type":"BreadcrumbList","@id":"https:\/\/afam.md\/event\/meet-afam-members-istorii-care-inspira-femei-creatoare-a-colectiilor-vestimentare\/#breadcrumb","itemListElement":[{"@type":"ListItem","position":1,"name":"\u0413\u043b\u0430\u0432\u043d\u0430\u044f","item":"https:\/\/afam.md\/"},{"@type":"ListItem","position":2,"name":"Events","item":"https:\/\/afam.md\/en\/eventslist\/"},{"@type":"ListItem","position":3,"name":"Meet AFAM Members &#8211; Istorii care inspir\u0103 &#8211; Femei creatoare a colec\u021biilor vestimentare"}]},{"@type":"WebSite","@id":"https:\/\/afam.md\/en\/#website","url":"https:\/\/afam.md\/en\/","name":"AFAM MD","description":"Asocia\u021bia Femeilor Antreprenoare Din Moldova","publisher":{"@id":"https:\/\/afam.md\/en\/#organization"},"potentialAction":[{"@type":"SearchAction","target":{"@type":"EntryPoint","urlTemplate":"https:\/\/afam.md\/en\/?s={search_term_string}"},"query-input":{"@type":"PropertyValueSpecification","valueRequired":true,"valueName":"search_term_string"}}],"inLanguage":"ru-RU"},{"@type":"Organization","@id":"https:\/\/afam.md\/en\/#organization","name":"Asocia\u021bia Femeilor Antreprenoare Din Moldova","alternateName":"AFAM","url":"https:\/\/afam.md\/en\/","logo":{"@type":"ImageObject","inLanguage":"ru-RU","@id":"https:\/\/afam.md\/en\/#\/schema\/logo\/image\/","url":"https:\/\/afam.md\/wp-content\/uploads\/2024\/11\/logo-blue.svg","contentUrl":"https:\/\/afam.md\/wp-content\/uploads\/2024\/11\/logo-blue.svg","width":1874,"height":650,"caption":"Asocia\u021bia Femeilor Antreprenoare Din Moldova"},"image":{"@id":"https:\/\/afam.md\/en\/#\/schema\/logo\/image\/"},"sameAs":["https:\/\/www.facebook.com\/AFAMMoldova\/","https:\/\/www.instagram.com\/afammoldova\/?hl=en","https:\/\/md.linkedin.com\/in\/afam-moldova-285159174"],"email":"afammoldova@gmail.com","telephone":"(+373) 76 767 670","legalName":"Asocia\u021bia Femeilor Antreprenoare Din Moldova","numberOfEmployees":{"@type":"QuantitativeValue","minValue":"51","maxValue":"200"}}]}},"_links":{"self":[{"href":"https:\/\/afam.md\/ru\/wp-json\/wp\/v2\/tribe_events\/92110","targetHints":{"allow":["GET"]}}],"collection":[{"href":"https:\/\/afam.md\/ru\/wp-json\/wp\/v2\/tribe_events"}],"about":[{"href":"https:\/\/afam.md\/ru\/wp-json\/wp\/v2\/types\/tribe_events"}],"author":[{"embeddable":true,"href":"https:\/\/afam.md\/ru\/wp-json\/wp\/v2\/users\/1"}],"version-history":[{"count":0,"href":"https:\/\/afam.md\/ru\/wp-json\/wp\/v2\/tribe_events\/92110\/revisions"}],"wp:featuredmedia":[{"embeddable":true,"href":"https:\/\/afam.md\/ru\/wp-json\/wp\/v2\/media\/92111"}],"wp:attachment":[{"href":"https:\/\/afam.md\/ru\/wp-json\/wp\/v2\/media?parent=92110"}],"wp:term":[{"taxonomy":"post_tag","embeddable":true,"href":"https:\/\/afam.md\/ru\/wp-json\/wp\/v2\/tags?post=92110"},{"taxonomy":"tribe_events_cat","embeddable":true,"href":"https:\/\/afam.md\/ru\/wp-json\/wp\/v2\/tribe_events_cat?post=92110"}],"curies":[{"name":"wp","href":"https:\/\/api.w.org\/{rel}","templated":true}]}}