{"id":92115,"date":"2024-10-28T23:05:31","date_gmt":"2024-10-28T21:05:31","guid":{"rendered":"https:\/\/afam.md\/event\/eveniment-dedicat-membrelor-asociatiei-femeilor-antreprenoare-din-moldova\/"},"modified":"2024-10-28T23:05:31","modified_gmt":"2024-10-28T21:05:31","slug":"eveniment-dedicat-membrelor-asociatiei-femeilor-antreprenoare-din-moldova","status":"publish","type":"tribe_events","link":"https:\/\/afam.md\/ru\/event\/eveniment-dedicat-membrelor-asociatiei-femeilor-antreprenoare-din-moldova\/","title":{"rendered":"Eveniment dedicat membrelor Asocia\u021biei Femeilor Antreprenoare din Moldova"},"content":{"rendered":"<div class=\"kvgmc6g5 cxmmr5t8 oygrvhab hcukyx3x c1et5uql ii04i59q\">\n<div dir=\"auto\">&#8222;Meet AFAM Members&#8221; este mai mult decat o \u00eent\u00e2lnire cu membrele Asocia\u021biei Femeilor Antreprenoare din Moldova, este curajul de a-\u021bi povesti istoria ta de succes cu tot ce a precedat acest moment: frici, dorin\u021be, curaj, dezam\u0103giri, riscuri.<\/div>\n<\/div>\n<div class=\"cxmmr5t8 oygrvhab hcukyx3x c1et5uql o9v6fnle ii04i59q\">\n<div dir=\"auto\">Cristina Pretuleac &#8211; fondatoarea brandului Criss Collection este o t\u00e2n\u0103ra antreprenoare care a \u00eembr\u0103\u021bi\u0219at industria textil\u0103 \u0219i are multe a spune \u00een ceea ce prive\u0219te colabor\u0103rile interna\u021bionale cu producere \u00een Moldova. Pe timpul pandemiei, Cristina a avut experien\u021ba reorient\u0103rii afacerii \u0219i a reu\u0219it s\u0103 pun\u0103 la cale noi linii de producere pentru pia\u021ba local\u0103.<\/div>\n<div dir=\"auto\"><img loading=\"lazy\" decoding=\"async\" width=\"1875\" height=\"1256\" class=\"alignnone size-medium wp-image-5799\" src=\"https:\/\/afam.md\/wp-content\/uploads\/2024\/09\/255617906_1922504517909961_2070783623562757298_n.jpg\" \/> <img loading=\"lazy\" decoding=\"async\" width=\"1875\" height=\"1250\" class=\"alignnone size-medium wp-image-5804\" src=\"https:\/\/afam.md\/wp-content\/uploads\/2024\/09\/256220554_1922487944578285_3905287902224536722_n.jpg\" \/> <img loading=\"lazy\" decoding=\"async\" width=\"1875\" height=\"1250\" class=\"alignnone size-medium wp-image-5802\" src=\"https:\/\/afam.md\/wp-content\/uploads\/2024\/09\/255978868_1922501514576928_7904193082564169365_n.jpg\" \/> <img loading=\"lazy\" decoding=\"async\" width=\"1875\" height=\"1250\" class=\"alignnone size-medium wp-image-5800\" src=\"https:\/\/afam.md\/wp-content\/uploads\/2024\/09\/255625702_1922495644577515_8382086976381757078_n.jpg\" \/><\/div>\n<\/div>\n<div class=\"cxmmr5t8 oygrvhab hcukyx3x c1et5uql o9v6fnle ii04i59q\">\n<div dir=\"auto\">Stela Scripnic &#8211; fondatoarea Tandresse Boutique, de ani buni jongleaz\u0103 perfect cu ceea ce \u021bine de comercializarea articolelor vestimentare \u00een pas cu trendurile de moment. C\u00e2t efort necesit\u0103 \u0219i ce \u00eenseamn\u0103 cliente mul\u021bumite este o experien\u021b\u0103 demn\u0103 de considerat dac\u0103 v\u0103 dori\u021bi o afacere \u00een acest sens.<\/div>\n<\/div>\n<div class=\"cxmmr5t8 oygrvhab hcukyx3x c1et5uql o9v6fnle ii04i59q\">\n<div dir=\"auto\">Ne bucur\u0103m s\u0103 avem at\u00e2tea istorii de via\u021b\u0103 \u00een primul r\u00e2nd \u0219i apoi istorii de femei \u00een afaceri pentru c\u0103 asta ne demonstreaz\u0103 c\u0103 sa poate, iar noi vrem s\u0103 le descoperim pe c\u00e2t mai multe \u0219i s\u0103 le \u00eendemn\u0103m s\u0103 se asocieze cu cele care se aseam\u0103n\u0103.<\/div>\n<\/div>\n<div class=\"cxmmr5t8 oygrvhab hcukyx3x c1et5uql o9v6fnle ii04i59q\">\n<div dir=\"auto\">Fiecare dintre aceste femei devine un exemplu pentru genera\u021bia urm\u0103toare.<\/div>\n<\/div>\n<div class=\"cxmmr5t8 oygrvhab hcukyx3x c1et5uql o9v6fnle ii04i59q\">\n<div dir=\"auto\">Mul\u021bumiri \u0219i aprecieri membrei noastre Diana G\u0103in\u0103 pentru g\u0103zduirea evenimentului <a class=\"oajrlxb2 g5ia77u1 qu0x051f esr5mh6w e9989ue4 r7d6kgcz rq0escxv nhd2j8a9 nc684nl6 p7hjln8o kvgmc6g5 cxmmr5t8 oygrvhab hcukyx3x jb3vyjys rz4wbd8a qt6c0cv9 a8nywdso i1ao9s8h esuyzwwr f1sip0of lzcic4wl gpro0wi8 py34i1dx\" role=\"link\" href=\"https:\/\/www.facebook.com\/events\/567575461124755\/?__cft__[0]=AZV4CdZFGy3MxyuGVKe90bNJtX2hpfgUuJe5IQA2TwAgPIl8t5stuhPgiB7XAGfQbMoVrlgFPlfItDZAE9qN39vGEspyN3i89SxG1t-8CslfFLoI6d91J7K9lMYxdcKEJO_Y2DNMRhQrOYhxNgi3h3xGScoquc635oUXcJxJNDRktw&amp;__tn__=-UK-R\" target=\"_blank\" rel=\"noopener\"><strong><span class=\"nc684nl6\">Meet AFAM Members &#8211; Istorii care inspir\u0103 &#8211; Femei creatoare a colec\u021biilor vestimentare<\/span><\/strong><\/a> \u00een incinta <a class=\"oajrlxb2 g5ia77u1 qu0x051f esr5mh6w e9989ue4 r7d6kgcz rq0escxv nhd2j8a9 nc684nl6 p7hjln8o kvgmc6g5 cxmmr5t8 oygrvhab hcukyx3x jb3vyjys rz4wbd8a qt6c0cv9 a8nywdso i1ao9s8h esuyzwwr f1sip0of lzcic4wl gpro0wi8 py34i1dx\" role=\"link\" href=\"https:\/\/www.facebook.com\/VContinental\/?__cft__[0]=AZV4CdZFGy3MxyuGVKe90bNJtX2hpfgUuJe5IQA2TwAgPIl8t5stuhPgiB7XAGfQbMoVrlgFPlfItDZAE9qN39vGEspyN3i89SxG1t-8CslfFLoI6d91J7K9lMYxdcKEJO_Y2DNMRhQrOYhxNgi3h3xGScoquc635oUXcJxJNDRktw&amp;__tn__=kK-R\" target=\"_blank\" rel=\"noopener\"><strong><span class=\"nc684nl6\">V-Continental Business Center<\/span><\/strong><\/a>!<\/div>\n<div dir=\"auto\"><\/div>\n<\/div>\n","protected":false},"excerpt":{"rendered":"<p>&#8222;Meet AFAM Members&#8221; este mai mult decat o \u00eent\u00e2lnire cu membrele Asocia\u021biei Femeilor Antreprenoare din Moldova, este curajul de a-\u021bi povesti istoria ta de succes cu tot ce a precedat [&hellip;]<\/p>\n","protected":false},"author":1,"featured_media":92116,"template":"","meta":{"_EventAllDay":false,"_EventTimezone":"Europe\/Chisinau","_EventStartDate":"2021-11-10 19:08:00","_EventEndDate":"2021-11-10 19:08:00","_EventStartDateUTC":"2021-11-10 17:08:00","_EventEndDateUTC":"2021-11-10 17:08:00","_EventShowMap":false,"_EventShowMapLink":false,"_EventURL":"","_EventCost":"","_EventCostDescription":"","_EventCurrencySymbol":"","_EventCurrencyCode":"","_EventCurrencyPosition":"prefix","_EventDateTimeSeparator":"","_EventTimeRangeSeparator":"","_EventOrganizerID":[],"_EventVenueID":[],"_OrganizerEmail":"","_OrganizerPhone":"","_OrganizerWebsite":"","_VenueAddress":"","_VenueCity":"","_VenueCountry":"","_VenueProvince":"","_VenueState":"","_VenueZip":"","_VenuePhone":"","_VenueURL":"","_VenueStateProvince":"","_VenueLat":"","_VenueLng":"","_VenueShowMap":false,"_VenueShowMapLink":false,"_tribe_events_status":"","_tribe_events_status_reason":"","footnotes":""},"tags":[],"tribe_events_cat":[431],"class_list":["post-92115","tribe_events","type-tribe_events","status-publish","has-post-thumbnail","hentry","tribe_events_cat-evenimente","cat_evenimente"],"yoast_head":"<!-- This site is optimized with the Yoast SEO Premium plugin v23.8 (Yoast SEO v25.1) - https:\/\/yoast.com\/wordpress\/plugins\/seo\/ -->\n<title>Eveniment dedicat membrelor Asocia\u021biei Femeilor Antreprenoare din Moldova - AFAM MD<\/title>\n<meta name=\"robots\" content=\"index, follow, max-snippet:-1, max-image-preview:large, max-video-preview:-1\" \/>\n<link rel=\"canonical\" href=\"https:\/\/afam.md\/ru\/event\/eveniment-dedicat-membrelor-asociatiei-femeilor-antreprenoare-din-moldova\/\" \/>\n<meta property=\"og:locale\" content=\"ru_RU\" \/>\n<meta property=\"og:type\" content=\"article\" \/>\n<meta property=\"og:title\" content=\"Eveniment dedicat membrelor Asocia\u021biei Femeilor Antreprenoare din Moldova\" \/>\n<meta property=\"og:description\" content=\"&#8222;Meet AFAM Members&#8221; este mai mult decat o \u00eent\u00e2lnire cu membrele Asocia\u021biei Femeilor Antreprenoare din Moldova, este curajul de a-\u021bi povesti istoria ta de succes cu tot ce a precedat [&hellip;]\" \/>\n<meta property=\"og:url\" content=\"https:\/\/afam.md\/ru\/event\/eveniment-dedicat-membrelor-asociatiei-femeilor-antreprenoare-din-moldova\/\" \/>\n<meta property=\"og:site_name\" content=\"AFAM MD\" \/>\n<meta property=\"article:publisher\" content=\"https:\/\/www.facebook.com\/AFAMMoldova\/\" \/>\n<meta property=\"og:image\" content=\"https:\/\/afam.md\/wp-content\/uploads\/2024\/10\/256220554_1922487944578285_3905287902224536722_n-aL6pa9.tmp_.jpg\" \/>\n\t<meta property=\"og:image:width\" content=\"1875\" \/>\n\t<meta property=\"og:image:height\" content=\"1250\" \/>\n\t<meta property=\"og:image:type\" content=\"image\/jpeg\" \/>\n<meta name=\"twitter:card\" content=\"summary_large_image\" \/>\n<meta name=\"twitter:label1\" content=\"\u041f\u0440\u0438\u043c\u0435\u0440\u043d\u043e\u0435 \u0432\u0440\u0435\u043c\u044f \u0434\u043b\u044f \u0447\u0442\u0435\u043d\u0438\u044f\" \/>\n\t<meta name=\"twitter:data1\" content=\"1 \u043c\u0438\u043d\u0443\u0442\u0430\" \/>\n<script type=\"application\/ld+json\" class=\"yoast-schema-graph\">{\"@context\":\"https:\/\/schema.org\",\"@graph\":[{\"@type\":\"WebPage\",\"@id\":\"https:\/\/afam.md\/event\/eveniment-dedicat-membrelor-asociatiei-femeilor-antreprenoare-din-moldova\/\",\"url\":\"https:\/\/afam.md\/event\/eveniment-dedicat-membrelor-asociatiei-femeilor-antreprenoare-din-moldova\/\",\"name\":\"Eveniment dedicat membrelor Asocia\u021biei Femeilor Antreprenoare din Moldova - AFAM MD\",\"isPartOf\":{\"@id\":\"https:\/\/afam.md\/en\/#website\"},\"primaryImageOfPage\":{\"@id\":\"https:\/\/afam.md\/event\/eveniment-dedicat-membrelor-asociatiei-femeilor-antreprenoare-din-moldova\/#primaryimage\"},\"image\":{\"@id\":\"https:\/\/afam.md\/event\/eveniment-dedicat-membrelor-asociatiei-femeilor-antreprenoare-din-moldova\/#primaryimage\"},\"thumbnailUrl\":\"https:\/\/afam.md\/wp-content\/uploads\/2024\/10\/256220554_1922487944578285_3905287902224536722_n-aL6pa9.tmp_.jpg\",\"datePublished\":\"2024-10-28T21:05:31+00:00\",\"breadcrumb\":{\"@id\":\"https:\/\/afam.md\/event\/eveniment-dedicat-membrelor-asociatiei-femeilor-antreprenoare-din-moldova\/#breadcrumb\"},\"inLanguage\":\"ru-RU\",\"potentialAction\":[{\"@type\":\"ReadAction\",\"target\":[\"https:\/\/afam.md\/event\/eveniment-dedicat-membrelor-asociatiei-femeilor-antreprenoare-din-moldova\/\"]}]},{\"@type\":\"ImageObject\",\"inLanguage\":\"ru-RU\",\"@id\":\"https:\/\/afam.md\/event\/eveniment-dedicat-membrelor-asociatiei-femeilor-antreprenoare-din-moldova\/#primaryimage\",\"url\":\"https:\/\/afam.md\/wp-content\/uploads\/2024\/10\/256220554_1922487944578285_3905287902224536722_n-aL6pa9.tmp_.jpg\",\"contentUrl\":\"https:\/\/afam.md\/wp-content\/uploads\/2024\/10\/256220554_1922487944578285_3905287902224536722_n-aL6pa9.tmp_.jpg\",\"width\":1875,\"height\":1250},{\"@type\":\"BreadcrumbList\",\"@id\":\"https:\/\/afam.md\/event\/eveniment-dedicat-membrelor-asociatiei-femeilor-antreprenoare-din-moldova\/#breadcrumb\",\"itemListElement\":[{\"@type\":\"ListItem\",\"position\":1,\"name\":\"\u0413\u043b\u0430\u0432\u043d\u0430\u044f\",\"item\":\"https:\/\/afam.md\/\"},{\"@type\":\"ListItem\",\"position\":2,\"name\":\"Events\",\"item\":\"https:\/\/afam.md\/en\/eventslist\/\"},{\"@type\":\"ListItem\",\"position\":3,\"name\":\"Eveniment dedicat membrelor Asocia\u021biei Femeilor Antreprenoare din Moldova\"}]},{\"@type\":\"WebSite\",\"@id\":\"https:\/\/afam.md\/en\/#website\",\"url\":\"https:\/\/afam.md\/en\/\",\"name\":\"AFAM MD\",\"description\":\"Asocia\u021bia Femeilor Antreprenoare Din Moldova\",\"publisher\":{\"@id\":\"https:\/\/afam.md\/en\/#organization\"},\"potentialAction\":[{\"@type\":\"SearchAction\",\"target\":{\"@type\":\"EntryPoint\",\"urlTemplate\":\"https:\/\/afam.md\/en\/?s={search_term_string}\"},\"query-input\":{\"@type\":\"PropertyValueSpecification\",\"valueRequired\":true,\"valueName\":\"search_term_string\"}}],\"inLanguage\":\"ru-RU\"},{\"@type\":\"Organization\",\"@id\":\"https:\/\/afam.md\/en\/#organization\",\"name\":\"Asocia\u021bia Femeilor Antreprenoare Din Moldova\",\"alternateName\":\"AFAM\",\"url\":\"https:\/\/afam.md\/en\/\",\"logo\":{\"@type\":\"ImageObject\",\"inLanguage\":\"ru-RU\",\"@id\":\"https:\/\/afam.md\/en\/#\/schema\/logo\/image\/\",\"url\":\"https:\/\/afam.md\/wp-content\/uploads\/2024\/11\/logo-blue.svg\",\"contentUrl\":\"https:\/\/afam.md\/wp-content\/uploads\/2024\/11\/logo-blue.svg\",\"width\":1874,\"height\":650,\"caption\":\"Asocia\u021bia Femeilor Antreprenoare Din Moldova\"},\"image\":{\"@id\":\"https:\/\/afam.md\/en\/#\/schema\/logo\/image\/\"},\"sameAs\":[\"https:\/\/www.facebook.com\/AFAMMoldova\/\",\"https:\/\/www.instagram.com\/afammoldova\/?hl=en\",\"https:\/\/md.linkedin.com\/in\/afam-moldova-285159174\"],\"email\":\"afammoldova@gmail.com\",\"telephone\":\"(+373) 76 767 670\",\"legalName\":\"Asocia\u021bia Femeilor Antreprenoare Din Moldova\",\"numberOfEmployees\":{\"@type\":\"QuantitativeValue\",\"minValue\":\"51\",\"maxValue\":\"200\"}}]}<\/script>\n<!-- \/ Yoast SEO Premium plugin. -->","yoast_head_json":{"title":"Eveniment dedicat membrelor Asocia\u021biei Femeilor Antreprenoare din Moldova - AFAM MD","robots":{"index":"index","follow":"follow","max-snippet":"max-snippet:-1","max-image-preview":"max-image-preview:large","max-video-preview":"max-video-preview:-1"},"canonical":"https:\/\/afam.md\/ru\/event\/eveniment-dedicat-membrelor-asociatiei-femeilor-antreprenoare-din-moldova\/","og_locale":"ru_RU","og_type":"article","og_title":"Eveniment dedicat membrelor Asocia\u021biei Femeilor Antreprenoare din Moldova","og_description":"&#8222;Meet AFAM Members&#8221; este mai mult decat o \u00eent\u00e2lnire cu membrele Asocia\u021biei Femeilor Antreprenoare din Moldova, este curajul de a-\u021bi povesti istoria ta de succes cu tot ce a precedat [&hellip;]","og_url":"https:\/\/afam.md\/ru\/event\/eveniment-dedicat-membrelor-asociatiei-femeilor-antreprenoare-din-moldova\/","og_site_name":"AFAM MD","article_publisher":"https:\/\/www.facebook.com\/AFAMMoldova\/","og_image":[{"width":1875,"height":1250,"url":"https:\/\/afam.md\/wp-content\/uploads\/2024\/10\/256220554_1922487944578285_3905287902224536722_n-aL6pa9.tmp_.jpg","type":"image\/jpeg"}],"twitter_card":"summary_large_image","twitter_misc":{"\u041f\u0440\u0438\u043c\u0435\u0440\u043d\u043e\u0435 \u0432\u0440\u0435\u043c\u044f \u0434\u043b\u044f \u0447\u0442\u0435\u043d\u0438\u044f":"1 \u043c\u0438\u043d\u0443\u0442\u0430"},"schema":{"@context":"https:\/\/schema.org","@graph":[{"@type":"WebPage","@id":"https:\/\/afam.md\/event\/eveniment-dedicat-membrelor-asociatiei-femeilor-antreprenoare-din-moldova\/","url":"https:\/\/afam.md\/event\/eveniment-dedicat-membrelor-asociatiei-femeilor-antreprenoare-din-moldova\/","name":"Eveniment dedicat membrelor Asocia\u021biei Femeilor Antreprenoare din Moldova - AFAM MD","isPartOf":{"@id":"https:\/\/afam.md\/en\/#website"},"primaryImageOfPage":{"@id":"https:\/\/afam.md\/event\/eveniment-dedicat-membrelor-asociatiei-femeilor-antreprenoare-din-moldova\/#primaryimage"},"image":{"@id":"https:\/\/afam.md\/event\/eveniment-dedicat-membrelor-asociatiei-femeilor-antreprenoare-din-moldova\/#primaryimage"},"thumbnailUrl":"https:\/\/afam.md\/wp-content\/uploads\/2024\/10\/256220554_1922487944578285_3905287902224536722_n-aL6pa9.tmp_.jpg","datePublished":"2024-10-28T21:05:31+00:00","breadcrumb":{"@id":"https:\/\/afam.md\/event\/eveniment-dedicat-membrelor-asociatiei-femeilor-antreprenoare-din-moldova\/#breadcrumb"},"inLanguage":"ru-RU","potentialAction":[{"@type":"ReadAction","target":["https:\/\/afam.md\/event\/eveniment-dedicat-membrelor-asociatiei-femeilor-antreprenoare-din-moldova\/"]}]},{"@type":"ImageObject","inLanguage":"ru-RU","@id":"https:\/\/afam.md\/event\/eveniment-dedicat-membrelor-asociatiei-femeilor-antreprenoare-din-moldova\/#primaryimage","url":"https:\/\/afam.md\/wp-content\/uploads\/2024\/10\/256220554_1922487944578285_3905287902224536722_n-aL6pa9.tmp_.jpg","contentUrl":"https:\/\/afam.md\/wp-content\/uploads\/2024\/10\/256220554_1922487944578285_3905287902224536722_n-aL6pa9.tmp_.jpg","width":1875,"height":1250},{"@type":"BreadcrumbList","@id":"https:\/\/afam.md\/event\/eveniment-dedicat-membrelor-asociatiei-femeilor-antreprenoare-din-moldova\/#breadcrumb","itemListElement":[{"@type":"ListItem","position":1,"name":"\u0413\u043b\u0430\u0432\u043d\u0430\u044f","item":"https:\/\/afam.md\/"},{"@type":"ListItem","position":2,"name":"Events","item":"https:\/\/afam.md\/en\/eventslist\/"},{"@type":"ListItem","position":3,"name":"Eveniment dedicat membrelor Asocia\u021biei Femeilor Antreprenoare din Moldova"}]},{"@type":"WebSite","@id":"https:\/\/afam.md\/en\/#website","url":"https:\/\/afam.md\/en\/","name":"AFAM MD","description":"Asocia\u021bia Femeilor Antreprenoare Din Moldova","publisher":{"@id":"https:\/\/afam.md\/en\/#organization"},"potentialAction":[{"@type":"SearchAction","target":{"@type":"EntryPoint","urlTemplate":"https:\/\/afam.md\/en\/?s={search_term_string}"},"query-input":{"@type":"PropertyValueSpecification","valueRequired":true,"valueName":"search_term_string"}}],"inLanguage":"ru-RU"},{"@type":"Organization","@id":"https:\/\/afam.md\/en\/#organization","name":"Asocia\u021bia Femeilor Antreprenoare Din Moldova","alternateName":"AFAM","url":"https:\/\/afam.md\/en\/","logo":{"@type":"ImageObject","inLanguage":"ru-RU","@id":"https:\/\/afam.md\/en\/#\/schema\/logo\/image\/","url":"https:\/\/afam.md\/wp-content\/uploads\/2024\/11\/logo-blue.svg","contentUrl":"https:\/\/afam.md\/wp-content\/uploads\/2024\/11\/logo-blue.svg","width":1874,"height":650,"caption":"Asocia\u021bia Femeilor Antreprenoare Din Moldova"},"image":{"@id":"https:\/\/afam.md\/en\/#\/schema\/logo\/image\/"},"sameAs":["https:\/\/www.facebook.com\/AFAMMoldova\/","https:\/\/www.instagram.com\/afammoldova\/?hl=en","https:\/\/md.linkedin.com\/in\/afam-moldova-285159174"],"email":"afammoldova@gmail.com","telephone":"(+373) 76 767 670","legalName":"Asocia\u021bia Femeilor Antreprenoare Din Moldova","numberOfEmployees":{"@type":"QuantitativeValue","minValue":"51","maxValue":"200"}}]}},"_links":{"self":[{"href":"https:\/\/afam.md\/ru\/wp-json\/wp\/v2\/tribe_events\/92115","targetHints":{"allow":["GET"]}}],"collection":[{"href":"https:\/\/afam.md\/ru\/wp-json\/wp\/v2\/tribe_events"}],"about":[{"href":"https:\/\/afam.md\/ru\/wp-json\/wp\/v2\/types\/tribe_events"}],"author":[{"embeddable":true,"href":"https:\/\/afam.md\/ru\/wp-json\/wp\/v2\/users\/1"}],"version-history":[{"count":0,"href":"https:\/\/afam.md\/ru\/wp-json\/wp\/v2\/tribe_events\/92115\/revisions"}],"wp:featuredmedia":[{"embeddable":true,"href":"https:\/\/afam.md\/ru\/wp-json\/wp\/v2\/media\/92116"}],"wp:attachment":[{"href":"https:\/\/afam.md\/ru\/wp-json\/wp\/v2\/media?parent=92115"}],"wp:term":[{"taxonomy":"post_tag","embeddable":true,"href":"https:\/\/afam.md\/ru\/wp-json\/wp\/v2\/tags?post=92115"},{"taxonomy":"tribe_events_cat","embeddable":true,"href":"https:\/\/afam.md\/ru\/wp-json\/wp\/v2\/tribe_events_cat?post=92115"}],"curies":[{"name":"wp","href":"https:\/\/api.w.org\/{rel}","templated":true}]}}