{"id":92117,"date":"2024-10-28T23:05:32","date_gmt":"2024-10-28T21:05:32","guid":{"rendered":"https:\/\/afam.md\/event\/19-noiembrie-ziua-sarbatorita-consacrata-antreprenoriatului-feminin\/"},"modified":"2024-10-28T23:05:32","modified_gmt":"2024-10-28T21:05:32","slug":"19-noiembrie-ziua-sarbatorita-consacrata-antreprenoriatului-feminin","status":"publish","type":"tribe_events","link":"https:\/\/afam.md\/ru\/event\/19-noiembrie-ziua-sarbatorita-consacrata-antreprenoriatului-feminin\/","title":{"rendered":"19 noiembrie &#8211; ziua s\u0103rb\u0103torit\u0103 consacrat\u0103 antreprenoriatului feminin!"},"content":{"rendered":"<div class=\"kvgmc6g5 cxmmr5t8 oygrvhab hcukyx3x c1et5uql ii04i59q\">\n<div dir=\"auto\">19 noiembrie este ziua s\u0103rb\u0103torit\u0103 la nivel interna\u021bional consacrat\u0103 antreprenoriatului feminin!<\/div>\n<\/div>\n<div class=\"cxmmr5t8 oygrvhab hcukyx3x c1et5uql o9v6fnle ii04i59q\">\n<div dir=\"auto\">Cu aceast\u0103 ocazie, \u00een parteneriat cu Centrul pentru Abilitarea Economic\u0103 a Femeilor din cadrul Center for International Private Enterprise am organizat o campanie dedicat\u0103 \u00eencuraj\u0103rii femeilor \u00een afaceri la nivel global.<\/div>\n<\/div>\n<div class=\"cxmmr5t8 oygrvhab hcukyx3x c1et5uql o9v6fnle ii04i59q\">\n<div dir=\"auto\">Suntem m\u00e2ndre de modelele de antreprenoriat feminin din comunitatea noastr\u0103, femeile puternice care dau plus valoare societ\u0103\u021bii noastre \u0219i implicarea social\u0103 \u00een r\u00e2ndul femeilor cu scopul de a \u00eencuraja t\u00e2n\u0103ra genera\u021bie de antreprenori \u00een construirea propriului model de succes.<\/div>\n<\/div>\n<div class=\"cxmmr5t8 oygrvhab hcukyx3x c1et5uql o9v6fnle ii04i59q\">\n<div dir=\"auto\">Ne dorim ca, prin intermediul modelelor de succes feminin din comunitatea <a class=\"oajrlxb2 g5ia77u1 qu0x051f esr5mh6w e9989ue4 r7d6kgcz rq0escxv nhd2j8a9 nc684nl6 p7hjln8o kvgmc6g5 cxmmr5t8 oygrvhab hcukyx3x jb3vyjys rz4wbd8a qt6c0cv9 a8nywdso i1ao9s8h esuyzwwr f1sip0of lzcic4wl gpro0wi8 py34i1dx\" role=\"link\" href=\"https:\/\/www.facebook.com\/hashtag\/afam?__cft__[0]=AZXjygxBFrW0BGAQPo49cJjp_lfDhee0y1Rgbr-alh7eQY99c5SBsj3rgwKKdep9Q9gxAJixja50mbkTi2eihBHj_MH4w9pJ4dgNdXYb640hiXUqUIS_xABUw0VTPMis4376yaH-0rRyCorVH5Vb8IWI3_PqZjl5UyBsv97sPPVPmg&amp;__tn__=*NK-R\" target=\"_blank\" rel=\"noopener\">#AFAM<\/a> s\u0103 impact\u0103m pe termen lung dezvoltarea durabil\u0103 a societ\u0103\u021bii.<\/div>\n<div dir=\"auto\"><img loading=\"lazy\" decoding=\"async\" width=\"1080\" height=\"1080\" class=\"alignnone size-medium wp-image-5811\" src=\"https:\/\/afam.md\/wp-content\/uploads\/2024\/09\/1-5.jpg\" \/> <img loading=\"lazy\" decoding=\"async\" width=\"1080\" height=\"1080\" class=\"alignnone size-medium wp-image-5812\" src=\"https:\/\/afam.md\/wp-content\/uploads\/2024\/09\/2-4.jpg\" \/> <img loading=\"lazy\" decoding=\"async\" width=\"1080\" height=\"1080\" class=\"alignnone size-medium wp-image-5813\" src=\"https:\/\/afam.md\/wp-content\/uploads\/2024\/09\/3-5.jpg\" \/> <img loading=\"lazy\" decoding=\"async\" width=\"1080\" height=\"1080\" class=\"alignnone size-medium wp-image-5814\" src=\"https:\/\/afam.md\/wp-content\/uploads\/2024\/09\/4-5.jpg\" \/><\/div>\n<div dir=\"auto\"><a class=\"oajrlxb2 g5ia77u1 qu0x051f esr5mh6w e9989ue4 r7d6kgcz rq0escxv nhd2j8a9 nc684nl6 p7hjln8o kvgmc6g5 cxmmr5t8 oygrvhab hcukyx3x jb3vyjys rz4wbd8a qt6c0cv9 a8nywdso i1ao9s8h esuyzwwr f1sip0of lzcic4wl gpro0wi8 py34i1dx\" role=\"link\" href=\"https:\/\/www.facebook.com\/hashtag\/inspir%C4%83m?__cft__[0]=AZXjygxBFrW0BGAQPo49cJjp_lfDhee0y1Rgbr-alh7eQY99c5SBsj3rgwKKdep9Q9gxAJixja50mbkTi2eihBHj_MH4w9pJ4dgNdXYb640hiXUqUIS_xABUw0VTPMis4376yaH-0rRyCorVH5Vb8IWI3_PqZjl5UyBsv97sPPVPmg&amp;__tn__=*NK-R\" target=\"_blank\" rel=\"noopener\">#Inspir\u0103m<\/a> <a class=\"oajrlxb2 g5ia77u1 qu0x051f esr5mh6w e9989ue4 r7d6kgcz rq0escxv nhd2j8a9 nc684nl6 p7hjln8o kvgmc6g5 cxmmr5t8 oygrvhab hcukyx3x jb3vyjys rz4wbd8a qt6c0cv9 a8nywdso i1ao9s8h esuyzwwr f1sip0of lzcic4wl gpro0wi8 py34i1dx\" role=\"link\" href=\"https:\/\/www.facebook.com\/hashtag\/istruim?__cft__[0]=AZXjygxBFrW0BGAQPo49cJjp_lfDhee0y1Rgbr-alh7eQY99c5SBsj3rgwKKdep9Q9gxAJixja50mbkTi2eihBHj_MH4w9pJ4dgNdXYb640hiXUqUIS_xABUw0VTPMis4376yaH-0rRyCorVH5Vb8IWI3_PqZjl5UyBsv97sPPVPmg&amp;__tn__=*NK-R\" target=\"_blank\" rel=\"noopener\">#Istruim<\/a> <a class=\"oajrlxb2 g5ia77u1 qu0x051f esr5mh6w e9989ue4 r7d6kgcz rq0escxv nhd2j8a9 nc684nl6 p7hjln8o kvgmc6g5 cxmmr5t8 oygrvhab hcukyx3x jb3vyjys rz4wbd8a qt6c0cv9 a8nywdso i1ao9s8h esuyzwwr f1sip0of lzcic4wl gpro0wi8 py34i1dx\" role=\"link\" href=\"https:\/\/www.facebook.com\/hashtag\/inov%C4%83m?__cft__[0]=AZXjygxBFrW0BGAQPo49cJjp_lfDhee0y1Rgbr-alh7eQY99c5SBsj3rgwKKdep9Q9gxAJixja50mbkTi2eihBHj_MH4w9pJ4dgNdXYb640hiXUqUIS_xABUw0VTPMis4376yaH-0rRyCorVH5Vb8IWI3_PqZjl5UyBsv97sPPVPmg&amp;__tn__=*NK-R\" target=\"_blank\" rel=\"noopener\">#Inov\u0103m<\/a><\/div>\n<\/div>\n","protected":false},"excerpt":{"rendered":"<p>19 noiembrie este ziua s\u0103rb\u0103torit\u0103 la nivel interna\u021bional consacrat\u0103 antreprenoriatului feminin! Cu aceast\u0103 ocazie, \u00een parteneriat cu Centrul pentru Abilitarea Economic\u0103 a Femeilor din cadrul Center for International Private Enterprise [&hellip;]<\/p>\n","protected":false},"author":1,"featured_media":92118,"template":"","meta":{"_EventAllDay":false,"_EventTimezone":"Europe\/Chisinau","_EventStartDate":"2021-11-19 19:16:00","_EventEndDate":"2021-11-19 19:16:00","_EventStartDateUTC":"2021-11-19 17:16:00","_EventEndDateUTC":"2021-11-19 17:16:00","_EventShowMap":false,"_EventShowMapLink":false,"_EventURL":"","_EventCost":"","_EventCostDescription":"","_EventCurrencySymbol":"","_EventCurrencyCode":"","_EventCurrencyPosition":"prefix","_EventDateTimeSeparator":"","_EventTimeRangeSeparator":"","_EventOrganizerID":[],"_EventVenueID":[],"_OrganizerEmail":"","_OrganizerPhone":"","_OrganizerWebsite":"","_VenueAddress":"","_VenueCity":"","_VenueCountry":"","_VenueProvince":"","_VenueState":"","_VenueZip":"","_VenuePhone":"","_VenueURL":"","_VenueStateProvince":"","_VenueLat":"","_VenueLng":"","_VenueShowMap":false,"_VenueShowMapLink":false,"_tribe_events_status":"","_tribe_events_status_reason":"","footnotes":""},"tags":[],"tribe_events_cat":[431],"class_list":["post-92117","tribe_events","type-tribe_events","status-publish","has-post-thumbnail","hentry","tribe_events_cat-evenimente","cat_evenimente"],"yoast_head":"<!-- This site is optimized with the Yoast SEO Premium plugin v23.8 (Yoast SEO v25.1) - https:\/\/yoast.com\/wordpress\/plugins\/seo\/ -->\n<title>19 noiembrie - ziua s\u0103rb\u0103torit\u0103 consacrat\u0103 antreprenoriatului feminin! - AFAM MD<\/title>\n<meta name=\"robots\" content=\"index, follow, max-snippet:-1, max-image-preview:large, max-video-preview:-1\" \/>\n<link rel=\"canonical\" href=\"https:\/\/afam.md\/ru\/event\/19-noiembrie-ziua-sarbatorita-consacrata-antreprenoriatului-feminin\/\" \/>\n<meta property=\"og:locale\" content=\"ru_RU\" \/>\n<meta property=\"og:type\" content=\"article\" \/>\n<meta property=\"og:title\" content=\"19 noiembrie - ziua s\u0103rb\u0103torit\u0103 consacrat\u0103 antreprenoriatului feminin!\" \/>\n<meta property=\"og:description\" content=\"19 noiembrie este ziua s\u0103rb\u0103torit\u0103 la nivel interna\u021bional consacrat\u0103 antreprenoriatului feminin! Cu aceast\u0103 ocazie, \u00een parteneriat cu Centrul pentru Abilitarea Economic\u0103 a Femeilor din cadrul Center for International Private Enterprise [&hellip;]\" \/>\n<meta property=\"og:url\" content=\"https:\/\/afam.md\/ru\/event\/19-noiembrie-ziua-sarbatorita-consacrata-antreprenoriatului-feminin\/\" \/>\n<meta property=\"og:site_name\" content=\"AFAM MD\" \/>\n<meta property=\"article:publisher\" content=\"https:\/\/www.facebook.com\/AFAMMoldova\/\" \/>\n<meta property=\"og:image\" content=\"https:\/\/afam.md\/wp-content\/uploads\/2024\/10\/4-5-k7cblR.tmp_.jpg\" \/>\n\t<meta property=\"og:image:width\" content=\"1080\" \/>\n\t<meta property=\"og:image:height\" content=\"1080\" \/>\n\t<meta property=\"og:image:type\" content=\"image\/jpeg\" \/>\n<meta name=\"twitter:card\" content=\"summary_large_image\" \/>\n<meta name=\"twitter:label1\" content=\"\u041f\u0440\u0438\u043c\u0435\u0440\u043d\u043e\u0435 \u0432\u0440\u0435\u043c\u044f \u0434\u043b\u044f \u0447\u0442\u0435\u043d\u0438\u044f\" \/>\n\t<meta name=\"twitter:data1\" content=\"1 \u043c\u0438\u043d\u0443\u0442\u0430\" \/>\n<script type=\"application\/ld+json\" class=\"yoast-schema-graph\">{\"@context\":\"https:\/\/schema.org\",\"@graph\":[{\"@type\":\"WebPage\",\"@id\":\"https:\/\/afam.md\/event\/19-noiembrie-ziua-sarbatorita-consacrata-antreprenoriatului-feminin\/\",\"url\":\"https:\/\/afam.md\/event\/19-noiembrie-ziua-sarbatorita-consacrata-antreprenoriatului-feminin\/\",\"name\":\"19 noiembrie - ziua s\u0103rb\u0103torit\u0103 consacrat\u0103 antreprenoriatului feminin! - AFAM MD\",\"isPartOf\":{\"@id\":\"https:\/\/afam.md\/en\/#website\"},\"primaryImageOfPage\":{\"@id\":\"https:\/\/afam.md\/event\/19-noiembrie-ziua-sarbatorita-consacrata-antreprenoriatului-feminin\/#primaryimage\"},\"image\":{\"@id\":\"https:\/\/afam.md\/event\/19-noiembrie-ziua-sarbatorita-consacrata-antreprenoriatului-feminin\/#primaryimage\"},\"thumbnailUrl\":\"https:\/\/afam.md\/wp-content\/uploads\/2024\/10\/4-5-k7cblR.tmp_.jpg\",\"datePublished\":\"2024-10-28T21:05:32+00:00\",\"breadcrumb\":{\"@id\":\"https:\/\/afam.md\/event\/19-noiembrie-ziua-sarbatorita-consacrata-antreprenoriatului-feminin\/#breadcrumb\"},\"inLanguage\":\"ru-RU\",\"potentialAction\":[{\"@type\":\"ReadAction\",\"target\":[\"https:\/\/afam.md\/event\/19-noiembrie-ziua-sarbatorita-consacrata-antreprenoriatului-feminin\/\"]}]},{\"@type\":\"ImageObject\",\"inLanguage\":\"ru-RU\",\"@id\":\"https:\/\/afam.md\/event\/19-noiembrie-ziua-sarbatorita-consacrata-antreprenoriatului-feminin\/#primaryimage\",\"url\":\"https:\/\/afam.md\/wp-content\/uploads\/2024\/10\/4-5-k7cblR.tmp_.jpg\",\"contentUrl\":\"https:\/\/afam.md\/wp-content\/uploads\/2024\/10\/4-5-k7cblR.tmp_.jpg\",\"width\":1080,\"height\":1080},{\"@type\":\"BreadcrumbList\",\"@id\":\"https:\/\/afam.md\/event\/19-noiembrie-ziua-sarbatorita-consacrata-antreprenoriatului-feminin\/#breadcrumb\",\"itemListElement\":[{\"@type\":\"ListItem\",\"position\":1,\"name\":\"\u0413\u043b\u0430\u0432\u043d\u0430\u044f\",\"item\":\"https:\/\/afam.md\/\"},{\"@type\":\"ListItem\",\"position\":2,\"name\":\"Events\",\"item\":\"https:\/\/afam.md\/en\/eventslist\/\"},{\"@type\":\"ListItem\",\"position\":3,\"name\":\"19 noiembrie &#8211; ziua s\u0103rb\u0103torit\u0103 consacrat\u0103 antreprenoriatului feminin!\"}]},{\"@type\":\"WebSite\",\"@id\":\"https:\/\/afam.md\/en\/#website\",\"url\":\"https:\/\/afam.md\/en\/\",\"name\":\"AFAM MD\",\"description\":\"Asocia\u021bia Femeilor Antreprenoare Din Moldova\",\"publisher\":{\"@id\":\"https:\/\/afam.md\/en\/#organization\"},\"potentialAction\":[{\"@type\":\"SearchAction\",\"target\":{\"@type\":\"EntryPoint\",\"urlTemplate\":\"https:\/\/afam.md\/en\/?s={search_term_string}\"},\"query-input\":{\"@type\":\"PropertyValueSpecification\",\"valueRequired\":true,\"valueName\":\"search_term_string\"}}],\"inLanguage\":\"ru-RU\"},{\"@type\":\"Organization\",\"@id\":\"https:\/\/afam.md\/en\/#organization\",\"name\":\"Asocia\u021bia Femeilor Antreprenoare Din Moldova\",\"alternateName\":\"AFAM\",\"url\":\"https:\/\/afam.md\/en\/\",\"logo\":{\"@type\":\"ImageObject\",\"inLanguage\":\"ru-RU\",\"@id\":\"https:\/\/afam.md\/en\/#\/schema\/logo\/image\/\",\"url\":\"https:\/\/afam.md\/wp-content\/uploads\/2024\/11\/logo-blue.svg\",\"contentUrl\":\"https:\/\/afam.md\/wp-content\/uploads\/2024\/11\/logo-blue.svg\",\"width\":1874,\"height\":650,\"caption\":\"Asocia\u021bia Femeilor Antreprenoare Din Moldova\"},\"image\":{\"@id\":\"https:\/\/afam.md\/en\/#\/schema\/logo\/image\/\"},\"sameAs\":[\"https:\/\/www.facebook.com\/AFAMMoldova\/\",\"https:\/\/www.instagram.com\/afammoldova\/?hl=en\",\"https:\/\/md.linkedin.com\/in\/afam-moldova-285159174\"],\"email\":\"afammoldova@gmail.com\",\"telephone\":\"(+373) 76 767 670\",\"legalName\":\"Asocia\u021bia Femeilor Antreprenoare Din Moldova\",\"numberOfEmployees\":{\"@type\":\"QuantitativeValue\",\"minValue\":\"51\",\"maxValue\":\"200\"}}]}<\/script>\n<!-- \/ Yoast SEO Premium plugin. -->","yoast_head_json":{"title":"19 noiembrie - ziua s\u0103rb\u0103torit\u0103 consacrat\u0103 antreprenoriatului feminin! - AFAM MD","robots":{"index":"index","follow":"follow","max-snippet":"max-snippet:-1","max-image-preview":"max-image-preview:large","max-video-preview":"max-video-preview:-1"},"canonical":"https:\/\/afam.md\/ru\/event\/19-noiembrie-ziua-sarbatorita-consacrata-antreprenoriatului-feminin\/","og_locale":"ru_RU","og_type":"article","og_title":"19 noiembrie - ziua s\u0103rb\u0103torit\u0103 consacrat\u0103 antreprenoriatului feminin!","og_description":"19 noiembrie este ziua s\u0103rb\u0103torit\u0103 la nivel interna\u021bional consacrat\u0103 antreprenoriatului feminin! Cu aceast\u0103 ocazie, \u00een parteneriat cu Centrul pentru Abilitarea Economic\u0103 a Femeilor din cadrul Center for International Private Enterprise [&hellip;]","og_url":"https:\/\/afam.md\/ru\/event\/19-noiembrie-ziua-sarbatorita-consacrata-antreprenoriatului-feminin\/","og_site_name":"AFAM MD","article_publisher":"https:\/\/www.facebook.com\/AFAMMoldova\/","og_image":[{"width":1080,"height":1080,"url":"https:\/\/afam.md\/wp-content\/uploads\/2024\/10\/4-5-k7cblR.tmp_.jpg","type":"image\/jpeg"}],"twitter_card":"summary_large_image","twitter_misc":{"\u041f\u0440\u0438\u043c\u0435\u0440\u043d\u043e\u0435 \u0432\u0440\u0435\u043c\u044f \u0434\u043b\u044f \u0447\u0442\u0435\u043d\u0438\u044f":"1 \u043c\u0438\u043d\u0443\u0442\u0430"},"schema":{"@context":"https:\/\/schema.org","@graph":[{"@type":"WebPage","@id":"https:\/\/afam.md\/event\/19-noiembrie-ziua-sarbatorita-consacrata-antreprenoriatului-feminin\/","url":"https:\/\/afam.md\/event\/19-noiembrie-ziua-sarbatorita-consacrata-antreprenoriatului-feminin\/","name":"19 noiembrie - ziua s\u0103rb\u0103torit\u0103 consacrat\u0103 antreprenoriatului feminin! - AFAM MD","isPartOf":{"@id":"https:\/\/afam.md\/en\/#website"},"primaryImageOfPage":{"@id":"https:\/\/afam.md\/event\/19-noiembrie-ziua-sarbatorita-consacrata-antreprenoriatului-feminin\/#primaryimage"},"image":{"@id":"https:\/\/afam.md\/event\/19-noiembrie-ziua-sarbatorita-consacrata-antreprenoriatului-feminin\/#primaryimage"},"thumbnailUrl":"https:\/\/afam.md\/wp-content\/uploads\/2024\/10\/4-5-k7cblR.tmp_.jpg","datePublished":"2024-10-28T21:05:32+00:00","breadcrumb":{"@id":"https:\/\/afam.md\/event\/19-noiembrie-ziua-sarbatorita-consacrata-antreprenoriatului-feminin\/#breadcrumb"},"inLanguage":"ru-RU","potentialAction":[{"@type":"ReadAction","target":["https:\/\/afam.md\/event\/19-noiembrie-ziua-sarbatorita-consacrata-antreprenoriatului-feminin\/"]}]},{"@type":"ImageObject","inLanguage":"ru-RU","@id":"https:\/\/afam.md\/event\/19-noiembrie-ziua-sarbatorita-consacrata-antreprenoriatului-feminin\/#primaryimage","url":"https:\/\/afam.md\/wp-content\/uploads\/2024\/10\/4-5-k7cblR.tmp_.jpg","contentUrl":"https:\/\/afam.md\/wp-content\/uploads\/2024\/10\/4-5-k7cblR.tmp_.jpg","width":1080,"height":1080},{"@type":"BreadcrumbList","@id":"https:\/\/afam.md\/event\/19-noiembrie-ziua-sarbatorita-consacrata-antreprenoriatului-feminin\/#breadcrumb","itemListElement":[{"@type":"ListItem","position":1,"name":"\u0413\u043b\u0430\u0432\u043d\u0430\u044f","item":"https:\/\/afam.md\/"},{"@type":"ListItem","position":2,"name":"Events","item":"https:\/\/afam.md\/en\/eventslist\/"},{"@type":"ListItem","position":3,"name":"19 noiembrie &#8211; ziua s\u0103rb\u0103torit\u0103 consacrat\u0103 antreprenoriatului feminin!"}]},{"@type":"WebSite","@id":"https:\/\/afam.md\/en\/#website","url":"https:\/\/afam.md\/en\/","name":"AFAM MD","description":"Asocia\u021bia Femeilor Antreprenoare Din Moldova","publisher":{"@id":"https:\/\/afam.md\/en\/#organization"},"potentialAction":[{"@type":"SearchAction","target":{"@type":"EntryPoint","urlTemplate":"https:\/\/afam.md\/en\/?s={search_term_string}"},"query-input":{"@type":"PropertyValueSpecification","valueRequired":true,"valueName":"search_term_string"}}],"inLanguage":"ru-RU"},{"@type":"Organization","@id":"https:\/\/afam.md\/en\/#organization","name":"Asocia\u021bia Femeilor Antreprenoare Din Moldova","alternateName":"AFAM","url":"https:\/\/afam.md\/en\/","logo":{"@type":"ImageObject","inLanguage":"ru-RU","@id":"https:\/\/afam.md\/en\/#\/schema\/logo\/image\/","url":"https:\/\/afam.md\/wp-content\/uploads\/2024\/11\/logo-blue.svg","contentUrl":"https:\/\/afam.md\/wp-content\/uploads\/2024\/11\/logo-blue.svg","width":1874,"height":650,"caption":"Asocia\u021bia Femeilor Antreprenoare Din Moldova"},"image":{"@id":"https:\/\/afam.md\/en\/#\/schema\/logo\/image\/"},"sameAs":["https:\/\/www.facebook.com\/AFAMMoldova\/","https:\/\/www.instagram.com\/afammoldova\/?hl=en","https:\/\/md.linkedin.com\/in\/afam-moldova-285159174"],"email":"afammoldova@gmail.com","telephone":"(+373) 76 767 670","legalName":"Asocia\u021bia Femeilor Antreprenoare Din Moldova","numberOfEmployees":{"@type":"QuantitativeValue","minValue":"51","maxValue":"200"}}]}},"_links":{"self":[{"href":"https:\/\/afam.md\/ru\/wp-json\/wp\/v2\/tribe_events\/92117","targetHints":{"allow":["GET"]}}],"collection":[{"href":"https:\/\/afam.md\/ru\/wp-json\/wp\/v2\/tribe_events"}],"about":[{"href":"https:\/\/afam.md\/ru\/wp-json\/wp\/v2\/types\/tribe_events"}],"author":[{"embeddable":true,"href":"https:\/\/afam.md\/ru\/wp-json\/wp\/v2\/users\/1"}],"version-history":[{"count":0,"href":"https:\/\/afam.md\/ru\/wp-json\/wp\/v2\/tribe_events\/92117\/revisions"}],"wp:featuredmedia":[{"embeddable":true,"href":"https:\/\/afam.md\/ru\/wp-json\/wp\/v2\/media\/92118"}],"wp:attachment":[{"href":"https:\/\/afam.md\/ru\/wp-json\/wp\/v2\/media?parent=92117"}],"wp:term":[{"taxonomy":"post_tag","embeddable":true,"href":"https:\/\/afam.md\/ru\/wp-json\/wp\/v2\/tags?post=92117"},{"taxonomy":"tribe_events_cat","embeddable":true,"href":"https:\/\/afam.md\/ru\/wp-json\/wp\/v2\/tribe_events_cat?post=92117"}],"curies":[{"name":"wp","href":"https:\/\/api.w.org\/{rel}","templated":true}]}}