{"id":92119,"date":"2024-10-28T23:05:33","date_gmt":"2024-10-28T21:05:33","guid":{"rendered":"https:\/\/afam.md\/event\/din-inima-pentru-copii\/"},"modified":"2024-10-28T23:05:33","modified_gmt":"2024-10-28T21:05:33","slug":"din-inima-pentru-copii","status":"publish","type":"tribe_events","link":"https:\/\/afam.md\/ru\/event\/din-inima-pentru-copii\/","title":{"rendered":"Din inim\u0103 pentru copii"},"content":{"rendered":"<div class=\"cxmmr5t8 oygrvhab hcukyx3x c1et5uql o9v6fnle ii04i59q\">\n<div dir=\"auto\">Membrele <a class=\"oajrlxb2 g5ia77u1 qu0x051f esr5mh6w e9989ue4 r7d6kgcz rq0escxv nhd2j8a9 nc684nl6 p7hjln8o kvgmc6g5 cxmmr5t8 oygrvhab hcukyx3x jb3vyjys rz4wbd8a qt6c0cv9 a8nywdso i1ao9s8h esuyzwwr f1sip0of lzcic4wl gpro0wi8 py34i1dx\" role=\"link\" href=\"https:\/\/www.facebook.com\/hashtag\/afam?__cft__[0]=AZVJowDwq5OaaqV_7eJgZGQbytLAeMhqrvLJokF0jqz_2Y66PM1TAixEkVS63AFWvLEj2LvqmQ0bDjKzKff9Mf_pRMO4lmS4CLodGZM_AMnAWH9GRHlFxYcbRjJCoFmKyFKgvhO0dDQ-NmMAQH7blOm22sDfo1X83g7m3w9XU5S5Pg&amp;__tn__=*NK-R\" target=\"_blank\" rel=\"noopener\">#AFAM<\/a> s-au solidarizat \u0219i oferit suportul necesar Centrului de Servicii pentru Copiii cu Dizabilit\u0103\u021bi &#8222;Pas\u0103rea Albastr\u0103&#8221; din H\u00eence\u0219ti.<\/div>\n<\/div>\n<div class=\"cxmmr5t8 oygrvhab hcukyx3x c1et5uql o9v6fnle ii04i59q\">\n<div dir=\"auto\">\u00cempreun\u0103 am reu\u0219it s\u0103 contribuie \u00eembun\u0103t\u0103\u021birea condi\u021biilor de studiu \u0219i tratament a peste 30 copiii din cadrul Centrului.<\/div>\n<\/div>\n<div class=\"cxmmr5t8 oygrvhab hcukyx3x c1et5uql o9v6fnle ii04i59q\">\n<div dir=\"auto\">Sincere mul\u021bumiri \u0219i aprecieri membrelor noastre Angela Gladei, Tatiana Mereu\u021b\u0103, Ani\u0219oara Gorea, Aurelia Irodoi, Antonina Ceban-Bejenaru, Diana Nanu, Ludmila Furtuna, Carolina Bugaian, Iuliana Dumitra\u0219, Svetlana Faina, Ina Rusu, Daniela Dohotaru, Maria Bumbu, Cristina Pretuleac, Marina Platon, Stela Scripnic.<\/div>\n<\/div>\n<div class=\"cxmmr5t8 oygrvhab hcukyx3x c1et5uql o9v6fnle ii04i59q\">\n<div dir=\"auto\">Am reu\u0219it \u00eempreun\u0103 s\u0103 aducem c\u0103ldura s\u0103rb\u0103torilor de iarn\u0103 \u00een 30 de familii. <span class=\"pq6dq46d tbxw36s4 knj5qynh kvgmc6g5 ditlmg2l oygrvhab nvdbi5me sf5mxxl7 gl3lb2sf hhz5lgdu\"><img loading=\"lazy\" decoding=\"async\" src=\"https:\/\/afam.md\/wp-content\/uploads\/2024\/09\/1f917.png\" alt=\" \" width=\"16\" height=\"16\" \/><\/span><\/div>\n<div dir=\"auto\"><a class=\"oajrlxb2 g5ia77u1 qu0x051f esr5mh6w e9989ue4 r7d6kgcz rq0escxv nhd2j8a9 nc684nl6 p7hjln8o kvgmc6g5 cxmmr5t8 oygrvhab hcukyx3x jb3vyjys rz4wbd8a qt6c0cv9 a8nywdso i1ao9s8h esuyzwwr f1sip0of lzcic4wl gpro0wi8 py34i1dx\" role=\"link\" href=\"https:\/\/www.facebook.com\/PasareaAlbastraHincesti\/?__cft__[0]=AZVJowDwq5OaaqV_7eJgZGQbytLAeMhqrvLJokF0jqz_2Y66PM1TAixEkVS63AFWvLEj2LvqmQ0bDjKzKff9Mf_pRMO4lmS4CLodGZM_AMnAWH9GRHlFxYcbRjJCoFmKyFKgvhO0dDQ-NmMAQH7blOm22sDfo1X83g7m3w9XU5S5Pg&amp;__tn__=kK-R\" target=\"_blank\" rel=\"noopener\"><strong><span class=\"nc684nl6\">Pasarea Albastra Hincesti<\/span><\/strong><\/a><\/div>\n<div dir=\"auto\">\n<div style=\"width: 426px;\" class=\"wp-video\"><!--[if lt IE 9]><script>document.createElement('video');<\/script><![endif]-->\n<video class=\"wp-video-shortcode\" id=\"video-92119-1\" width=\"426\" height=\"234\" preload=\"metadata\" controls=\"controls\"><source type=\"video\/mp4\" src=\"https:\/\/afam.md\/wp-content\/uploads\/2022\/02\/270183621_2975467892784022_7219946852751570799_n.mp4?_=1\" \/><a href=\"https:\/\/afam.md\/wp-content\/uploads\/2022\/02\/270183621_2975467892784022_7219946852751570799_n.mp4\">https:\/\/afam.md\/wp-content\/uploads\/2022\/02\/270183621_2975467892784022_7219946852751570799_n.mp4<\/a><\/video><\/div>\n<\/div>\n<\/div>\n","protected":false},"excerpt":{"rendered":"<p>Membrele #AFAM s-au solidarizat \u0219i oferit suportul necesar Centrului de Servicii pentru Copiii cu Dizabilit\u0103\u021bi &#8222;Pas\u0103rea Albastr\u0103&#8221; din H\u00eence\u0219ti. \u00cempreun\u0103 am reu\u0219it s\u0103 contribuie \u00eembun\u0103t\u0103\u021birea condi\u021biilor de studiu \u0219i tratament [&hellip;]<\/p>\n","protected":false},"author":1,"featured_media":92121,"template":"","meta":{"_EventAllDay":false,"_EventTimezone":"Europe\/Chisinau","_EventStartDate":"2021-12-30 19:22:00","_EventEndDate":"2021-12-30 19:22:00","_EventStartDateUTC":"2021-12-30 17:22:00","_EventEndDateUTC":"2021-12-30 17:22:00","_EventShowMap":false,"_EventShowMapLink":false,"_EventURL":"","_EventCost":"","_EventCostDescription":"","_EventCurrencySymbol":"","_EventCurrencyCode":"","_EventCurrencyPosition":"prefix","_EventDateTimeSeparator":"","_EventTimeRangeSeparator":"","_EventOrganizerID":[],"_EventVenueID":[],"_OrganizerEmail":"","_OrganizerPhone":"","_OrganizerWebsite":"","_VenueAddress":"","_VenueCity":"","_VenueCountry":"","_VenueProvince":"","_VenueState":"","_VenueZip":"","_VenuePhone":"","_VenueURL":"","_VenueStateProvince":"","_VenueLat":"","_VenueLng":"","_VenueShowMap":false,"_VenueShowMapLink":false,"_tribe_events_status":"","_tribe_events_status_reason":"","footnotes":""},"tags":[],"tribe_events_cat":[431],"class_list":["post-92119","tribe_events","type-tribe_events","status-publish","has-post-thumbnail","hentry","tribe_events_cat-evenimente","cat_evenimente"],"yoast_head":"<!-- This site is optimized with the Yoast SEO Premium plugin v23.8 (Yoast SEO v25.1) - https:\/\/yoast.com\/wordpress\/plugins\/seo\/ -->\n<title>Din inim\u0103 pentru copii - AFAM MD<\/title>\n<meta name=\"robots\" content=\"index, follow, max-snippet:-1, max-image-preview:large, max-video-preview:-1\" \/>\n<link rel=\"canonical\" href=\"https:\/\/afam.md\/ru\/event\/din-inima-pentru-copii\/\" \/>\n<meta property=\"og:locale\" content=\"ru_RU\" \/>\n<meta property=\"og:type\" content=\"article\" \/>\n<meta property=\"og:title\" content=\"Din inim\u0103 pentru copii\" \/>\n<meta property=\"og:description\" content=\"Membrele #AFAM s-au solidarizat \u0219i oferit suportul necesar Centrului de Servicii pentru Copiii cu Dizabilit\u0103\u021bi &#8222;Pas\u0103rea Albastr\u0103&#8221; din H\u00eence\u0219ti. \u00cempreun\u0103 am reu\u0219it s\u0103 contribuie \u00eembun\u0103t\u0103\u021birea condi\u021biilor de studiu \u0219i tratament [&hellip;]\" \/>\n<meta property=\"og:url\" content=\"https:\/\/afam.md\/ru\/event\/din-inima-pentru-copii\/\" \/>\n<meta property=\"og:site_name\" content=\"AFAM MD\" \/>\n<meta property=\"article:publisher\" content=\"https:\/\/www.facebook.com\/AFAMMoldova\/\" \/>\n<meta property=\"og:image\" content=\"https:\/\/afam.md\/wp-content\/uploads\/2024\/10\/18951305_1340127026081208_3287213612937854682_n-K4u6iy.tmp_.jpg\" \/>\n\t<meta property=\"og:image:width\" content=\"312\" \/>\n\t<meta property=\"og:image:height\" content=\"312\" \/>\n\t<meta property=\"og:image:type\" content=\"image\/jpeg\" \/>\n<meta name=\"twitter:card\" content=\"summary_large_image\" \/>\n<meta name=\"twitter:label1\" content=\"\u041f\u0440\u0438\u043c\u0435\u0440\u043d\u043e\u0435 \u0432\u0440\u0435\u043c\u044f \u0434\u043b\u044f \u0447\u0442\u0435\u043d\u0438\u044f\" \/>\n\t<meta name=\"twitter:data1\" content=\"1 \u043c\u0438\u043d\u0443\u0442\u0430\" \/>\n<script type=\"application\/ld+json\" class=\"yoast-schema-graph\">{\"@context\":\"https:\/\/schema.org\",\"@graph\":[{\"@type\":\"WebPage\",\"@id\":\"https:\/\/afam.md\/event\/din-inima-pentru-copii\/\",\"url\":\"https:\/\/afam.md\/event\/din-inima-pentru-copii\/\",\"name\":\"Din inim\u0103 pentru copii - AFAM MD\",\"isPartOf\":{\"@id\":\"https:\/\/afam.md\/en\/#website\"},\"primaryImageOfPage\":{\"@id\":\"https:\/\/afam.md\/event\/din-inima-pentru-copii\/#primaryimage\"},\"image\":{\"@id\":\"https:\/\/afam.md\/event\/din-inima-pentru-copii\/#primaryimage\"},\"thumbnailUrl\":\"https:\/\/afam.md\/wp-content\/uploads\/2024\/10\/18951305_1340127026081208_3287213612937854682_n-K4u6iy.tmp_.jpg\",\"datePublished\":\"2024-10-28T21:05:33+00:00\",\"breadcrumb\":{\"@id\":\"https:\/\/afam.md\/event\/din-inima-pentru-copii\/#breadcrumb\"},\"inLanguage\":\"ru-RU\",\"potentialAction\":[{\"@type\":\"ReadAction\",\"target\":[\"https:\/\/afam.md\/event\/din-inima-pentru-copii\/\"]}]},{\"@type\":\"ImageObject\",\"inLanguage\":\"ru-RU\",\"@id\":\"https:\/\/afam.md\/event\/din-inima-pentru-copii\/#primaryimage\",\"url\":\"https:\/\/afam.md\/wp-content\/uploads\/2024\/10\/18951305_1340127026081208_3287213612937854682_n-K4u6iy.tmp_.jpg\",\"contentUrl\":\"https:\/\/afam.md\/wp-content\/uploads\/2024\/10\/18951305_1340127026081208_3287213612937854682_n-K4u6iy.tmp_.jpg\",\"width\":312,\"height\":312},{\"@type\":\"BreadcrumbList\",\"@id\":\"https:\/\/afam.md\/event\/din-inima-pentru-copii\/#breadcrumb\",\"itemListElement\":[{\"@type\":\"ListItem\",\"position\":1,\"name\":\"\u0413\u043b\u0430\u0432\u043d\u0430\u044f\",\"item\":\"https:\/\/afam.md\/\"},{\"@type\":\"ListItem\",\"position\":2,\"name\":\"Events\",\"item\":\"https:\/\/afam.md\/en\/eventslist\/\"},{\"@type\":\"ListItem\",\"position\":3,\"name\":\"Din inim\u0103 pentru copii\"}]},{\"@type\":\"WebSite\",\"@id\":\"https:\/\/afam.md\/en\/#website\",\"url\":\"https:\/\/afam.md\/en\/\",\"name\":\"AFAM MD\",\"description\":\"Asocia\u021bia Femeilor Antreprenoare Din Moldova\",\"publisher\":{\"@id\":\"https:\/\/afam.md\/en\/#organization\"},\"potentialAction\":[{\"@type\":\"SearchAction\",\"target\":{\"@type\":\"EntryPoint\",\"urlTemplate\":\"https:\/\/afam.md\/en\/?s={search_term_string}\"},\"query-input\":{\"@type\":\"PropertyValueSpecification\",\"valueRequired\":true,\"valueName\":\"search_term_string\"}}],\"inLanguage\":\"ru-RU\"},{\"@type\":\"Organization\",\"@id\":\"https:\/\/afam.md\/en\/#organization\",\"name\":\"Asocia\u021bia Femeilor Antreprenoare Din Moldova\",\"alternateName\":\"AFAM\",\"url\":\"https:\/\/afam.md\/en\/\",\"logo\":{\"@type\":\"ImageObject\",\"inLanguage\":\"ru-RU\",\"@id\":\"https:\/\/afam.md\/en\/#\/schema\/logo\/image\/\",\"url\":\"https:\/\/afam.md\/wp-content\/uploads\/2024\/11\/logo-blue.svg\",\"contentUrl\":\"https:\/\/afam.md\/wp-content\/uploads\/2024\/11\/logo-blue.svg\",\"width\":1874,\"height\":650,\"caption\":\"Asocia\u021bia Femeilor Antreprenoare Din Moldova\"},\"image\":{\"@id\":\"https:\/\/afam.md\/en\/#\/schema\/logo\/image\/\"},\"sameAs\":[\"https:\/\/www.facebook.com\/AFAMMoldova\/\",\"https:\/\/www.instagram.com\/afammoldova\/?hl=en\",\"https:\/\/md.linkedin.com\/in\/afam-moldova-285159174\"],\"email\":\"afammoldova@gmail.com\",\"telephone\":\"(+373) 76 767 670\",\"legalName\":\"Asocia\u021bia Femeilor Antreprenoare Din Moldova\",\"numberOfEmployees\":{\"@type\":\"QuantitativeValue\",\"minValue\":\"51\",\"maxValue\":\"200\"}}]}<\/script>\n<!-- \/ Yoast SEO Premium plugin. -->","yoast_head_json":{"title":"Din inim\u0103 pentru copii - AFAM MD","robots":{"index":"index","follow":"follow","max-snippet":"max-snippet:-1","max-image-preview":"max-image-preview:large","max-video-preview":"max-video-preview:-1"},"canonical":"https:\/\/afam.md\/ru\/event\/din-inima-pentru-copii\/","og_locale":"ru_RU","og_type":"article","og_title":"Din inim\u0103 pentru copii","og_description":"Membrele #AFAM s-au solidarizat \u0219i oferit suportul necesar Centrului de Servicii pentru Copiii cu Dizabilit\u0103\u021bi &#8222;Pas\u0103rea Albastr\u0103&#8221; din H\u00eence\u0219ti. \u00cempreun\u0103 am reu\u0219it s\u0103 contribuie \u00eembun\u0103t\u0103\u021birea condi\u021biilor de studiu \u0219i tratament [&hellip;]","og_url":"https:\/\/afam.md\/ru\/event\/din-inima-pentru-copii\/","og_site_name":"AFAM MD","article_publisher":"https:\/\/www.facebook.com\/AFAMMoldova\/","og_image":[{"width":312,"height":312,"url":"https:\/\/afam.md\/wp-content\/uploads\/2024\/10\/18951305_1340127026081208_3287213612937854682_n-K4u6iy.tmp_.jpg","type":"image\/jpeg"}],"twitter_card":"summary_large_image","twitter_misc":{"\u041f\u0440\u0438\u043c\u0435\u0440\u043d\u043e\u0435 \u0432\u0440\u0435\u043c\u044f \u0434\u043b\u044f \u0447\u0442\u0435\u043d\u0438\u044f":"1 \u043c\u0438\u043d\u0443\u0442\u0430"},"schema":{"@context":"https:\/\/schema.org","@graph":[{"@type":"WebPage","@id":"https:\/\/afam.md\/event\/din-inima-pentru-copii\/","url":"https:\/\/afam.md\/event\/din-inima-pentru-copii\/","name":"Din inim\u0103 pentru copii - AFAM MD","isPartOf":{"@id":"https:\/\/afam.md\/en\/#website"},"primaryImageOfPage":{"@id":"https:\/\/afam.md\/event\/din-inima-pentru-copii\/#primaryimage"},"image":{"@id":"https:\/\/afam.md\/event\/din-inima-pentru-copii\/#primaryimage"},"thumbnailUrl":"https:\/\/afam.md\/wp-content\/uploads\/2024\/10\/18951305_1340127026081208_3287213612937854682_n-K4u6iy.tmp_.jpg","datePublished":"2024-10-28T21:05:33+00:00","breadcrumb":{"@id":"https:\/\/afam.md\/event\/din-inima-pentru-copii\/#breadcrumb"},"inLanguage":"ru-RU","potentialAction":[{"@type":"ReadAction","target":["https:\/\/afam.md\/event\/din-inima-pentru-copii\/"]}]},{"@type":"ImageObject","inLanguage":"ru-RU","@id":"https:\/\/afam.md\/event\/din-inima-pentru-copii\/#primaryimage","url":"https:\/\/afam.md\/wp-content\/uploads\/2024\/10\/18951305_1340127026081208_3287213612937854682_n-K4u6iy.tmp_.jpg","contentUrl":"https:\/\/afam.md\/wp-content\/uploads\/2024\/10\/18951305_1340127026081208_3287213612937854682_n-K4u6iy.tmp_.jpg","width":312,"height":312},{"@type":"BreadcrumbList","@id":"https:\/\/afam.md\/event\/din-inima-pentru-copii\/#breadcrumb","itemListElement":[{"@type":"ListItem","position":1,"name":"\u0413\u043b\u0430\u0432\u043d\u0430\u044f","item":"https:\/\/afam.md\/"},{"@type":"ListItem","position":2,"name":"Events","item":"https:\/\/afam.md\/en\/eventslist\/"},{"@type":"ListItem","position":3,"name":"Din inim\u0103 pentru copii"}]},{"@type":"WebSite","@id":"https:\/\/afam.md\/en\/#website","url":"https:\/\/afam.md\/en\/","name":"AFAM MD","description":"Asocia\u021bia Femeilor Antreprenoare Din Moldova","publisher":{"@id":"https:\/\/afam.md\/en\/#organization"},"potentialAction":[{"@type":"SearchAction","target":{"@type":"EntryPoint","urlTemplate":"https:\/\/afam.md\/en\/?s={search_term_string}"},"query-input":{"@type":"PropertyValueSpecification","valueRequired":true,"valueName":"search_term_string"}}],"inLanguage":"ru-RU"},{"@type":"Organization","@id":"https:\/\/afam.md\/en\/#organization","name":"Asocia\u021bia Femeilor Antreprenoare Din Moldova","alternateName":"AFAM","url":"https:\/\/afam.md\/en\/","logo":{"@type":"ImageObject","inLanguage":"ru-RU","@id":"https:\/\/afam.md\/en\/#\/schema\/logo\/image\/","url":"https:\/\/afam.md\/wp-content\/uploads\/2024\/11\/logo-blue.svg","contentUrl":"https:\/\/afam.md\/wp-content\/uploads\/2024\/11\/logo-blue.svg","width":1874,"height":650,"caption":"Asocia\u021bia Femeilor Antreprenoare Din Moldova"},"image":{"@id":"https:\/\/afam.md\/en\/#\/schema\/logo\/image\/"},"sameAs":["https:\/\/www.facebook.com\/AFAMMoldova\/","https:\/\/www.instagram.com\/afammoldova\/?hl=en","https:\/\/md.linkedin.com\/in\/afam-moldova-285159174"],"email":"afammoldova@gmail.com","telephone":"(+373) 76 767 670","legalName":"Asocia\u021bia Femeilor Antreprenoare Din Moldova","numberOfEmployees":{"@type":"QuantitativeValue","minValue":"51","maxValue":"200"}}]}},"_links":{"self":[{"href":"https:\/\/afam.md\/ru\/wp-json\/wp\/v2\/tribe_events\/92119","targetHints":{"allow":["GET"]}}],"collection":[{"href":"https:\/\/afam.md\/ru\/wp-json\/wp\/v2\/tribe_events"}],"about":[{"href":"https:\/\/afam.md\/ru\/wp-json\/wp\/v2\/types\/tribe_events"}],"author":[{"embeddable":true,"href":"https:\/\/afam.md\/ru\/wp-json\/wp\/v2\/users\/1"}],"version-history":[{"count":0,"href":"https:\/\/afam.md\/ru\/wp-json\/wp\/v2\/tribe_events\/92119\/revisions"}],"wp:featuredmedia":[{"embeddable":true,"href":"https:\/\/afam.md\/ru\/wp-json\/wp\/v2\/media\/92121"}],"wp:attachment":[{"href":"https:\/\/afam.md\/ru\/wp-json\/wp\/v2\/media?parent=92119"}],"wp:term":[{"taxonomy":"post_tag","embeddable":true,"href":"https:\/\/afam.md\/ru\/wp-json\/wp\/v2\/tags?post=92119"},{"taxonomy":"tribe_events_cat","embeddable":true,"href":"https:\/\/afam.md\/ru\/wp-json\/wp\/v2\/tribe_events_cat?post=92119"}],"curies":[{"name":"wp","href":"https:\/\/api.w.org\/{rel}","templated":true}]}}