{"id":92132,"date":"2024-10-28T23:06:08","date_gmt":"2024-10-28T21:06:08","guid":{"rendered":"https:\/\/afam.md\/event\/afam-partener-si-speaker-in-cadrul-evenimentului-pria-smes-conference-awards-republica-moldova\/"},"modified":"2024-10-28T23:06:08","modified_gmt":"2024-10-28T21:06:08","slug":"afam-partener-si-speaker-in-cadrul-evenimentului-pria-smes-conference-awards-republica-moldova","status":"publish","type":"tribe_events","link":"https:\/\/afam.md\/ru\/event\/afam-partener-si-speaker-in-cadrul-evenimentului-pria-smes-conference-awards-republica-moldova\/","title":{"rendered":"AFAM partener \u0219i speaker \u00een cadrul evenimentului Pria SMEs Conference &amp; Awards Republica Moldova"},"content":{"rendered":"<div class=\"kvgmc6g5 cxmmr5t8 oygrvhab hcukyx3x c1et5uql ii04i59q\">\n<div dir=\"auto\">Urmeaz\u0103 un eveniment excep\u021bional <a class=\"oajrlxb2 g5ia77u1 qu0x051f esr5mh6w e9989ue4 r7d6kgcz rq0escxv nhd2j8a9 nc684nl6 p7hjln8o kvgmc6g5 cxmmr5t8 oygrvhab hcukyx3x jb3vyjys rz4wbd8a qt6c0cv9 a8nywdso i1ao9s8h esuyzwwr f1sip0of lzcic4wl gpro0wi8 py34i1dx\" role=\"link\" href=\"https:\/\/www.facebook.com\/events\/976907229527331\/?__cft__[0]=AZWGvv8FYG4pzww8Vx7I1R2hbh8jHbm0VMDTz57fOjBZIA9YtgHloaxgYjSj0Nxwq6l1U5g27F3oethv2hKp4MxTMcks4AM-farzrAGdpD9Ci2biWeOK1P0o7hkY9kXtp0onbxQCIb_04sIO6b3oNBxy5FEGdNn6etTOvh5vKZLzJQ&amp;__tn__=-UK-R\" target=\"_blank\" rel=\"noopener\"><strong><span class=\"nc684nl6\">Pria SMEs Conference&amp;Awards Republica Moldova<\/span><\/strong><\/a>, care va avea loc pe <span class=\"pq6dq46d tbxw36s4 knj5qynh kvgmc6g5 ditlmg2l oygrvhab nvdbi5me sf5mxxl7 gl3lb2sf hhz5lgdu\"><img loading=\"lazy\" decoding=\"async\" src=\"https:\/\/afam.md\/wp-content\/uploads\/2024\/09\/1f5d3.png\" alt=\" \ufe0f\" width=\"16\" height=\"16\" \/><\/span> 18 noiembrie 2021, ora 10.30, \u00een format online, organizat \u00een parteneriat cu PRIAevents.<\/div>\n<\/div>\n<div class=\"cxmmr5t8 oygrvhab hcukyx3x c1et5uql o9v6fnle ii04i59q\">\n<div dir=\"auto\">Evenimentul dat reprezint\u0103 o oportunitate excelent\u0103 pentru oamenii de afaceri din \u021bara noastr\u0103 de a discuta despre oportunit\u0103\u021bile \u0219i solu\u021bii de business destinate IMM-uriilor, iar \u00een calitate de speakeri sunt cei mai buni speciali\u0219ti \u00een domeniu analizei situa\u021biei IMM-urilor \u0219i a programelor pentru IMM-uri, precum<\/div>\n<div dir=\"auto\"><span class=\"pq6dq46d tbxw36s4 knj5qynh kvgmc6g5 ditlmg2l oygrvhab nvdbi5me sf5mxxl7 gl3lb2sf hhz5lgdu\"><img loading=\"lazy\" decoding=\"async\" src=\"https:\/\/afam.md\/wp-content\/uploads\/2024\/09\/2705.png\" alt=\"\u2705\" width=\"16\" height=\"16\" \/><\/span> Angela Gladei, Pre\u0219edinte AFAM, fondatoarea companiei BDC Creative<\/div>\n<div dir=\"auto\"><span class=\"pq6dq46d tbxw36s4 knj5qynh kvgmc6g5 ditlmg2l oygrvhab nvdbi5me sf5mxxl7 gl3lb2sf hhz5lgdu\"><img loading=\"lazy\" decoding=\"async\" src=\"https:\/\/afam.md\/wp-content\/uploads\/2024\/09\/2705.png\" alt=\"\u2705\" width=\"16\" height=\"16\" \/><\/span> Veronica Arpintin, fondatoarea AFAM, Principal, EBRD Advice for Small Business, SME Finance and Development Group, Moldova\/Belarus<\/div>\n<\/div>\n<div class=\"cxmmr5t8 oygrvhab hcukyx3x c1et5uql o9v6fnle ii04i59q\">\n<div dir=\"auto\">Pentru a primi linkul pentru vizionare online, completa\u021bi, v\u0103 rug\u0103m: <a class=\"oajrlxb2 g5ia77u1 qu0x051f esr5mh6w e9989ue4 r7d6kgcz rq0escxv nhd2j8a9 nc684nl6 p7hjln8o kvgmc6g5 cxmmr5t8 oygrvhab hcukyx3x jb3vyjys rz4wbd8a qt6c0cv9 a8nywdso i1ao9s8h esuyzwwr f1sip0of lzcic4wl gpro0wi8 py34i1dx\" role=\"link\" href=\"https:\/\/priaevents.ro\/inregistrare-conferinta-online-2021\/?fbclid=IwAR3diR9r0WbL64YHiZrv5buytC_w8LuyzNxO_VhBDBPU1wrDPXJ6SiabxFY\" target=\"_blank\" rel=\"nofollow noopener\">https:\/\/priaevents.ro\/inregistrare-conferinta-online-2021\/<\/a><\/div>\n<\/div>\n<div class=\"cxmmr5t8 oygrvhab hcukyx3x c1et5uql o9v6fnle ii04i59q\">\n<div dir=\"auto\">\u0218i deoarece anul acesta a fost unul dificil, <span class=\"pq6dq46d tbxw36s4 knj5qynh kvgmc6g5 ditlmg2l oygrvhab nvdbi5me sf5mxxl7 gl3lb2sf hhz5lgdu\"><img loading=\"lazy\" decoding=\"async\" src=\"https:\/\/afam.md\/wp-content\/uploads\/2024\/09\/1f3c6.png\" alt=\" \" width=\"16\" height=\"16\" \/><\/span> vor fi premiate \u00eentreprinderile care, \u00een pofida greut\u0103\u021bilor, au reu\u0219it s\u0103 aib\u0103 rezultate excep\u021bionale \u00een anul curent.<\/div>\n<\/div>\n<div class=\"cxmmr5t8 oygrvhab hcukyx3x c1et5uql o9v6fnle ii04i59q\">\n<div dir=\"auto\">Evenimentul va fi difuzat \u0219i online, pe pagina noastr\u0103 de Facebook!<\/div>\n<\/div>\n","protected":false},"excerpt":{"rendered":"<p>Urmeaz\u0103 un eveniment excep\u021bional Pria SMEs Conference&amp;Awards Republica Moldova, care va avea loc pe 18 noiembrie 2021, ora 10.30, \u00een format online, organizat \u00een parteneriat cu PRIAevents. Evenimentul dat reprezint\u0103 [&hellip;]<\/p>\n","protected":false},"author":1,"featured_media":92133,"template":"","meta":{"_EventAllDay":false,"_EventTimezone":"Europe\/Chisinau","_EventStartDate":"2021-11-17 08:13:00","_EventEndDate":"2021-11-17 08:13:00","_EventStartDateUTC":"2021-11-17 06:13:00","_EventEndDateUTC":"2021-11-17 06:13:00","_EventShowMap":false,"_EventShowMapLink":false,"_EventURL":"","_EventCost":"","_EventCostDescription":"","_EventCurrencySymbol":"","_EventCurrencyCode":"","_EventCurrencyPosition":"prefix","_EventDateTimeSeparator":"","_EventTimeRangeSeparator":"","_EventOrganizerID":[],"_EventVenueID":[],"_OrganizerEmail":"","_OrganizerPhone":"","_OrganizerWebsite":"","_VenueAddress":"","_VenueCity":"","_VenueCountry":"","_VenueProvince":"","_VenueState":"","_VenueZip":"","_VenuePhone":"","_VenueURL":"","_VenueStateProvince":"","_VenueLat":"","_VenueLng":"","_VenueShowMap":false,"_VenueShowMapLink":false,"_tribe_events_status":"","_tribe_events_status_reason":"","footnotes":""},"tags":[],"tribe_events_cat":[431],"class_list":["post-92132","tribe_events","type-tribe_events","status-publish","has-post-thumbnail","hentry","tribe_events_cat-evenimente","cat_evenimente"],"yoast_head":"<!-- This site is optimized with the Yoast SEO Premium plugin v23.8 (Yoast SEO v25.1) - https:\/\/yoast.com\/wordpress\/plugins\/seo\/ -->\n<title>AFAM partener \u0219i speaker \u00een cadrul evenimentului Pria SMEs Conference &amp; Awards Republica Moldova - AFAM MD<\/title>\n<meta name=\"robots\" content=\"index, follow, max-snippet:-1, max-image-preview:large, max-video-preview:-1\" \/>\n<link rel=\"canonical\" href=\"https:\/\/afam.md\/ru\/event\/afam-partener-si-speaker-in-cadrul-evenimentului-pria-smes-conference-awards-republica-moldova\/\" \/>\n<meta property=\"og:locale\" content=\"ru_RU\" \/>\n<meta property=\"og:type\" content=\"article\" \/>\n<meta property=\"og:title\" content=\"AFAM partener \u0219i speaker \u00een cadrul evenimentului Pria SMEs Conference &amp; Awards Republica Moldova\" \/>\n<meta property=\"og:description\" content=\"Urmeaz\u0103 un eveniment excep\u021bional Pria SMEs Conference&amp;Awards Republica Moldova, care va avea loc pe 18 noiembrie 2021, ora 10.30, \u00een format online, organizat \u00een parteneriat cu PRIAevents. Evenimentul dat reprezint\u0103 [&hellip;]\" \/>\n<meta property=\"og:url\" content=\"https:\/\/afam.md\/ru\/event\/afam-partener-si-speaker-in-cadrul-evenimentului-pria-smes-conference-awards-republica-moldova\/\" \/>\n<meta property=\"og:site_name\" content=\"AFAM MD\" \/>\n<meta property=\"article:publisher\" content=\"https:\/\/www.facebook.com\/AFAMMoldova\/\" \/>\n<meta property=\"og:image\" content=\"https:\/\/afam.md\/wp-content\/uploads\/2024\/10\/258604425_6662589223781900_6522703214656525687_n-fodqbj.tmp_.jpg\" \/>\n\t<meta property=\"og:image:width\" content=\"1755\" \/>\n\t<meta property=\"og:image:height\" content=\"2048\" \/>\n\t<meta property=\"og:image:type\" content=\"image\/jpeg\" \/>\n<meta name=\"twitter:card\" content=\"summary_large_image\" \/>\n<meta name=\"twitter:label1\" content=\"\u041f\u0440\u0438\u043c\u0435\u0440\u043d\u043e\u0435 \u0432\u0440\u0435\u043c\u044f \u0434\u043b\u044f \u0447\u0442\u0435\u043d\u0438\u044f\" \/>\n\t<meta name=\"twitter:data1\" content=\"1 \u043c\u0438\u043d\u0443\u0442\u0430\" \/>\n<script type=\"application\/ld+json\" class=\"yoast-schema-graph\">{\"@context\":\"https:\/\/schema.org\",\"@graph\":[{\"@type\":\"WebPage\",\"@id\":\"https:\/\/afam.md\/en\/event\/afam-partener-si-speaker-in-cadrul-evenimentului-pria-smes-conference-awards-republica-moldova\/\",\"url\":\"https:\/\/afam.md\/en\/event\/afam-partener-si-speaker-in-cadrul-evenimentului-pria-smes-conference-awards-republica-moldova\/\",\"name\":\"AFAM partener \u0219i speaker \u00een cadrul evenimentului Pria SMEs Conference &amp; Awards Republica Moldova - AFAM MD\",\"isPartOf\":{\"@id\":\"https:\/\/afam.md\/en\/#website\"},\"primaryImageOfPage\":{\"@id\":\"https:\/\/afam.md\/en\/event\/afam-partener-si-speaker-in-cadrul-evenimentului-pria-smes-conference-awards-republica-moldova\/#primaryimage\"},\"image\":{\"@id\":\"https:\/\/afam.md\/en\/event\/afam-partener-si-speaker-in-cadrul-evenimentului-pria-smes-conference-awards-republica-moldova\/#primaryimage\"},\"thumbnailUrl\":\"https:\/\/afam.md\/wp-content\/uploads\/2024\/10\/258604425_6662589223781900_6522703214656525687_n-fodqbj.tmp_.jpg\",\"datePublished\":\"2024-10-28T21:06:08+00:00\",\"breadcrumb\":{\"@id\":\"https:\/\/afam.md\/en\/event\/afam-partener-si-speaker-in-cadrul-evenimentului-pria-smes-conference-awards-republica-moldova\/#breadcrumb\"},\"inLanguage\":\"ru-RU\",\"potentialAction\":[{\"@type\":\"ReadAction\",\"target\":[\"https:\/\/afam.md\/en\/event\/afam-partener-si-speaker-in-cadrul-evenimentului-pria-smes-conference-awards-republica-moldova\/\"]}]},{\"@type\":\"ImageObject\",\"inLanguage\":\"ru-RU\",\"@id\":\"https:\/\/afam.md\/en\/event\/afam-partener-si-speaker-in-cadrul-evenimentului-pria-smes-conference-awards-republica-moldova\/#primaryimage\",\"url\":\"https:\/\/afam.md\/wp-content\/uploads\/2024\/10\/258604425_6662589223781900_6522703214656525687_n-fodqbj.tmp_.jpg\",\"contentUrl\":\"https:\/\/afam.md\/wp-content\/uploads\/2024\/10\/258604425_6662589223781900_6522703214656525687_n-fodqbj.tmp_.jpg\",\"width\":1755,\"height\":2048},{\"@type\":\"BreadcrumbList\",\"@id\":\"https:\/\/afam.md\/en\/event\/afam-partener-si-speaker-in-cadrul-evenimentului-pria-smes-conference-awards-republica-moldova\/#breadcrumb\",\"itemListElement\":[{\"@type\":\"ListItem\",\"position\":1,\"name\":\"\u0413\u043b\u0430\u0432\u043d\u0430\u044f\",\"item\":\"https:\/\/afam.md\/\"},{\"@type\":\"ListItem\",\"position\":2,\"name\":\"Events\",\"item\":\"https:\/\/afam.md\/en\/eventslist\/\"},{\"@type\":\"ListItem\",\"position\":3,\"name\":\"AFAM partener \u0219i speaker \u00een cadrul evenimentului Pria SMEs Conference &amp; Awards Republica Moldova\"}]},{\"@type\":\"WebSite\",\"@id\":\"https:\/\/afam.md\/en\/#website\",\"url\":\"https:\/\/afam.md\/en\/\",\"name\":\"AFAM MD\",\"description\":\"Asocia\u021bia Femeilor Antreprenoare Din Moldova\",\"publisher\":{\"@id\":\"https:\/\/afam.md\/en\/#organization\"},\"potentialAction\":[{\"@type\":\"SearchAction\",\"target\":{\"@type\":\"EntryPoint\",\"urlTemplate\":\"https:\/\/afam.md\/en\/?s={search_term_string}\"},\"query-input\":{\"@type\":\"PropertyValueSpecification\",\"valueRequired\":true,\"valueName\":\"search_term_string\"}}],\"inLanguage\":\"ru-RU\"},{\"@type\":\"Organization\",\"@id\":\"https:\/\/afam.md\/en\/#organization\",\"name\":\"Asocia\u021bia Femeilor Antreprenoare Din Moldova\",\"alternateName\":\"AFAM\",\"url\":\"https:\/\/afam.md\/en\/\",\"logo\":{\"@type\":\"ImageObject\",\"inLanguage\":\"ru-RU\",\"@id\":\"https:\/\/afam.md\/en\/#\/schema\/logo\/image\/\",\"url\":\"https:\/\/afam.md\/wp-content\/uploads\/2024\/11\/logo-blue.svg\",\"contentUrl\":\"https:\/\/afam.md\/wp-content\/uploads\/2024\/11\/logo-blue.svg\",\"width\":1874,\"height\":650,\"caption\":\"Asocia\u021bia Femeilor Antreprenoare Din Moldova\"},\"image\":{\"@id\":\"https:\/\/afam.md\/en\/#\/schema\/logo\/image\/\"},\"sameAs\":[\"https:\/\/www.facebook.com\/AFAMMoldova\/\",\"https:\/\/www.instagram.com\/afammoldova\/?hl=en\",\"https:\/\/md.linkedin.com\/in\/afam-moldova-285159174\"],\"email\":\"afammoldova@gmail.com\",\"telephone\":\"(+373) 76 767 670\",\"legalName\":\"Asocia\u021bia Femeilor Antreprenoare Din Moldova\",\"numberOfEmployees\":{\"@type\":\"QuantitativeValue\",\"minValue\":\"51\",\"maxValue\":\"200\"}}]}<\/script>\n<!-- \/ Yoast SEO Premium plugin. -->","yoast_head_json":{"title":"AFAM partener \u0219i speaker \u00een cadrul evenimentului Pria SMEs Conference &amp; Awards Republica Moldova - AFAM MD","robots":{"index":"index","follow":"follow","max-snippet":"max-snippet:-1","max-image-preview":"max-image-preview:large","max-video-preview":"max-video-preview:-1"},"canonical":"https:\/\/afam.md\/ru\/event\/afam-partener-si-speaker-in-cadrul-evenimentului-pria-smes-conference-awards-republica-moldova\/","og_locale":"ru_RU","og_type":"article","og_title":"AFAM partener \u0219i speaker \u00een cadrul evenimentului Pria SMEs Conference &amp; Awards Republica Moldova","og_description":"Urmeaz\u0103 un eveniment excep\u021bional Pria SMEs Conference&amp;Awards Republica Moldova, care va avea loc pe 18 noiembrie 2021, ora 10.30, \u00een format online, organizat \u00een parteneriat cu PRIAevents. Evenimentul dat reprezint\u0103 [&hellip;]","og_url":"https:\/\/afam.md\/ru\/event\/afam-partener-si-speaker-in-cadrul-evenimentului-pria-smes-conference-awards-republica-moldova\/","og_site_name":"AFAM MD","article_publisher":"https:\/\/www.facebook.com\/AFAMMoldova\/","og_image":[{"width":1755,"height":2048,"url":"https:\/\/afam.md\/wp-content\/uploads\/2024\/10\/258604425_6662589223781900_6522703214656525687_n-fodqbj.tmp_.jpg","type":"image\/jpeg"}],"twitter_card":"summary_large_image","twitter_misc":{"\u041f\u0440\u0438\u043c\u0435\u0440\u043d\u043e\u0435 \u0432\u0440\u0435\u043c\u044f \u0434\u043b\u044f \u0447\u0442\u0435\u043d\u0438\u044f":"1 \u043c\u0438\u043d\u0443\u0442\u0430"},"schema":{"@context":"https:\/\/schema.org","@graph":[{"@type":"WebPage","@id":"https:\/\/afam.md\/en\/event\/afam-partener-si-speaker-in-cadrul-evenimentului-pria-smes-conference-awards-republica-moldova\/","url":"https:\/\/afam.md\/en\/event\/afam-partener-si-speaker-in-cadrul-evenimentului-pria-smes-conference-awards-republica-moldova\/","name":"AFAM partener \u0219i speaker \u00een cadrul evenimentului Pria SMEs Conference &amp; Awards Republica Moldova - AFAM MD","isPartOf":{"@id":"https:\/\/afam.md\/en\/#website"},"primaryImageOfPage":{"@id":"https:\/\/afam.md\/en\/event\/afam-partener-si-speaker-in-cadrul-evenimentului-pria-smes-conference-awards-republica-moldova\/#primaryimage"},"image":{"@id":"https:\/\/afam.md\/en\/event\/afam-partener-si-speaker-in-cadrul-evenimentului-pria-smes-conference-awards-republica-moldova\/#primaryimage"},"thumbnailUrl":"https:\/\/afam.md\/wp-content\/uploads\/2024\/10\/258604425_6662589223781900_6522703214656525687_n-fodqbj.tmp_.jpg","datePublished":"2024-10-28T21:06:08+00:00","breadcrumb":{"@id":"https:\/\/afam.md\/en\/event\/afam-partener-si-speaker-in-cadrul-evenimentului-pria-smes-conference-awards-republica-moldova\/#breadcrumb"},"inLanguage":"ru-RU","potentialAction":[{"@type":"ReadAction","target":["https:\/\/afam.md\/en\/event\/afam-partener-si-speaker-in-cadrul-evenimentului-pria-smes-conference-awards-republica-moldova\/"]}]},{"@type":"ImageObject","inLanguage":"ru-RU","@id":"https:\/\/afam.md\/en\/event\/afam-partener-si-speaker-in-cadrul-evenimentului-pria-smes-conference-awards-republica-moldova\/#primaryimage","url":"https:\/\/afam.md\/wp-content\/uploads\/2024\/10\/258604425_6662589223781900_6522703214656525687_n-fodqbj.tmp_.jpg","contentUrl":"https:\/\/afam.md\/wp-content\/uploads\/2024\/10\/258604425_6662589223781900_6522703214656525687_n-fodqbj.tmp_.jpg","width":1755,"height":2048},{"@type":"BreadcrumbList","@id":"https:\/\/afam.md\/en\/event\/afam-partener-si-speaker-in-cadrul-evenimentului-pria-smes-conference-awards-republica-moldova\/#breadcrumb","itemListElement":[{"@type":"ListItem","position":1,"name":"\u0413\u043b\u0430\u0432\u043d\u0430\u044f","item":"https:\/\/afam.md\/"},{"@type":"ListItem","position":2,"name":"Events","item":"https:\/\/afam.md\/en\/eventslist\/"},{"@type":"ListItem","position":3,"name":"AFAM partener \u0219i speaker \u00een cadrul evenimentului Pria SMEs Conference &amp; Awards Republica Moldova"}]},{"@type":"WebSite","@id":"https:\/\/afam.md\/en\/#website","url":"https:\/\/afam.md\/en\/","name":"AFAM MD","description":"Asocia\u021bia Femeilor Antreprenoare Din Moldova","publisher":{"@id":"https:\/\/afam.md\/en\/#organization"},"potentialAction":[{"@type":"SearchAction","target":{"@type":"EntryPoint","urlTemplate":"https:\/\/afam.md\/en\/?s={search_term_string}"},"query-input":{"@type":"PropertyValueSpecification","valueRequired":true,"valueName":"search_term_string"}}],"inLanguage":"ru-RU"},{"@type":"Organization","@id":"https:\/\/afam.md\/en\/#organization","name":"Asocia\u021bia Femeilor Antreprenoare Din Moldova","alternateName":"AFAM","url":"https:\/\/afam.md\/en\/","logo":{"@type":"ImageObject","inLanguage":"ru-RU","@id":"https:\/\/afam.md\/en\/#\/schema\/logo\/image\/","url":"https:\/\/afam.md\/wp-content\/uploads\/2024\/11\/logo-blue.svg","contentUrl":"https:\/\/afam.md\/wp-content\/uploads\/2024\/11\/logo-blue.svg","width":1874,"height":650,"caption":"Asocia\u021bia Femeilor Antreprenoare Din Moldova"},"image":{"@id":"https:\/\/afam.md\/en\/#\/schema\/logo\/image\/"},"sameAs":["https:\/\/www.facebook.com\/AFAMMoldova\/","https:\/\/www.instagram.com\/afammoldova\/?hl=en","https:\/\/md.linkedin.com\/in\/afam-moldova-285159174"],"email":"afammoldova@gmail.com","telephone":"(+373) 76 767 670","legalName":"Asocia\u021bia Femeilor Antreprenoare Din Moldova","numberOfEmployees":{"@type":"QuantitativeValue","minValue":"51","maxValue":"200"}}]}},"_links":{"self":[{"href":"https:\/\/afam.md\/ru\/wp-json\/wp\/v2\/tribe_events\/92132","targetHints":{"allow":["GET"]}}],"collection":[{"href":"https:\/\/afam.md\/ru\/wp-json\/wp\/v2\/tribe_events"}],"about":[{"href":"https:\/\/afam.md\/ru\/wp-json\/wp\/v2\/types\/tribe_events"}],"author":[{"embeddable":true,"href":"https:\/\/afam.md\/ru\/wp-json\/wp\/v2\/users\/1"}],"version-history":[{"count":0,"href":"https:\/\/afam.md\/ru\/wp-json\/wp\/v2\/tribe_events\/92132\/revisions"}],"wp:featuredmedia":[{"embeddable":true,"href":"https:\/\/afam.md\/ru\/wp-json\/wp\/v2\/media\/92133"}],"wp:attachment":[{"href":"https:\/\/afam.md\/ru\/wp-json\/wp\/v2\/media?parent=92132"}],"wp:term":[{"taxonomy":"post_tag","embeddable":true,"href":"https:\/\/afam.md\/ru\/wp-json\/wp\/v2\/tags?post=92132"},{"taxonomy":"tribe_events_cat","embeddable":true,"href":"https:\/\/afam.md\/ru\/wp-json\/wp\/v2\/tribe_events_cat?post=92132"}],"curies":[{"name":"wp","href":"https:\/\/api.w.org\/{rel}","templated":true}]}}