{"id":92135,"date":"2024-10-28T23:06:41","date_gmt":"2024-10-28T21:06:41","guid":{"rendered":"https:\/\/afam.md\/event\/ina-rusu-al-treilea-copil-l-am-nascut-practic-in-fabrica\/"},"modified":"2024-10-28T23:06:41","modified_gmt":"2024-10-28T21:06:41","slug":"ina-rusu-al-treilea-copil-l-am-nascut-practic-in-fabrica","status":"publish","type":"tribe_events","link":"https:\/\/afam.md\/ru\/event\/ina-rusu-al-treilea-copil-l-am-nascut-practic-in-fabrica\/","title":{"rendered":"Ina Rusu: \u201eAl treilea copil l-am n\u0103scut, practic, \u00een fabric\u0103\u201d"},"content":{"rendered":"<p>\u00cen 2014, aveam 36 de ani, dintre care 10 lucra\u021bi \u00een contabilitate, \u0219i eram \u00een concediu de maternitate cu al doilea copil. Am fost mereu activ\u0103, a\u0219a c\u0103 atunci c\u00e2nd am r\u0103mas \u00eens\u0103rcinat\u0103, nu-mi imaginam s\u0103 stau acas\u0103 \u0219i s\u0103 nu fac nimic. L-am b\u0103tut la cap pe so\u021bul meu s\u0103 m\u0103 ajute s\u0103 deschid o alimentar\u0103 l\u00e2ng\u0103 cas\u0103. Nu am avut mult timp acest magazin. Apoi m-am apucat s\u0103 fac m\u0103r\u021bi\u0219oare handmade. La primul copil am stat acas\u0103 7 luni \u0219i apoi am ie\u0219it la lucru. Cu al doilea copil am stat mai mult acas\u0103 pentru c\u0103 mi-am descoperit pasiunea.<br \/>\n<img loading=\"lazy\" decoding=\"async\" width=\"2560\" height=\"1707\" class=\"alignnone wp-image-7416 size-full\" src=\"https:\/\/afam.md\/wp-content\/uploads\/2024\/10\/IRusu2-1-scaled-1.jpg\" \/><\/p>\n<p>\u00cenceputul a fost interesant. Mi-a venit ideea s\u0103-mi iau o ma\u0219in\u0103 de cusut. So\u021bul m\u0103 \u00eentreba ce s\u0103 fac cu ea, dac\u0103 eu nu \u0219tiu a coase. Zic \u201eLas\u2019 s\u0103 fie!\u201d. La magazin, v\u00e2nz\u0103toarea \u00eemi zice c\u0103 dac\u0103 iau ma\u0219in\u0103 de cusut, \u00eemi trebuie \u0219i surfilator. Nici nu \u0219tiam ce-i asta, dar mi-am luat surfilator. Am ajuns cu ele acas\u0103 \u0219i zic \u201eNu \u0219tiu ce s\u0103 fac cu astea\u201d. Am c\u0103utat cursuri, dar am \u00eenv\u0103\u021bat mai multe online. Am transformat apartamentul nostru cu dou\u0103 od\u0103i \u00eentr-un atelier. Am \u00eenceput s\u0103 cos pentru mine, pentru feti\u021b\u0103, pentru vecini. Am ajuns s\u0103 cos \u0219i rochii de mireas\u0103.<\/p>\n<p>C\u00e2nd f\u0103ceam cursurile de croitorie, so\u021bul venea acas\u0103, la pr\u00e2nz, \u0219i st\u0103tea cu feti\u021ba. El era cel care lucra \u0219i aducea bani acas\u0103. Ceea ce f\u0103ceam eu era doar hobby de maternitate \u0219i banii pe care-i f\u0103ceam erau ai mei, el nu m\u0103 \u00eentreba nimic \u0219i nu-mi repro\u0219a.<\/p>\n<p><img decoding=\"async\" class=\"alignnone wp-image-7417 size-full\" src=\"https:\/\/afam.md\/wp-content\/uploads\/2024\/09\/IRusu5-2-scaled-2.jpg\" \/><\/p>\n<p>Apoi, am \u00eenceput s\u0103 cos rochii \u00een mai multe exemplare. Dup\u0103 ce am postat c\u00e2teva fotografii online, o doamn\u0103 m-a \u00eentrebat dac\u0103 vreau s\u0103 le dau la v\u00e2nzare \u00een buticul ei. C\u00e2nd am v\u0103zut cu c\u00e2t le vindea, nu mi-a venit s\u0103 cred! Era un pre\u021b de 3-4 ori mai mare dec\u00e2t cel pe care i-l d\u0103deam eu.<\/p>\n<p>Asta se \u00eent\u00e2mpla \u00een august 2014. Tot atunci am primit propunerea de a reveni la Spitalul Republican \u00een func\u021bia de contabil\u0103-\u0219ef\u0103. Am refuzat \u00een favoarea pasiunii mele pentru cusut. \u00cen ziua c\u00e2nd am v\u0103zut cum se vindeau h\u0103inu\u021bele mele, am decis s\u0103 \u00eencerc eu, pe cont propriu, s\u0103 le v\u00e2nd. Ast\u0103zi am 77 de lucr\u0103tori, un atelier de 800 m.p. \u00een Chi\u0219in\u0103u, \u0219i altul la Rezina, \u00een satul de ba\u0219tin\u0103 al so\u021bului.<\/p>\n<p>\u00cen aceast\u0103 perioad\u0103 am dat cu capul de pere\u021bi de ulte ori p\u00e2n\u0103 am \u00een\u021beles c\u0103 este o u\u0219\u0103 pe care po\u021bi intra. Istoria mea se bazeaz\u0103 mai mult pe intui\u021bie, pe sentimente, pe ceea ce am sim\u021bit. \u00cen afar\u0103 de so\u021bul meu, nimeni nu a fost l\u00e2ng\u0103 mine. Dar eu pur \u0219i simplu am \u0219tiut c\u0103 va merge! Eu voiam s\u0103 cos, voiam ca rochiile mele s\u0103 fie peste tot. \u0218tiam concret ce vreau s\u0103 fac.<\/p>\n<p>Al treilea copil l-am n\u0103scut, practic, \u00een fabric\u0103. Peste o s\u0103pt\u0103m\u00e2n\u0103 de la na\u0219tere am revenit \u00een fabric\u0103, la lucru. Dac\u0103 dore\u0219ti, faci. Femeia trebuie s\u0103 aib\u0103 dorin\u021b\u0103 \u0219i va reu\u0219i. Trebuie s\u0103 mergi \u00eenainte. Perseveren\u021ba asta s-a dezvoltat o dat\u0103 cu mine. Dac\u0103 te apuci s\u0103 faci ceva, doar pentru bani, nu te apuca. F\u0103 ce faci pentru satisfac\u021bia proprie, iar banii vor veni ca un bonus. Eu c\u00e2nd fac o rochie \u0219i iese ce mi-am dorit, n-ave\u021bi idee ce satisfac\u021bie am. Nu pot explica \u00een cuvinte.<\/p>\n<p><strong>Ina Rusu este fondatoarea \u201eVestiti\u201d, un brand autohton de haine pentru copii \u0219i uniforme \u0219colare. <\/strong><\/p>\n","protected":false},"excerpt":{"rendered":"<p>\u00cen 2014, aveam 36 de ani, dintre care 10 lucra\u021bi \u00een contabilitate, \u0219i eram \u00een concediu de maternitate cu al doilea copil. Am fost mereu activ\u0103, a\u0219a c\u0103 atunci c\u00e2nd [&hellip;]<\/p>\n","protected":false},"author":1,"featured_media":92136,"template":"","meta":{"_EventAllDay":false,"_EventTimezone":"Europe\/Chisinau","_EventStartDate":"2023-02-07 07:16:00","_EventEndDate":"2023-02-07 07:16:00","_EventStartDateUTC":"2023-02-07 05:16:00","_EventEndDateUTC":"2023-02-07 05:16:00","_EventShowMap":false,"_EventShowMapLink":false,"_EventURL":"","_EventCost":"","_EventCostDescription":"","_EventCurrencySymbol":"","_EventCurrencyCode":"","_EventCurrencyPosition":"prefix","_EventDateTimeSeparator":"","_EventTimeRangeSeparator":"","_EventOrganizerID":[],"_EventVenueID":[],"_OrganizerEmail":"","_OrganizerPhone":"","_OrganizerWebsite":"","_VenueAddress":"","_VenueCity":"","_VenueCountry":"","_VenueProvince":"","_VenueState":"","_VenueZip":"","_VenuePhone":"","_VenueURL":"","_VenueStateProvince":"","_VenueLat":"","_VenueLng":"","_VenueShowMap":false,"_VenueShowMapLink":false,"_tribe_events_status":"","_tribe_events_status_reason":"","footnotes":""},"tags":[],"tribe_events_cat":[431],"class_list":["post-92135","tribe_events","type-tribe_events","status-publish","has-post-thumbnail","hentry","tribe_events_cat-evenimente","cat_evenimente"],"yoast_head":"<!-- This site is optimized with the Yoast SEO Premium plugin v23.8 (Yoast SEO v25.1) - https:\/\/yoast.com\/wordpress\/plugins\/seo\/ -->\n<title>Ina Rusu: \u201eAl treilea copil l-am n\u0103scut, practic, \u00een fabric\u0103\u201d - AFAM MD<\/title>\n<meta name=\"robots\" content=\"index, follow, max-snippet:-1, max-image-preview:large, max-video-preview:-1\" \/>\n<link rel=\"canonical\" href=\"https:\/\/afam.md\/ru\/event\/ina-rusu-al-treilea-copil-l-am-nascut-practic-in-fabrica\/\" \/>\n<meta property=\"og:locale\" content=\"ru_RU\" \/>\n<meta property=\"og:type\" content=\"article\" \/>\n<meta property=\"og:title\" content=\"Ina Rusu: \u201eAl treilea copil l-am n\u0103scut, practic, \u00een fabric\u0103\u201d\" \/>\n<meta property=\"og:description\" content=\"\u00cen 2014, aveam 36 de ani, dintre care 10 lucra\u021bi \u00een contabilitate, \u0219i eram \u00een concediu de maternitate cu al doilea copil. Am fost mereu activ\u0103, a\u0219a c\u0103 atunci c\u00e2nd [&hellip;]\" \/>\n<meta property=\"og:url\" content=\"https:\/\/afam.md\/ru\/event\/ina-rusu-al-treilea-copil-l-am-nascut-practic-in-fabrica\/\" \/>\n<meta property=\"og:site_name\" content=\"AFAM MD\" \/>\n<meta property=\"article:publisher\" content=\"https:\/\/www.facebook.com\/AFAMMoldova\/\" \/>\n<meta property=\"og:image\" content=\"https:\/\/afam.md\/wp-content\/uploads\/2024\/10\/IRusu5-2-scaled-2-TLinA4.tmp_.jpg\" \/>\n\t<meta property=\"og:image:width\" content=\"2560\" \/>\n\t<meta property=\"og:image:height\" content=\"1707\" \/>\n\t<meta property=\"og:image:type\" content=\"image\/jpeg\" \/>\n<meta name=\"twitter:card\" content=\"summary_large_image\" \/>\n<meta name=\"twitter:label1\" content=\"\u041f\u0440\u0438\u043c\u0435\u0440\u043d\u043e\u0435 \u0432\u0440\u0435\u043c\u044f \u0434\u043b\u044f \u0447\u0442\u0435\u043d\u0438\u044f\" \/>\n\t<meta name=\"twitter:data1\" content=\"3 \u043c\u0438\u043d\u0443\u0442\u044b\" \/>\n<script type=\"application\/ld+json\" class=\"yoast-schema-graph\">{\"@context\":\"https:\/\/schema.org\",\"@graph\":[{\"@type\":\"WebPage\",\"@id\":\"https:\/\/afam.md\/en\/event\/ina-rusu-al-treilea-copil-l-am-nascut-practic-in-fabrica\/\",\"url\":\"https:\/\/afam.md\/en\/event\/ina-rusu-al-treilea-copil-l-am-nascut-practic-in-fabrica\/\",\"name\":\"Ina Rusu: \u201eAl treilea copil l-am n\u0103scut, practic, \u00een fabric\u0103\u201d - AFAM MD\",\"isPartOf\":{\"@id\":\"https:\/\/afam.md\/en\/#website\"},\"primaryImageOfPage\":{\"@id\":\"https:\/\/afam.md\/en\/event\/ina-rusu-al-treilea-copil-l-am-nascut-practic-in-fabrica\/#primaryimage\"},\"image\":{\"@id\":\"https:\/\/afam.md\/en\/event\/ina-rusu-al-treilea-copil-l-am-nascut-practic-in-fabrica\/#primaryimage\"},\"thumbnailUrl\":\"https:\/\/afam.md\/wp-content\/uploads\/2024\/10\/IRusu5-2-scaled-2-TLinA4.tmp_.jpg\",\"datePublished\":\"2024-10-28T21:06:41+00:00\",\"breadcrumb\":{\"@id\":\"https:\/\/afam.md\/en\/event\/ina-rusu-al-treilea-copil-l-am-nascut-practic-in-fabrica\/#breadcrumb\"},\"inLanguage\":\"ru-RU\",\"potentialAction\":[{\"@type\":\"ReadAction\",\"target\":[\"https:\/\/afam.md\/en\/event\/ina-rusu-al-treilea-copil-l-am-nascut-practic-in-fabrica\/\"]}]},{\"@type\":\"ImageObject\",\"inLanguage\":\"ru-RU\",\"@id\":\"https:\/\/afam.md\/en\/event\/ina-rusu-al-treilea-copil-l-am-nascut-practic-in-fabrica\/#primaryimage\",\"url\":\"https:\/\/afam.md\/wp-content\/uploads\/2024\/10\/IRusu5-2-scaled-2-TLinA4.tmp_.jpg\",\"contentUrl\":\"https:\/\/afam.md\/wp-content\/uploads\/2024\/10\/IRusu5-2-scaled-2-TLinA4.tmp_.jpg\",\"width\":2560,\"height\":1707},{\"@type\":\"BreadcrumbList\",\"@id\":\"https:\/\/afam.md\/en\/event\/ina-rusu-al-treilea-copil-l-am-nascut-practic-in-fabrica\/#breadcrumb\",\"itemListElement\":[{\"@type\":\"ListItem\",\"position\":1,\"name\":\"\u0413\u043b\u0430\u0432\u043d\u0430\u044f\",\"item\":\"https:\/\/afam.md\/\"},{\"@type\":\"ListItem\",\"position\":2,\"name\":\"Events\",\"item\":\"https:\/\/afam.md\/en\/eventslist\/\"},{\"@type\":\"ListItem\",\"position\":3,\"name\":\"Ina Rusu: \u201eAl treilea copil l-am n\u0103scut, practic, \u00een fabric\u0103\u201d\"}]},{\"@type\":\"WebSite\",\"@id\":\"https:\/\/afam.md\/en\/#website\",\"url\":\"https:\/\/afam.md\/en\/\",\"name\":\"AFAM MD\",\"description\":\"Asocia\u021bia Femeilor Antreprenoare Din Moldova\",\"publisher\":{\"@id\":\"https:\/\/afam.md\/en\/#organization\"},\"potentialAction\":[{\"@type\":\"SearchAction\",\"target\":{\"@type\":\"EntryPoint\",\"urlTemplate\":\"https:\/\/afam.md\/en\/?s={search_term_string}\"},\"query-input\":{\"@type\":\"PropertyValueSpecification\",\"valueRequired\":true,\"valueName\":\"search_term_string\"}}],\"inLanguage\":\"ru-RU\"},{\"@type\":\"Organization\",\"@id\":\"https:\/\/afam.md\/en\/#organization\",\"name\":\"Asocia\u021bia Femeilor Antreprenoare Din Moldova\",\"alternateName\":\"AFAM\",\"url\":\"https:\/\/afam.md\/en\/\",\"logo\":{\"@type\":\"ImageObject\",\"inLanguage\":\"ru-RU\",\"@id\":\"https:\/\/afam.md\/en\/#\/schema\/logo\/image\/\",\"url\":\"https:\/\/afam.md\/wp-content\/uploads\/2024\/11\/logo-blue.svg\",\"contentUrl\":\"https:\/\/afam.md\/wp-content\/uploads\/2024\/11\/logo-blue.svg\",\"width\":1874,\"height\":650,\"caption\":\"Asocia\u021bia Femeilor Antreprenoare Din Moldova\"},\"image\":{\"@id\":\"https:\/\/afam.md\/en\/#\/schema\/logo\/image\/\"},\"sameAs\":[\"https:\/\/www.facebook.com\/AFAMMoldova\/\",\"https:\/\/www.instagram.com\/afammoldova\/?hl=en\",\"https:\/\/md.linkedin.com\/in\/afam-moldova-285159174\"],\"email\":\"afammoldova@gmail.com\",\"telephone\":\"(+373) 76 767 670\",\"legalName\":\"Asocia\u021bia Femeilor Antreprenoare Din Moldova\",\"numberOfEmployees\":{\"@type\":\"QuantitativeValue\",\"minValue\":\"51\",\"maxValue\":\"200\"}}]}<\/script>\n<!-- \/ Yoast SEO Premium plugin. -->","yoast_head_json":{"title":"Ina Rusu: \u201eAl treilea copil l-am n\u0103scut, practic, \u00een fabric\u0103\u201d - AFAM MD","robots":{"index":"index","follow":"follow","max-snippet":"max-snippet:-1","max-image-preview":"max-image-preview:large","max-video-preview":"max-video-preview:-1"},"canonical":"https:\/\/afam.md\/ru\/event\/ina-rusu-al-treilea-copil-l-am-nascut-practic-in-fabrica\/","og_locale":"ru_RU","og_type":"article","og_title":"Ina Rusu: \u201eAl treilea copil l-am n\u0103scut, practic, \u00een fabric\u0103\u201d","og_description":"\u00cen 2014, aveam 36 de ani, dintre care 10 lucra\u021bi \u00een contabilitate, \u0219i eram \u00een concediu de maternitate cu al doilea copil. Am fost mereu activ\u0103, a\u0219a c\u0103 atunci c\u00e2nd [&hellip;]","og_url":"https:\/\/afam.md\/ru\/event\/ina-rusu-al-treilea-copil-l-am-nascut-practic-in-fabrica\/","og_site_name":"AFAM MD","article_publisher":"https:\/\/www.facebook.com\/AFAMMoldova\/","og_image":[{"width":2560,"height":1707,"url":"https:\/\/afam.md\/wp-content\/uploads\/2024\/10\/IRusu5-2-scaled-2-TLinA4.tmp_.jpg","type":"image\/jpeg"}],"twitter_card":"summary_large_image","twitter_misc":{"\u041f\u0440\u0438\u043c\u0435\u0440\u043d\u043e\u0435 \u0432\u0440\u0435\u043c\u044f \u0434\u043b\u044f \u0447\u0442\u0435\u043d\u0438\u044f":"3 \u043c\u0438\u043d\u0443\u0442\u044b"},"schema":{"@context":"https:\/\/schema.org","@graph":[{"@type":"WebPage","@id":"https:\/\/afam.md\/en\/event\/ina-rusu-al-treilea-copil-l-am-nascut-practic-in-fabrica\/","url":"https:\/\/afam.md\/en\/event\/ina-rusu-al-treilea-copil-l-am-nascut-practic-in-fabrica\/","name":"Ina Rusu: \u201eAl treilea copil l-am n\u0103scut, practic, \u00een fabric\u0103\u201d - AFAM MD","isPartOf":{"@id":"https:\/\/afam.md\/en\/#website"},"primaryImageOfPage":{"@id":"https:\/\/afam.md\/en\/event\/ina-rusu-al-treilea-copil-l-am-nascut-practic-in-fabrica\/#primaryimage"},"image":{"@id":"https:\/\/afam.md\/en\/event\/ina-rusu-al-treilea-copil-l-am-nascut-practic-in-fabrica\/#primaryimage"},"thumbnailUrl":"https:\/\/afam.md\/wp-content\/uploads\/2024\/10\/IRusu5-2-scaled-2-TLinA4.tmp_.jpg","datePublished":"2024-10-28T21:06:41+00:00","breadcrumb":{"@id":"https:\/\/afam.md\/en\/event\/ina-rusu-al-treilea-copil-l-am-nascut-practic-in-fabrica\/#breadcrumb"},"inLanguage":"ru-RU","potentialAction":[{"@type":"ReadAction","target":["https:\/\/afam.md\/en\/event\/ina-rusu-al-treilea-copil-l-am-nascut-practic-in-fabrica\/"]}]},{"@type":"ImageObject","inLanguage":"ru-RU","@id":"https:\/\/afam.md\/en\/event\/ina-rusu-al-treilea-copil-l-am-nascut-practic-in-fabrica\/#primaryimage","url":"https:\/\/afam.md\/wp-content\/uploads\/2024\/10\/IRusu5-2-scaled-2-TLinA4.tmp_.jpg","contentUrl":"https:\/\/afam.md\/wp-content\/uploads\/2024\/10\/IRusu5-2-scaled-2-TLinA4.tmp_.jpg","width":2560,"height":1707},{"@type":"BreadcrumbList","@id":"https:\/\/afam.md\/en\/event\/ina-rusu-al-treilea-copil-l-am-nascut-practic-in-fabrica\/#breadcrumb","itemListElement":[{"@type":"ListItem","position":1,"name":"\u0413\u043b\u0430\u0432\u043d\u0430\u044f","item":"https:\/\/afam.md\/"},{"@type":"ListItem","position":2,"name":"Events","item":"https:\/\/afam.md\/en\/eventslist\/"},{"@type":"ListItem","position":3,"name":"Ina Rusu: \u201eAl treilea copil l-am n\u0103scut, practic, \u00een fabric\u0103\u201d"}]},{"@type":"WebSite","@id":"https:\/\/afam.md\/en\/#website","url":"https:\/\/afam.md\/en\/","name":"AFAM MD","description":"Asocia\u021bia Femeilor Antreprenoare Din Moldova","publisher":{"@id":"https:\/\/afam.md\/en\/#organization"},"potentialAction":[{"@type":"SearchAction","target":{"@type":"EntryPoint","urlTemplate":"https:\/\/afam.md\/en\/?s={search_term_string}"},"query-input":{"@type":"PropertyValueSpecification","valueRequired":true,"valueName":"search_term_string"}}],"inLanguage":"ru-RU"},{"@type":"Organization","@id":"https:\/\/afam.md\/en\/#organization","name":"Asocia\u021bia Femeilor Antreprenoare Din Moldova","alternateName":"AFAM","url":"https:\/\/afam.md\/en\/","logo":{"@type":"ImageObject","inLanguage":"ru-RU","@id":"https:\/\/afam.md\/en\/#\/schema\/logo\/image\/","url":"https:\/\/afam.md\/wp-content\/uploads\/2024\/11\/logo-blue.svg","contentUrl":"https:\/\/afam.md\/wp-content\/uploads\/2024\/11\/logo-blue.svg","width":1874,"height":650,"caption":"Asocia\u021bia Femeilor Antreprenoare Din Moldova"},"image":{"@id":"https:\/\/afam.md\/en\/#\/schema\/logo\/image\/"},"sameAs":["https:\/\/www.facebook.com\/AFAMMoldova\/","https:\/\/www.instagram.com\/afammoldova\/?hl=en","https:\/\/md.linkedin.com\/in\/afam-moldova-285159174"],"email":"afammoldova@gmail.com","telephone":"(+373) 76 767 670","legalName":"Asocia\u021bia Femeilor Antreprenoare Din Moldova","numberOfEmployees":{"@type":"QuantitativeValue","minValue":"51","maxValue":"200"}}]}},"_links":{"self":[{"href":"https:\/\/afam.md\/ru\/wp-json\/wp\/v2\/tribe_events\/92135","targetHints":{"allow":["GET"]}}],"collection":[{"href":"https:\/\/afam.md\/ru\/wp-json\/wp\/v2\/tribe_events"}],"about":[{"href":"https:\/\/afam.md\/ru\/wp-json\/wp\/v2\/types\/tribe_events"}],"author":[{"embeddable":true,"href":"https:\/\/afam.md\/ru\/wp-json\/wp\/v2\/users\/1"}],"version-history":[{"count":0,"href":"https:\/\/afam.md\/ru\/wp-json\/wp\/v2\/tribe_events\/92135\/revisions"}],"wp:featuredmedia":[{"embeddable":true,"href":"https:\/\/afam.md\/ru\/wp-json\/wp\/v2\/media\/92136"}],"wp:attachment":[{"href":"https:\/\/afam.md\/ru\/wp-json\/wp\/v2\/media?parent=92135"}],"wp:term":[{"taxonomy":"post_tag","embeddable":true,"href":"https:\/\/afam.md\/ru\/wp-json\/wp\/v2\/tags?post=92135"},{"taxonomy":"tribe_events_cat","embeddable":true,"href":"https:\/\/afam.md\/ru\/wp-json\/wp\/v2\/tribe_events_cat?post=92135"}],"curies":[{"name":"wp","href":"https:\/\/api.w.org\/{rel}","templated":true}]}}