{"id":92142,"date":"2024-10-28T23:06:45","date_gmt":"2024-10-28T21:06:45","guid":{"rendered":"https:\/\/afam.md\/event\/refugiate-din-ucraina-au-vizitat-compania-moldcell\/"},"modified":"2024-10-28T23:06:45","modified_gmt":"2024-10-28T21:06:45","slug":"refugiate-din-ucraina-au-vizitat-compania-moldcell","status":"publish","type":"tribe_events","link":"https:\/\/afam.md\/ru\/event\/refugiate-din-ucraina-au-vizitat-compania-moldcell\/","title":{"rendered":"Refugiate din Ucraina au vizitat compania Moldcell"},"content":{"rendered":"<p>Mai multe despre oportunit\u0103\u021bi de angajare dar \u0219i despre activitatea companiei interna\u021bionale de telecomunica\u021bii Moldcell, refugiatele din Ucraina au putut afla s\u00e2mb\u0103t\u0103 13 mai, 2023 \u00een cadrul unei vizite organizate de AFAM \u00een cadrul proiectului \u201eAbilitarea femeilor afectate de crize pentru o societate mai bogat\u0103 \u015fi mai stabil\u0103\u201d, implementat de CNTM \u00een parteneriat cu AFAM,\u00a0 cu sus\u021binerea UN Women, s\u0326i finan\u021bat de Fondul Femeilor pentru Pace s\u0326i Asisten\u021ba\u0306 Umanitara\u0306.<br \/>\nAceasta este a doua vizit\u0103 de acest gen, femeile refugiate av\u00e2nd ocazia, \u00een cadrul proiectului s\u0103 mearg\u0103 la \u00eentreprinderea Grupul \u201dBM\u201d din Moldova. Oportunitatea de a afla mai multe despre posibilitatea de integrare\u00a0 \u00een societatea din Moldova este foarte bine venit\u0103, spun refugiatele.<\/p>\n<p><img decoding=\"async\" class=\"alignnone size-full wp-image-7692\" src=\"https:\/\/afam.md\/wp-content\/uploads\/2024\/09\/IMG_6963-scaled-2.jpg\" \/> <img loading=\"lazy\" decoding=\"async\" width=\"2560\" height=\"1707\" class=\"alignnone size-medium wp-image-7691\" src=\"https:\/\/afam.md\/wp-content\/uploads\/2024\/10\/IMG_6962-scaled-1.jpg\" \/> <img loading=\"lazy\" decoding=\"async\" width=\"2560\" height=\"1707\" class=\"alignnone size-medium wp-image-7690\" src=\"https:\/\/afam.md\/wp-content\/uploads\/2024\/10\/IMG_6960-scaled-1.jpg\" \/> <img loading=\"lazy\" decoding=\"async\" width=\"2560\" height=\"1707\" class=\"alignnone size-medium wp-image-7689\" src=\"https:\/\/afam.md\/wp-content\/uploads\/2024\/10\/IMG_6959-scaled-1.jpg\" \/> <img loading=\"lazy\" decoding=\"async\" width=\"2560\" height=\"1707\" class=\"alignnone size-medium wp-image-7688\" src=\"https:\/\/afam.md\/wp-content\/uploads\/2024\/10\/IMG_6956-scaled-1.jpg\" \/> <img loading=\"lazy\" decoding=\"async\" width=\"2560\" height=\"1707\" class=\"alignnone size-medium wp-image-7687\" src=\"https:\/\/afam.md\/wp-content\/uploads\/2024\/10\/IMG_6950-scaled-1.jpg\" \/> <img decoding=\"async\" class=\"alignnone size-full wp-image-7686\" src=\"https:\/\/afam.md\/wp-content\/uploads\/2024\/09\/IMG_6947-scaled-2.jpg\" \/><\/p>\n<p>\u201dAceste vizite mi-au ar\u0103tat c\u0103 femeile antreprenoare din\u00a0 Moldova sunt foarte active, chiar mai active de c\u00e2t b\u0103rba\u021bii\u201d, mai \u00een glum\u0103 mai \u00een serios spune Oxana, o refugiat\u0103 din Odesa. \u201dMulte din exemplele de succes despre care am aflat de la femeile antreprenoare, doamne cu func\u021bii de conducere, inspir\u0103 \u0219i m\u0103 fac s\u0103 g\u00e2ndesc c\u0103 \u0219i eu pot\u201d, mai adaug\u0103 femeia.<\/p>\n<p>\u0218i pentru refugiata din Ucraina, Larisa vizita la Moldcell \u00eenseam\u0103 o oportunitate de a afla din prima surs\u0103 despre cum \u0219i unde \u00ee\u0219i poate g\u0103si un loc de munc\u0103. \u201dSunt \u00een Moldova deja de un an.\u00a0 Copiii mei merg aici la \u0219coal\u0103. De formare sunt contabil\u0103, e ceea ce f\u0103ceam acas\u0103, dar\u00a0 vreau s\u0103 m\u0103 reprofilez ca s\u0103 pot s\u0103 c\u00e2\u0219tig un salariu decent \u00een Moldova, \u0219i sper c\u0103 aceste vizite m\u0103 vor \u00eenv\u0103\u021ba s\u0103 \u00een\u021beleg mai bine\u201d.<\/p>\n<p>Carolina Bugaian, directoarea general\u0103 Moldcell \u0219i Pre\u0219edinta Consiliului de Administrare AFAM, a men\u021bionat c\u0103: \u201dPe pia\u021ba muncii din Moldova se simte un deficit, at\u00e2t \u00een ceea ce prive\u0219te clien\u021bii, c\u00e2t \u0219i \u00een ceea ce prive\u0219te for\u021ba de munc\u0103. Sosirea refugia\u021bilor \u00een \u021bara noastr\u0103 a fost primit\u0103 ca oportunitate. Pentru c\u0103 exist\u0103 mai multe posibilit\u0103\u021bi de a integra noii membri \u00een societatea noastr\u0103, care pot s\u0103 aduc\u0103 o plus valoare \u0219i care s\u0103 se simt ca acas\u0103\u201d.<\/p>\n<p>Proiectul \u201eAbilitarea femeilor afectate de crize pentru o societate mai bogat\u0103 \u015fi mai stabil\u0103\u201d, este implementat de CNTM, \u00een parteneriat cu AFAM, \u00a0cu sus\u021binerea UN Women, s\u0326i finan\u021bat de Fondul Femeilor pentru Pace s\u0326i Asistent\u0326a\u0306 Umanitara\u0306.<\/p>\n<p>&nbsp;<\/p>\n<p>&nbsp;<\/p>\n","protected":false},"excerpt":{"rendered":"<p>Mai multe despre oportunit\u0103\u021bi de angajare dar \u0219i despre activitatea companiei interna\u021bionale de telecomunica\u021bii Moldcell, refugiatele din Ucraina au putut afla s\u00e2mb\u0103t\u0103 13 mai, 2023 \u00een cadrul unei vizite organizate [&hellip;]<\/p>\n","protected":false},"author":1,"featured_media":92144,"template":"","meta":{"_EventAllDay":false,"_EventTimezone":"Europe\/Chisinau","_EventStartDate":"2023-05-13 08:54:00","_EventEndDate":"2023-05-13 08:54:00","_EventStartDateUTC":"2023-05-13 05:54:00","_EventEndDateUTC":"2023-05-13 05:54:00","_EventShowMap":false,"_EventShowMapLink":false,"_EventURL":"","_EventCost":"","_EventCostDescription":"","_EventCurrencySymbol":"","_EventCurrencyCode":"","_EventCurrencyPosition":"prefix","_EventDateTimeSeparator":"","_EventTimeRangeSeparator":"","_EventOrganizerID":[],"_EventVenueID":[],"_OrganizerEmail":"","_OrganizerPhone":"","_OrganizerWebsite":"","_VenueAddress":"","_VenueCity":"","_VenueCountry":"","_VenueProvince":"","_VenueState":"","_VenueZip":"","_VenuePhone":"","_VenueURL":"","_VenueStateProvince":"","_VenueLat":"","_VenueLng":"","_VenueShowMap":false,"_VenueShowMapLink":false,"_tribe_events_status":"","_tribe_events_status_reason":"","footnotes":""},"tags":[],"tribe_events_cat":[431],"class_list":["post-92142","tribe_events","type-tribe_events","status-publish","has-post-thumbnail","hentry","tribe_events_cat-evenimente","cat_evenimente"],"yoast_head":"<!-- This site is optimized with the Yoast SEO Premium plugin v23.8 (Yoast SEO v25.1) - https:\/\/yoast.com\/wordpress\/plugins\/seo\/ -->\n<title>Refugiate din Ucraina au vizitat compania Moldcell - AFAM MD<\/title>\n<meta name=\"robots\" content=\"index, follow, max-snippet:-1, max-image-preview:large, max-video-preview:-1\" \/>\n<link rel=\"canonical\" href=\"https:\/\/afam.md\/ru\/event\/refugiate-din-ucraina-au-vizitat-compania-moldcell\/\" \/>\n<meta property=\"og:locale\" content=\"ru_RU\" \/>\n<meta property=\"og:type\" content=\"article\" \/>\n<meta property=\"og:title\" content=\"Refugiate din Ucraina au vizitat compania Moldcell\" \/>\n<meta property=\"og:description\" content=\"Mai multe despre oportunit\u0103\u021bi de angajare dar \u0219i despre activitatea companiei interna\u021bionale de telecomunica\u021bii Moldcell, refugiatele din Ucraina au putut afla s\u00e2mb\u0103t\u0103 13 mai, 2023 \u00een cadrul unei vizite organizate [&hellip;]\" \/>\n<meta property=\"og:url\" content=\"https:\/\/afam.md\/ru\/event\/refugiate-din-ucraina-au-vizitat-compania-moldcell\/\" \/>\n<meta property=\"og:site_name\" content=\"AFAM MD\" \/>\n<meta property=\"article:publisher\" content=\"https:\/\/www.facebook.com\/AFAMMoldova\/\" \/>\n<meta property=\"og:image\" content=\"https:\/\/afam.md\/wp-content\/uploads\/2024\/10\/IMG_6963-scaled-2-TdDYgz.tmp_.jpg\" \/>\n\t<meta property=\"og:image:width\" content=\"2560\" \/>\n\t<meta property=\"og:image:height\" content=\"1707\" \/>\n\t<meta property=\"og:image:type\" content=\"image\/jpeg\" \/>\n<meta name=\"twitter:card\" content=\"summary_large_image\" \/>\n<meta name=\"twitter:label1\" content=\"\u041f\u0440\u0438\u043c\u0435\u0440\u043d\u043e\u0435 \u0432\u0440\u0435\u043c\u044f \u0434\u043b\u044f \u0447\u0442\u0435\u043d\u0438\u044f\" \/>\n\t<meta name=\"twitter:data1\" content=\"2 \u043c\u0438\u043d\u0443\u0442\u044b\" \/>\n<script type=\"application\/ld+json\" class=\"yoast-schema-graph\">{\"@context\":\"https:\/\/schema.org\",\"@graph\":[{\"@type\":\"WebPage\",\"@id\":\"https:\/\/afam.md\/event\/refugiate-din-ucraina-au-vizitat-compania-moldcell\/\",\"url\":\"https:\/\/afam.md\/event\/refugiate-din-ucraina-au-vizitat-compania-moldcell\/\",\"name\":\"Refugiate din Ucraina au vizitat compania Moldcell - AFAM MD\",\"isPartOf\":{\"@id\":\"https:\/\/afam.md\/en\/#website\"},\"primaryImageOfPage\":{\"@id\":\"https:\/\/afam.md\/event\/refugiate-din-ucraina-au-vizitat-compania-moldcell\/#primaryimage\"},\"image\":{\"@id\":\"https:\/\/afam.md\/event\/refugiate-din-ucraina-au-vizitat-compania-moldcell\/#primaryimage\"},\"thumbnailUrl\":\"https:\/\/afam.md\/wp-content\/uploads\/2024\/10\/IMG_6963-scaled-2-TdDYgz.tmp_.jpg\",\"datePublished\":\"2024-10-28T21:06:45+00:00\",\"breadcrumb\":{\"@id\":\"https:\/\/afam.md\/event\/refugiate-din-ucraina-au-vizitat-compania-moldcell\/#breadcrumb\"},\"inLanguage\":\"ru-RU\",\"potentialAction\":[{\"@type\":\"ReadAction\",\"target\":[\"https:\/\/afam.md\/event\/refugiate-din-ucraina-au-vizitat-compania-moldcell\/\"]}]},{\"@type\":\"ImageObject\",\"inLanguage\":\"ru-RU\",\"@id\":\"https:\/\/afam.md\/event\/refugiate-din-ucraina-au-vizitat-compania-moldcell\/#primaryimage\",\"url\":\"https:\/\/afam.md\/wp-content\/uploads\/2024\/10\/IMG_6963-scaled-2-TdDYgz.tmp_.jpg\",\"contentUrl\":\"https:\/\/afam.md\/wp-content\/uploads\/2024\/10\/IMG_6963-scaled-2-TdDYgz.tmp_.jpg\",\"width\":2560,\"height\":1707},{\"@type\":\"BreadcrumbList\",\"@id\":\"https:\/\/afam.md\/event\/refugiate-din-ucraina-au-vizitat-compania-moldcell\/#breadcrumb\",\"itemListElement\":[{\"@type\":\"ListItem\",\"position\":1,\"name\":\"\u0413\u043b\u0430\u0432\u043d\u0430\u044f\",\"item\":\"https:\/\/afam.md\/\"},{\"@type\":\"ListItem\",\"position\":2,\"name\":\"Events\",\"item\":\"https:\/\/afam.md\/en\/eventslist\/\"},{\"@type\":\"ListItem\",\"position\":3,\"name\":\"Refugiate din Ucraina au vizitat compania Moldcell\"}]},{\"@type\":\"WebSite\",\"@id\":\"https:\/\/afam.md\/en\/#website\",\"url\":\"https:\/\/afam.md\/en\/\",\"name\":\"AFAM MD\",\"description\":\"Asocia\u021bia Femeilor Antreprenoare Din Moldova\",\"publisher\":{\"@id\":\"https:\/\/afam.md\/en\/#organization\"},\"potentialAction\":[{\"@type\":\"SearchAction\",\"target\":{\"@type\":\"EntryPoint\",\"urlTemplate\":\"https:\/\/afam.md\/en\/?s={search_term_string}\"},\"query-input\":{\"@type\":\"PropertyValueSpecification\",\"valueRequired\":true,\"valueName\":\"search_term_string\"}}],\"inLanguage\":\"ru-RU\"},{\"@type\":\"Organization\",\"@id\":\"https:\/\/afam.md\/en\/#organization\",\"name\":\"Asocia\u021bia Femeilor Antreprenoare Din Moldova\",\"alternateName\":\"AFAM\",\"url\":\"https:\/\/afam.md\/en\/\",\"logo\":{\"@type\":\"ImageObject\",\"inLanguage\":\"ru-RU\",\"@id\":\"https:\/\/afam.md\/en\/#\/schema\/logo\/image\/\",\"url\":\"https:\/\/afam.md\/wp-content\/uploads\/2024\/11\/logo-blue.svg\",\"contentUrl\":\"https:\/\/afam.md\/wp-content\/uploads\/2024\/11\/logo-blue.svg\",\"width\":1874,\"height\":650,\"caption\":\"Asocia\u021bia Femeilor Antreprenoare Din Moldova\"},\"image\":{\"@id\":\"https:\/\/afam.md\/en\/#\/schema\/logo\/image\/\"},\"sameAs\":[\"https:\/\/www.facebook.com\/AFAMMoldova\/\",\"https:\/\/www.instagram.com\/afammoldova\/?hl=en\",\"https:\/\/md.linkedin.com\/in\/afam-moldova-285159174\"],\"email\":\"afammoldova@gmail.com\",\"telephone\":\"(+373) 76 767 670\",\"legalName\":\"Asocia\u021bia Femeilor Antreprenoare Din Moldova\",\"numberOfEmployees\":{\"@type\":\"QuantitativeValue\",\"minValue\":\"51\",\"maxValue\":\"200\"}}]}<\/script>\n<!-- \/ Yoast SEO Premium plugin. -->","yoast_head_json":{"title":"Refugiate din Ucraina au vizitat compania Moldcell - AFAM MD","robots":{"index":"index","follow":"follow","max-snippet":"max-snippet:-1","max-image-preview":"max-image-preview:large","max-video-preview":"max-video-preview:-1"},"canonical":"https:\/\/afam.md\/ru\/event\/refugiate-din-ucraina-au-vizitat-compania-moldcell\/","og_locale":"ru_RU","og_type":"article","og_title":"Refugiate din Ucraina au vizitat compania Moldcell","og_description":"Mai multe despre oportunit\u0103\u021bi de angajare dar \u0219i despre activitatea companiei interna\u021bionale de telecomunica\u021bii Moldcell, refugiatele din Ucraina au putut afla s\u00e2mb\u0103t\u0103 13 mai, 2023 \u00een cadrul unei vizite organizate [&hellip;]","og_url":"https:\/\/afam.md\/ru\/event\/refugiate-din-ucraina-au-vizitat-compania-moldcell\/","og_site_name":"AFAM MD","article_publisher":"https:\/\/www.facebook.com\/AFAMMoldova\/","og_image":[{"width":2560,"height":1707,"url":"https:\/\/afam.md\/wp-content\/uploads\/2024\/10\/IMG_6963-scaled-2-TdDYgz.tmp_.jpg","type":"image\/jpeg"}],"twitter_card":"summary_large_image","twitter_misc":{"\u041f\u0440\u0438\u043c\u0435\u0440\u043d\u043e\u0435 \u0432\u0440\u0435\u043c\u044f \u0434\u043b\u044f \u0447\u0442\u0435\u043d\u0438\u044f":"2 \u043c\u0438\u043d\u0443\u0442\u044b"},"schema":{"@context":"https:\/\/schema.org","@graph":[{"@type":"WebPage","@id":"https:\/\/afam.md\/event\/refugiate-din-ucraina-au-vizitat-compania-moldcell\/","url":"https:\/\/afam.md\/event\/refugiate-din-ucraina-au-vizitat-compania-moldcell\/","name":"Refugiate din Ucraina au vizitat compania Moldcell - AFAM MD","isPartOf":{"@id":"https:\/\/afam.md\/en\/#website"},"primaryImageOfPage":{"@id":"https:\/\/afam.md\/event\/refugiate-din-ucraina-au-vizitat-compania-moldcell\/#primaryimage"},"image":{"@id":"https:\/\/afam.md\/event\/refugiate-din-ucraina-au-vizitat-compania-moldcell\/#primaryimage"},"thumbnailUrl":"https:\/\/afam.md\/wp-content\/uploads\/2024\/10\/IMG_6963-scaled-2-TdDYgz.tmp_.jpg","datePublished":"2024-10-28T21:06:45+00:00","breadcrumb":{"@id":"https:\/\/afam.md\/event\/refugiate-din-ucraina-au-vizitat-compania-moldcell\/#breadcrumb"},"inLanguage":"ru-RU","potentialAction":[{"@type":"ReadAction","target":["https:\/\/afam.md\/event\/refugiate-din-ucraina-au-vizitat-compania-moldcell\/"]}]},{"@type":"ImageObject","inLanguage":"ru-RU","@id":"https:\/\/afam.md\/event\/refugiate-din-ucraina-au-vizitat-compania-moldcell\/#primaryimage","url":"https:\/\/afam.md\/wp-content\/uploads\/2024\/10\/IMG_6963-scaled-2-TdDYgz.tmp_.jpg","contentUrl":"https:\/\/afam.md\/wp-content\/uploads\/2024\/10\/IMG_6963-scaled-2-TdDYgz.tmp_.jpg","width":2560,"height":1707},{"@type":"BreadcrumbList","@id":"https:\/\/afam.md\/event\/refugiate-din-ucraina-au-vizitat-compania-moldcell\/#breadcrumb","itemListElement":[{"@type":"ListItem","position":1,"name":"\u0413\u043b\u0430\u0432\u043d\u0430\u044f","item":"https:\/\/afam.md\/"},{"@type":"ListItem","position":2,"name":"Events","item":"https:\/\/afam.md\/en\/eventslist\/"},{"@type":"ListItem","position":3,"name":"Refugiate din Ucraina au vizitat compania Moldcell"}]},{"@type":"WebSite","@id":"https:\/\/afam.md\/en\/#website","url":"https:\/\/afam.md\/en\/","name":"AFAM MD","description":"Asocia\u021bia Femeilor Antreprenoare Din Moldova","publisher":{"@id":"https:\/\/afam.md\/en\/#organization"},"potentialAction":[{"@type":"SearchAction","target":{"@type":"EntryPoint","urlTemplate":"https:\/\/afam.md\/en\/?s={search_term_string}"},"query-input":{"@type":"PropertyValueSpecification","valueRequired":true,"valueName":"search_term_string"}}],"inLanguage":"ru-RU"},{"@type":"Organization","@id":"https:\/\/afam.md\/en\/#organization","name":"Asocia\u021bia Femeilor Antreprenoare Din Moldova","alternateName":"AFAM","url":"https:\/\/afam.md\/en\/","logo":{"@type":"ImageObject","inLanguage":"ru-RU","@id":"https:\/\/afam.md\/en\/#\/schema\/logo\/image\/","url":"https:\/\/afam.md\/wp-content\/uploads\/2024\/11\/logo-blue.svg","contentUrl":"https:\/\/afam.md\/wp-content\/uploads\/2024\/11\/logo-blue.svg","width":1874,"height":650,"caption":"Asocia\u021bia Femeilor Antreprenoare Din Moldova"},"image":{"@id":"https:\/\/afam.md\/en\/#\/schema\/logo\/image\/"},"sameAs":["https:\/\/www.facebook.com\/AFAMMoldova\/","https:\/\/www.instagram.com\/afammoldova\/?hl=en","https:\/\/md.linkedin.com\/in\/afam-moldova-285159174"],"email":"afammoldova@gmail.com","telephone":"(+373) 76 767 670","legalName":"Asocia\u021bia Femeilor Antreprenoare Din Moldova","numberOfEmployees":{"@type":"QuantitativeValue","minValue":"51","maxValue":"200"}}]}},"_links":{"self":[{"href":"https:\/\/afam.md\/ru\/wp-json\/wp\/v2\/tribe_events\/92142","targetHints":{"allow":["GET"]}}],"collection":[{"href":"https:\/\/afam.md\/ru\/wp-json\/wp\/v2\/tribe_events"}],"about":[{"href":"https:\/\/afam.md\/ru\/wp-json\/wp\/v2\/types\/tribe_events"}],"author":[{"embeddable":true,"href":"https:\/\/afam.md\/ru\/wp-json\/wp\/v2\/users\/1"}],"version-history":[{"count":0,"href":"https:\/\/afam.md\/ru\/wp-json\/wp\/v2\/tribe_events\/92142\/revisions"}],"wp:featuredmedia":[{"embeddable":true,"href":"https:\/\/afam.md\/ru\/wp-json\/wp\/v2\/media\/92144"}],"wp:attachment":[{"href":"https:\/\/afam.md\/ru\/wp-json\/wp\/v2\/media?parent=92142"}],"wp:term":[{"taxonomy":"post_tag","embeddable":true,"href":"https:\/\/afam.md\/ru\/wp-json\/wp\/v2\/tags?post=92142"},{"taxonomy":"tribe_events_cat","embeddable":true,"href":"https:\/\/afam.md\/ru\/wp-json\/wp\/v2\/tribe_events_cat?post=92142"}],"curies":[{"name":"wp","href":"https:\/\/api.w.org\/{rel}","templated":true}]}}