{"id":92148,"date":"2024-10-28T23:07:15","date_gmt":"2024-10-28T21:07:15","guid":{"rendered":"https:\/\/afam.md\/event\/calendarul-evenimentelor-afam-luna-septembrie\/"},"modified":"2024-10-28T23:07:15","modified_gmt":"2024-10-28T21:07:15","slug":"calendarul-evenimentelor-afam-luna-septembrie","status":"publish","type":"tribe_events","link":"https:\/\/afam.md\/ru\/event\/calendarul-evenimentelor-afam-luna-septembrie\/","title":{"rendered":"Calendarul evenimentelor AFAM luna septembrie"},"content":{"rendered":"<div class=\"kvgmc6g5 cxmmr5t8 oygrvhab hcukyx3x c1et5uql ii04i59q\">\n<div dir=\"auto\">\n<div class=\"kvgmc6g5 cxmmr5t8 oygrvhab hcukyx3x c1et5uql ii04i59q\">\n<div dir=\"auto\">Dragi antreprenoare, <span class=\"pq6dq46d tbxw36s4 knj5qynh kvgmc6g5 ditlmg2l oygrvhab nvdbi5me sf5mxxl7 gl3lb2sf hhz5lgdu\"><img loading=\"lazy\" decoding=\"async\" src=\"https:\/\/afam.md\/wp-content\/uploads\/2024\/09\/2764.png\" alt=\"\u2764\" width=\"16\" height=\"16\" \/><\/span><\/div>\n<\/div>\n<div class=\"cxmmr5t8 oygrvhab hcukyx3x c1et5uql o9v6fnle ii04i59q\">\n<div dir=\"auto\">Noi deja am \u00eenceput preg\u0103tirile pentru aceast\u0103 <span class=\"pq6dq46d tbxw36s4 knj5qynh kvgmc6g5 ditlmg2l oygrvhab nvdbi5me sf5mxxl7 gl3lb2sf hhz5lgdu\"><img loading=\"lazy\" decoding=\"async\" src=\"https:\/\/afam.md\/wp-content\/uploads\/2024\/09\/1f341.png\" alt=\" \" width=\"16\" height=\"16\" \/><\/span> toamn\u0103 \u0219i ne propunem s\u0103 v\u0103 inspir\u0103m prin evenimente deosebite.<\/div>\n<\/div>\n<div class=\"cxmmr5t8 oygrvhab hcukyx3x c1et5uql o9v6fnle ii04i59q\">\n<div dir=\"auto\">Am setat deja calendarul <span class=\"pq6dq46d tbxw36s4 knj5qynh kvgmc6g5 ditlmg2l oygrvhab nvdbi5me sf5mxxl7 gl3lb2sf hhz5lgdu\"><img loading=\"lazy\" decoding=\"async\" src=\"https:\/\/afam.md\/wp-content\/uploads\/2024\/09\/1f5d3.png\" alt=\" \" width=\"16\" height=\"16\" \/><\/span> lunii septembrie cu 5 evenimente offline \u00een cadrul c\u0103rora vom reu\u0219i s\u0103 ne cunoa\u0219tem, s\u0103 \u00eemp\u0103rt\u0103\u0219im experien\u021be, s\u0103 v\u0103 implic\u0103m \u00een diverse proiecte \u0219i s\u0103 ave\u021bi parte de un un \u00eenceput de toamn\u0103 foarte activ.<\/div>\n<\/div>\n<div class=\"cxmmr5t8 oygrvhab hcukyx3x c1et5uql o9v6fnle ii04i59q\">\n<div dir=\"auto\">Nou\u0103 cu siguran\u021b\u0103 ne-a fost dor de evenimentele noastre \u00een care reuseam s\u0103 v\u0103 transmitem emo\u021bii \u0219i cele mai bune practici din sfera afacerilor, din \u021bar\u0103 \u0219i de peste hotare, \u0219i am preg\u0103tit un program incendiar <span class=\"pq6dq46d tbxw36s4 knj5qynh kvgmc6g5 ditlmg2l oygrvhab nvdbi5me sf5mxxl7 gl3lb2sf hhz5lgdu\"><img loading=\"lazy\" decoding=\"async\" src=\"https:\/\/afam.md\/wp-content\/uploads\/2024\/09\/1f525.png\" alt=\" \" width=\"16\" height=\"16\" \/><\/span> pentru luna spetembrie, care poate fi accesat aici <span class=\"pq6dq46d tbxw36s4 knj5qynh kvgmc6g5 ditlmg2l oygrvhab nvdbi5me sf5mxxl7 gl3lb2sf hhz5lgdu\"><img loading=\"lazy\" decoding=\"async\" src=\"https:\/\/afam.md\/wp-content\/uploads\/2024\/09\/2935.png\" alt=\"\u2935\ufe0f\" width=\"16\" height=\"16\" \/><\/span><\/div>\n<div dir=\"auto\"><a class=\"oajrlxb2 g5ia77u1 qu0x051f esr5mh6w e9989ue4 r7d6kgcz rq0escxv nhd2j8a9 nc684nl6 p7hjln8o kvgmc6g5 cxmmr5t8 oygrvhab hcukyx3x jb3vyjys rz4wbd8a qt6c0cv9 a8nywdso i1ao9s8h esuyzwwr f1sip0of lzcic4wl gpro0wi8 py34i1dx\" role=\"link\" href=\"https:\/\/l.facebook.com\/l.php?u=https%3A%2F%2Fdrive.google.com%2Ffile%2Fd%2F1XOiB-_qufM5_3JLZZSI8iB6jHj9YJEbd%2Fview%3Fusp%3Dsharing%26fbclid%3DIwAR33xiebJB9WBMWKFUPLyFOD-b5rsLDcB4oss-YtnT60pcE1MbDKzLumGhY&amp;h=AT2TgMIESgVARAAS5yvoad-MUU4BDUOgxwAlOUEngiS3itR7v4I2hxf4aO6otxAAyYAw53f4GT6yg2Ss_mPVy0gPpa84LKexF6HdtKLmNouwwgVYII5_oCBhgPfOtpsjBYty&amp;__tn__=-UK-R&amp;c[0]=AT2UNdtTOGwj1OiQ2iKZNxju5DBukuYpoXigs31nzvWFRVAE1lIhJ17evAwvLoukfidgFPEsJVLkRCCVotY5ikQPUEo1mgrTFIW32SThOC4Y2v95fasfsAOKdwSf7cRJEUT7AzehSeRqpqDrJRa-b8wcgpXryvVS3yg4erWSmj1R0YJPSg\" target=\"_blank\" rel=\"nofollow noopener\">https:\/\/drive.google.com\/&#8230;\/1XOiB-_qufM5&#8230;\/view&#8230;<\/a><\/div>\n<\/div>\n<div class=\"cxmmr5t8 oygrvhab hcukyx3x c1et5uql o9v6fnle ii04i59q\">\n<div dir=\"auto\">Salva\u021bi <span class=\"pq6dq46d tbxw36s4 knj5qynh kvgmc6g5 ditlmg2l oygrvhab nvdbi5me sf5mxxl7 gl3lb2sf hhz5lgdu\"><img loading=\"lazy\" decoding=\"async\" src=\"https:\/\/afam.md\/wp-content\/uploads\/2024\/09\/2705.png\" alt=\"\u2705\" width=\"16\" height=\"16\" \/><\/span> datele celor 5 evenimente offline care urmeaz\u0103 \u0219i ne revedem la primul eveniment offline \u00een 3 septembrie, ora 17:00.<\/div>\n<\/div>\n<div class=\"cxmmr5t8 oygrvhab hcukyx3x c1et5uql o9v6fnle ii04i59q\">\n<div dir=\"auto\">V\u0103 \u00eendemn\u0103m s\u0103 urm\u0103ri\u021bi pagina de facebook <a class=\"oajrlxb2 g5ia77u1 qu0x051f esr5mh6w e9989ue4 r7d6kgcz rq0escxv nhd2j8a9 nc684nl6 p7hjln8o kvgmc6g5 cxmmr5t8 oygrvhab hcukyx3x jb3vyjys rz4wbd8a qt6c0cv9 a8nywdso i1ao9s8h esuyzwwr f1sip0of lzcic4wl gpro0wi8 py34i1dx\" role=\"link\" href=\"https:\/\/www.facebook.com\/hashtag\/afam?__cft__[0]=AZVnuLFJ1Ibe2M9xEDqx-eHpooc4hkoJmRQQVXCaEX5RJe-51I3kxBgaZwf88xtT3W8TjfCbK4bh0lLeKhB8wpYWllAty2yYq52dOZK6jMdz4GNOorgsPmRlfzbMx3iZEQEUDFht5dHBToy0FZO-ndLexu4R9rZGbgB_n8eMXLaF2A&amp;__tn__=*NK-R\" target=\"_blank\" rel=\"noopener\">#AFAM<\/a> \u0219i vom reveni cu detalii suplimentare aferent fiec\u0103rui eveniment \u00een parte. Urmeaz\u0103 \u0219i evenimente online cu surprize frumoase pentru voi. <span class=\"pq6dq46d tbxw36s4 knj5qynh kvgmc6g5 ditlmg2l oygrvhab nvdbi5me sf5mxxl7 gl3lb2sf hhz5lgdu\"><img loading=\"lazy\" decoding=\"async\" src=\"https:\/\/afam.md\/wp-content\/uploads\/2024\/09\/2764.png\" alt=\"\u2764\" width=\"16\" height=\"16\" \/><\/span><\/div>\n<\/div>\n<\/div>\n<\/div>\n","protected":false},"excerpt":{"rendered":"<p>Dragi antreprenoare, Noi deja am \u00eenceput preg\u0103tirile pentru aceast\u0103 toamn\u0103 \u0219i ne propunem s\u0103 v\u0103 inspir\u0103m prin evenimente deosebite. Am setat deja calendarul lunii septembrie cu 5 evenimente offline \u00een [&hellip;]<\/p>\n","protected":false},"author":1,"featured_media":92149,"template":"","meta":{"_EventAllDay":false,"_EventTimezone":"Europe\/Chisinau","_EventStartDate":"2021-08-28 14:52:00","_EventEndDate":"2021-08-28 14:52:00","_EventStartDateUTC":"2021-08-28 11:52:00","_EventEndDateUTC":"2021-08-28 11:52:00","_EventShowMap":false,"_EventShowMapLink":false,"_EventURL":"","_EventCost":"","_EventCostDescription":"","_EventCurrencySymbol":"","_EventCurrencyCode":"","_EventCurrencyPosition":"prefix","_EventDateTimeSeparator":"","_EventTimeRangeSeparator":"","_EventOrganizerID":[],"_EventVenueID":[],"_OrganizerEmail":"","_OrganizerPhone":"","_OrganizerWebsite":"","_VenueAddress":"","_VenueCity":"","_VenueCountry":"","_VenueProvince":"","_VenueState":"","_VenueZip":"","_VenuePhone":"","_VenueURL":"","_VenueStateProvince":"","_VenueLat":"","_VenueLng":"","_VenueShowMap":false,"_VenueShowMapLink":false,"_tribe_events_status":"","_tribe_events_status_reason":"","footnotes":""},"tags":[],"tribe_events_cat":[431],"class_list":["post-92148","tribe_events","type-tribe_events","status-publish","has-post-thumbnail","hentry","tribe_events_cat-evenimente","cat_evenimente"],"yoast_head":"<!-- This site is optimized with the Yoast SEO Premium plugin v23.8 (Yoast SEO v25.1) - https:\/\/yoast.com\/wordpress\/plugins\/seo\/ -->\n<title>Calendarul evenimentelor AFAM luna septembrie - AFAM MD<\/title>\n<meta name=\"robots\" content=\"index, follow, max-snippet:-1, max-image-preview:large, max-video-preview:-1\" \/>\n<link rel=\"canonical\" href=\"https:\/\/afam.md\/ru\/event\/calendarul-evenimentelor-afam-luna-septembrie\/\" \/>\n<meta property=\"og:locale\" content=\"ru_RU\" \/>\n<meta property=\"og:type\" content=\"article\" \/>\n<meta property=\"og:title\" content=\"Calendarul evenimentelor AFAM luna septembrie\" \/>\n<meta property=\"og:description\" content=\"Dragi antreprenoare, Noi deja am \u00eenceput preg\u0103tirile pentru aceast\u0103 toamn\u0103 \u0219i ne propunem s\u0103 v\u0103 inspir\u0103m prin evenimente deosebite. Am setat deja calendarul lunii septembrie cu 5 evenimente offline \u00een [&hellip;]\" \/>\n<meta property=\"og:url\" content=\"https:\/\/afam.md\/ru\/event\/calendarul-evenimentelor-afam-luna-septembrie\/\" \/>\n<meta property=\"og:site_name\" content=\"AFAM MD\" \/>\n<meta property=\"article:publisher\" content=\"https:\/\/www.facebook.com\/AFAMMoldova\/\" \/>\n<meta property=\"og:image\" content=\"https:\/\/afam.md\/wp-content\/uploads\/2024\/10\/240999648_1866962733464140_1498260965166481839_n-B3LFyR.tmp_.jpg\" \/>\n\t<meta property=\"og:image:width\" content=\"1640\" \/>\n\t<meta property=\"og:image:height\" content=\"924\" \/>\n\t<meta property=\"og:image:type\" content=\"image\/jpeg\" \/>\n<meta name=\"twitter:card\" content=\"summary_large_image\" \/>\n<meta name=\"twitter:label1\" content=\"\u041f\u0440\u0438\u043c\u0435\u0440\u043d\u043e\u0435 \u0432\u0440\u0435\u043c\u044f \u0434\u043b\u044f \u0447\u0442\u0435\u043d\u0438\u044f\" \/>\n\t<meta name=\"twitter:data1\" content=\"1 \u043c\u0438\u043d\u0443\u0442\u0430\" \/>\n<script type=\"application\/ld+json\" class=\"yoast-schema-graph\">{\"@context\":\"https:\/\/schema.org\",\"@graph\":[{\"@type\":\"WebPage\",\"@id\":\"https:\/\/afam.md\/event\/calendarul-evenimentelor-afam-luna-septembrie\/\",\"url\":\"https:\/\/afam.md\/event\/calendarul-evenimentelor-afam-luna-septembrie\/\",\"name\":\"Calendarul evenimentelor AFAM luna septembrie - AFAM MD\",\"isPartOf\":{\"@id\":\"https:\/\/afam.md\/en\/#website\"},\"primaryImageOfPage\":{\"@id\":\"https:\/\/afam.md\/event\/calendarul-evenimentelor-afam-luna-septembrie\/#primaryimage\"},\"image\":{\"@id\":\"https:\/\/afam.md\/event\/calendarul-evenimentelor-afam-luna-septembrie\/#primaryimage\"},\"thumbnailUrl\":\"https:\/\/afam.md\/wp-content\/uploads\/2024\/10\/240999648_1866962733464140_1498260965166481839_n-B3LFyR.tmp_.jpg\",\"datePublished\":\"2024-10-28T21:07:15+00:00\",\"breadcrumb\":{\"@id\":\"https:\/\/afam.md\/event\/calendarul-evenimentelor-afam-luna-septembrie\/#breadcrumb\"},\"inLanguage\":\"ru-RU\",\"potentialAction\":[{\"@type\":\"ReadAction\",\"target\":[\"https:\/\/afam.md\/event\/calendarul-evenimentelor-afam-luna-septembrie\/\"]}]},{\"@type\":\"ImageObject\",\"inLanguage\":\"ru-RU\",\"@id\":\"https:\/\/afam.md\/event\/calendarul-evenimentelor-afam-luna-septembrie\/#primaryimage\",\"url\":\"https:\/\/afam.md\/wp-content\/uploads\/2024\/10\/240999648_1866962733464140_1498260965166481839_n-B3LFyR.tmp_.jpg\",\"contentUrl\":\"https:\/\/afam.md\/wp-content\/uploads\/2024\/10\/240999648_1866962733464140_1498260965166481839_n-B3LFyR.tmp_.jpg\",\"width\":1640,\"height\":924},{\"@type\":\"BreadcrumbList\",\"@id\":\"https:\/\/afam.md\/event\/calendarul-evenimentelor-afam-luna-septembrie\/#breadcrumb\",\"itemListElement\":[{\"@type\":\"ListItem\",\"position\":1,\"name\":\"\u0413\u043b\u0430\u0432\u043d\u0430\u044f\",\"item\":\"https:\/\/afam.md\/\"},{\"@type\":\"ListItem\",\"position\":2,\"name\":\"Events\",\"item\":\"https:\/\/afam.md\/en\/eventslist\/\"},{\"@type\":\"ListItem\",\"position\":3,\"name\":\"Calendarul evenimentelor AFAM luna septembrie\"}]},{\"@type\":\"WebSite\",\"@id\":\"https:\/\/afam.md\/en\/#website\",\"url\":\"https:\/\/afam.md\/en\/\",\"name\":\"AFAM MD\",\"description\":\"Asocia\u021bia Femeilor Antreprenoare Din Moldova\",\"publisher\":{\"@id\":\"https:\/\/afam.md\/en\/#organization\"},\"potentialAction\":[{\"@type\":\"SearchAction\",\"target\":{\"@type\":\"EntryPoint\",\"urlTemplate\":\"https:\/\/afam.md\/en\/?s={search_term_string}\"},\"query-input\":{\"@type\":\"PropertyValueSpecification\",\"valueRequired\":true,\"valueName\":\"search_term_string\"}}],\"inLanguage\":\"ru-RU\"},{\"@type\":\"Organization\",\"@id\":\"https:\/\/afam.md\/en\/#organization\",\"name\":\"Asocia\u021bia Femeilor Antreprenoare Din Moldova\",\"alternateName\":\"AFAM\",\"url\":\"https:\/\/afam.md\/en\/\",\"logo\":{\"@type\":\"ImageObject\",\"inLanguage\":\"ru-RU\",\"@id\":\"https:\/\/afam.md\/en\/#\/schema\/logo\/image\/\",\"url\":\"https:\/\/afam.md\/wp-content\/uploads\/2024\/11\/logo-blue.svg\",\"contentUrl\":\"https:\/\/afam.md\/wp-content\/uploads\/2024\/11\/logo-blue.svg\",\"width\":1874,\"height\":650,\"caption\":\"Asocia\u021bia Femeilor Antreprenoare Din Moldova\"},\"image\":{\"@id\":\"https:\/\/afam.md\/en\/#\/schema\/logo\/image\/\"},\"sameAs\":[\"https:\/\/www.facebook.com\/AFAMMoldova\/\",\"https:\/\/www.instagram.com\/afammoldova\/?hl=en\",\"https:\/\/md.linkedin.com\/in\/afam-moldova-285159174\"],\"email\":\"afammoldova@gmail.com\",\"telephone\":\"(+373) 76 767 670\",\"legalName\":\"Asocia\u021bia Femeilor Antreprenoare Din Moldova\",\"numberOfEmployees\":{\"@type\":\"QuantitativeValue\",\"minValue\":\"51\",\"maxValue\":\"200\"}}]}<\/script>\n<!-- \/ Yoast SEO Premium plugin. -->","yoast_head_json":{"title":"Calendarul evenimentelor AFAM luna septembrie - AFAM MD","robots":{"index":"index","follow":"follow","max-snippet":"max-snippet:-1","max-image-preview":"max-image-preview:large","max-video-preview":"max-video-preview:-1"},"canonical":"https:\/\/afam.md\/ru\/event\/calendarul-evenimentelor-afam-luna-septembrie\/","og_locale":"ru_RU","og_type":"article","og_title":"Calendarul evenimentelor AFAM luna septembrie","og_description":"Dragi antreprenoare, Noi deja am \u00eenceput preg\u0103tirile pentru aceast\u0103 toamn\u0103 \u0219i ne propunem s\u0103 v\u0103 inspir\u0103m prin evenimente deosebite. Am setat deja calendarul lunii septembrie cu 5 evenimente offline \u00een [&hellip;]","og_url":"https:\/\/afam.md\/ru\/event\/calendarul-evenimentelor-afam-luna-septembrie\/","og_site_name":"AFAM MD","article_publisher":"https:\/\/www.facebook.com\/AFAMMoldova\/","og_image":[{"width":1640,"height":924,"url":"https:\/\/afam.md\/wp-content\/uploads\/2024\/10\/240999648_1866962733464140_1498260965166481839_n-B3LFyR.tmp_.jpg","type":"image\/jpeg"}],"twitter_card":"summary_large_image","twitter_misc":{"\u041f\u0440\u0438\u043c\u0435\u0440\u043d\u043e\u0435 \u0432\u0440\u0435\u043c\u044f \u0434\u043b\u044f \u0447\u0442\u0435\u043d\u0438\u044f":"1 \u043c\u0438\u043d\u0443\u0442\u0430"},"schema":{"@context":"https:\/\/schema.org","@graph":[{"@type":"WebPage","@id":"https:\/\/afam.md\/event\/calendarul-evenimentelor-afam-luna-septembrie\/","url":"https:\/\/afam.md\/event\/calendarul-evenimentelor-afam-luna-septembrie\/","name":"Calendarul evenimentelor AFAM luna septembrie - AFAM MD","isPartOf":{"@id":"https:\/\/afam.md\/en\/#website"},"primaryImageOfPage":{"@id":"https:\/\/afam.md\/event\/calendarul-evenimentelor-afam-luna-septembrie\/#primaryimage"},"image":{"@id":"https:\/\/afam.md\/event\/calendarul-evenimentelor-afam-luna-septembrie\/#primaryimage"},"thumbnailUrl":"https:\/\/afam.md\/wp-content\/uploads\/2024\/10\/240999648_1866962733464140_1498260965166481839_n-B3LFyR.tmp_.jpg","datePublished":"2024-10-28T21:07:15+00:00","breadcrumb":{"@id":"https:\/\/afam.md\/event\/calendarul-evenimentelor-afam-luna-septembrie\/#breadcrumb"},"inLanguage":"ru-RU","potentialAction":[{"@type":"ReadAction","target":["https:\/\/afam.md\/event\/calendarul-evenimentelor-afam-luna-septembrie\/"]}]},{"@type":"ImageObject","inLanguage":"ru-RU","@id":"https:\/\/afam.md\/event\/calendarul-evenimentelor-afam-luna-septembrie\/#primaryimage","url":"https:\/\/afam.md\/wp-content\/uploads\/2024\/10\/240999648_1866962733464140_1498260965166481839_n-B3LFyR.tmp_.jpg","contentUrl":"https:\/\/afam.md\/wp-content\/uploads\/2024\/10\/240999648_1866962733464140_1498260965166481839_n-B3LFyR.tmp_.jpg","width":1640,"height":924},{"@type":"BreadcrumbList","@id":"https:\/\/afam.md\/event\/calendarul-evenimentelor-afam-luna-septembrie\/#breadcrumb","itemListElement":[{"@type":"ListItem","position":1,"name":"\u0413\u043b\u0430\u0432\u043d\u0430\u044f","item":"https:\/\/afam.md\/"},{"@type":"ListItem","position":2,"name":"Events","item":"https:\/\/afam.md\/en\/eventslist\/"},{"@type":"ListItem","position":3,"name":"Calendarul evenimentelor AFAM luna septembrie"}]},{"@type":"WebSite","@id":"https:\/\/afam.md\/en\/#website","url":"https:\/\/afam.md\/en\/","name":"AFAM MD","description":"Asocia\u021bia Femeilor Antreprenoare Din Moldova","publisher":{"@id":"https:\/\/afam.md\/en\/#organization"},"potentialAction":[{"@type":"SearchAction","target":{"@type":"EntryPoint","urlTemplate":"https:\/\/afam.md\/en\/?s={search_term_string}"},"query-input":{"@type":"PropertyValueSpecification","valueRequired":true,"valueName":"search_term_string"}}],"inLanguage":"ru-RU"},{"@type":"Organization","@id":"https:\/\/afam.md\/en\/#organization","name":"Asocia\u021bia Femeilor Antreprenoare Din Moldova","alternateName":"AFAM","url":"https:\/\/afam.md\/en\/","logo":{"@type":"ImageObject","inLanguage":"ru-RU","@id":"https:\/\/afam.md\/en\/#\/schema\/logo\/image\/","url":"https:\/\/afam.md\/wp-content\/uploads\/2024\/11\/logo-blue.svg","contentUrl":"https:\/\/afam.md\/wp-content\/uploads\/2024\/11\/logo-blue.svg","width":1874,"height":650,"caption":"Asocia\u021bia Femeilor Antreprenoare Din Moldova"},"image":{"@id":"https:\/\/afam.md\/en\/#\/schema\/logo\/image\/"},"sameAs":["https:\/\/www.facebook.com\/AFAMMoldova\/","https:\/\/www.instagram.com\/afammoldova\/?hl=en","https:\/\/md.linkedin.com\/in\/afam-moldova-285159174"],"email":"afammoldova@gmail.com","telephone":"(+373) 76 767 670","legalName":"Asocia\u021bia Femeilor Antreprenoare Din Moldova","numberOfEmployees":{"@type":"QuantitativeValue","minValue":"51","maxValue":"200"}}]}},"_links":{"self":[{"href":"https:\/\/afam.md\/ru\/wp-json\/wp\/v2\/tribe_events\/92148","targetHints":{"allow":["GET"]}}],"collection":[{"href":"https:\/\/afam.md\/ru\/wp-json\/wp\/v2\/tribe_events"}],"about":[{"href":"https:\/\/afam.md\/ru\/wp-json\/wp\/v2\/types\/tribe_events"}],"author":[{"embeddable":true,"href":"https:\/\/afam.md\/ru\/wp-json\/wp\/v2\/users\/1"}],"version-history":[{"count":0,"href":"https:\/\/afam.md\/ru\/wp-json\/wp\/v2\/tribe_events\/92148\/revisions"}],"wp:featuredmedia":[{"embeddable":true,"href":"https:\/\/afam.md\/ru\/wp-json\/wp\/v2\/media\/92149"}],"wp:attachment":[{"href":"https:\/\/afam.md\/ru\/wp-json\/wp\/v2\/media?parent=92148"}],"wp:term":[{"taxonomy":"post_tag","embeddable":true,"href":"https:\/\/afam.md\/ru\/wp-json\/wp\/v2\/tags?post=92148"},{"taxonomy":"tribe_events_cat","embeddable":true,"href":"https:\/\/afam.md\/ru\/wp-json\/wp\/v2\/tribe_events_cat?post=92148"}],"curies":[{"name":"wp","href":"https:\/\/api.w.org\/{rel}","templated":true}]}}