{"id":92152,"date":"2024-10-28T23:07:17","date_gmt":"2024-10-28T21:07:17","guid":{"rendered":"https:\/\/afam.md\/event\/business-talk-cu-omul-de-afaceri-alexandru-pincevschi\/"},"modified":"2024-10-28T23:07:17","modified_gmt":"2024-10-28T21:07:17","slug":"business-talk-cu-omul-de-afaceri-alexandru-pincevschi","status":"publish","type":"tribe_events","link":"https:\/\/afam.md\/ru\/event\/business-talk-cu-omul-de-afaceri-alexandru-pincevschi\/","title":{"rendered":"Business Talk cu omul de afaceri Alexandru Pincevschi"},"content":{"rendered":"<div class=\"kvgmc6g5 cxmmr5t8 oygrvhab hcukyx3x c1et5uql\">O \u00eent\u00e2lnire mult a\u0219teptat\u0103\u00a0<span class=\"pq6dq46d tbxw36s4 knj5qynh kvgmc6g5 ditlmg2l oygrvhab nvdbi5me sf5mxxl7 gl3lb2sf hhz5lgdu\"><img loading=\"lazy\" decoding=\"async\" src=\"https:\/\/afam.md\/wp-content\/uploads\/2024\/09\/1f525.png\" alt=\" \" width=\"16\" height=\"16\" \/><\/span>\u00a0cu o personalitate cunoscut\u0103 din mediul de afaceri!<\/div>\n<div class=\"cxmmr5t8 oygrvhab hcukyx3x c1et5uql o9v6fnle\">\u00cen cadrul Proiectului exclusiv de consultan\u021b\u0103 \u0219i mentorat cu personalit\u0103\u021bi notorii din Republica Moldova am promis c\u0103, la \u00eencheierea primului bloc vom organiza un eveniment offline cu o persoan\u0103 de afaceri, care ne va relata istoria sa, succesul, realiz\u0103rile \u0219i provoc\u0103rile sale.<\/div>\n<div class=\"cxmmr5t8 oygrvhab hcukyx3x c1et5uql o9v6fnle\">Fi\u021bi pe fir &#8211; \u00een 8 septembrie, ora 19:00 ne propunem s\u0103 v\u0103 inspir\u0103m prin lec\u021biile \u0219i sfaturile antreprenorului Alexandru Pincevschi, nume cunoscut \u00een businessul autohton din anul 1992.<\/div>\n<div class=\"cxmmr5t8 oygrvhab hcukyx3x c1et5uql o9v6fnle\">Despre primii pa\u015fi \u00een afaceri, principiile de care se conduce, filozofia de via\u0163\u0103 \u015fi provoc\u0103rile pe care le-a \u00eent\u00e2mpinat \u00een seria de companii fondate \u00een diverse domenii ne va relata personal.<\/div>\n<div class=\"cxmmr5t8 oygrvhab hcukyx3x c1et5uql o9v6fnle\">Cu siguran\u021b\u0103, lec\u021biile \u00eenv\u0103\u021bate \u0219i experien\u021bele omului de afaceri Alexandru Pincevschi pot fi sfaturi pre\u021bioase pentru antreprenorii no\u0219tri.<\/div>\n<div class=\"cxmmr5t8 oygrvhab hcukyx3x c1et5uql o9v6fnle\">V\u0103 \u00eendemn\u0103m s\u0103 fi\u021bi prezent la evenimentul nostru \u0219i s\u0103 participa\u021bi la discu\u021bie, prin adresarea a c\u00e2t mai multe \u00eentreb\u0103ri despre aspectele care vizeaz\u0103 propria afacere.<\/div>\n<div class=\"cxmmr5t8 oygrvhab hcukyx3x c1et5uql o9v6fnle\">\u00cenregistreaz\u0103-te\u00a0<a class=\"oajrlxb2 g5ia77u1 qu0x051f esr5mh6w e9989ue4 r7d6kgcz rq0escxv nhd2j8a9 nc684nl6 p7hjln8o kvgmc6g5 cxmmr5t8 oygrvhab hcukyx3x jb3vyjys rz4wbd8a qt6c0cv9 a8nywdso i1ao9s8h esuyzwwr f1sip0of lzcic4wl gpro0wi8 py34i1dx\" role=\"link\" href=\"https:\/\/forms.gle\/eYNhiksSu1N6frUT9?fbclid=IwAR2zfQOXQp2LKppHugbJZM9PN29gqDFSV7VUJ5heIlBKxgJtzVKNoWRS1i0\" target=\"_blank\" rel=\"nofollow noopener\">https:\/\/forms.gle\/eYNhiksSu1N6frUT9<\/a><br \/>\nsau Click pe Interesat(\u0103) sau Particip, s\u0103 nu rata\u021bi evenimentul: Miercuri, 08 septembrie, ora 19:00, str. Vlaicu P\u00eerc\u0103lab 45, Black Rabbit Gastro Burrow.<\/div>\n","protected":false},"excerpt":{"rendered":"<p>O \u00eent\u00e2lnire mult a\u0219teptat\u0103\u00a0\u00a0cu o personalitate cunoscut\u0103 din mediul de afaceri! \u00cen cadrul Proiectului exclusiv de consultan\u021b\u0103 \u0219i mentorat cu personalit\u0103\u021bi notorii din Republica Moldova am promis c\u0103, la \u00eencheierea [&hellip;]<\/p>\n","protected":false},"author":1,"featured_media":92153,"template":"","meta":{"_EventAllDay":false,"_EventTimezone":"Europe\/Chisinau","_EventStartDate":"2021-09-02 14:59:00","_EventEndDate":"2021-09-02 14:59:00","_EventStartDateUTC":"2021-09-02 11:59:00","_EventEndDateUTC":"2021-09-02 11:59:00","_EventShowMap":false,"_EventShowMapLink":false,"_EventURL":"","_EventCost":"","_EventCostDescription":"","_EventCurrencySymbol":"","_EventCurrencyCode":"","_EventCurrencyPosition":"prefix","_EventDateTimeSeparator":"","_EventTimeRangeSeparator":"","_EventOrganizerID":[],"_EventVenueID":[],"_OrganizerEmail":"","_OrganizerPhone":"","_OrganizerWebsite":"","_VenueAddress":"","_VenueCity":"","_VenueCountry":"","_VenueProvince":"","_VenueState":"","_VenueZip":"","_VenuePhone":"","_VenueURL":"","_VenueStateProvince":"","_VenueLat":"","_VenueLng":"","_VenueShowMap":false,"_VenueShowMapLink":false,"_tribe_events_status":"","_tribe_events_status_reason":"","footnotes":""},"tags":[],"tribe_events_cat":[431],"class_list":["post-92152","tribe_events","type-tribe_events","status-publish","has-post-thumbnail","hentry","tribe_events_cat-evenimente","cat_evenimente"],"yoast_head":"<!-- This site is optimized with the Yoast SEO Premium plugin v23.8 (Yoast SEO v25.1) - https:\/\/yoast.com\/wordpress\/plugins\/seo\/ -->\n<title>Business Talk cu omul de afaceri Alexandru Pincevschi - AFAM MD<\/title>\n<meta name=\"robots\" content=\"index, follow, max-snippet:-1, max-image-preview:large, max-video-preview:-1\" \/>\n<link rel=\"canonical\" href=\"https:\/\/afam.md\/ru\/event\/business-talk-cu-omul-de-afaceri-alexandru-pincevschi\/\" \/>\n<meta property=\"og:locale\" content=\"ru_RU\" \/>\n<meta property=\"og:type\" content=\"article\" \/>\n<meta property=\"og:title\" content=\"Business Talk cu omul de afaceri Alexandru Pincevschi\" \/>\n<meta property=\"og:description\" content=\"O \u00eent\u00e2lnire mult a\u0219teptat\u0103\u00a0\u00a0cu o personalitate cunoscut\u0103 din mediul de afaceri! \u00cen cadrul Proiectului exclusiv de consultan\u021b\u0103 \u0219i mentorat cu personalit\u0103\u021bi notorii din Republica Moldova am promis c\u0103, la \u00eencheierea [&hellip;]\" \/>\n<meta property=\"og:url\" content=\"https:\/\/afam.md\/ru\/event\/business-talk-cu-omul-de-afaceri-alexandru-pincevschi\/\" \/>\n<meta property=\"og:site_name\" content=\"AFAM MD\" \/>\n<meta property=\"article:publisher\" content=\"https:\/\/www.facebook.com\/AFAMMoldova\/\" \/>\n<meta property=\"og:image\" content=\"https:\/\/afam.md\/wp-content\/uploads\/2024\/10\/241412144_1871519973008416_5330131002908557319_n-hadb6C.tmp_.jpg\" \/>\n\t<meta property=\"og:image:width\" content=\"1200\" \/>\n\t<meta property=\"og:image:height\" content=\"1600\" \/>\n\t<meta property=\"og:image:type\" content=\"image\/jpeg\" \/>\n<meta name=\"twitter:card\" content=\"summary_large_image\" \/>\n<meta name=\"twitter:label1\" content=\"\u041f\u0440\u0438\u043c\u0435\u0440\u043d\u043e\u0435 \u0432\u0440\u0435\u043c\u044f \u0434\u043b\u044f \u0447\u0442\u0435\u043d\u0438\u044f\" \/>\n\t<meta name=\"twitter:data1\" content=\"1 \u043c\u0438\u043d\u0443\u0442\u0430\" \/>\n<script type=\"application\/ld+json\" class=\"yoast-schema-graph\">{\"@context\":\"https:\/\/schema.org\",\"@graph\":[{\"@type\":\"WebPage\",\"@id\":\"https:\/\/afam.md\/event\/business-talk-cu-omul-de-afaceri-alexandru-pincevschi\/\",\"url\":\"https:\/\/afam.md\/event\/business-talk-cu-omul-de-afaceri-alexandru-pincevschi\/\",\"name\":\"Business Talk cu omul de afaceri Alexandru Pincevschi - AFAM MD\",\"isPartOf\":{\"@id\":\"https:\/\/afam.md\/en\/#website\"},\"primaryImageOfPage\":{\"@id\":\"https:\/\/afam.md\/event\/business-talk-cu-omul-de-afaceri-alexandru-pincevschi\/#primaryimage\"},\"image\":{\"@id\":\"https:\/\/afam.md\/event\/business-talk-cu-omul-de-afaceri-alexandru-pincevschi\/#primaryimage\"},\"thumbnailUrl\":\"https:\/\/afam.md\/wp-content\/uploads\/2024\/10\/241412144_1871519973008416_5330131002908557319_n-hadb6C.tmp_.jpg\",\"datePublished\":\"2024-10-28T21:07:17+00:00\",\"breadcrumb\":{\"@id\":\"https:\/\/afam.md\/event\/business-talk-cu-omul-de-afaceri-alexandru-pincevschi\/#breadcrumb\"},\"inLanguage\":\"ru-RU\",\"potentialAction\":[{\"@type\":\"ReadAction\",\"target\":[\"https:\/\/afam.md\/event\/business-talk-cu-omul-de-afaceri-alexandru-pincevschi\/\"]}]},{\"@type\":\"ImageObject\",\"inLanguage\":\"ru-RU\",\"@id\":\"https:\/\/afam.md\/event\/business-talk-cu-omul-de-afaceri-alexandru-pincevschi\/#primaryimage\",\"url\":\"https:\/\/afam.md\/wp-content\/uploads\/2024\/10\/241412144_1871519973008416_5330131002908557319_n-hadb6C.tmp_.jpg\",\"contentUrl\":\"https:\/\/afam.md\/wp-content\/uploads\/2024\/10\/241412144_1871519973008416_5330131002908557319_n-hadb6C.tmp_.jpg\",\"width\":1200,\"height\":1600},{\"@type\":\"BreadcrumbList\",\"@id\":\"https:\/\/afam.md\/event\/business-talk-cu-omul-de-afaceri-alexandru-pincevschi\/#breadcrumb\",\"itemListElement\":[{\"@type\":\"ListItem\",\"position\":1,\"name\":\"\u0413\u043b\u0430\u0432\u043d\u0430\u044f\",\"item\":\"https:\/\/afam.md\/\"},{\"@type\":\"ListItem\",\"position\":2,\"name\":\"Events\",\"item\":\"https:\/\/afam.md\/en\/eventslist\/\"},{\"@type\":\"ListItem\",\"position\":3,\"name\":\"Business Talk cu omul de afaceri Alexandru Pincevschi\"}]},{\"@type\":\"WebSite\",\"@id\":\"https:\/\/afam.md\/en\/#website\",\"url\":\"https:\/\/afam.md\/en\/\",\"name\":\"AFAM MD\",\"description\":\"Asocia\u021bia Femeilor Antreprenoare Din Moldova\",\"publisher\":{\"@id\":\"https:\/\/afam.md\/en\/#organization\"},\"potentialAction\":[{\"@type\":\"SearchAction\",\"target\":{\"@type\":\"EntryPoint\",\"urlTemplate\":\"https:\/\/afam.md\/en\/?s={search_term_string}\"},\"query-input\":{\"@type\":\"PropertyValueSpecification\",\"valueRequired\":true,\"valueName\":\"search_term_string\"}}],\"inLanguage\":\"ru-RU\"},{\"@type\":\"Organization\",\"@id\":\"https:\/\/afam.md\/en\/#organization\",\"name\":\"Asocia\u021bia Femeilor Antreprenoare Din Moldova\",\"alternateName\":\"AFAM\",\"url\":\"https:\/\/afam.md\/en\/\",\"logo\":{\"@type\":\"ImageObject\",\"inLanguage\":\"ru-RU\",\"@id\":\"https:\/\/afam.md\/en\/#\/schema\/logo\/image\/\",\"url\":\"https:\/\/afam.md\/wp-content\/uploads\/2024\/11\/logo-blue.svg\",\"contentUrl\":\"https:\/\/afam.md\/wp-content\/uploads\/2024\/11\/logo-blue.svg\",\"width\":1874,\"height\":650,\"caption\":\"Asocia\u021bia Femeilor Antreprenoare Din Moldova\"},\"image\":{\"@id\":\"https:\/\/afam.md\/en\/#\/schema\/logo\/image\/\"},\"sameAs\":[\"https:\/\/www.facebook.com\/AFAMMoldova\/\",\"https:\/\/www.instagram.com\/afammoldova\/?hl=en\",\"https:\/\/md.linkedin.com\/in\/afam-moldova-285159174\"],\"email\":\"afammoldova@gmail.com\",\"telephone\":\"(+373) 76 767 670\",\"legalName\":\"Asocia\u021bia Femeilor Antreprenoare Din Moldova\",\"numberOfEmployees\":{\"@type\":\"QuantitativeValue\",\"minValue\":\"51\",\"maxValue\":\"200\"}}]}<\/script>\n<!-- \/ Yoast SEO Premium plugin. -->","yoast_head_json":{"title":"Business Talk cu omul de afaceri Alexandru Pincevschi - AFAM MD","robots":{"index":"index","follow":"follow","max-snippet":"max-snippet:-1","max-image-preview":"max-image-preview:large","max-video-preview":"max-video-preview:-1"},"canonical":"https:\/\/afam.md\/ru\/event\/business-talk-cu-omul-de-afaceri-alexandru-pincevschi\/","og_locale":"ru_RU","og_type":"article","og_title":"Business Talk cu omul de afaceri Alexandru Pincevschi","og_description":"O \u00eent\u00e2lnire mult a\u0219teptat\u0103\u00a0\u00a0cu o personalitate cunoscut\u0103 din mediul de afaceri! \u00cen cadrul Proiectului exclusiv de consultan\u021b\u0103 \u0219i mentorat cu personalit\u0103\u021bi notorii din Republica Moldova am promis c\u0103, la \u00eencheierea [&hellip;]","og_url":"https:\/\/afam.md\/ru\/event\/business-talk-cu-omul-de-afaceri-alexandru-pincevschi\/","og_site_name":"AFAM MD","article_publisher":"https:\/\/www.facebook.com\/AFAMMoldova\/","og_image":[{"width":1200,"height":1600,"url":"https:\/\/afam.md\/wp-content\/uploads\/2024\/10\/241412144_1871519973008416_5330131002908557319_n-hadb6C.tmp_.jpg","type":"image\/jpeg"}],"twitter_card":"summary_large_image","twitter_misc":{"\u041f\u0440\u0438\u043c\u0435\u0440\u043d\u043e\u0435 \u0432\u0440\u0435\u043c\u044f \u0434\u043b\u044f \u0447\u0442\u0435\u043d\u0438\u044f":"1 \u043c\u0438\u043d\u0443\u0442\u0430"},"schema":{"@context":"https:\/\/schema.org","@graph":[{"@type":"WebPage","@id":"https:\/\/afam.md\/event\/business-talk-cu-omul-de-afaceri-alexandru-pincevschi\/","url":"https:\/\/afam.md\/event\/business-talk-cu-omul-de-afaceri-alexandru-pincevschi\/","name":"Business Talk cu omul de afaceri Alexandru Pincevschi - AFAM MD","isPartOf":{"@id":"https:\/\/afam.md\/en\/#website"},"primaryImageOfPage":{"@id":"https:\/\/afam.md\/event\/business-talk-cu-omul-de-afaceri-alexandru-pincevschi\/#primaryimage"},"image":{"@id":"https:\/\/afam.md\/event\/business-talk-cu-omul-de-afaceri-alexandru-pincevschi\/#primaryimage"},"thumbnailUrl":"https:\/\/afam.md\/wp-content\/uploads\/2024\/10\/241412144_1871519973008416_5330131002908557319_n-hadb6C.tmp_.jpg","datePublished":"2024-10-28T21:07:17+00:00","breadcrumb":{"@id":"https:\/\/afam.md\/event\/business-talk-cu-omul-de-afaceri-alexandru-pincevschi\/#breadcrumb"},"inLanguage":"ru-RU","potentialAction":[{"@type":"ReadAction","target":["https:\/\/afam.md\/event\/business-talk-cu-omul-de-afaceri-alexandru-pincevschi\/"]}]},{"@type":"ImageObject","inLanguage":"ru-RU","@id":"https:\/\/afam.md\/event\/business-talk-cu-omul-de-afaceri-alexandru-pincevschi\/#primaryimage","url":"https:\/\/afam.md\/wp-content\/uploads\/2024\/10\/241412144_1871519973008416_5330131002908557319_n-hadb6C.tmp_.jpg","contentUrl":"https:\/\/afam.md\/wp-content\/uploads\/2024\/10\/241412144_1871519973008416_5330131002908557319_n-hadb6C.tmp_.jpg","width":1200,"height":1600},{"@type":"BreadcrumbList","@id":"https:\/\/afam.md\/event\/business-talk-cu-omul-de-afaceri-alexandru-pincevschi\/#breadcrumb","itemListElement":[{"@type":"ListItem","position":1,"name":"\u0413\u043b\u0430\u0432\u043d\u0430\u044f","item":"https:\/\/afam.md\/"},{"@type":"ListItem","position":2,"name":"Events","item":"https:\/\/afam.md\/en\/eventslist\/"},{"@type":"ListItem","position":3,"name":"Business Talk cu omul de afaceri Alexandru Pincevschi"}]},{"@type":"WebSite","@id":"https:\/\/afam.md\/en\/#website","url":"https:\/\/afam.md\/en\/","name":"AFAM MD","description":"Asocia\u021bia Femeilor Antreprenoare Din Moldova","publisher":{"@id":"https:\/\/afam.md\/en\/#organization"},"potentialAction":[{"@type":"SearchAction","target":{"@type":"EntryPoint","urlTemplate":"https:\/\/afam.md\/en\/?s={search_term_string}"},"query-input":{"@type":"PropertyValueSpecification","valueRequired":true,"valueName":"search_term_string"}}],"inLanguage":"ru-RU"},{"@type":"Organization","@id":"https:\/\/afam.md\/en\/#organization","name":"Asocia\u021bia Femeilor Antreprenoare Din Moldova","alternateName":"AFAM","url":"https:\/\/afam.md\/en\/","logo":{"@type":"ImageObject","inLanguage":"ru-RU","@id":"https:\/\/afam.md\/en\/#\/schema\/logo\/image\/","url":"https:\/\/afam.md\/wp-content\/uploads\/2024\/11\/logo-blue.svg","contentUrl":"https:\/\/afam.md\/wp-content\/uploads\/2024\/11\/logo-blue.svg","width":1874,"height":650,"caption":"Asocia\u021bia Femeilor Antreprenoare Din Moldova"},"image":{"@id":"https:\/\/afam.md\/en\/#\/schema\/logo\/image\/"},"sameAs":["https:\/\/www.facebook.com\/AFAMMoldova\/","https:\/\/www.instagram.com\/afammoldova\/?hl=en","https:\/\/md.linkedin.com\/in\/afam-moldova-285159174"],"email":"afammoldova@gmail.com","telephone":"(+373) 76 767 670","legalName":"Asocia\u021bia Femeilor Antreprenoare Din Moldova","numberOfEmployees":{"@type":"QuantitativeValue","minValue":"51","maxValue":"200"}}]}},"_links":{"self":[{"href":"https:\/\/afam.md\/ru\/wp-json\/wp\/v2\/tribe_events\/92152","targetHints":{"allow":["GET"]}}],"collection":[{"href":"https:\/\/afam.md\/ru\/wp-json\/wp\/v2\/tribe_events"}],"about":[{"href":"https:\/\/afam.md\/ru\/wp-json\/wp\/v2\/types\/tribe_events"}],"author":[{"embeddable":true,"href":"https:\/\/afam.md\/ru\/wp-json\/wp\/v2\/users\/1"}],"version-history":[{"count":0,"href":"https:\/\/afam.md\/ru\/wp-json\/wp\/v2\/tribe_events\/92152\/revisions"}],"wp:featuredmedia":[{"embeddable":true,"href":"https:\/\/afam.md\/ru\/wp-json\/wp\/v2\/media\/92153"}],"wp:attachment":[{"href":"https:\/\/afam.md\/ru\/wp-json\/wp\/v2\/media?parent=92152"}],"wp:term":[{"taxonomy":"post_tag","embeddable":true,"href":"https:\/\/afam.md\/ru\/wp-json\/wp\/v2\/tags?post=92152"},{"taxonomy":"tribe_events_cat","embeddable":true,"href":"https:\/\/afam.md\/ru\/wp-json\/wp\/v2\/tribe_events_cat?post=92152"}],"curies":[{"name":"wp","href":"https:\/\/api.w.org\/{rel}","templated":true}]}}