{"id":92154,"date":"2024-10-28T23:07:18","date_gmt":"2024-10-28T21:07:18","guid":{"rendered":"https:\/\/afam.md\/event\/emotii-si-poze-din-cadrul-evenimentului-meet-afam-members\/"},"modified":"2024-10-28T23:07:18","modified_gmt":"2024-10-28T21:07:18","slug":"emotii-si-poze-din-cadrul-evenimentului-meet-afam-members","status":"publish","type":"tribe_events","link":"https:\/\/afam.md\/ru\/event\/emotii-si-poze-din-cadrul-evenimentului-meet-afam-members\/","title":{"rendered":"Emo\u021bii \u0219i poze din cadrul evenimentului Meet AFAM Members"},"content":{"rendered":"<div class=\"kvgmc6g5 cxmmr5t8 oygrvhab hcukyx3x c1et5uql ii04i59q\">\n<div dir=\"auto\">Membrele Asocia\u021biei Femeilor Antreprenoare din Moldova \u0219i-au dat \u00eent\u00e2lnire <span class=\"pq6dq46d tbxw36s4 knj5qynh kvgmc6g5 ditlmg2l oygrvhab nvdbi5me sf5mxxl7 gl3lb2sf hhz5lgdu\"><img loading=\"lazy\" decoding=\"async\" src=\"https:\/\/afam.md\/wp-content\/uploads\/2024\/09\/1f3af.png\" alt=\" \" width=\"16\" height=\"16\" \/><\/span> \u00een cadrul evenimentului Meet AFAM Members!<\/div>\n<\/div>\n<div class=\"cxmmr5t8 oygrvhab hcukyx3x c1et5uql o9v6fnle ii04i59q\">\n<div dir=\"auto\">Evenimentul mult a\u0219teptat <span class=\"pq6dq46d tbxw36s4 knj5qynh kvgmc6g5 ditlmg2l oygrvhab nvdbi5me sf5mxxl7 gl3lb2sf hhz5lgdu\"><img loading=\"lazy\" decoding=\"async\" src=\"https:\/\/afam.md\/wp-content\/uploads\/2024\/09\/1f60d.png\" alt=\" \" width=\"16\" height=\"16\" \/><\/span> a avut un program special cu arom\u0103 de afaceri \u0219i idei inspira\u021bionale din partea speakerilor <a class=\"oajrlxb2 g5ia77u1 qu0x051f esr5mh6w e9989ue4 r7d6kgcz rq0escxv nhd2j8a9 nc684nl6 p7hjln8o kvgmc6g5 cxmmr5t8 oygrvhab hcukyx3x jb3vyjys rz4wbd8a qt6c0cv9 a8nywdso i1ao9s8h esuyzwwr f1sip0of lzcic4wl gpro0wi8 py34i1dx\" role=\"link\" href=\"https:\/\/www.facebook.com\/elena.tabara.ilie\/?__cft__[0]=AZUI0uLcgR1oOxKcTLFtrxiboKQQQEgUkxFC-druNxi5SdjgI1iG-c17yDCtRYBIton0vUZc4ZF3zW7qgFUVF1zDJXIyjH4K57Pu7npGzLmAk5rrgRifnkTdyCDHsdnRdvpIGDHabSZRArFEx8VaKYmPTjPp7tLo4IdnJBZk-eB_nA&amp;__tn__=kK-R\" target=\"_blank\" rel=\"noopener\"><strong><span class=\"nc684nl6\">Elena Tabara<\/span><\/strong><\/a> \u0219i <a class=\"oajrlxb2 g5ia77u1 qu0x051f esr5mh6w e9989ue4 r7d6kgcz rq0escxv nhd2j8a9 nc684nl6 p7hjln8o kvgmc6g5 cxmmr5t8 oygrvhab hcukyx3x jb3vyjys rz4wbd8a qt6c0cv9 a8nywdso i1ao9s8h esuyzwwr f1sip0of lzcic4wl gpro0wi8 py34i1dx\" role=\"link\" href=\"https:\/\/www.facebook.com\/arteni.dorina?__cft__[0]=AZUI0uLcgR1oOxKcTLFtrxiboKQQQEgUkxFC-druNxi5SdjgI1iG-c17yDCtRYBIton0vUZc4ZF3zW7qgFUVF1zDJXIyjH4K57Pu7npGzLmAk5rrgRifnkTdyCDHsdnRdvpIGDHabSZRArFEx8VaKYmPTjPp7tLo4IdnJBZk-eB_nA&amp;__tn__=-]K-R\" target=\"_blank\" rel=\"noopener\"><strong><span class=\"nc684nl6\">Dorina Popa<\/span><\/strong><\/a> despre frumuse\u021be, l\u0103untric\u0103 \u0219i exterioar\u0103, condimentat cu asocieri de business, sfaturi \u0219i ajutor reciproc, \u00eentreb\u0103ri \u0219i \u00eemp\u0103rt\u0103\u0219irea aspectelor de interes general din domeniul \u00een care activeaz\u0103 fiecare membr\u0103, dar \u0219i un master class cu sfaturi pre\u021bioase din partea makeup artistului <a class=\"oajrlxb2 g5ia77u1 qu0x051f esr5mh6w e9989ue4 r7d6kgcz rq0escxv nhd2j8a9 nc684nl6 p7hjln8o kvgmc6g5 cxmmr5t8 oygrvhab hcukyx3x jb3vyjys rz4wbd8a qt6c0cv9 a8nywdso i1ao9s8h esuyzwwr f1sip0of lzcic4wl gpro0wi8 py34i1dx\" role=\"link\" href=\"https:\/\/www.facebook.com\/carolinajizdanburciu?__cft__[0]=AZUI0uLcgR1oOxKcTLFtrxiboKQQQEgUkxFC-druNxi5SdjgI1iG-c17yDCtRYBIton0vUZc4ZF3zW7qgFUVF1zDJXIyjH4K57Pu7npGzLmAk5rrgRifnkTdyCDHsdnRdvpIGDHabSZRArFEx8VaKYmPTjPp7tLo4IdnJBZk-eB_nA&amp;__tn__=-]K-R\" target=\"_blank\" rel=\"noopener\"><strong><span class=\"nc684nl6\">Carolina Jizdan<\/span><\/strong><\/a>.<\/div>\n<div dir=\"auto\"><img decoding=\"async\" class=\"alignnone size-medium wp-image-5680\" src=\"https:\/\/afam.md\/wp-content\/uploads\/2022\/02\/241530591_1871519843008429_6485910813680753748_n-300x300.jpg\" \/> <img loading=\"lazy\" decoding=\"async\" width=\"1200\" height=\"1600\" class=\"alignnone size-medium wp-image-5677\" src=\"https:\/\/afam.md\/wp-content\/uploads\/2024\/09\/241412144_1871519973008416_5330131002908557319_n.jpg\" \/> <img decoding=\"async\" class=\"alignnone size-medium wp-image-5678\" src=\"https:\/\/afam.md\/wp-content\/uploads\/2022\/02\/241418089_1871520103008403_2826228715315103087_n-300x300.jpg\" \/> <img loading=\"lazy\" decoding=\"async\" width=\"698\" height=\"931\" class=\"alignnone size-medium wp-image-5676\" src=\"https:\/\/afam.md\/wp-content\/uploads\/2024\/09\/241407304_1871519739675106_8949706258534176145_n.jpg\" \/><\/div>\n<\/div>\n<div class=\"cxmmr5t8 oygrvhab hcukyx3x c1et5uql o9v6fnle ii04i59q\">\n<div dir=\"auto\">Fi\u021bi cu ochii <span class=\"pq6dq46d tbxw36s4 knj5qynh kvgmc6g5 ditlmg2l oygrvhab nvdbi5me sf5mxxl7 gl3lb2sf hhz5lgdu\"><img loading=\"lazy\" decoding=\"async\" src=\"https:\/\/afam.md\/wp-content\/uploads\/2024\/09\/1f440.png\" alt=\" \" width=\"16\" height=\"16\" \/><\/span> pe comunitatea AFAM deoarece urmeaz\u0103 noi evenimente unde ve\u021bi cunoa\u0219te istoriile impresionante ale membrele \u0219i cum au reu\u0219it s\u0103 dezvolte afaceri inedite <a class=\"oajrlxb2 g5ia77u1 qu0x051f esr5mh6w e9989ue4 r7d6kgcz rq0escxv nhd2j8a9 nc684nl6 p7hjln8o kvgmc6g5 cxmmr5t8 oygrvhab hcukyx3x jb3vyjys rz4wbd8a qt6c0cv9 a8nywdso i1ao9s8h esuyzwwr f1sip0of lzcic4wl gpro0wi8 py34i1dx\" role=\"link\" href=\"https:\/\/www.facebook.com\/hashtag\/acas%C4%83?__cft__[0]=AZUI0uLcgR1oOxKcTLFtrxiboKQQQEgUkxFC-druNxi5SdjgI1iG-c17yDCtRYBIton0vUZc4ZF3zW7qgFUVF1zDJXIyjH4K57Pu7npGzLmAk5rrgRifnkTdyCDHsdnRdvpIGDHabSZRArFEx8VaKYmPTjPp7tLo4IdnJBZk-eB_nA&amp;__tn__=*NK-R\" target=\"_blank\" rel=\"noopener\">#acas\u0103<\/a> \u0219i recunoscute la nivel interna\u021bional.<\/div>\n<\/div>\n<div class=\"cxmmr5t8 oygrvhab hcukyx3x c1et5uql o9v6fnle ii04i59q\">\n<div dir=\"auto\">Multumiri <span class=\"pq6dq46d tbxw36s4 knj5qynh kvgmc6g5 ditlmg2l oygrvhab nvdbi5me sf5mxxl7 gl3lb2sf hhz5lgdu\"><img loading=\"lazy\" decoding=\"async\" src=\"https:\/\/afam.md\/wp-content\/uploads\/2024\/09\/1f44f.png\" alt=\" \" width=\"16\" height=\"16\" \/><\/span> \u0219i aprecieri profunde <a class=\"oajrlxb2 g5ia77u1 qu0x051f esr5mh6w e9989ue4 r7d6kgcz rq0escxv nhd2j8a9 nc684nl6 p7hjln8o kvgmc6g5 cxmmr5t8 oygrvhab hcukyx3x jb3vyjys rz4wbd8a qt6c0cv9 a8nywdso i1ao9s8h esuyzwwr f1sip0of lzcic4wl gpro0wi8 py34i1dx\" role=\"link\" href=\"https:\/\/www.facebook.com\/tatiana.mereuta.7?__cft__[0]=AZUI0uLcgR1oOxKcTLFtrxiboKQQQEgUkxFC-druNxi5SdjgI1iG-c17yDCtRYBIton0vUZc4ZF3zW7qgFUVF1zDJXIyjH4K57Pu7npGzLmAk5rrgRifnkTdyCDHsdnRdvpIGDHabSZRArFEx8VaKYmPTjPp7tLo4IdnJBZk-eB_nA&amp;__tn__=-]K-R\" target=\"_blank\" rel=\"noopener\"><strong><span class=\"nc684nl6\">Tatiana Mereuta<\/span><\/strong><\/a> \u0219i echipei sale din cadrul companiei <a class=\"oajrlxb2 g5ia77u1 qu0x051f esr5mh6w e9989ue4 r7d6kgcz rq0escxv nhd2j8a9 nc684nl6 p7hjln8o kvgmc6g5 cxmmr5t8 oygrvhab hcukyx3x jb3vyjys rz4wbd8a qt6c0cv9 a8nywdso i1ao9s8h esuyzwwr f1sip0of lzcic4wl gpro0wi8 py34i1dx\" role=\"link\" href=\"https:\/\/www.facebook.com\/oriflame.md\/?__cft__[0]=AZUI0uLcgR1oOxKcTLFtrxiboKQQQEgUkxFC-druNxi5SdjgI1iG-c17yDCtRYBIton0vUZc4ZF3zW7qgFUVF1zDJXIyjH4K57Pu7npGzLmAk5rrgRifnkTdyCDHsdnRdvpIGDHabSZRArFEx8VaKYmPTjPp7tLo4IdnJBZk-eB_nA&amp;__tn__=kK-R\" target=\"_blank\" rel=\"noopener\"><strong><span class=\"nc684nl6\">Oriflame<\/span><\/strong><\/a> pentru g\u0103zduirea evenimentului, atmosfera primitoare, surprizele organizate \u0219i invita\u021bii de excep\u021bie, Elena Tab\u0103r\u0103, Dorina Popa \u0219i Carolina Jizdan.<\/div>\n<\/div>\n<div class=\"cxmmr5t8 oygrvhab hcukyx3x c1et5uql o9v6fnle ii04i59q\">\n<div dir=\"auto\"><a class=\"oajrlxb2 g5ia77u1 qu0x051f esr5mh6w e9989ue4 r7d6kgcz rq0escxv nhd2j8a9 nc684nl6 p7hjln8o kvgmc6g5 cxmmr5t8 oygrvhab hcukyx3x jb3vyjys rz4wbd8a qt6c0cv9 a8nywdso i1ao9s8h esuyzwwr f1sip0of lzcic4wl gpro0wi8 py34i1dx\" role=\"link\" href=\"https:\/\/www.facebook.com\/hashtag\/afam?__cft__[0]=AZUI0uLcgR1oOxKcTLFtrxiboKQQQEgUkxFC-druNxi5SdjgI1iG-c17yDCtRYBIton0vUZc4ZF3zW7qgFUVF1zDJXIyjH4K57Pu7npGzLmAk5rrgRifnkTdyCDHsdnRdvpIGDHabSZRArFEx8VaKYmPTjPp7tLo4IdnJBZk-eB_nA&amp;__tn__=*NK-R\" target=\"_blank\" rel=\"noopener\">#AFAM<\/a> &#8211; Inspir\u0103m. Instruim. Inov\u0103m.<\/div>\n<div dir=\"auto\"><img loading=\"lazy\" decoding=\"async\" width=\"928\" height=\"935\" class=\"alignnone size-medium wp-image-5673\" src=\"https:\/\/afam.md\/wp-content\/uploads\/2024\/09\/241211209_1871519926341754_1529801355387231204_n.jpg\" \/> <img loading=\"lazy\" decoding=\"async\" width=\"1600\" height=\"1200\" class=\"alignnone size-medium wp-image-5675\" src=\"https:\/\/afam.md\/wp-content\/uploads\/2024\/09\/241352519_1871519786341768_2287373899831631820_n.jpg\" \/> <img decoding=\"async\" class=\"alignnone size-medium wp-image-5679\" src=\"https:\/\/afam.md\/wp-content\/uploads\/2022\/02\/241499136_1871520163008397_3708556884509020124_n-300x300.jpg\" \/> <img loading=\"lazy\" decoding=\"async\" width=\"1600\" height=\"1600\" class=\"alignnone size-medium wp-image-5674\" src=\"https:\/\/afam.md\/wp-content\/uploads\/2024\/09\/241217283_1871519819675098_3465145863527041460_n.jpg\" \/><\/div>\n<\/div>\n","protected":false},"excerpt":{"rendered":"<p>Membrele Asocia\u021biei Femeilor Antreprenoare din Moldova \u0219i-au dat \u00eent\u00e2lnire \u00een cadrul evenimentului Meet AFAM Members! Evenimentul mult a\u0219teptat a avut un program special cu arom\u0103 de afaceri \u0219i idei inspira\u021bionale [&hellip;]<\/p>\n","protected":false},"author":1,"featured_media":92155,"template":"","meta":{"_EventAllDay":false,"_EventTimezone":"Europe\/Chisinau","_EventStartDate":"2021-09-04 15:02:00","_EventEndDate":"2021-09-04 15:02:00","_EventStartDateUTC":"2021-09-04 12:02:00","_EventEndDateUTC":"2021-09-04 12:02:00","_EventShowMap":false,"_EventShowMapLink":false,"_EventURL":"","_EventCost":"","_EventCostDescription":"","_EventCurrencySymbol":"","_EventCurrencyCode":"","_EventCurrencyPosition":"prefix","_EventDateTimeSeparator":"","_EventTimeRangeSeparator":"","_EventOrganizerID":[],"_EventVenueID":[],"_OrganizerEmail":"","_OrganizerPhone":"","_OrganizerWebsite":"","_VenueAddress":"","_VenueCity":"","_VenueCountry":"","_VenueProvince":"","_VenueState":"","_VenueZip":"","_VenuePhone":"","_VenueURL":"","_VenueStateProvince":"","_VenueLat":"","_VenueLng":"","_VenueShowMap":false,"_VenueShowMapLink":false,"_tribe_events_status":"","_tribe_events_status_reason":"","footnotes":""},"tags":[],"tribe_events_cat":[431],"class_list":["post-92154","tribe_events","type-tribe_events","status-publish","has-post-thumbnail","hentry","tribe_events_cat-evenimente","cat_evenimente"],"yoast_head":"<!-- This site is optimized with the Yoast SEO Premium plugin v23.8 (Yoast SEO v25.1) - https:\/\/yoast.com\/wordpress\/plugins\/seo\/ -->\n<title>Emo\u021bii \u0219i poze din cadrul evenimentului Meet AFAM Members - AFAM MD<\/title>\n<meta name=\"robots\" content=\"index, follow, max-snippet:-1, max-image-preview:large, max-video-preview:-1\" \/>\n<link rel=\"canonical\" href=\"https:\/\/afam.md\/ru\/event\/emotii-si-poze-din-cadrul-evenimentului-meet-afam-members\/\" \/>\n<meta property=\"og:locale\" content=\"ru_RU\" \/>\n<meta property=\"og:type\" content=\"article\" \/>\n<meta property=\"og:title\" content=\"Emo\u021bii \u0219i poze din cadrul evenimentului Meet AFAM Members\" \/>\n<meta property=\"og:description\" content=\"Membrele Asocia\u021biei Femeilor Antreprenoare din Moldova \u0219i-au dat \u00eent\u00e2lnire \u00een cadrul evenimentului Meet AFAM Members! Evenimentul mult a\u0219teptat a avut un program special cu arom\u0103 de afaceri \u0219i idei inspira\u021bionale [&hellip;]\" \/>\n<meta property=\"og:url\" content=\"https:\/\/afam.md\/ru\/event\/emotii-si-poze-din-cadrul-evenimentului-meet-afam-members\/\" \/>\n<meta property=\"og:site_name\" content=\"AFAM MD\" \/>\n<meta property=\"article:publisher\" content=\"https:\/\/www.facebook.com\/AFAMMoldova\/\" \/>\n<meta property=\"og:image\" content=\"https:\/\/afam.md\/wp-content\/uploads\/2024\/10\/1f3af-z2Gkun.tmp_.png\" \/>\n\t<meta property=\"og:image:width\" content=\"24\" \/>\n\t<meta property=\"og:image:height\" content=\"24\" \/>\n\t<meta property=\"og:image:type\" content=\"image\/png\" \/>\n<meta name=\"twitter:card\" content=\"summary_large_image\" \/>\n<meta name=\"twitter:label1\" content=\"\u041f\u0440\u0438\u043c\u0435\u0440\u043d\u043e\u0435 \u0432\u0440\u0435\u043c\u044f \u0434\u043b\u044f \u0447\u0442\u0435\u043d\u0438\u044f\" \/>\n\t<meta name=\"twitter:data1\" content=\"1 \u043c\u0438\u043d\u0443\u0442\u0430\" \/>\n<script type=\"application\/ld+json\" class=\"yoast-schema-graph\">{\"@context\":\"https:\/\/schema.org\",\"@graph\":[{\"@type\":\"WebPage\",\"@id\":\"https:\/\/afam.md\/event\/emotii-si-poze-din-cadrul-evenimentului-meet-afam-members\/\",\"url\":\"https:\/\/afam.md\/event\/emotii-si-poze-din-cadrul-evenimentului-meet-afam-members\/\",\"name\":\"Emo\u021bii \u0219i poze din cadrul evenimentului Meet AFAM Members - AFAM MD\",\"isPartOf\":{\"@id\":\"https:\/\/afam.md\/en\/#website\"},\"primaryImageOfPage\":{\"@id\":\"https:\/\/afam.md\/event\/emotii-si-poze-din-cadrul-evenimentului-meet-afam-members\/#primaryimage\"},\"image\":{\"@id\":\"https:\/\/afam.md\/event\/emotii-si-poze-din-cadrul-evenimentului-meet-afam-members\/#primaryimage\"},\"thumbnailUrl\":\"https:\/\/afam.md\/wp-content\/uploads\/2024\/10\/1f3af-z2Gkun.tmp_.png\",\"datePublished\":\"2024-10-28T21:07:18+00:00\",\"breadcrumb\":{\"@id\":\"https:\/\/afam.md\/event\/emotii-si-poze-din-cadrul-evenimentului-meet-afam-members\/#breadcrumb\"},\"inLanguage\":\"ru-RU\",\"potentialAction\":[{\"@type\":\"ReadAction\",\"target\":[\"https:\/\/afam.md\/event\/emotii-si-poze-din-cadrul-evenimentului-meet-afam-members\/\"]}]},{\"@type\":\"ImageObject\",\"inLanguage\":\"ru-RU\",\"@id\":\"https:\/\/afam.md\/event\/emotii-si-poze-din-cadrul-evenimentului-meet-afam-members\/#primaryimage\",\"url\":\"https:\/\/afam.md\/wp-content\/uploads\/2024\/10\/1f3af-z2Gkun.tmp_.png\",\"contentUrl\":\"https:\/\/afam.md\/wp-content\/uploads\/2024\/10\/1f3af-z2Gkun.tmp_.png\",\"width\":24,\"height\":24},{\"@type\":\"BreadcrumbList\",\"@id\":\"https:\/\/afam.md\/event\/emotii-si-poze-din-cadrul-evenimentului-meet-afam-members\/#breadcrumb\",\"itemListElement\":[{\"@type\":\"ListItem\",\"position\":1,\"name\":\"\u0413\u043b\u0430\u0432\u043d\u0430\u044f\",\"item\":\"https:\/\/afam.md\/\"},{\"@type\":\"ListItem\",\"position\":2,\"name\":\"Events\",\"item\":\"https:\/\/afam.md\/en\/eventslist\/\"},{\"@type\":\"ListItem\",\"position\":3,\"name\":\"Emo\u021bii \u0219i poze din cadrul evenimentului Meet AFAM Members\"}]},{\"@type\":\"WebSite\",\"@id\":\"https:\/\/afam.md\/en\/#website\",\"url\":\"https:\/\/afam.md\/en\/\",\"name\":\"AFAM MD\",\"description\":\"Asocia\u021bia Femeilor Antreprenoare Din Moldova\",\"publisher\":{\"@id\":\"https:\/\/afam.md\/en\/#organization\"},\"potentialAction\":[{\"@type\":\"SearchAction\",\"target\":{\"@type\":\"EntryPoint\",\"urlTemplate\":\"https:\/\/afam.md\/en\/?s={search_term_string}\"},\"query-input\":{\"@type\":\"PropertyValueSpecification\",\"valueRequired\":true,\"valueName\":\"search_term_string\"}}],\"inLanguage\":\"ru-RU\"},{\"@type\":\"Organization\",\"@id\":\"https:\/\/afam.md\/en\/#organization\",\"name\":\"Asocia\u021bia Femeilor Antreprenoare Din Moldova\",\"alternateName\":\"AFAM\",\"url\":\"https:\/\/afam.md\/en\/\",\"logo\":{\"@type\":\"ImageObject\",\"inLanguage\":\"ru-RU\",\"@id\":\"https:\/\/afam.md\/en\/#\/schema\/logo\/image\/\",\"url\":\"https:\/\/afam.md\/wp-content\/uploads\/2024\/11\/logo-blue.svg\",\"contentUrl\":\"https:\/\/afam.md\/wp-content\/uploads\/2024\/11\/logo-blue.svg\",\"width\":1874,\"height\":650,\"caption\":\"Asocia\u021bia Femeilor Antreprenoare Din Moldova\"},\"image\":{\"@id\":\"https:\/\/afam.md\/en\/#\/schema\/logo\/image\/\"},\"sameAs\":[\"https:\/\/www.facebook.com\/AFAMMoldova\/\",\"https:\/\/www.instagram.com\/afammoldova\/?hl=en\",\"https:\/\/md.linkedin.com\/in\/afam-moldova-285159174\"],\"email\":\"afammoldova@gmail.com\",\"telephone\":\"(+373) 76 767 670\",\"legalName\":\"Asocia\u021bia Femeilor Antreprenoare Din Moldova\",\"numberOfEmployees\":{\"@type\":\"QuantitativeValue\",\"minValue\":\"51\",\"maxValue\":\"200\"}}]}<\/script>\n<!-- \/ Yoast SEO Premium plugin. -->","yoast_head_json":{"title":"Emo\u021bii \u0219i poze din cadrul evenimentului Meet AFAM Members - AFAM MD","robots":{"index":"index","follow":"follow","max-snippet":"max-snippet:-1","max-image-preview":"max-image-preview:large","max-video-preview":"max-video-preview:-1"},"canonical":"https:\/\/afam.md\/ru\/event\/emotii-si-poze-din-cadrul-evenimentului-meet-afam-members\/","og_locale":"ru_RU","og_type":"article","og_title":"Emo\u021bii \u0219i poze din cadrul evenimentului Meet AFAM Members","og_description":"Membrele Asocia\u021biei Femeilor Antreprenoare din Moldova \u0219i-au dat \u00eent\u00e2lnire \u00een cadrul evenimentului Meet AFAM Members! Evenimentul mult a\u0219teptat a avut un program special cu arom\u0103 de afaceri \u0219i idei inspira\u021bionale [&hellip;]","og_url":"https:\/\/afam.md\/ru\/event\/emotii-si-poze-din-cadrul-evenimentului-meet-afam-members\/","og_site_name":"AFAM MD","article_publisher":"https:\/\/www.facebook.com\/AFAMMoldova\/","og_image":[{"width":24,"height":24,"url":"https:\/\/afam.md\/wp-content\/uploads\/2024\/10\/1f3af-z2Gkun.tmp_.png","type":"image\/png"}],"twitter_card":"summary_large_image","twitter_misc":{"\u041f\u0440\u0438\u043c\u0435\u0440\u043d\u043e\u0435 \u0432\u0440\u0435\u043c\u044f \u0434\u043b\u044f \u0447\u0442\u0435\u043d\u0438\u044f":"1 \u043c\u0438\u043d\u0443\u0442\u0430"},"schema":{"@context":"https:\/\/schema.org","@graph":[{"@type":"WebPage","@id":"https:\/\/afam.md\/event\/emotii-si-poze-din-cadrul-evenimentului-meet-afam-members\/","url":"https:\/\/afam.md\/event\/emotii-si-poze-din-cadrul-evenimentului-meet-afam-members\/","name":"Emo\u021bii \u0219i poze din cadrul evenimentului Meet AFAM Members - AFAM MD","isPartOf":{"@id":"https:\/\/afam.md\/en\/#website"},"primaryImageOfPage":{"@id":"https:\/\/afam.md\/event\/emotii-si-poze-din-cadrul-evenimentului-meet-afam-members\/#primaryimage"},"image":{"@id":"https:\/\/afam.md\/event\/emotii-si-poze-din-cadrul-evenimentului-meet-afam-members\/#primaryimage"},"thumbnailUrl":"https:\/\/afam.md\/wp-content\/uploads\/2024\/10\/1f3af-z2Gkun.tmp_.png","datePublished":"2024-10-28T21:07:18+00:00","breadcrumb":{"@id":"https:\/\/afam.md\/event\/emotii-si-poze-din-cadrul-evenimentului-meet-afam-members\/#breadcrumb"},"inLanguage":"ru-RU","potentialAction":[{"@type":"ReadAction","target":["https:\/\/afam.md\/event\/emotii-si-poze-din-cadrul-evenimentului-meet-afam-members\/"]}]},{"@type":"ImageObject","inLanguage":"ru-RU","@id":"https:\/\/afam.md\/event\/emotii-si-poze-din-cadrul-evenimentului-meet-afam-members\/#primaryimage","url":"https:\/\/afam.md\/wp-content\/uploads\/2024\/10\/1f3af-z2Gkun.tmp_.png","contentUrl":"https:\/\/afam.md\/wp-content\/uploads\/2024\/10\/1f3af-z2Gkun.tmp_.png","width":24,"height":24},{"@type":"BreadcrumbList","@id":"https:\/\/afam.md\/event\/emotii-si-poze-din-cadrul-evenimentului-meet-afam-members\/#breadcrumb","itemListElement":[{"@type":"ListItem","position":1,"name":"\u0413\u043b\u0430\u0432\u043d\u0430\u044f","item":"https:\/\/afam.md\/"},{"@type":"ListItem","position":2,"name":"Events","item":"https:\/\/afam.md\/en\/eventslist\/"},{"@type":"ListItem","position":3,"name":"Emo\u021bii \u0219i poze din cadrul evenimentului Meet AFAM Members"}]},{"@type":"WebSite","@id":"https:\/\/afam.md\/en\/#website","url":"https:\/\/afam.md\/en\/","name":"AFAM MD","description":"Asocia\u021bia Femeilor Antreprenoare Din Moldova","publisher":{"@id":"https:\/\/afam.md\/en\/#organization"},"potentialAction":[{"@type":"SearchAction","target":{"@type":"EntryPoint","urlTemplate":"https:\/\/afam.md\/en\/?s={search_term_string}"},"query-input":{"@type":"PropertyValueSpecification","valueRequired":true,"valueName":"search_term_string"}}],"inLanguage":"ru-RU"},{"@type":"Organization","@id":"https:\/\/afam.md\/en\/#organization","name":"Asocia\u021bia Femeilor Antreprenoare Din Moldova","alternateName":"AFAM","url":"https:\/\/afam.md\/en\/","logo":{"@type":"ImageObject","inLanguage":"ru-RU","@id":"https:\/\/afam.md\/en\/#\/schema\/logo\/image\/","url":"https:\/\/afam.md\/wp-content\/uploads\/2024\/11\/logo-blue.svg","contentUrl":"https:\/\/afam.md\/wp-content\/uploads\/2024\/11\/logo-blue.svg","width":1874,"height":650,"caption":"Asocia\u021bia Femeilor Antreprenoare Din Moldova"},"image":{"@id":"https:\/\/afam.md\/en\/#\/schema\/logo\/image\/"},"sameAs":["https:\/\/www.facebook.com\/AFAMMoldova\/","https:\/\/www.instagram.com\/afammoldova\/?hl=en","https:\/\/md.linkedin.com\/in\/afam-moldova-285159174"],"email":"afammoldova@gmail.com","telephone":"(+373) 76 767 670","legalName":"Asocia\u021bia Femeilor Antreprenoare Din Moldova","numberOfEmployees":{"@type":"QuantitativeValue","minValue":"51","maxValue":"200"}}]}},"_links":{"self":[{"href":"https:\/\/afam.md\/ru\/wp-json\/wp\/v2\/tribe_events\/92154","targetHints":{"allow":["GET"]}}],"collection":[{"href":"https:\/\/afam.md\/ru\/wp-json\/wp\/v2\/tribe_events"}],"about":[{"href":"https:\/\/afam.md\/ru\/wp-json\/wp\/v2\/types\/tribe_events"}],"author":[{"embeddable":true,"href":"https:\/\/afam.md\/ru\/wp-json\/wp\/v2\/users\/1"}],"version-history":[{"count":0,"href":"https:\/\/afam.md\/ru\/wp-json\/wp\/v2\/tribe_events\/92154\/revisions"}],"wp:featuredmedia":[{"embeddable":true,"href":"https:\/\/afam.md\/ru\/wp-json\/wp\/v2\/media\/92155"}],"wp:attachment":[{"href":"https:\/\/afam.md\/ru\/wp-json\/wp\/v2\/media?parent=92154"}],"wp:term":[{"taxonomy":"post_tag","embeddable":true,"href":"https:\/\/afam.md\/ru\/wp-json\/wp\/v2\/tags?post=92154"},{"taxonomy":"tribe_events_cat","embeddable":true,"href":"https:\/\/afam.md\/ru\/wp-json\/wp\/v2\/tribe_events_cat?post=92154"}],"curies":[{"name":"wp","href":"https:\/\/api.w.org\/{rel}","templated":true}]}}